{"id":2369,"date":"2025-03-15T11:29:47","date_gmt":"2025-03-15T11:29:47","guid":{"rendered":"https:\/\/anna-stangl.at\/zeichnungen\/drawings-archive\/"},"modified":"2025-07-19T08:53:44","modified_gmt":"2025-07-19T08:53:44","slug":"drawings-archive","status":"publish","type":"page","link":"https:\/\/anna-stangl.at\/en\/work\/zeichnungen\/drawings-archive\/","title":{"rendered":"Drawings archive"},"content":{"rendered":"<p>[et_pb_section fb_built=&#8221;1&#8243; _builder_version=&#8221;4.27.4&#8243; _module_preset=&#8221;default&#8221; custom_margin=&#8221;0px||0px||false|false&#8221; custom_padding=&#8221;0px||0px||false|false&#8221; global_colors_info=&#8221;{}&#8221;][et_pb_row _builder_version=&#8221;4.27.4&#8243; _module_preset=&#8221;default&#8221; width=&#8221;92%&#8221; locked=&#8221;off&#8221; global_colors_info=&#8221;{}&#8221;][et_pb_column type=&#8221;4_4&#8243; _builder_version=&#8221;4.27.4&#8243; _module_preset=&#8221;default&#8221; global_colors_info=&#8221;{}&#8221;][et_pb_text admin_label=&#8221;H1&#8243; _builder_version=&#8221;4.27.4&#8243; _module_preset=&#8221;default&#8221; header_font=&#8221;|300|||||||&#8221; header_font_size=&#8221;60px&#8221; header_font_size_tablet=&#8221;60px&#8221; header_font_size_phone=&#8221;48px&#8221; header_font_size_last_edited=&#8221;on|phone&#8221; custom_css_free_form=&#8221;selector h1 { font-weight: 100 !important;}&#8221; global_colors_info=&#8221;{}&#8221;]<\/p>\n<h1>Drawings archive<\/h1>\n<p>[\/et_pb_text][\/et_pb_column][\/et_pb_row][\/et_pb_section][et_pb_section fb_built=&#8221;1&#8243; admin_label=&#8221;Section 2017&#8243; _builder_version=&#8221;4.27.4&#8243; _module_preset=&#8221;default&#8221; custom_margin=&#8221;0px||||false|false&#8221; custom_padding=&#8221;0px||||false|false&#8221; collapsed=&#8221;off&#8221; global_colors_info=&#8221;{}&#8221;][et_pb_row _builder_version=&#8221;4.27.4&#8243; _module_preset=&#8221;default&#8221; width=&#8221;92%&#8221; custom_margin=&#8221;0px||0px||false|false&#8221; custom_padding=&#8221;8px||0px||false|false&#8221; global_colors_info=&#8221;{}&#8221;][et_pb_column type=&#8221;4_4&#8243; _builder_version=&#8221;4.27.4&#8243; _module_preset=&#8221;default&#8221; global_colors_info=&#8221;{}&#8221;][et_pb_text admin_label=&#8221;2017&#8243; _builder_version=&#8221;4.27.4&#8243; _module_preset=&#8221;default&#8221; global_colors_info=&#8221;{}&#8221;]<\/p>\n<h3>2017<\/h3>\n<p>[\/et_pb_text][\/et_pb_column][\/et_pb_row][et_pb_row column_structure=&#8221;1_3,1_3,1_3&#8243; module_class=&#8221;bigfirstrow&#8221; _builder_version=&#8221;4.27.4&#8243; _module_preset=&#8221;default&#8221; width=&#8221;92%&#8221; custom_padding=&#8221;14px||||false|false&#8221; global_colors_info=&#8221;{}&#8221; transform_styles__hover_enabled=&#8221;on|hover&#8221; transform_scale__hover_enabled=&#8221;on|hover&#8221; transform_translate__hover_enabled=&#8221;on|desktop&#8221; transform_rotate__hover_enabled=&#8221;on|desktop&#8221; transform_skew__hover_enabled=&#8221;on|desktop&#8221; transform_origin__hover_enabled=&#8221;on|desktop&#8221;][et_pb_column type=&#8221;1_3&#8243; _builder_version=&#8221;4.27.4&#8243; _module_preset=&#8221;default&#8221; global_colors_info=&#8221;{}&#8221;][et_pb_is_image src=&#8221;https:\/\/anna-stangl.at\/wp-content\/uploads\/2025\/03\/wachsen-lV-gr.jpg&#8221; show_copyright=&#8221;off&#8221; title_text=&#8221;Serie: Wachsen IV, 2017, 105 x 76 cm, \u00d6lpastell, Graphitstift, Pastell, Kohle, Schwarzkreide, Karton&#8221; show_lightbox_copyright=&#8221;off&#8221; module_class=&#8221;bigfirstimage&#8221; _builder_version=&#8221;4.27.4&#8243; _module_preset=&#8221;default&#8221; global_colors_info=&#8221;{}&#8221; transform_styles__hover_enabled=&#8221;on|hover&#8221; transform_scale__hover_enabled=&#8221;on|hover&#8221; transform_translate__hover_enabled=&#8221;on|desktop&#8221; transform_rotate__hover_enabled=&#8221;on|desktop&#8221; transform_skew__hover_enabled=&#8221;on|desktop&#8221; transform_origin__hover_enabled=&#8221;on|desktop&#8221; transform_scale__hover=&#8221;105%|105%&#8221;][\/et_pb_is_image][\/et_pb_column][et_pb_column type=&#8221;1_3&#8243; _builder_version=&#8221;4.27.4&#8243; _module_preset=&#8221;default&#8221; global_colors_info=&#8221;{}&#8221;][et_pb_is_image src=&#8221;https:\/\/anna-stangl.at\/wp-content\/uploads\/2025\/03\/fuchsfrau-gr.jpg&#8221; show_copyright=&#8221;off&#8221; title_text=&#8221;Fuchsfrau, 2017, 30 x 21 cm, Tusche, Kreide, Farbstift, Pastell, Papier&#8221; show_lightbox_copyright=&#8221;off&#8221; module_class=&#8221;bigfirstimage&#8221; _builder_version=&#8221;4.27.4&#8243; _module_preset=&#8221;default&#8221; transform_scale=&#8221;99%|99%&#8221; transform_translate=&#8221;0px|-2px&#8221; transform_translate_linked=&#8221;off&#8221; locked=&#8221;off&#8221; global_colors_info=&#8221;{}&#8221; transform_styles__hover_enabled=&#8221;on|hover&#8221; transform_scale__hover_enabled=&#8221;on|hover&#8221; transform_translate__hover_enabled=&#8221;on|hover&#8221; transform_rotate__hover_enabled=&#8221;on|desktop&#8221; transform_skew__hover_enabled=&#8221;on|desktop&#8221; transform_origin__hover_enabled=&#8221;on|desktop&#8221; transform_scale__hover=&#8221;104%|104%&#8221; transform_translate__hover=&#8221;0px|-2px&#8221;][\/et_pb_is_image][\/et_pb_column][et_pb_column type=&#8221;1_3&#8243; _builder_version=&#8221;4.27.4&#8243; _module_preset=&#8221;default&#8221; global_colors_info=&#8221;{}&#8221;][et_pb_is_image src=&#8221;https:\/\/anna-stangl.at\/wp-content\/uploads\/2025\/03\/serie-c-d-friedrich-meer-gr.jpg&#8221; show_copyright=&#8221;off&#8221; title_text=&#8221;Serie C. D. Friedrich: Meer, 2017, 68 x 54 cm, Pastell, Schwarzkreide, Farbstift, \u00d6lpastell, Tusche, Karton, collagiert&#8221; show_lightbox_copyright=&#8221;off&#8221; module_class=&#8221;bigfirstimage&#8221; _builder_version=&#8221;4.27.4&#8243; _module_preset=&#8221;default&#8221; transform_scale=&#8221;108%|108%&#8221; transform_translate=&#8221;0px|17px&#8221; transform_translate_linked=&#8221;off&#8221; locked=&#8221;off&#8221; global_colors_info=&#8221;{}&#8221; transform_styles__hover_enabled=&#8221;on|hover&#8221; transform_scale__hover_enabled=&#8221;on|hover&#8221; transform_translate__hover_enabled=&#8221;on|hover&#8221; transform_rotate__hover_enabled=&#8221;on|desktop&#8221; transform_skew__hover_enabled=&#8221;on|desktop&#8221; transform_origin__hover_enabled=&#8221;on|desktop&#8221; transform_scale__hover=&#8221;113%|113%&#8221; transform_translate__hover=&#8221;0px|17px&#8221;][\/et_pb_is_image][\/et_pb_column][\/et_pb_row][et_pb_row column_structure=&#8221;1_6,1_6,1_6,1_6,1_6,1_6&#8243; use_custom_gutter=&#8221;on&#8221; gutter_width=&#8221;2&#8243; make_equal=&#8221;on&#8221; _builder_version=&#8221;4.27.4&#8243; _module_preset=&#8221;default&#8221; width=&#8221;92%&#8221; custom_margin=&#8221;5px||||false|false&#8221; global_colors_info=&#8221;{}&#8221; transform_styles__hover_enabled=&#8221;on|hover&#8221; transform_scale__hover_enabled=&#8221;on|hover&#8221; transform_translate__hover_enabled=&#8221;on|desktop&#8221; transform_rotate__hover_enabled=&#8221;on|desktop&#8221; transform_skew__hover_enabled=&#8221;on|desktop&#8221; transform_origin__hover_enabled=&#8221;on|desktop&#8221;][et_pb_column type=&#8221;1_6&#8243; _builder_version=&#8221;4.27.4&#8243; _module_preset=&#8221;default&#8221; global_colors_info=&#8221;{}&#8221;][et_pb_is_image src=&#8221;https:\/\/anna-stangl.at\/wp-content\/uploads\/2025\/03\/aufdringlich-pflanze-gr.jpg&#8221; show_copyright=&#8221;off&#8221; title_text=&#8221;Pflanzenserie: Aufdringliche Pflanze, 2017, 42 x 30 cm, Tusche, \u00d6lpastell, Schwarzkreide, Pastell, Wachs, Farbstift, Papier&#8221; show_lightbox_copyright=&#8221;off&#8221; align=&#8221;center&#8221; _builder_version=&#8221;4.27.4&#8243; _module_preset=&#8221;default&#8221; max_height=&#8221;200px&#8221; max_height_tablet=&#8221;200px&#8221; max_height_phone=&#8221;200px&#8221; max_height_last_edited=&#8221;on|tablet&#8221; global_colors_info=&#8221;{}&#8221; transform_styles__hover_enabled=&#8221;on|hover&#8221; transform_scale__hover=&#8221;105%|105%&#8221; transform_scale__hover_enabled=&#8221;on|hover&#8221; transform_translate__hover_enabled=&#8221;on|desktop&#8221; transform_rotate__hover_enabled=&#8221;on|desktop&#8221; transform_skew__hover_enabled=&#8221;on|desktop&#8221; transform_origin__hover_enabled=&#8221;on|desktop&#8221;][\/et_pb_is_image][\/et_pb_column][et_pb_column type=&#8221;1_6&#8243; _builder_version=&#8221;4.27.4&#8243; _module_preset=&#8221;default&#8221; global_colors_info=&#8221;{}&#8221;][et_pb_is_image src=&#8221;https:\/\/anna-stangl.at\/wp-content\/uploads\/2025\/03\/wachsen-l-gr.jpg&#8221; show_copyright=&#8221;off&#8221; title_text=&#8221;Serie: Wachsen I, 2017, 103 x 76 cm, Kohle, Schwarzkreide, Wachs, Pastell, \u00d6lpastell, Karton&#8221; show_lightbox_copyright=&#8221;off&#8221; align=&#8221;left&#8221; _builder_version=&#8221;4.27.4&#8243; _module_preset=&#8221;default&#8221; max_height=&#8221;200px&#8221; max_height_tablet=&#8221;200px&#8221; max_height_phone=&#8221;200px&#8221; max_height_last_edited=&#8221;on|tablet&#8221; global_colors_info=&#8221;{}&#8221; transform_styles__hover_enabled=&#8221;on|hover&#8221; transform_scale__hover_enabled=&#8221;on|hover&#8221; transform_translate__hover_enabled=&#8221;on|desktop&#8221; transform_rotate__hover_enabled=&#8221;on|desktop&#8221; transform_skew__hover_enabled=&#8221;on|desktop&#8221; transform_origin__hover_enabled=&#8221;on|desktop&#8221; transform_scale__hover=&#8221;105%|105%&#8221;][\/et_pb_is_image][\/et_pb_column][et_pb_column type=&#8221;1_6&#8243; _builder_version=&#8221;4.27.4&#8243; _module_preset=&#8221;default&#8221; global_colors_info=&#8221;{}&#8221;][et_pb_is_image src=&#8221;https:\/\/anna-stangl.at\/wp-content\/uploads\/2025\/03\/wachsen-lll-gr.jpg&#8221; show_copyright=&#8221;off&#8221; title_text=&#8221;Serie: Wachsen III, 2017, 102 x 76 cm, \u00d6lpastell, Graphitstift, Pastell, Kohle, Schwarzkreide, Karton&#8221; show_lightbox_copyright=&#8221;off&#8221; align=&#8221;left&#8221; _builder_version=&#8221;4.27.4&#8243; _module_preset=&#8221;default&#8221; max_height=&#8221;200px&#8221; max_height_tablet=&#8221;200px&#8221; max_height_phone=&#8221;200px&#8221; max_height_last_edited=&#8221;on|tablet&#8221; global_colors_info=&#8221;{}&#8221; transform_styles__hover_enabled=&#8221;on|hover&#8221; transform_scale__hover_enabled=&#8221;on|hover&#8221; transform_translate__hover_enabled=&#8221;on|desktop&#8221; transform_rotate__hover_enabled=&#8221;on|desktop&#8221; transform_skew__hover_enabled=&#8221;on|desktop&#8221; transform_origin__hover_enabled=&#8221;on|desktop&#8221; transform_scale__hover=&#8221;105%|105%&#8221;][\/et_pb_is_image][\/et_pb_column][et_pb_column type=&#8221;1_6&#8243; _builder_version=&#8221;4.27.4&#8243; _module_preset=&#8221;default&#8221; global_colors_info=&#8221;{}&#8221;][et_pb_is_image src=&#8221;https:\/\/anna-stangl.at\/wp-content\/uploads\/2025\/03\/wachsen-Vl-gr.jpg&#8221; show_copyright=&#8221;off&#8221; title_text=&#8221;Serie: Wachsen VI, 2017, 105 x 76 cm, Pastell, \u00d6lpastell, Kohle, Schwarzkreide, Wachs, Karton&#8221; show_lightbox_copyright=&#8221;off&#8221; align=&#8221;left&#8221; _builder_version=&#8221;4.27.4&#8243; _module_preset=&#8221;default&#8221; max_height=&#8221;200px&#8221; max_height_tablet=&#8221;200px&#8221; max_height_phone=&#8221;200px&#8221; max_height_last_edited=&#8221;on|tablet&#8221; global_colors_info=&#8221;{}&#8221; transform_styles__hover_enabled=&#8221;on|hover&#8221; transform_scale__hover_enabled=&#8221;on|hover&#8221; transform_translate__hover_enabled=&#8221;on|desktop&#8221; transform_rotate__hover_enabled=&#8221;on|desktop&#8221; transform_skew__hover_enabled=&#8221;on|desktop&#8221; transform_origin__hover_enabled=&#8221;on|desktop&#8221; transform_scale__hover=&#8221;105%|105%&#8221;][\/et_pb_is_image][\/et_pb_column][et_pb_column type=&#8221;1_6&#8243; _builder_version=&#8221;4.27.4&#8243; _module_preset=&#8221;default&#8221; global_colors_info=&#8221;{}&#8221;][et_pb_is_image src=&#8221;https:\/\/anna-stangl.at\/wp-content\/uploads\/2025\/03\/die-voegel-gr.jpg&#8221; show_copyright=&#8221;off&#8221; title_text=&#8221;Die V\u00f6gel, 2017, 42 x 30 cm, \u00d6lpastell, Farbstift, Kohle, Wachs, Pastell, Papier&#8221; show_lightbox_copyright=&#8221;off&#8221; align=&#8221;center&#8221; _builder_version=&#8221;4.27.4&#8243; _module_preset=&#8221;default&#8221; max_height=&#8221;200px&#8221; max_height_tablet=&#8221;200px&#8221; max_height_phone=&#8221;200px&#8221; max_height_last_edited=&#8221;on|tablet&#8221; global_colors_info=&#8221;{}&#8221; transform_styles__hover_enabled=&#8221;on|hover&#8221; transform_scale__hover=&#8221;105%|105%&#8221; transform_scale__hover_enabled=&#8221;on|hover&#8221; transform_translate__hover_enabled=&#8221;on|desktop&#8221; transform_rotate__hover_enabled=&#8221;on|desktop&#8221; transform_skew__hover_enabled=&#8221;on|desktop&#8221; transform_origin__hover_enabled=&#8221;on|desktop&#8221;][\/et_pb_is_image][\/et_pb_column][et_pb_column type=&#8221;1_6&#8243; _builder_version=&#8221;4.27.4&#8243; _module_preset=&#8221;default&#8221; global_colors_info=&#8221;{}&#8221;][et_pb_is_image src=&#8221;https:\/\/anna-stangl.at\/wp-content\/uploads\/2025\/03\/friedrich-blick-auf-das-meer-gr.jpg&#8221; show_copyright=&#8221;off&#8221; title_text=&#8221;Serie C.D. Friedrich: Blick auf das Meer, 2017, 68 x 51 cm, Pastell, Schwarzkreide, \u00d6lpastell, Tusche, Farbstift, Karton, collagiert&#8221; show_lightbox_copyright=&#8221;off&#8221; _builder_version=&#8221;4.27.4&#8243; _module_preset=&#8221;default&#8221; max_height=&#8221;200px&#8221; max_height_tablet=&#8221;200px&#8221; max_height_phone=&#8221;200px&#8221; max_height_last_edited=&#8221;on|tablet&#8221; global_colors_info=&#8221;{}&#8221; transform_styles__hover_enabled=&#8221;on|hover&#8221; transform_scale__hover=&#8221;105%|105%&#8221; transform_scale__hover_enabled=&#8221;on|hover&#8221; transform_translate__hover_enabled=&#8221;on|desktop&#8221; transform_rotate__hover_enabled=&#8221;on|desktop&#8221; transform_skew__hover_enabled=&#8221;on|desktop&#8221; transform_origin__hover_enabled=&#8221;on|desktop&#8221;][\/et_pb_is_image][\/et_pb_column][\/et_pb_row][et_pb_row column_structure=&#8221;1_6,1_6,1_6,1_6,1_6,1_6&#8243; use_custom_gutter=&#8221;on&#8221; gutter_width=&#8221;2&#8243; make_equal=&#8221;on&#8221; _builder_version=&#8221;4.27.4&#8243; _module_preset=&#8221;default&#8221; width=&#8221;92%&#8221; custom_margin=&#8221;5px||||false|false&#8221; global_colors_info=&#8221;{}&#8221; transform_styles__hover_enabled=&#8221;on|hover&#8221; transform_scale__hover_enabled=&#8221;on|hover&#8221; transform_translate__hover_enabled=&#8221;on|desktop&#8221; transform_rotate__hover_enabled=&#8221;on|desktop&#8221; transform_skew__hover_enabled=&#8221;on|desktop&#8221; transform_origin__hover_enabled=&#8221;on|desktop&#8221;][et_pb_column type=&#8221;1_6&#8243; _builder_version=&#8221;4.27.4&#8243; _module_preset=&#8221;default&#8221; global_colors_info=&#8221;{}&#8221;][et_pb_is_image src=&#8221;https:\/\/anna-stangl.at\/wp-content\/uploads\/2025\/03\/fuchsbau-gr.jpg&#8221; show_copyright=&#8221;off&#8221; title_text=&#8221;Fuchsbau, 2017, 70 x 54 cm, Pastell, \u00d6lpastell, Kohle, Tusche, Schwarzkreide, Farbstift, Wachs, Karton&#8221; show_lightbox_copyright=&#8221;off&#8221; align=&#8221;left&#8221; _builder_version=&#8221;4.27.4&#8243; _module_preset=&#8221;default&#8221; max_height=&#8221;200px&#8221; max_height_tablet=&#8221;200px&#8221; max_height_phone=&#8221;200px&#8221; max_height_last_edited=&#8221;on|tablet&#8221; global_colors_info=&#8221;{}&#8221; transform_styles__hover_enabled=&#8221;on|hover&#8221; transform_scale__hover_enabled=&#8221;on|hover&#8221; transform_translate__hover_enabled=&#8221;on|desktop&#8221; transform_rotate__hover_enabled=&#8221;on|desktop&#8221; transform_skew__hover_enabled=&#8221;on|desktop&#8221; transform_origin__hover_enabled=&#8221;on|desktop&#8221; transform_scale__hover=&#8221;105%|105%&#8221;][\/et_pb_is_image][\/et_pb_column][et_pb_column type=&#8221;1_6&#8243; _builder_version=&#8221;4.27.4&#8243; _module_preset=&#8221;default&#8221; global_colors_info=&#8221;{}&#8221;][et_pb_is_image src=&#8221;https:\/\/anna-stangl.at\/wp-content\/uploads\/2025\/03\/pflanzenserie-zu-zweit-gr.jpg&#8221; show_copyright=&#8221;off&#8221; title_text=&#8221;Pflanzenserie: Zu zweit, 51 x 38 cm, Pastell, Schwarzkreide, \u00d6lpastell, Wachs, Tusche, Karton&#8221; show_lightbox_copyright=&#8221;off&#8221; align=&#8221;left&#8221; _builder_version=&#8221;4.27.4&#8243; _module_preset=&#8221;default&#8221; max_height=&#8221;200px&#8221; max_height_tablet=&#8221;200px&#8221; max_height_phone=&#8221;200px&#8221; max_height_last_edited=&#8221;on|tablet&#8221; global_colors_info=&#8221;{}&#8221; transform_styles__hover_enabled=&#8221;on|hover&#8221; transform_scale__hover_enabled=&#8221;on|hover&#8221; transform_translate__hover_enabled=&#8221;on|desktop&#8221; transform_rotate__hover_enabled=&#8221;on|desktop&#8221; transform_skew__hover_enabled=&#8221;on|desktop&#8221; transform_origin__hover_enabled=&#8221;on|desktop&#8221; transform_scale__hover=&#8221;105%|105%&#8221;][\/et_pb_is_image][\/et_pb_column][et_pb_column type=&#8221;1_6&#8243; _builder_version=&#8221;4.27.4&#8243; _module_preset=&#8221;default&#8221; global_colors_info=&#8221;{}&#8221;][et_pb_is_image src=&#8221;https:\/\/anna-stangl.at\/wp-content\/uploads\/2025\/03\/insekten-gr.jpg&#8221; show_copyright=&#8221;off&#8221; title_text=&#8221;Insekten, 2017, 43 x 31 cm, \u00d6lpastell, Kohle, Schwarzkreide, Pastell, Wachs, Papier&#8221; show_lightbox_copyright=&#8221;off&#8221; align=&#8221;center&#8221; _builder_version=&#8221;4.27.4&#8243; _module_preset=&#8221;default&#8221; max_height=&#8221;200px&#8221; max_height_tablet=&#8221;200px&#8221; max_height_phone=&#8221;200px&#8221; max_height_last_edited=&#8221;on|tablet&#8221; global_colors_info=&#8221;{}&#8221; transform_styles__hover_enabled=&#8221;on|hover&#8221; transform_scale__hover=&#8221;105%|105%&#8221; transform_scale__hover_enabled=&#8221;on|hover&#8221; transform_translate__hover_enabled=&#8221;on|desktop&#8221; transform_rotate__hover_enabled=&#8221;on|desktop&#8221; transform_skew__hover_enabled=&#8221;on|desktop&#8221; transform_origin__hover_enabled=&#8221;on|desktop&#8221;][\/et_pb_is_image][\/et_pb_column][et_pb_column type=&#8221;1_6&#8243; _builder_version=&#8221;4.27.4&#8243; _module_preset=&#8221;default&#8221; global_colors_info=&#8221;{}&#8221;][et_pb_is_image src=&#8221;https:\/\/anna-stangl.at\/wp-content\/uploads\/2025\/03\/summer-ll-gr.jpg&#8221; show_copyright=&#8221;off&#8221; title_text=&#8221;Sommer II, 2017, Kohle, Tusche, Schwarzkreide, \u00d6lpastell, Pastell, Wachs, Papier&#8221; show_lightbox_copyright=&#8221;off&#8221; align=&#8221;left&#8221; _builder_version=&#8221;4.27.4&#8243; _module_preset=&#8221;default&#8221; max_height=&#8221;200px&#8221; max_height_tablet=&#8221;200px&#8221; max_height_phone=&#8221;200px&#8221; max_height_last_edited=&#8221;on|tablet&#8221; global_colors_info=&#8221;{}&#8221; transform_styles__hover_enabled=&#8221;on|hover&#8221; transform_scale__hover_enabled=&#8221;on|hover&#8221; transform_translate__hover_enabled=&#8221;on|desktop&#8221; transform_rotate__hover_enabled=&#8221;on|desktop&#8221; transform_skew__hover_enabled=&#8221;on|desktop&#8221; transform_origin__hover_enabled=&#8221;on|desktop&#8221; transform_scale__hover=&#8221;105%|105%&#8221;][\/et_pb_is_image][\/et_pb_column][et_pb_column type=&#8221;1_6&#8243; _builder_version=&#8221;4.27.4&#8243; _module_preset=&#8221;default&#8221; global_colors_info=&#8221;{}&#8221;][et_pb_is_image src=&#8221;https:\/\/anna-stangl.at\/wp-content\/uploads\/2025\/03\/raeume-gr.jpg&#8221; show_copyright=&#8221;off&#8221; title_text=&#8221;R\u00e4ume, 2017, 61 x 45 cm, Pastell, \u00d6lpastell, Tusche, Wachs, Schwarzkreide, Kohle, Karton, collagiert&#8221; show_lightbox_copyright=&#8221;off&#8221; align=&#8221;center&#8221; _builder_version=&#8221;4.27.4&#8243; _module_preset=&#8221;default&#8221; max_height=&#8221;200px&#8221; max_height_tablet=&#8221;200px&#8221; max_height_phone=&#8221;200px&#8221; max_height_last_edited=&#8221;on|tablet&#8221; global_colors_info=&#8221;{}&#8221; transform_styles__hover_enabled=&#8221;on|hover&#8221; transform_scale__hover=&#8221;105%|105%&#8221; transform_scale__hover_enabled=&#8221;on|hover&#8221; transform_translate__hover_enabled=&#8221;on|desktop&#8221; transform_rotate__hover_enabled=&#8221;on|desktop&#8221; transform_skew__hover_enabled=&#8221;on|desktop&#8221; transform_origin__hover_enabled=&#8221;on|desktop&#8221;][\/et_pb_is_image][\/et_pb_column][et_pb_column type=&#8221;1_6&#8243; _builder_version=&#8221;4.27.4&#8243; _module_preset=&#8221;default&#8221; global_colors_info=&#8221;{}&#8221;][et_pb_is_image src=&#8221;https:\/\/anna-stangl.at\/wp-content\/uploads\/2025\/03\/schwarzer-falter-gr.jpg&#8221; show_copyright=&#8221;off&#8221; title_text=&#8221;Schwarzer Falter, 2017, 82 x 60 cm, \u00d6lpastell, Graphitstift, Schwarzkreide, Kohle, Wachs, Karton&#8221; show_lightbox_copyright=&#8221;off&#8221; _builder_version=&#8221;4.27.4&#8243; _module_preset=&#8221;default&#8221; max_height=&#8221;200px&#8221; max_height_tablet=&#8221;200px&#8221; max_height_phone=&#8221;200px&#8221; max_height_last_edited=&#8221;on|tablet&#8221; global_colors_info=&#8221;{}&#8221; transform_styles__hover_enabled=&#8221;on|hover&#8221; transform_scale__hover=&#8221;105%|105%&#8221; transform_scale__hover_enabled=&#8221;on|hover&#8221; transform_translate__hover_enabled=&#8221;on|desktop&#8221; transform_rotate__hover_enabled=&#8221;on|desktop&#8221; transform_skew__hover_enabled=&#8221;on|desktop&#8221; transform_origin__hover_enabled=&#8221;on|desktop&#8221;][\/et_pb_is_image][\/et_pb_column][\/et_pb_row][et_pb_row column_structure=&#8221;1_6,1_6,1_6,1_6,1_6,1_6&#8243; use_custom_gutter=&#8221;on&#8221; gutter_width=&#8221;2&#8243; make_equal=&#8221;on&#8221; _builder_version=&#8221;4.27.4&#8243; _module_preset=&#8221;default&#8221; width=&#8221;92%&#8221; custom_margin=&#8221;5px||||false|false&#8221; global_colors_info=&#8221;{}&#8221; transform_styles__hover_enabled=&#8221;on|hover&#8221; transform_scale__hover_enabled=&#8221;on|hover&#8221; transform_translate__hover_enabled=&#8221;on|desktop&#8221; transform_rotate__hover_enabled=&#8221;on|desktop&#8221; transform_skew__hover_enabled=&#8221;on|desktop&#8221; transform_origin__hover_enabled=&#8221;on|desktop&#8221;][et_pb_column type=&#8221;1_6&#8243; _builder_version=&#8221;4.27.4&#8243; _module_preset=&#8221;default&#8221; global_colors_info=&#8221;{}&#8221;][et_pb_is_image src=&#8221;https:\/\/anna-stangl.at\/wp-content\/uploads\/2025\/03\/pflanzenlasso-gr.jpg&#8221; show_copyright=&#8221;off&#8221; title_text=&#8221;Pflanzenserie: Pflanzenlasso, 2017, 53 x 67 cm, \u00d6lpastell, Schwarzkreide, Pastell, Tusche, Graphitstift, Wachs, Karton&#8221; show_lightbox_copyright=&#8221;off&#8221; align=&#8221;center&#8221; _builder_version=&#8221;4.27.4&#8243; _module_preset=&#8221;default&#8221; max_height=&#8221;200px&#8221; max_height_tablet=&#8221;200px&#8221; max_height_phone=&#8221;200px&#8221; max_height_last_edited=&#8221;on|tablet&#8221; global_colors_info=&#8221;{}&#8221; transform_styles__hover_enabled=&#8221;on|hover&#8221; transform_scale__hover=&#8221;105%|105%&#8221; transform_scale__hover_enabled=&#8221;on|hover&#8221; transform_translate__hover_enabled=&#8221;on|desktop&#8221; transform_rotate__hover_enabled=&#8221;on|desktop&#8221; transform_skew__hover_enabled=&#8221;on|desktop&#8221; transform_origin__hover_enabled=&#8221;on|desktop&#8221;][\/et_pb_is_image][\/et_pb_column][et_pb_column type=&#8221;1_6&#8243; _builder_version=&#8221;4.27.4&#8243; _module_preset=&#8221;default&#8221; global_colors_info=&#8221;{}&#8221;][et_pb_is_image src=&#8221;https:\/\/anna-stangl.at\/wp-content\/uploads\/2025\/03\/taming-of-the-bear-gr.jpg&#8221; show_copyright=&#8221;off&#8221; title_text=&#8221;aming of the Bear, 2017, 52 x 70 cm, Pastell, Kohle, Schwarzkreide, Wachsstift, Wachs, Tusche, Karton&#8221; show_lightbox_copyright=&#8221;off&#8221; align=&#8221;center&#8221; _builder_version=&#8221;4.27.4&#8243; _module_preset=&#8221;default&#8221; max_height=&#8221;200px&#8221; max_height_tablet=&#8221;200px&#8221; max_height_phone=&#8221;200px&#8221; max_height_last_edited=&#8221;on|tablet&#8221; global_colors_info=&#8221;{}&#8221; transform_styles__hover_enabled=&#8221;on|hover&#8221; transform_scale__hover=&#8221;105%|105%&#8221; transform_scale__hover_enabled=&#8221;on|hover&#8221; transform_translate__hover_enabled=&#8221;on|desktop&#8221; transform_rotate__hover_enabled=&#8221;on|desktop&#8221; transform_skew__hover_enabled=&#8221;on|desktop&#8221; transform_origin__hover_enabled=&#8221;on|desktop&#8221;][\/et_pb_is_image][\/et_pb_column][et_pb_column type=&#8221;1_6&#8243; _builder_version=&#8221;4.27.4&#8243; _module_preset=&#8221;default&#8221; global_colors_info=&#8221;{}&#8221;][et_pb_is_image src=&#8221;https:\/\/anna-stangl.at\/wp-content\/uploads\/2025\/03\/vertrauen-gr.jpg&#8221; show_copyright=&#8221;off&#8221; title_text=&#8221;Vertrauen, 2017, 54 x 66 cm, Tusche, Pastell, Schwarzkreide, Kohle, Wachs, Karton&#8221; show_lightbox_copyright=&#8221;off&#8221; align=&#8221;center&#8221; _builder_version=&#8221;4.27.4&#8243; _module_preset=&#8221;default&#8221; max_height=&#8221;200px&#8221; max_height_tablet=&#8221;200px&#8221; max_height_phone=&#8221;200px&#8221; max_height_last_edited=&#8221;on|tablet&#8221; global_colors_info=&#8221;{}&#8221; transform_styles__hover_enabled=&#8221;on|hover&#8221; transform_scale__hover=&#8221;105%|105%&#8221; transform_scale__hover_enabled=&#8221;on|hover&#8221; transform_translate__hover_enabled=&#8221;on|desktop&#8221; transform_rotate__hover_enabled=&#8221;on|desktop&#8221; transform_skew__hover_enabled=&#8221;on|desktop&#8221; transform_origin__hover_enabled=&#8221;on|desktop&#8221;][\/et_pb_is_image][\/et_pb_column][et_pb_column type=&#8221;1_6&#8243; _builder_version=&#8221;4.27.4&#8243; _module_preset=&#8221;default&#8221; global_colors_info=&#8221;{}&#8221;][et_pb_is_image src=&#8221;https:\/\/anna-stangl.at\/wp-content\/uploads\/2025\/03\/aufdringlich-pflanze-ll-gr.jpg&#8221; show_copyright=&#8221;off&#8221; title_text=&#8221;Pflanzenserie: Aufdringliche Pflanze II, 2017, 53,5 x 74 cm, Tusche, Schwarzkreide, Wachs, Pastell, Karton&#8221; show_lightbox_copyright=&#8221;off&#8221; align=&#8221;center&#8221; _builder_version=&#8221;4.27.4&#8243; _module_preset=&#8221;default&#8221; max_height=&#8221;200px&#8221; max_height_tablet=&#8221;200px&#8221; max_height_phone=&#8221;200px&#8221; max_height_last_edited=&#8221;on|tablet&#8221; global_colors_info=&#8221;{}&#8221; transform_styles__hover_enabled=&#8221;on|hover&#8221; transform_scale__hover=&#8221;105%|105%&#8221; transform_scale__hover_enabled=&#8221;on|hover&#8221; transform_translate__hover_enabled=&#8221;on|desktop&#8221; transform_rotate__hover_enabled=&#8221;on|desktop&#8221; transform_skew__hover_enabled=&#8221;on|desktop&#8221; transform_origin__hover_enabled=&#8221;on|desktop&#8221;][\/et_pb_is_image][\/et_pb_column][et_pb_column type=&#8221;1_6&#8243; _builder_version=&#8221;4.27.4&#8243; _module_preset=&#8221;default&#8221; global_colors_info=&#8221;{}&#8221;][et_pb_is_image src=&#8221;https:\/\/anna-stangl.at\/wp-content\/uploads\/2025\/03\/die-schwimmer-gr.jpg&#8221; show_copyright=&#8221;off&#8221; title_text=&#8221;Die Schwimmer, 2017, 36 x 48 cm, \u00d6lpastell, Pastell, Wachs, Schwarzkreide, Karton&#8221; show_lightbox_copyright=&#8221;off&#8221; align=&#8221;center&#8221; _builder_version=&#8221;4.27.4&#8243; _module_preset=&#8221;default&#8221; max_height=&#8221;200px&#8221; max_height_tablet=&#8221;200px&#8221; max_height_phone=&#8221;200px&#8221; max_height_last_edited=&#8221;on|tablet&#8221; global_colors_info=&#8221;{}&#8221; transform_styles__hover_enabled=&#8221;on|hover&#8221; transform_scale__hover=&#8221;105%|105%&#8221; transform_scale__hover_enabled=&#8221;on|hover&#8221; transform_translate__hover_enabled=&#8221;on|desktop&#8221; transform_rotate__hover_enabled=&#8221;on|desktop&#8221; transform_skew__hover_enabled=&#8221;on|desktop&#8221; transform_origin__hover_enabled=&#8221;on|desktop&#8221;][\/et_pb_is_image][\/et_pb_column][et_pb_column type=&#8221;1_6&#8243; _builder_version=&#8221;4.27.4&#8243; _module_preset=&#8221;default&#8221; global_colors_info=&#8221;{}&#8221;][et_pb_is_image src=&#8221;https:\/\/anna-stangl.at\/wp-content\/uploads\/2025\/03\/ein-affe-gr.jpg&#8221; show_copyright=&#8221;off&#8221; title_text=&#8221;Der Affe, 2017, 54 x 71 cm, Tusche, Schwarzkreide, Pastell, Wachs, Karton, collagiert&#8221; show_lightbox_copyright=&#8221;off&#8221; align=&#8221;center&#8221; _builder_version=&#8221;4.27.4&#8243; _module_preset=&#8221;default&#8221; max_height=&#8221;200px&#8221; max_height_tablet=&#8221;200px&#8221; max_height_phone=&#8221;200px&#8221; max_height_last_edited=&#8221;on|tablet&#8221; global_colors_info=&#8221;{}&#8221; transform_styles__hover_enabled=&#8221;on|hover&#8221; transform_scale__hover=&#8221;105%|105%&#8221; transform_scale__hover_enabled=&#8221;on|hover&#8221; transform_translate__hover_enabled=&#8221;on|desktop&#8221; transform_rotate__hover_enabled=&#8221;on|desktop&#8221; transform_skew__hover_enabled=&#8221;on|desktop&#8221; transform_origin__hover_enabled=&#8221;on|desktop&#8221;][\/et_pb_is_image][\/et_pb_column][\/et_pb_row][et_pb_row column_structure=&#8221;1_6,1_6,1_6,1_6,1_6,1_6&#8243; use_custom_gutter=&#8221;on&#8221; gutter_width=&#8221;2&#8243; make_equal=&#8221;on&#8221; module_class=&#8221;extratop&#8221; _builder_version=&#8221;4.27.4&#8243; _module_preset=&#8221;default&#8221; width=&#8221;92%&#8221; custom_margin=&#8221;5px||||false|false&#8221; global_colors_info=&#8221;{}&#8221; transform_styles__hover_enabled=&#8221;on|hover&#8221; transform_scale__hover_enabled=&#8221;on|hover&#8221; transform_translate__hover_enabled=&#8221;on|desktop&#8221; transform_rotate__hover_enabled=&#8221;on|desktop&#8221; transform_skew__hover_enabled=&#8221;on|desktop&#8221; transform_origin__hover_enabled=&#8221;on|desktop&#8221;][et_pb_column type=&#8221;1_6&#8243; _builder_version=&#8221;4.27.4&#8243; _module_preset=&#8221;default&#8221; global_colors_info=&#8221;{}&#8221;][et_pb_is_image src=&#8221;https:\/\/anna-stangl.at\/wp-content\/uploads\/2025\/03\/fuechse-und-woelfe-gr.jpg&#8221; show_copyright=&#8221;off&#8221; title_text=&#8221;F\u00fcchse und W\u00f6lfe und ich, 2017, 34, x 46 cm, Pastell, Kohle, Schwarzkreide, \u00d6lpastell, Wachs, Farbstift, Tusche, Karton&#8221; show_lightbox_copyright=&#8221;off&#8221; align=&#8221;center&#8221; _builder_version=&#8221;4.27.4&#8243; _module_preset=&#8221;default&#8221; max_height=&#8221;200px&#8221; max_height_tablet=&#8221;200px&#8221; max_height_phone=&#8221;200px&#8221; max_height_last_edited=&#8221;on|tablet&#8221; global_colors_info=&#8221;{}&#8221; transform_styles__hover_enabled=&#8221;on|hover&#8221; transform_scale__hover=&#8221;105%|105%&#8221; transform_scale__hover_enabled=&#8221;on|hover&#8221; transform_translate__hover_enabled=&#8221;on|desktop&#8221; transform_rotate__hover_enabled=&#8221;on|desktop&#8221; transform_skew__hover_enabled=&#8221;on|desktop&#8221; transform_origin__hover_enabled=&#8221;on|desktop&#8221;][\/et_pb_is_image][\/et_pb_column][et_pb_column type=&#8221;1_6&#8243; _builder_version=&#8221;4.27.4&#8243; _module_preset=&#8221;default&#8221; global_colors_info=&#8221;{}&#8221;][\/et_pb_column][et_pb_column type=&#8221;1_6&#8243; _builder_version=&#8221;4.27.4&#8243; _module_preset=&#8221;default&#8221; global_colors_info=&#8221;{}&#8221;][\/et_pb_column][et_pb_column type=&#8221;1_6&#8243; _builder_version=&#8221;4.27.4&#8243; _module_preset=&#8221;default&#8221; global_colors_info=&#8221;{}&#8221;][\/et_pb_column][et_pb_column type=&#8221;1_6&#8243; _builder_version=&#8221;4.27.4&#8243; _module_preset=&#8221;default&#8221; global_colors_info=&#8221;{}&#8221;][\/et_pb_column][et_pb_column type=&#8221;1_6&#8243; _builder_version=&#8221;4.27.4&#8243; _module_preset=&#8221;default&#8221; global_colors_info=&#8221;{}&#8221;][\/et_pb_column][\/et_pb_row][\/et_pb_section][et_pb_section fb_built=&#8221;1&#8243; admin_label=&#8221;Section 2016&#8243; _builder_version=&#8221;4.27.4&#8243; _module_preset=&#8221;default&#8221; custom_margin=&#8221;0px||||false|false&#8221; custom_padding=&#8221;0px||||false|false&#8221; collapsed=&#8221;off&#8221; global_colors_info=&#8221;{}&#8221;][et_pb_row _builder_version=&#8221;4.27.4&#8243; _module_preset=&#8221;default&#8221; width=&#8221;92%&#8221; custom_margin=&#8221;0px||0px||false|false&#8221; custom_padding=&#8221;8px||0px||false|false&#8221; global_colors_info=&#8221;{}&#8221;][et_pb_column type=&#8221;4_4&#8243; _builder_version=&#8221;4.27.4&#8243; _module_preset=&#8221;default&#8221; global_colors_info=&#8221;{}&#8221;][et_pb_text admin_label=&#8221;2016&#8243; _builder_version=&#8221;4.27.4&#8243; _module_preset=&#8221;default&#8221; global_colors_info=&#8221;{}&#8221;]<\/p>\n<h3>2016<\/h3>\n<p>[\/et_pb_text][\/et_pb_column][\/et_pb_row][et_pb_row column_structure=&#8221;1_3,1_3,1_3&#8243; module_class=&#8221;bigfirstrow&#8221; _builder_version=&#8221;4.27.4&#8243; _module_preset=&#8221;default&#8221; width=&#8221;92%&#8221; custom_padding=&#8221;14px||||false|false&#8221; global_colors_info=&#8221;{}&#8221; transform_styles__hover_enabled=&#8221;on|hover&#8221; transform_scale__hover_enabled=&#8221;on|hover&#8221; transform_translate__hover_enabled=&#8221;on|desktop&#8221; transform_rotate__hover_enabled=&#8221;on|desktop&#8221; transform_skew__hover_enabled=&#8221;on|desktop&#8221; transform_origin__hover_enabled=&#8221;on|desktop&#8221;][et_pb_column type=&#8221;1_3&#8243; _builder_version=&#8221;4.27.4&#8243; _module_preset=&#8221;default&#8221; global_colors_info=&#8221;{}&#8221;][et_pb_is_image src=&#8221;https:\/\/anna-stangl.at\/wp-content\/uploads\/2025\/03\/wachsen-gr.jpg&#8221; show_copyright=&#8221;off&#8221; title_text=&#8221;Serie: Wachsen, 2016, 92 x 70 cm, Kohle, Pastell, Schwarzkreide, \u00d6lpastell, Karton&#8221; show_lightbox_copyright=&#8221;off&#8221; module_class=&#8221;bigfirstimage&#8221; _builder_version=&#8221;4.27.4&#8243; _module_preset=&#8221;default&#8221; global_colors_info=&#8221;{}&#8221; transform_styles__hover_enabled=&#8221;on|hover&#8221; transform_scale__hover_enabled=&#8221;on|hover&#8221; transform_translate__hover_enabled=&#8221;on|desktop&#8221; transform_rotate__hover_enabled=&#8221;on|desktop&#8221; transform_skew__hover_enabled=&#8221;on|desktop&#8221; transform_origin__hover_enabled=&#8221;on|desktop&#8221; transform_scale__hover=&#8221;105%|105%&#8221;][\/et_pb_is_image][\/et_pb_column][et_pb_column type=&#8221;1_3&#8243; _builder_version=&#8221;4.27.4&#8243; _module_preset=&#8221;default&#8221; global_colors_info=&#8221;{}&#8221;][et_pb_is_image src=&#8221;https:\/\/anna-stangl.at\/wp-content\/uploads\/2025\/03\/junge-hunde-gr.jpg&#8221; show_copyright=&#8221;off&#8221; title_text=&#8221;Junge Hunde, 2016, 65 x 45 cm, Tusche, Pastell, Karton&#8221; show_lightbox_copyright=&#8221;off&#8221; module_class=&#8221;bigfirstimage&#8221; _builder_version=&#8221;4.27.4&#8243; _module_preset=&#8221;default&#8221; transform_scale=&#8221;105%|105%&#8221; transform_translate=&#8221;0px|5px&#8221; transform_translate_linked=&#8221;off&#8221; locked=&#8221;off&#8221; global_colors_info=&#8221;{}&#8221; transform_styles__hover_enabled=&#8221;on|hover&#8221; transform_scale__hover_enabled=&#8221;on|hover&#8221; transform_translate__hover_enabled=&#8221;on|hover&#8221; transform_rotate__hover_enabled=&#8221;on|desktop&#8221; transform_skew__hover_enabled=&#8221;on|desktop&#8221; transform_origin__hover_enabled=&#8221;on|desktop&#8221; transform_scale__hover=&#8221;110%|110%&#8221; transform_translate__hover=&#8221;0px|8px&#8221;][\/et_pb_is_image][\/et_pb_column][et_pb_column type=&#8221;1_3&#8243; _builder_version=&#8221;4.27.4&#8243; _module_preset=&#8221;default&#8221; global_colors_info=&#8221;{}&#8221;][et_pb_is_image src=&#8221;https:\/\/anna-stangl.at\/wp-content\/uploads\/2025\/03\/swimmingpool-ll-gr.jpg&#8221; show_copyright=&#8221;off&#8221; title_text=&#8221;Swimmingpool III, 2016, 54 x 38 cm, Wachsstift, Pastell, \u00d6lpastell, Wachs, Schwarzkreide, Kohle, Papier&#8221; show_lightbox_copyright=&#8221;off&#8221; module_class=&#8221;bigfirstimage&#8221; _builder_version=&#8221;4.27.4&#8243; _module_preset=&#8221;default&#8221; transform_scale=&#8221;95%|95%&#8221; transform_translate=&#8221;0px|-11px&#8221; transform_translate_linked=&#8221;off&#8221; locked=&#8221;off&#8221; global_colors_info=&#8221;{}&#8221; transform_styles__hover_enabled=&#8221;on|hover&#8221; transform_scale__hover_enabled=&#8221;on|hover&#8221; transform_translate__hover_enabled=&#8221;on|hover&#8221; transform_rotate__hover_enabled=&#8221;on|desktop&#8221; transform_skew__hover_enabled=&#8221;on|desktop&#8221; transform_origin__hover_enabled=&#8221;on|desktop&#8221; transform_scale__hover=&#8221;100%|100%&#8221; transform_translate__hover=&#8221;0px|-11px&#8221;][\/et_pb_is_image][\/et_pb_column][\/et_pb_row][et_pb_row column_structure=&#8221;1_6,1_6,1_6,1_6,1_6,1_6&#8243; use_custom_gutter=&#8221;on&#8221; gutter_width=&#8221;2&#8243; make_equal=&#8221;on&#8221; _builder_version=&#8221;4.27.4&#8243; _module_preset=&#8221;default&#8221; width=&#8221;92%&#8221; custom_margin=&#8221;5px||||false|false&#8221; global_colors_info=&#8221;{}&#8221; transform_styles__hover_enabled=&#8221;on|hover&#8221; transform_scale__hover_enabled=&#8221;on|hover&#8221; transform_translate__hover_enabled=&#8221;on|desktop&#8221; transform_rotate__hover_enabled=&#8221;on|desktop&#8221; transform_skew__hover_enabled=&#8221;on|desktop&#8221; transform_origin__hover_enabled=&#8221;on|desktop&#8221;][et_pb_column type=&#8221;1_6&#8243; _builder_version=&#8221;4.27.4&#8243; _module_preset=&#8221;default&#8221; global_colors_info=&#8221;{}&#8221;][et_pb_is_image src=&#8221;https:\/\/anna-stangl.at\/wp-content\/uploads\/2025\/03\/blossoming-gr.jpg&#8221; show_copyright=&#8221;off&#8221; title_text=&#8221;Blossoming, 2016, 46 x 35 cm, \u00d6lpastell, Pastell, Wachs, Schwarzkreide, Karton, collagiert&#8221; show_lightbox_copyright=&#8221;off&#8221; align=&#8221;center&#8221; _builder_version=&#8221;4.27.4&#8243; _module_preset=&#8221;default&#8221; max_height=&#8221;200px&#8221; max_height_tablet=&#8221;200px&#8221; max_height_phone=&#8221;200px&#8221; max_height_last_edited=&#8221;on|tablet&#8221; global_colors_info=&#8221;{}&#8221; transform_styles__hover_enabled=&#8221;on|hover&#8221; transform_scale__hover=&#8221;105%|105%&#8221; transform_scale__hover_enabled=&#8221;on|hover&#8221; transform_translate__hover_enabled=&#8221;on|desktop&#8221; transform_rotate__hover_enabled=&#8221;on|desktop&#8221; transform_skew__hover_enabled=&#8221;on|desktop&#8221; transform_origin__hover_enabled=&#8221;on|desktop&#8221;][\/et_pb_is_image][\/et_pb_column][et_pb_column type=&#8221;1_6&#8243; _builder_version=&#8221;4.27.4&#8243; _module_preset=&#8221;default&#8221; global_colors_info=&#8221;{}&#8221;][et_pb_is_image src=&#8221;https:\/\/anna-stangl.at\/wp-content\/uploads\/2025\/03\/zu-zweit-gr-1.jpg&#8221; show_copyright=&#8221;off&#8221; title_text=&#8221;Zu zweit, 2016, 66 x 51 cm, Tusche, Schwarzkreide, Pastell, Wachs, Karton, collagiert&#8221; show_lightbox_copyright=&#8221;off&#8221; align=&#8221;left&#8221; _builder_version=&#8221;4.27.4&#8243; _module_preset=&#8221;default&#8221; max_height=&#8221;200px&#8221; max_height_tablet=&#8221;200px&#8221; max_height_phone=&#8221;200px&#8221; max_height_last_edited=&#8221;on|tablet&#8221; global_colors_info=&#8221;{}&#8221; transform_styles__hover_enabled=&#8221;on|hover&#8221; transform_scale__hover_enabled=&#8221;on|hover&#8221; transform_translate__hover_enabled=&#8221;on|desktop&#8221; transform_rotate__hover_enabled=&#8221;on|desktop&#8221; transform_skew__hover_enabled=&#8221;on|desktop&#8221; transform_origin__hover_enabled=&#8221;on|desktop&#8221; transform_scale__hover=&#8221;105%|105%&#8221;][\/et_pb_is_image][\/et_pb_column][et_pb_column type=&#8221;1_6&#8243; _builder_version=&#8221;4.27.4&#8243; _module_preset=&#8221;default&#8221; global_colors_info=&#8221;{}&#8221;][et_pb_is_image src=&#8221;https:\/\/anna-stangl.at\/wp-content\/uploads\/2025\/03\/gedanken-gr.jpg&#8221; show_copyright=&#8221;off&#8221; title_text=&#8221;Gedanken, 2016, 43 x 30 cm, \u00d6lpastell, Kohle, Pastell, Wachs, Papier&#8221; show_lightbox_copyright=&#8221;off&#8221; align=&#8221;center&#8221; _builder_version=&#8221;4.27.4&#8243; _module_preset=&#8221;default&#8221; max_height=&#8221;200px&#8221; max_height_tablet=&#8221;200px&#8221; max_height_phone=&#8221;200px&#8221; max_height_last_edited=&#8221;on|tablet&#8221; global_colors_info=&#8221;{}&#8221; transform_styles__hover_enabled=&#8221;on|hover&#8221; transform_scale__hover=&#8221;105%|105%&#8221; transform_scale__hover_enabled=&#8221;on|hover&#8221; transform_translate__hover_enabled=&#8221;on|desktop&#8221; transform_rotate__hover_enabled=&#8221;on|desktop&#8221; transform_skew__hover_enabled=&#8221;on|desktop&#8221; transform_origin__hover_enabled=&#8221;on|desktop&#8221;][\/et_pb_is_image][\/et_pb_column][et_pb_column type=&#8221;1_6&#8243; _builder_version=&#8221;4.27.4&#8243; _module_preset=&#8221;default&#8221; global_colors_info=&#8221;{}&#8221;][et_pb_is_image src=&#8221;https:\/\/anna-stangl.at\/wp-content\/uploads\/2025\/03\/im-inneren-gr.jpg&#8221; show_copyright=&#8221;off&#8221; title_text=&#8221;Im Inneren, 2016, 71 x 55 cm, Kohle, Schwarzkreide, Aquarell, Pastell, Karton&#8221; show_lightbox_copyright=&#8221;off&#8221; align=&#8221;center&#8221; _builder_version=&#8221;4.27.4&#8243; _module_preset=&#8221;default&#8221; max_height=&#8221;200px&#8221; max_height_tablet=&#8221;200px&#8221; max_height_phone=&#8221;200px&#8221; max_height_last_edited=&#8221;on|tablet&#8221; global_colors_info=&#8221;{}&#8221; transform_styles__hover_enabled=&#8221;on|hover&#8221; transform_scale__hover=&#8221;105%|105%&#8221; transform_scale__hover_enabled=&#8221;on|hover&#8221; transform_translate__hover_enabled=&#8221;on|desktop&#8221; transform_rotate__hover_enabled=&#8221;on|desktop&#8221; transform_skew__hover_enabled=&#8221;on|desktop&#8221; transform_origin__hover_enabled=&#8221;on|desktop&#8221;][\/et_pb_is_image][\/et_pb_column][et_pb_column type=&#8221;1_6&#8243; _builder_version=&#8221;4.27.4&#8243; _module_preset=&#8221;default&#8221; global_colors_info=&#8221;{}&#8221;][et_pb_is_image src=&#8221;https:\/\/anna-stangl.at\/wp-content\/uploads\/2025\/03\/irischer-sommer-gr.jpg&#8221; show_copyright=&#8221;off&#8221; title_text=&#8221;Irischer Sommer,2016, 44 x 35 cm, Pastell, Schwarzkreide, Kohle Wachs, Papier, collagiert&#8221; show_lightbox_copyright=&#8221;off&#8221; align=&#8221;center&#8221; _builder_version=&#8221;4.27.4&#8243; _module_preset=&#8221;default&#8221; max_height=&#8221;200px&#8221; max_height_tablet=&#8221;200px&#8221; max_height_phone=&#8221;200px&#8221; max_height_last_edited=&#8221;on|tablet&#8221; global_colors_info=&#8221;{}&#8221; transform_styles__hover_enabled=&#8221;on|hover&#8221; transform_scale__hover=&#8221;105%|105%&#8221; transform_scale__hover_enabled=&#8221;on|hover&#8221; transform_translate__hover_enabled=&#8221;on|desktop&#8221; transform_rotate__hover_enabled=&#8221;on|desktop&#8221; transform_skew__hover_enabled=&#8221;on|desktop&#8221; transform_origin__hover_enabled=&#8221;on|desktop&#8221;][\/et_pb_is_image][\/et_pb_column][et_pb_column type=&#8221;1_6&#8243; _builder_version=&#8221;4.27.4&#8243; _module_preset=&#8221;default&#8221; global_colors_info=&#8221;{}&#8221;][et_pb_is_image src=&#8221;https:\/\/anna-stangl.at\/wp-content\/uploads\/2025\/03\/mal-gr.jpg&#8221; show_copyright=&#8221;off&#8221; title_text=&#8221;Mal, 2016, 40 x 28 cm, Pastell, Kohle, \u00d6lpastell, Graphitstift, Wachs, Farbstift, Papier&#8221; show_lightbox_copyright=&#8221;off&#8221; _builder_version=&#8221;4.27.4&#8243; _module_preset=&#8221;default&#8221; max_height=&#8221;200px&#8221; max_height_tablet=&#8221;200px&#8221; max_height_phone=&#8221;200px&#8221; max_height_last_edited=&#8221;on|tablet&#8221; global_colors_info=&#8221;{}&#8221; transform_styles__hover_enabled=&#8221;on|hover&#8221; transform_scale__hover=&#8221;105%|105%&#8221; transform_scale__hover_enabled=&#8221;on|hover&#8221; transform_translate__hover_enabled=&#8221;on|desktop&#8221; transform_rotate__hover_enabled=&#8221;on|desktop&#8221; transform_skew__hover_enabled=&#8221;on|desktop&#8221; transform_origin__hover_enabled=&#8221;on|desktop&#8221;][\/et_pb_is_image][\/et_pb_column][\/et_pb_row][et_pb_row column_structure=&#8221;1_6,1_6,1_6,1_6,1_6,1_6&#8243; use_custom_gutter=&#8221;on&#8221; gutter_width=&#8221;2&#8243; make_equal=&#8221;on&#8221; _builder_version=&#8221;4.27.4&#8243; _module_preset=&#8221;default&#8221; width=&#8221;92%&#8221; custom_margin=&#8221;5px||||false|false&#8221; global_colors_info=&#8221;{}&#8221; transform_styles__hover_enabled=&#8221;on|hover&#8221; transform_scale__hover_enabled=&#8221;on|hover&#8221; transform_translate__hover_enabled=&#8221;on|desktop&#8221; transform_rotate__hover_enabled=&#8221;on|desktop&#8221; transform_skew__hover_enabled=&#8221;on|desktop&#8221; transform_origin__hover_enabled=&#8221;on|desktop&#8221;][et_pb_column type=&#8221;1_6&#8243; _builder_version=&#8221;4.27.4&#8243; _module_preset=&#8221;default&#8221; global_colors_info=&#8221;{}&#8221;][et_pb_is_image src=&#8221;https:\/\/anna-stangl.at\/wp-content\/uploads\/2025\/03\/mein-esel-gr.jpg&#8221; show_copyright=&#8221;off&#8221; title_text=&#8221;Mein Esel, 2016, 54 x 62 cm, \u00d6lpastell, Kohle, Pastell, Wachs, Karton&#8221; show_lightbox_copyright=&#8221;off&#8221; align=&#8221;left&#8221; _builder_version=&#8221;4.27.4&#8243; _module_preset=&#8221;default&#8221; max_height=&#8221;200px&#8221; max_height_tablet=&#8221;200px&#8221; max_height_phone=&#8221;200px&#8221; max_height_last_edited=&#8221;on|tablet&#8221; global_colors_info=&#8221;{}&#8221; transform_styles__hover_enabled=&#8221;on|hover&#8221; transform_scale__hover_enabled=&#8221;on|hover&#8221; transform_translate__hover_enabled=&#8221;on|desktop&#8221; transform_rotate__hover_enabled=&#8221;on|desktop&#8221; transform_skew__hover_enabled=&#8221;on|desktop&#8221; transform_origin__hover_enabled=&#8221;on|desktop&#8221; transform_scale__hover=&#8221;105%|105%&#8221;][\/et_pb_is_image][\/et_pb_column][et_pb_column type=&#8221;1_6&#8243; _builder_version=&#8221;4.27.4&#8243; _module_preset=&#8221;default&#8221; global_colors_info=&#8221;{}&#8221;][et_pb_is_image src=&#8221;https:\/\/anna-stangl.at\/wp-content\/uploads\/2025\/03\/paradise-gr.jpg&#8221; show_copyright=&#8221;off&#8221; title_text=&#8221;Paradise, 2016, 66 x 51 cm, \u00d6lpastell, Schwarzkreide, Tusche, Kohle, Wachs, Pastell, Karton, collagiert&#8221; show_lightbox_copyright=&#8221;off&#8221; align=&#8221;center&#8221; _builder_version=&#8221;4.27.4&#8243; _module_preset=&#8221;default&#8221; max_height=&#8221;200px&#8221; max_height_tablet=&#8221;200px&#8221; max_height_phone=&#8221;200px&#8221; max_height_last_edited=&#8221;on|tablet&#8221; global_colors_info=&#8221;{}&#8221; transform_styles__hover_enabled=&#8221;on|hover&#8221; transform_scale__hover=&#8221;105%|105%&#8221; transform_scale__hover_enabled=&#8221;on|hover&#8221; transform_translate__hover_enabled=&#8221;on|desktop&#8221; transform_rotate__hover_enabled=&#8221;on|desktop&#8221; transform_skew__hover_enabled=&#8221;on|desktop&#8221; transform_origin__hover_enabled=&#8221;on|desktop&#8221;][\/et_pb_is_image][\/et_pb_column][et_pb_column type=&#8221;1_6&#8243; _builder_version=&#8221;4.27.4&#8243; _module_preset=&#8221;default&#8221; global_colors_info=&#8221;{}&#8221;][et_pb_is_image src=&#8221;https:\/\/anna-stangl.at\/wp-content\/uploads\/2025\/03\/seele-gr.jpg&#8221; show_copyright=&#8221;off&#8221; title_text=&#8221;Seele, 2016, 67 x 50 cm, Tusche, Pastell, \u00d6lpastell, Schwarzkreide, Kohle, Farbstift, Karton&#8221; show_lightbox_copyright=&#8221;off&#8221; align=&#8221;center&#8221; _builder_version=&#8221;4.27.4&#8243; _module_preset=&#8221;default&#8221; max_height=&#8221;200px&#8221; max_height_tablet=&#8221;200px&#8221; max_height_phone=&#8221;200px&#8221; max_height_last_edited=&#8221;on|tablet&#8221; global_colors_info=&#8221;{}&#8221; transform_styles__hover_enabled=&#8221;on|hover&#8221; transform_scale__hover=&#8221;105%|105%&#8221; transform_scale__hover_enabled=&#8221;on|hover&#8221; transform_translate__hover_enabled=&#8221;on|desktop&#8221; transform_rotate__hover_enabled=&#8221;on|desktop&#8221; transform_skew__hover_enabled=&#8221;on|desktop&#8221; transform_origin__hover_enabled=&#8221;on|desktop&#8221;][\/et_pb_is_image][\/et_pb_column][et_pb_column type=&#8221;1_6&#8243; _builder_version=&#8221;4.27.4&#8243; _module_preset=&#8221;default&#8221; global_colors_info=&#8221;{}&#8221;][et_pb_is_image src=&#8221;https:\/\/anna-stangl.at\/wp-content\/uploads\/2025\/03\/seele-ll-gr.jpg&#8221; show_copyright=&#8221;off&#8221; title_text=&#8221;Seele II, 72 x 54 cm, \u00d6lpastell, Pastell, Tusche, Schwarzkreide, Papier, collagiert&#8221; show_lightbox_copyright=&#8221;off&#8221; align=&#8221;left&#8221; _builder_version=&#8221;4.27.4&#8243; _module_preset=&#8221;default&#8221; max_height=&#8221;200px&#8221; max_height_tablet=&#8221;200px&#8221; max_height_phone=&#8221;200px&#8221; max_height_last_edited=&#8221;on|tablet&#8221; global_colors_info=&#8221;{}&#8221; transform_styles__hover_enabled=&#8221;on|hover&#8221; transform_scale__hover_enabled=&#8221;on|hover&#8221; transform_translate__hover_enabled=&#8221;on|desktop&#8221; transform_rotate__hover_enabled=&#8221;on|desktop&#8221; transform_skew__hover_enabled=&#8221;on|desktop&#8221; transform_origin__hover_enabled=&#8221;on|desktop&#8221; transform_scale__hover=&#8221;105%|105%&#8221;][\/et_pb_is_image][\/et_pb_column][et_pb_column type=&#8221;1_6&#8243; _builder_version=&#8221;4.27.4&#8243; _module_preset=&#8221;default&#8221; global_colors_info=&#8221;{}&#8221;][et_pb_is_image src=&#8221;https:\/\/anna-stangl.at\/wp-content\/uploads\/2025\/03\/swimmingpool-gr.jpg&#8221; show_copyright=&#8221;off&#8221; title_text=&#8221;Swimmingpool, 2016, 65,5 x 50,5 cm, Pastell, Wachsstift, Tusche, Schwarzkreide, Karton, collagiert&#8221; show_lightbox_copyright=&#8221;off&#8221; align=&#8221;center&#8221; _builder_version=&#8221;4.27.4&#8243; _module_preset=&#8221;default&#8221; max_height=&#8221;200px&#8221; max_height_tablet=&#8221;200px&#8221; max_height_phone=&#8221;200px&#8221; max_height_last_edited=&#8221;on|tablet&#8221; global_colors_info=&#8221;{}&#8221; transform_styles__hover_enabled=&#8221;on|hover&#8221; transform_scale__hover=&#8221;105%|105%&#8221; transform_scale__hover_enabled=&#8221;on|hover&#8221; transform_translate__hover_enabled=&#8221;on|desktop&#8221; transform_rotate__hover_enabled=&#8221;on|desktop&#8221; transform_skew__hover_enabled=&#8221;on|desktop&#8221; transform_origin__hover_enabled=&#8221;on|desktop&#8221;][\/et_pb_is_image][\/et_pb_column][et_pb_column type=&#8221;1_6&#8243; _builder_version=&#8221;4.27.4&#8243; _module_preset=&#8221;default&#8221; global_colors_info=&#8221;{}&#8221;][et_pb_is_image src=&#8221;https:\/\/anna-stangl.at\/wp-content\/uploads\/2025\/03\/traum-ll-gr.jpg&#8221; show_copyright=&#8221;off&#8221; title_text=&#8221;Traum II, 2016, 59 x 46 cm, Kohle, Pastell, Schwarzkreide, \u00d6lpastell, Karton&#8221; show_lightbox_copyright=&#8221;off&#8221; _builder_version=&#8221;4.27.4&#8243; _module_preset=&#8221;default&#8221; max_height=&#8221;200px&#8221; max_height_tablet=&#8221;200px&#8221; max_height_phone=&#8221;200px&#8221; max_height_last_edited=&#8221;on|tablet&#8221; global_colors_info=&#8221;{}&#8221; transform_styles__hover_enabled=&#8221;on|hover&#8221; transform_scale__hover=&#8221;105%|105%&#8221; transform_scale__hover_enabled=&#8221;on|hover&#8221; transform_translate__hover_enabled=&#8221;on|desktop&#8221; transform_rotate__hover_enabled=&#8221;on|desktop&#8221; transform_skew__hover_enabled=&#8221;on|desktop&#8221; transform_origin__hover_enabled=&#8221;on|desktop&#8221;][\/et_pb_is_image][\/et_pb_column][\/et_pb_row][et_pb_row column_structure=&#8221;1_6,1_6,1_6,1_6,1_6,1_6&#8243; use_custom_gutter=&#8221;on&#8221; gutter_width=&#8221;2&#8243; make_equal=&#8221;on&#8221; module_class=&#8221;extratop&#8221; _builder_version=&#8221;4.27.4&#8243; _module_preset=&#8221;default&#8221; width=&#8221;92%&#8221; custom_margin=&#8221;5px||||false|false&#8221; global_colors_info=&#8221;{}&#8221; transform_styles__hover_enabled=&#8221;on|hover&#8221; transform_scale__hover_enabled=&#8221;on|hover&#8221; transform_translate__hover_enabled=&#8221;on|desktop&#8221; transform_rotate__hover_enabled=&#8221;on|desktop&#8221; transform_skew__hover_enabled=&#8221;on|desktop&#8221; transform_origin__hover_enabled=&#8221;on|desktop&#8221;][et_pb_column type=&#8221;1_6&#8243; _builder_version=&#8221;4.27.4&#8243; _module_preset=&#8221;default&#8221; global_colors_info=&#8221;{}&#8221;][et_pb_is_image src=&#8221;https:\/\/anna-stangl.at\/wp-content\/uploads\/2025\/03\/stufen-gr.jpg&#8221; show_copyright=&#8221;off&#8221; title_text=&#8221;Stufen, 46 x 56 cm, Pastell, Schwarzkreide, Kohle, Wachs, Farbstift, Papier&#8221; show_lightbox_copyright=&#8221;off&#8221; align=&#8221;center&#8221; _builder_version=&#8221;4.27.4&#8243; _module_preset=&#8221;default&#8221; max_height=&#8221;200px&#8221; max_height_tablet=&#8221;200px&#8221; max_height_phone=&#8221;200px&#8221; max_height_last_edited=&#8221;on|tablet&#8221; global_colors_info=&#8221;{}&#8221; transform_styles__hover_enabled=&#8221;on|hover&#8221; transform_scale__hover=&#8221;105%|105%&#8221; transform_scale__hover_enabled=&#8221;on|hover&#8221; transform_translate__hover_enabled=&#8221;on|desktop&#8221; transform_rotate__hover_enabled=&#8221;on|desktop&#8221; transform_skew__hover_enabled=&#8221;on|desktop&#8221; transform_origin__hover_enabled=&#8221;on|desktop&#8221;][\/et_pb_is_image][\/et_pb_column][et_pb_column type=&#8221;1_6&#8243; _builder_version=&#8221;4.27.4&#8243; _module_preset=&#8221;default&#8221; global_colors_info=&#8221;{}&#8221;][et_pb_is_image src=&#8221;https:\/\/anna-stangl.at\/wp-content\/uploads\/2025\/03\/fruehling-gr.jpg&#8221; show_copyright=&#8221;off&#8221; title_text=&#8221;Fr\u00fchling, 2016, 54 x 74 cm, \u00d6lpastell, Pastell, Kohle, Schwarzkreide, Tusche, Papier, collagiert&#8221; show_lightbox_copyright=&#8221;off&#8221; align=&#8221;center&#8221; _builder_version=&#8221;4.27.4&#8243; _module_preset=&#8221;default&#8221; max_height=&#8221;200px&#8221; max_height_tablet=&#8221;200px&#8221; max_height_phone=&#8221;200px&#8221; max_height_last_edited=&#8221;on|tablet&#8221; global_colors_info=&#8221;{}&#8221; transform_styles__hover_enabled=&#8221;on|hover&#8221; transform_scale__hover=&#8221;105%|105%&#8221; transform_scale__hover_enabled=&#8221;on|hover&#8221; transform_translate__hover_enabled=&#8221;on|desktop&#8221; transform_rotate__hover_enabled=&#8221;on|desktop&#8221; transform_skew__hover_enabled=&#8221;on|desktop&#8221; transform_origin__hover_enabled=&#8221;on|desktop&#8221;][\/et_pb_is_image][\/et_pb_column][et_pb_column type=&#8221;1_6&#8243; _builder_version=&#8221;4.27.4&#8243; _module_preset=&#8221;default&#8221; global_colors_info=&#8221;{}&#8221;][\/et_pb_column][et_pb_column type=&#8221;1_6&#8243; _builder_version=&#8221;4.27.4&#8243; _module_preset=&#8221;default&#8221; global_colors_info=&#8221;{}&#8221;][\/et_pb_column][et_pb_column type=&#8221;1_6&#8243; _builder_version=&#8221;4.27.4&#8243; _module_preset=&#8221;default&#8221; global_colors_info=&#8221;{}&#8221;][\/et_pb_column][et_pb_column type=&#8221;1_6&#8243; _builder_version=&#8221;4.27.4&#8243; _module_preset=&#8221;default&#8221; global_colors_info=&#8221;{}&#8221;][\/et_pb_column][\/et_pb_row][\/et_pb_section][et_pb_section fb_built=&#8221;1&#8243; admin_label=&#8221;Section 2015&#8243; _builder_version=&#8221;4.27.4&#8243; _module_preset=&#8221;default&#8221; custom_margin=&#8221;0px||||false|false&#8221; custom_padding=&#8221;0px||||false|false&#8221; collapsed=&#8221;off&#8221; global_colors_info=&#8221;{}&#8221;][et_pb_row _builder_version=&#8221;4.27.4&#8243; _module_preset=&#8221;default&#8221; width=&#8221;92%&#8221; custom_margin=&#8221;0px||0px||false|false&#8221; custom_padding=&#8221;8px||0px||false|false&#8221; global_colors_info=&#8221;{}&#8221;][et_pb_column type=&#8221;4_4&#8243; _builder_version=&#8221;4.27.4&#8243; _module_preset=&#8221;default&#8221; global_colors_info=&#8221;{}&#8221;][et_pb_text admin_label=&#8221;2015&#8243; _builder_version=&#8221;4.27.4&#8243; _module_preset=&#8221;default&#8221; global_colors_info=&#8221;{}&#8221;]<\/p>\n<h3>2015<\/h3>\n<p>[\/et_pb_text][\/et_pb_column][\/et_pb_row][et_pb_row column_structure=&#8221;1_3,1_3,1_3&#8243; module_class=&#8221;bigfirstrow&#8221; _builder_version=&#8221;4.27.4&#8243; _module_preset=&#8221;default&#8221; width=&#8221;92%&#8221; custom_padding=&#8221;14px||||false|false&#8221; global_colors_info=&#8221;{}&#8221; transform_styles__hover_enabled=&#8221;on|hover&#8221; transform_scale__hover_enabled=&#8221;on|hover&#8221; transform_translate__hover_enabled=&#8221;on|desktop&#8221; transform_rotate__hover_enabled=&#8221;on|desktop&#8221; transform_skew__hover_enabled=&#8221;on|desktop&#8221; transform_origin__hover_enabled=&#8221;on|desktop&#8221;][et_pb_column type=&#8221;1_3&#8243; _builder_version=&#8221;4.27.4&#8243; _module_preset=&#8221;default&#8221; global_colors_info=&#8221;{}&#8221;][et_pb_is_image src=&#8221;https:\/\/anna-stangl.at\/wp-content\/uploads\/2025\/03\/ich-sehe-dich-gr.jpg&#8221; show_copyright=&#8221;off&#8221; title_text=&#8221;Ich sehe Dich, 2015, 38 x 28 cm, \u00d6lpastell, Pastell, Kohle, Wachs, Karton&#8221; show_lightbox_copyright=&#8221;off&#8221; module_class=&#8221;bigfirstimage&#8221; _builder_version=&#8221;4.27.4&#8243; _module_preset=&#8221;default&#8221; global_colors_info=&#8221;{}&#8221; transform_styles__hover_enabled=&#8221;on|hover&#8221; transform_scale__hover_enabled=&#8221;on|hover&#8221; transform_translate__hover_enabled=&#8221;on|desktop&#8221; transform_rotate__hover_enabled=&#8221;on|desktop&#8221; transform_skew__hover_enabled=&#8221;on|desktop&#8221; transform_origin__hover_enabled=&#8221;on|desktop&#8221; transform_scale__hover=&#8221;105%|105%&#8221;][\/et_pb_is_image][\/et_pb_column][et_pb_column type=&#8221;1_3&#8243; _builder_version=&#8221;4.27.4&#8243; _module_preset=&#8221;default&#8221; global_colors_info=&#8221;{}&#8221;][et_pb_is_image src=&#8221;https:\/\/anna-stangl.at\/wp-content\/uploads\/2025\/03\/treiben-gr.jpg&#8221; show_copyright=&#8221;off&#8221; title_text=&#8221;Treiben, 2015, 67 x 50 cm, \u00d6lpastell, Pastell, Schwarzkreide, Tusche, Wachs, Karton&#8221; show_lightbox_copyright=&#8221;off&#8221; align=&#8221;center&#8221; module_class=&#8221;bigfirstimage&#8221; _builder_version=&#8221;4.27.4&#8243; _module_preset=&#8221;default&#8221; transform_scale=&#8221;96%|96%&#8221; transform_translate=&#8221;-8px|-8px&#8221; max_height_tablet=&#8221;200px&#8221; max_height_phone=&#8221;200px&#8221; max_height_last_edited=&#8221;on|tablet&#8221; global_colors_info=&#8221;{}&#8221; transform_styles__hover_enabled=&#8221;on|desktop&#8221; transform_scale__hover=&#8221;101%|101%&#8221; transform_scale__hover_enabled=&#8221;on|hover&#8221; transform_translate__hover_enabled=&#8221;on|desktop&#8221; transform_rotate__hover_enabled=&#8221;on|desktop&#8221; transform_skew__hover_enabled=&#8221;on|desktop&#8221; transform_origin__hover_enabled=&#8221;on|desktop&#8221; transform_translate__hover=&#8221;-6px|-6px&#8221;][\/et_pb_is_image][\/et_pb_column][et_pb_column type=&#8221;1_3&#8243; _builder_version=&#8221;4.27.4&#8243; _module_preset=&#8221;default&#8221; global_colors_info=&#8221;{}&#8221;][et_pb_is_image src=&#8221;https:\/\/anna-stangl.at\/wp-content\/uploads\/2025\/03\/im-kreis-gr.jpg&#8221; show_copyright=&#8221;off&#8221; title_text=&#8221;Im Kreis, 2015, 40 x 30 cm, Tusche, Schwarzkreide, \u00d6lpastell, Pastell, Wachs auf Karton, collagiert&#8221; show_lightbox_copyright=&#8221;off&#8221; module_class=&#8221;bigfirstimage&#8221; _builder_version=&#8221;4.27.4&#8243; _module_preset=&#8221;default&#8221; transform_scale=&#8221;94%|94%&#8221; transform_translate=&#8221;0px|-12px&#8221; transform_translate_linked=&#8221;off&#8221; locked=&#8221;off&#8221; global_colors_info=&#8221;{}&#8221; transform_styles__hover_enabled=&#8221;on|desktop&#8221; transform_scale__hover_enabled=&#8221;on|hover&#8221; transform_translate__hover_enabled=&#8221;on|desktop&#8221; transform_rotate__hover_enabled=&#8221;on|desktop&#8221; transform_skew__hover_enabled=&#8221;on|desktop&#8221; transform_origin__hover_enabled=&#8221;on|desktop&#8221; transform_scale__hover=&#8221;99%|99%&#8221; transform_translate__hover=&#8221;0px|-12px&#8221;][\/et_pb_is_image][\/et_pb_column][\/et_pb_row][et_pb_row column_structure=&#8221;1_6,1_6,1_6,1_6,1_6,1_6&#8243; use_custom_gutter=&#8221;on&#8221; gutter_width=&#8221;2&#8243; make_equal=&#8221;on&#8221; _builder_version=&#8221;4.27.4&#8243; _module_preset=&#8221;default&#8221; width=&#8221;92%&#8221; custom_margin=&#8221;5px||||false|false&#8221; global_colors_info=&#8221;{}&#8221; transform_styles__hover_enabled=&#8221;on|hover&#8221; transform_scale__hover_enabled=&#8221;on|hover&#8221; transform_translate__hover_enabled=&#8221;on|desktop&#8221; transform_rotate__hover_enabled=&#8221;on|desktop&#8221; transform_skew__hover_enabled=&#8221;on|desktop&#8221; transform_origin__hover_enabled=&#8221;on|desktop&#8221;][et_pb_column type=&#8221;1_6&#8243; _builder_version=&#8221;4.27.4&#8243; _module_preset=&#8221;default&#8221; global_colors_info=&#8221;{}&#8221;][et_pb_is_image src=&#8221;https:\/\/anna-stangl.at\/wp-content\/uploads\/2025\/03\/der-gute-gr.jpg&#8221; show_copyright=&#8221;off&#8221; title_text=&#8221;Der Gute, 2015, 56 x 39 cm, Kohle, Graphitstift, Pastell, \u00d6lpastell, Wachs, Karton, collagiert mit Japanpapier&#8221; show_lightbox_copyright=&#8221;off&#8221; align=&#8221;center&#8221; _builder_version=&#8221;4.27.4&#8243; _module_preset=&#8221;default&#8221; max_height=&#8221;200px&#8221; max_height_tablet=&#8221;200px&#8221; max_height_phone=&#8221;200px&#8221; max_height_last_edited=&#8221;on|tablet&#8221; global_colors_info=&#8221;{}&#8221; transform_styles__hover_enabled=&#8221;on|hover&#8221; transform_scale__hover=&#8221;105%|105%&#8221; transform_scale__hover_enabled=&#8221;on|hover&#8221; transform_translate__hover_enabled=&#8221;on|desktop&#8221; transform_rotate__hover_enabled=&#8221;on|desktop&#8221; transform_skew__hover_enabled=&#8221;on|desktop&#8221; transform_origin__hover_enabled=&#8221;on|desktop&#8221;][\/et_pb_is_image][\/et_pb_column][et_pb_column type=&#8221;1_6&#8243; _builder_version=&#8221;4.27.4&#8243; _module_preset=&#8221;default&#8221; global_colors_info=&#8221;{}&#8221;][et_pb_is_image src=&#8221;https:\/\/anna-stangl.at\/wp-content\/uploads\/2025\/03\/im-tierreich-gr.jpg&#8221; show_copyright=&#8221;off&#8221; title_text=&#8221;Im Tierreich II, 2015, 64 x 50 cm, \u00d6lpastell, Tusche, Kohle, Pastell, Wachs, Karton&#8221; show_lightbox_copyright=&#8221;off&#8221; align=&#8221;center&#8221; _builder_version=&#8221;4.27.4&#8243; _module_preset=&#8221;default&#8221; max_height=&#8221;200px&#8221; max_height_tablet=&#8221;200px&#8221; max_height_phone=&#8221;200px&#8221; max_height_last_edited=&#8221;on|tablet&#8221; global_colors_info=&#8221;{}&#8221; transform_styles__hover_enabled=&#8221;on|hover&#8221; transform_scale__hover=&#8221;105%|105%&#8221; transform_scale__hover_enabled=&#8221;on|hover&#8221; transform_translate__hover_enabled=&#8221;on|desktop&#8221; transform_rotate__hover_enabled=&#8221;on|desktop&#8221; transform_skew__hover_enabled=&#8221;on|desktop&#8221; transform_origin__hover_enabled=&#8221;on|desktop&#8221;][\/et_pb_is_image][\/et_pb_column][et_pb_column type=&#8221;1_6&#8243; _builder_version=&#8221;4.27.4&#8243; _module_preset=&#8221;default&#8221; global_colors_info=&#8221;{}&#8221;][et_pb_is_image src=&#8221;https:\/\/anna-stangl.at\/wp-content\/uploads\/2025\/03\/kindheit-ll-gr.jpg&#8221; show_copyright=&#8221;off&#8221; title_text=&#8221;Kindheit II, 2015, 65 x 53 cm, Tusche, Pastell, Schwarzkreide, Karton&#8221; show_lightbox_copyright=&#8221;off&#8221; align=&#8221;center&#8221; _builder_version=&#8221;4.27.4&#8243; _module_preset=&#8221;default&#8221; max_height=&#8221;200px&#8221; max_height_tablet=&#8221;200px&#8221; max_height_phone=&#8221;200px&#8221; max_height_last_edited=&#8221;on|tablet&#8221; global_colors_info=&#8221;{}&#8221; transform_styles__hover_enabled=&#8221;on|hover&#8221; transform_scale__hover=&#8221;105%|105%&#8221; transform_scale__hover_enabled=&#8221;on|hover&#8221; transform_translate__hover_enabled=&#8221;on|desktop&#8221; transform_rotate__hover_enabled=&#8221;on|desktop&#8221; transform_skew__hover_enabled=&#8221;on|desktop&#8221; transform_origin__hover_enabled=&#8221;on|desktop&#8221; custom_css_main_element_last_edited=&#8221;on|phone&#8221; custom_css_main_element_phone=&#8221;width: 120px;||height: 150px;||overflow: hidden;&#8221;][\/et_pb_is_image][\/et_pb_column][et_pb_column type=&#8221;1_6&#8243; _builder_version=&#8221;4.27.4&#8243; _module_preset=&#8221;default&#8221; global_colors_info=&#8221;{}&#8221;][et_pb_is_image src=&#8221;https:\/\/anna-stangl.at\/wp-content\/uploads\/2025\/03\/kopf-mit-schnee-gr.jpg&#8221; show_copyright=&#8221;off&#8221; title_text=&#8221;Kopf mit Schnee, 2015, 62 x 44 cm, Tusche, \u00d6lpastell, Kohle, Graphitstift, Wachs, Karton&#8221; show_lightbox_copyright=&#8221;off&#8221; align=&#8221;center&#8221; _builder_version=&#8221;4.27.4&#8243; _module_preset=&#8221;default&#8221; max_height=&#8221;200px&#8221; max_height_tablet=&#8221;200px&#8221; max_height_phone=&#8221;200px&#8221; max_height_last_edited=&#8221;on|tablet&#8221; global_colors_info=&#8221;{}&#8221; transform_styles__hover_enabled=&#8221;on|hover&#8221; transform_scale__hover=&#8221;105%|105%&#8221; transform_scale__hover_enabled=&#8221;on|hover&#8221; transform_translate__hover_enabled=&#8221;on|desktop&#8221; transform_rotate__hover_enabled=&#8221;on|desktop&#8221; transform_skew__hover_enabled=&#8221;on|desktop&#8221; transform_origin__hover_enabled=&#8221;on|desktop&#8221;][\/et_pb_is_image][\/et_pb_column][et_pb_column type=&#8221;1_6&#8243; _builder_version=&#8221;4.27.4&#8243; _module_preset=&#8221;default&#8221; global_colors_info=&#8221;{}&#8221;][et_pb_is_image src=&#8221;https:\/\/anna-stangl.at\/wp-content\/uploads\/2025\/03\/netzwerk-gr.jpg&#8221; show_copyright=&#8221;off&#8221; title_text=&#8221;Netzwerk, 2015, 57 x 39 cm, Pastell, \u00d6lpastell, Schwarzkreide, Farbstift, Wachs, Karton&#8221; show_lightbox_copyright=&#8221;off&#8221; align=&#8221;left&#8221; _builder_version=&#8221;4.27.4&#8243; _module_preset=&#8221;default&#8221; max_height=&#8221;200px&#8221; max_height_tablet=&#8221;200px&#8221; max_height_phone=&#8221;200px&#8221; max_height_last_edited=&#8221;on|tablet&#8221; global_colors_info=&#8221;{}&#8221; transform_styles__hover_enabled=&#8221;on|hover&#8221; transform_scale__hover_enabled=&#8221;on|hover&#8221; transform_translate__hover_enabled=&#8221;on|desktop&#8221; transform_rotate__hover_enabled=&#8221;on|desktop&#8221; transform_skew__hover_enabled=&#8221;on|desktop&#8221; transform_origin__hover_enabled=&#8221;on|desktop&#8221; transform_scale__hover=&#8221;105%|105%&#8221;][\/et_pb_is_image][\/et_pb_column][et_pb_column type=&#8221;1_6&#8243; _builder_version=&#8221;4.27.4&#8243; _module_preset=&#8221;default&#8221; global_colors_info=&#8221;{}&#8221;][et_pb_is_image src=&#8221;https:\/\/anna-stangl.at\/wp-content\/uploads\/2025\/03\/menschen-und-tiere-gr.jpg&#8221; show_copyright=&#8221;off&#8221; title_text=&#8221;Menschen und Tiere, 2015, 72 x 52 cm, \u00d6lpastell, Pastell, Farbstift, Schwarzkreide, Tusche, Wachs, Karton, collagiert&#8221; show_lightbox_copyright=&#8221;off&#8221; _builder_version=&#8221;4.27.4&#8243; _module_preset=&#8221;default&#8221; max_height=&#8221;200px&#8221; max_height_tablet=&#8221;200px&#8221; max_height_phone=&#8221;200px&#8221; max_height_last_edited=&#8221;on|tablet&#8221; global_colors_info=&#8221;{}&#8221; transform_styles__hover_enabled=&#8221;on|hover&#8221; transform_scale__hover=&#8221;105%|105%&#8221; transform_scale__hover_enabled=&#8221;on|hover&#8221; transform_translate__hover_enabled=&#8221;on|desktop&#8221; transform_rotate__hover_enabled=&#8221;on|desktop&#8221; transform_skew__hover_enabled=&#8221;on|desktop&#8221; transform_origin__hover_enabled=&#8221;on|desktop&#8221;][\/et_pb_is_image][\/et_pb_column][\/et_pb_row][et_pb_row column_structure=&#8221;1_6,1_6,1_6,1_6,1_6,1_6&#8243; use_custom_gutter=&#8221;on&#8221; gutter_width=&#8221;2&#8243; make_equal=&#8221;on&#8221; _builder_version=&#8221;4.27.4&#8243; _module_preset=&#8221;default&#8221; width=&#8221;92%&#8221; custom_margin=&#8221;5px||||false|false&#8221; global_colors_info=&#8221;{}&#8221; transform_styles__hover_enabled=&#8221;on|hover&#8221; transform_scale__hover_enabled=&#8221;on|hover&#8221; transform_translate__hover_enabled=&#8221;on|desktop&#8221; transform_rotate__hover_enabled=&#8221;on|desktop&#8221; transform_skew__hover_enabled=&#8221;on|desktop&#8221; transform_origin__hover_enabled=&#8221;on|desktop&#8221;][et_pb_column type=&#8221;1_6&#8243; _builder_version=&#8221;4.27.4&#8243; _module_preset=&#8221;default&#8221; global_colors_info=&#8221;{}&#8221;][et_pb_is_image src=&#8221;https:\/\/anna-stangl.at\/wp-content\/uploads\/2025\/03\/unter-fuechsen-gr.jpg&#8221; show_copyright=&#8221;off&#8221; title_text=&#8221;Unter F\u00fcchsen, 2015, 69 x 50 cm, \u00d6lpastell, Tusche, Kohle, Pastell, Wachs, Karton&#8221; show_lightbox_copyright=&#8221;off&#8221; align=&#8221;center&#8221; _builder_version=&#8221;4.27.4&#8243; _module_preset=&#8221;default&#8221; max_height=&#8221;200px&#8221; max_height_tablet=&#8221;200px&#8221; max_height_phone=&#8221;200px&#8221; max_height_last_edited=&#8221;on|tablet&#8221; global_colors_info=&#8221;{}&#8221; transform_styles__hover_enabled=&#8221;on|hover&#8221; transform_scale__hover=&#8221;105%|105%&#8221; transform_scale__hover_enabled=&#8221;on|hover&#8221; transform_translate__hover_enabled=&#8221;on|desktop&#8221; transform_rotate__hover_enabled=&#8221;on|desktop&#8221; transform_skew__hover_enabled=&#8221;on|desktop&#8221; transform_origin__hover_enabled=&#8221;on|desktop&#8221;][\/et_pb_is_image][\/et_pb_column][et_pb_column type=&#8221;1_6&#8243; _builder_version=&#8221;4.27.4&#8243; _module_preset=&#8221;default&#8221; global_colors_info=&#8221;{}&#8221;][et_pb_is_image src=&#8221;https:\/\/anna-stangl.at\/wp-content\/uploads\/2025\/03\/reve-gr.jpg&#8221; show_copyright=&#8221;off&#8221; title_text=&#8221;R\u00eave, 2015, 54 x 41 cm, Tusche, Schwarzkreide, Pastell, Karton&#8221; show_lightbox_copyright=&#8221;off&#8221; align=&#8221;center&#8221; _builder_version=&#8221;4.27.4&#8243; _module_preset=&#8221;default&#8221; max_height=&#8221;200px&#8221; max_height_tablet=&#8221;200px&#8221; max_height_phone=&#8221;200px&#8221; max_height_last_edited=&#8221;on|tablet&#8221; global_colors_info=&#8221;{}&#8221; transform_styles__hover_enabled=&#8221;on|hover&#8221; transform_scale__hover=&#8221;105%|105%&#8221; transform_scale__hover_enabled=&#8221;on|hover&#8221; transform_translate__hover_enabled=&#8221;on|desktop&#8221; transform_rotate__hover_enabled=&#8221;on|desktop&#8221; transform_skew__hover_enabled=&#8221;on|desktop&#8221; transform_origin__hover_enabled=&#8221;on|desktop&#8221;][\/et_pb_is_image][\/et_pb_column][et_pb_column type=&#8221;1_6&#8243; _builder_version=&#8221;4.27.4&#8243; _module_preset=&#8221;default&#8221; global_colors_info=&#8221;{}&#8221;][et_pb_is_image src=&#8221;https:\/\/anna-stangl.at\/wp-content\/uploads\/2025\/03\/swimmigpool-ll-gr.jpg&#8221; show_copyright=&#8221;off&#8221; title_text=&#8221;Swimmingpool II, 2015, 54 x 71 cm, Pastell, Tusche, Schwarzkreide, Wachsstift, Karton&#8221; show_lightbox_copyright=&#8221;off&#8221; align=&#8221;center&#8221; _builder_version=&#8221;4.27.4&#8243; _module_preset=&#8221;default&#8221; max_height=&#8221;200px&#8221; max_height_tablet=&#8221;200px&#8221; max_height_phone=&#8221;200px&#8221; max_height_last_edited=&#8221;on|tablet&#8221; global_colors_info=&#8221;{}&#8221; transform_styles__hover_enabled=&#8221;on|hover&#8221; transform_scale__hover=&#8221;105%|105%&#8221; transform_scale__hover_enabled=&#8221;on|hover&#8221; transform_translate__hover_enabled=&#8221;on|desktop&#8221; transform_rotate__hover_enabled=&#8221;on|desktop&#8221; transform_skew__hover_enabled=&#8221;on|desktop&#8221; transform_origin__hover_enabled=&#8221;on|desktop&#8221; custom_css_main_element_last_edited=&#8221;on|phone&#8221; custom_css_main_element_phone=&#8221;width: 120px;||height: 150px;||overflow: hidden;&#8221;][\/et_pb_is_image][\/et_pb_column][et_pb_column type=&#8221;1_6&#8243; _builder_version=&#8221;4.27.4&#8243; _module_preset=&#8221;default&#8221; global_colors_info=&#8221;{}&#8221;][et_pb_is_image src=&#8221;https:\/\/anna-stangl.at\/wp-content\/uploads\/2025\/03\/wilde-traeume-gr.jpg&#8221; show_copyright=&#8221;off&#8221; title_text=&#8221;Wilde Tr\u00e4ume II, 2015, 68 x 50 cm, \u00d6lpastell, Tusche, Kohle, Pastell, Wachs, Karton, collagiert&#8221; show_lightbox_copyright=&#8221;off&#8221; align=&#8221;left&#8221; _builder_version=&#8221;4.27.4&#8243; _module_preset=&#8221;default&#8221; max_height=&#8221;200px&#8221; max_height_tablet=&#8221;200px&#8221; max_height_phone=&#8221;200px&#8221; max_height_last_edited=&#8221;on|tablet&#8221; global_colors_info=&#8221;{}&#8221; transform_styles__hover_enabled=&#8221;on|hover&#8221; transform_scale__hover_enabled=&#8221;on|hover&#8221; transform_translate__hover_enabled=&#8221;on|desktop&#8221; transform_rotate__hover_enabled=&#8221;on|desktop&#8221; transform_skew__hover_enabled=&#8221;on|desktop&#8221; transform_origin__hover_enabled=&#8221;on|desktop&#8221; transform_scale__hover=&#8221;105%|105%&#8221;][\/et_pb_is_image][\/et_pb_column][et_pb_column type=&#8221;1_6&#8243; _builder_version=&#8221;4.27.4&#8243; _module_preset=&#8221;default&#8221; global_colors_info=&#8221;{}&#8221;][et_pb_is_image src=&#8221;https:\/\/anna-stangl.at\/wp-content\/uploads\/2025\/03\/verwildert-gr.jpg&#8221; show_copyright=&#8221;off&#8221; title_text=&#8221;Verwildert, 2015, 63 x 47 cm, Kohle, Pastell, \u00d6lpastell, Wachs, Karton&#8221; show_lightbox_copyright=&#8221;off&#8221; align=&#8221;left&#8221; _builder_version=&#8221;4.27.4&#8243; _module_preset=&#8221;default&#8221; max_height=&#8221;200px&#8221; max_height_tablet=&#8221;200px&#8221; max_height_phone=&#8221;200px&#8221; max_height_last_edited=&#8221;on|tablet&#8221; global_colors_info=&#8221;{}&#8221; transform_styles__hover_enabled=&#8221;on|hover&#8221; transform_scale__hover_enabled=&#8221;on|hover&#8221; transform_translate__hover_enabled=&#8221;on|desktop&#8221; transform_rotate__hover_enabled=&#8221;on|desktop&#8221; transform_skew__hover_enabled=&#8221;on|desktop&#8221; transform_origin__hover_enabled=&#8221;on|desktop&#8221; transform_scale__hover=&#8221;105%|105%&#8221;][\/et_pb_is_image][\/et_pb_column][et_pb_column type=&#8221;1_6&#8243; _builder_version=&#8221;4.27.4&#8243; _module_preset=&#8221;default&#8221; global_colors_info=&#8221;{}&#8221;][et_pb_is_image src=&#8221;https:\/\/anna-stangl.at\/wp-content\/uploads\/2025\/03\/ueber-den-wolken-gr.jpg&#8221; show_copyright=&#8221;off&#8221; title_text=&#8221;\u00dcber den Wolken, 2015, 34 x 24 cm, Pastell, Farbstift, \u00d6lpastell, Wachs, Schwarzkreide, Papier&#8221; show_lightbox_copyright=&#8221;off&#8221; _builder_version=&#8221;4.27.4&#8243; _module_preset=&#8221;default&#8221; max_height=&#8221;200px&#8221; max_height_tablet=&#8221;200px&#8221; max_height_phone=&#8221;200px&#8221; max_height_last_edited=&#8221;on|tablet&#8221; global_colors_info=&#8221;{}&#8221; transform_styles__hover_enabled=&#8221;on|hover&#8221; transform_scale__hover=&#8221;105%|105%&#8221; transform_scale__hover_enabled=&#8221;on|hover&#8221; transform_translate__hover_enabled=&#8221;on|desktop&#8221; transform_rotate__hover_enabled=&#8221;on|desktop&#8221; transform_skew__hover_enabled=&#8221;on|desktop&#8221; transform_origin__hover_enabled=&#8221;on|desktop&#8221;][\/et_pb_is_image][\/et_pb_column][\/et_pb_row][et_pb_row column_structure=&#8221;1_6,1_6,1_6,1_6,1_6,1_6&#8243; use_custom_gutter=&#8221;on&#8221; gutter_width=&#8221;2&#8243; make_equal=&#8221;on&#8221; _builder_version=&#8221;4.27.4&#8243; _module_preset=&#8221;default&#8221; width=&#8221;92%&#8221; custom_margin=&#8221;5px||||false|false&#8221; global_colors_info=&#8221;{}&#8221; transform_styles__hover_enabled=&#8221;on|hover&#8221; transform_scale__hover_enabled=&#8221;on|hover&#8221; transform_translate__hover_enabled=&#8221;on|desktop&#8221; transform_rotate__hover_enabled=&#8221;on|desktop&#8221; transform_skew__hover_enabled=&#8221;on|desktop&#8221; transform_origin__hover_enabled=&#8221;on|desktop&#8221;][et_pb_column type=&#8221;1_6&#8243; _builder_version=&#8221;4.27.4&#8243; _module_preset=&#8221;default&#8221; global_colors_info=&#8221;{}&#8221;][et_pb_is_image src=&#8221;https:\/\/anna-stangl.at\/wp-content\/uploads\/2025\/03\/verwurzelt-gr.jpg&#8221; show_copyright=&#8221;off&#8221; title_text=&#8221;Verwurzelt, 2015, 34 x 20 cm, \u00d6lpastell, Schwarzkreide, Tusche, Wachs, Papier&#8221; show_lightbox_copyright=&#8221;off&#8221; align=&#8221;left&#8221; _builder_version=&#8221;4.27.4&#8243; _module_preset=&#8221;default&#8221; max_height=&#8221;200px&#8221; max_height_tablet=&#8221;200px&#8221; max_height_phone=&#8221;200px&#8221; max_height_last_edited=&#8221;on|tablet&#8221; global_colors_info=&#8221;{}&#8221; transform_styles__hover_enabled=&#8221;on|hover&#8221; transform_scale__hover_enabled=&#8221;on|hover&#8221; transform_translate__hover_enabled=&#8221;on|desktop&#8221; transform_rotate__hover_enabled=&#8221;on|desktop&#8221; transform_skew__hover_enabled=&#8221;on|desktop&#8221; transform_origin__hover_enabled=&#8221;on|desktop&#8221; transform_scale__hover=&#8221;105%|105%&#8221;][\/et_pb_is_image][\/et_pb_column][et_pb_column type=&#8221;1_6&#8243; _builder_version=&#8221;4.27.4&#8243; _module_preset=&#8221;default&#8221; global_colors_info=&#8221;{}&#8221;][et_pb_is_image src=&#8221;https:\/\/anna-stangl.at\/wp-content\/uploads\/2025\/03\/tier-sanft-gr.jpg&#8221; show_copyright=&#8221;off&#8221; title_text=&#8221;Tier, sanft, 2015, 54 x 47 cm, \u00d6lpastell, Farbstift, Tusche, Schwarzkreide, Kohle, Pastell, Wachs, Karton&#8221; show_lightbox_copyright=&#8221;off&#8221; align=&#8221;left&#8221; _builder_version=&#8221;4.27.4&#8243; _module_preset=&#8221;default&#8221; max_height=&#8221;200px&#8221; max_height_tablet=&#8221;200px&#8221; max_height_phone=&#8221;200px&#8221; max_height_last_edited=&#8221;on|tablet&#8221; global_colors_info=&#8221;{}&#8221; transform_styles__hover_enabled=&#8221;on|hover&#8221; transform_scale__hover_enabled=&#8221;on|hover&#8221; transform_translate__hover_enabled=&#8221;on|desktop&#8221; transform_rotate__hover_enabled=&#8221;on|desktop&#8221; transform_skew__hover_enabled=&#8221;on|desktop&#8221; transform_origin__hover_enabled=&#8221;on|desktop&#8221; transform_scale__hover=&#8221;105%|105%&#8221;][\/et_pb_is_image][\/et_pb_column][et_pb_column type=&#8221;1_6&#8243; _builder_version=&#8221;4.27.4&#8243; _module_preset=&#8221;default&#8221; global_colors_info=&#8221;{}&#8221;][et_pb_is_image src=&#8221;https:\/\/anna-stangl.at\/wp-content\/uploads\/2025\/03\/kreta-gr.jpg&#8221; show_copyright=&#8221;off&#8221; title_text=&#8221;Kreta, 2015, 54 x 70 cm, Pastell, Schwarzkreide, Wachsstift, Karton&#8221; show_lightbox_copyright=&#8221;off&#8221; align=&#8221;center&#8221; _builder_version=&#8221;4.27.4&#8243; _module_preset=&#8221;default&#8221; max_height=&#8221;200px&#8221; max_height_tablet=&#8221;200px&#8221; max_height_phone=&#8221;200px&#8221; max_height_last_edited=&#8221;on|tablet&#8221; global_colors_info=&#8221;{}&#8221; transform_styles__hover_enabled=&#8221;on|hover&#8221; transform_scale__hover=&#8221;105%|105%&#8221; transform_scale__hover_enabled=&#8221;on|hover&#8221; transform_translate__hover_enabled=&#8221;on|desktop&#8221; transform_rotate__hover_enabled=&#8221;on|desktop&#8221; transform_skew__hover_enabled=&#8221;on|desktop&#8221; transform_origin__hover_enabled=&#8221;on|desktop&#8221;][\/et_pb_is_image][\/et_pb_column][et_pb_column type=&#8221;1_6&#8243; _builder_version=&#8221;4.27.4&#8243; _module_preset=&#8221;default&#8221; global_colors_info=&#8221;{}&#8221;][et_pb_is_image src=&#8221;https:\/\/anna-stangl.at\/wp-content\/uploads\/2025\/03\/kindheit-gr-3.jpg&#8221; show_copyright=&#8221;off&#8221; title_text=&#8221;Kindheit, 2015, 54 x 45 cm, Pastell, Tusche, Kohle, Wachskreide, Karton&#8221; show_lightbox_copyright=&#8221;off&#8221; _builder_version=&#8221;4.27.4&#8243; _module_preset=&#8221;default&#8221; transform_translate_linked__hover=&#8221;off&#8221; locked=&#8221;off&#8221; global_colors_info=&#8221;{}&#8221; transform_styles__hover_enabled=&#8221;on|hover&#8221; transform_scale__hover_enabled=&#8221;on|hover&#8221; transform_translate__hover_enabled=&#8221;on|hover&#8221; transform_rotate__hover_enabled=&#8221;on|desktop&#8221; transform_skew__hover_enabled=&#8221;on|desktop&#8221; transform_origin__hover_enabled=&#8221;on|desktop&#8221; transform_scale__hover=&#8221;105%|105%&#8221;][\/et_pb_is_image][\/et_pb_column][et_pb_column type=&#8221;1_6&#8243; _builder_version=&#8221;4.27.4&#8243; _module_preset=&#8221;default&#8221; global_colors_info=&#8221;{}&#8221;][\/et_pb_column][et_pb_column type=&#8221;1_6&#8243; _builder_version=&#8221;4.27.4&#8243; _module_preset=&#8221;default&#8221; global_colors_info=&#8221;{}&#8221;][\/et_pb_column][\/et_pb_row][\/et_pb_section][et_pb_section fb_built=&#8221;1&#8243; admin_label=&#8221;Section 2014&#8243; _builder_version=&#8221;4.27.4&#8243; _module_preset=&#8221;default&#8221; custom_margin=&#8221;0px||||false|false&#8221; custom_padding=&#8221;0px||||false|false&#8221; collapsed=&#8221;off&#8221; global_colors_info=&#8221;{}&#8221;][et_pb_row _builder_version=&#8221;4.27.4&#8243; _module_preset=&#8221;default&#8221; width=&#8221;92%&#8221; custom_margin=&#8221;0px||0px||false|false&#8221; custom_padding=&#8221;8px||0px||false|false&#8221; global_colors_info=&#8221;{}&#8221;][et_pb_column type=&#8221;4_4&#8243; _builder_version=&#8221;4.27.4&#8243; _module_preset=&#8221;default&#8221; global_colors_info=&#8221;{}&#8221;][et_pb_text admin_label=&#8221;2014&#8243; _builder_version=&#8221;4.27.4&#8243; _module_preset=&#8221;default&#8221; global_colors_info=&#8221;{}&#8221;]<\/p>\n<h3>2014<\/h3>\n<p>[\/et_pb_text][\/et_pb_column][\/et_pb_row][et_pb_row column_structure=&#8221;1_3,1_3,1_3&#8243; module_class=&#8221;bigfirstrow&#8221; _builder_version=&#8221;4.27.4&#8243; _module_preset=&#8221;default&#8221; width=&#8221;92%&#8221; custom_padding=&#8221;14px||||false|false&#8221; global_colors_info=&#8221;{}&#8221; transform_styles__hover_enabled=&#8221;on|hover&#8221; transform_scale__hover_enabled=&#8221;on|hover&#8221; transform_translate__hover_enabled=&#8221;on|desktop&#8221; transform_rotate__hover_enabled=&#8221;on|desktop&#8221; transform_skew__hover_enabled=&#8221;on|desktop&#8221; transform_origin__hover_enabled=&#8221;on|desktop&#8221;][et_pb_column type=&#8221;1_3&#8243; _builder_version=&#8221;4.27.4&#8243; _module_preset=&#8221;default&#8221; global_colors_info=&#8221;{}&#8221;][et_pb_is_image src=&#8221;https:\/\/anna-stangl.at\/wp-content\/uploads\/2025\/03\/stille_gr.jpg&#8221; show_copyright=&#8221;off&#8221; title_text=&#8221;Stille, 2014, 54 x 38 cm, Pastell, Kohle, Farbstift, \u00d6lpastell, Wachs, Papier&#8221; show_lightbox_copyright=&#8221;off&#8221; module_class=&#8221;bigfirstimage&#8221; _builder_version=&#8221;4.27.4&#8243; _module_preset=&#8221;default&#8221; global_colors_info=&#8221;{}&#8221; transform_styles__hover_enabled=&#8221;on|hover&#8221; transform_scale__hover_enabled=&#8221;on|hover&#8221; transform_translate__hover_enabled=&#8221;on|desktop&#8221; transform_rotate__hover_enabled=&#8221;on|desktop&#8221; transform_skew__hover_enabled=&#8221;on|desktop&#8221; transform_origin__hover_enabled=&#8221;on|desktop&#8221; transform_scale__hover=&#8221;105%|105%&#8221;][\/et_pb_is_image][\/et_pb_column][et_pb_column type=&#8221;1_3&#8243; _builder_version=&#8221;4.27.4&#8243; _module_preset=&#8221;default&#8221; global_colors_info=&#8221;{}&#8221;][et_pb_is_image src=&#8221;https:\/\/anna-stangl.at\/wp-content\/uploads\/2025\/03\/swimming_pool_gr.jpg&#8221; show_copyright=&#8221;off&#8221; title_text=&#8221;Swimming Pool, 2014, 45 x 57 cm, Pastell, \u00d6lpastell, Graphitstift, Wachs, Schwarzkreide, Kohle, Papier&#8221; show_lightbox_copyright=&#8221;off&#8221; module_class=&#8221;bigfirstimage&#8221; _builder_version=&#8221;4.27.4&#8243; _module_preset=&#8221;default&#8221; transform_scale=&#8221;95%|95%&#8221; transform_translate=&#8221;0px|-12px&#8221; transform_translate_linked=&#8221;off&#8221; locked=&#8221;off&#8221; global_colors_info=&#8221;{}&#8221; transform_styles__hover_enabled=&#8221;on|desktop&#8221; transform_scale__hover_enabled=&#8221;on|hover&#8221; transform_translate__hover_enabled=&#8221;on|desktop&#8221; transform_rotate__hover_enabled=&#8221;on|desktop&#8221; transform_skew__hover_enabled=&#8221;on|desktop&#8221; transform_origin__hover_enabled=&#8221;on|desktop&#8221; transform_scale__hover=&#8221;100%|100%&#8221; transform_translate__hover=&#8221;0px|-12px&#8221;][\/et_pb_is_image][\/et_pb_column][et_pb_column type=&#8221;1_3&#8243; _builder_version=&#8221;4.27.4&#8243; _module_preset=&#8221;default&#8221; global_colors_info=&#8221;{}&#8221;][et_pb_is_image src=&#8221;https:\/\/anna-stangl.at\/wp-content\/uploads\/2025\/03\/traum_gr.jpg&#8221; show_copyright=&#8221;off&#8221; title_text=&#8221;Traum, 2014, 63 x 44 cm, Tusche, \u00d6lpastell, Farbstift, Pastell, Wachs, Papier&#8221; show_lightbox_copyright=&#8221;off&#8221; module_class=&#8221;bigfirstimage&#8221; _builder_version=&#8221;4.27.4&#8243; _module_preset=&#8221;default&#8221; transform_translate_linked=&#8221;off&#8221; locked=&#8221;off&#8221; global_colors_info=&#8221;{}&#8221; transform_styles__hover_enabled=&#8221;on|hover&#8221; transform_scale__hover_enabled=&#8221;on|hover&#8221; transform_translate__hover_enabled=&#8221;on|hover&#8221; transform_rotate__hover_enabled=&#8221;on|desktop&#8221; transform_skew__hover_enabled=&#8221;on|desktop&#8221; transform_origin__hover_enabled=&#8221;on|desktop&#8221; transform_scale__hover=&#8221;105%|105%&#8221;][\/et_pb_is_image][\/et_pb_column][\/et_pb_row][et_pb_row column_structure=&#8221;1_6,1_6,1_6,1_6,1_6,1_6&#8243; use_custom_gutter=&#8221;on&#8221; gutter_width=&#8221;2&#8243; make_equal=&#8221;on&#8221; _builder_version=&#8221;4.27.4&#8243; _module_preset=&#8221;default&#8221; width=&#8221;92%&#8221; custom_margin=&#8221;5px||||false|false&#8221; global_colors_info=&#8221;{}&#8221; transform_styles__hover_enabled=&#8221;on|hover&#8221; transform_scale__hover_enabled=&#8221;on|hover&#8221; transform_translate__hover_enabled=&#8221;on|desktop&#8221; transform_rotate__hover_enabled=&#8221;on|desktop&#8221; transform_skew__hover_enabled=&#8221;on|desktop&#8221; transform_origin__hover_enabled=&#8221;on|desktop&#8221;][et_pb_column type=&#8221;1_6&#8243; _builder_version=&#8221;4.27.4&#8243; _module_preset=&#8221;default&#8221; global_colors_info=&#8221;{}&#8221;][et_pb_is_image src=&#8221;https:\/\/anna-stangl.at\/wp-content\/uploads\/2025\/03\/dance_with_me_gr.jpg&#8221; show_copyright=&#8221;off&#8221; title_text=&#8221;Dance with me, 2014, 22 x 16 cm, Pastell, Farbstift, Wachs, Schwarzkreide, Papier&#8221; show_lightbox_copyright=&#8221;off&#8221; align=&#8221;center&#8221; _builder_version=&#8221;4.27.4&#8243; _module_preset=&#8221;default&#8221; max_height=&#8221;200px&#8221; max_height_tablet=&#8221;200px&#8221; max_height_phone=&#8221;200px&#8221; max_height_last_edited=&#8221;on|tablet&#8221; global_colors_info=&#8221;{}&#8221; transform_styles__hover_enabled=&#8221;on|hover&#8221; transform_scale__hover=&#8221;105%|105%&#8221; transform_scale__hover_enabled=&#8221;on|hover&#8221; transform_translate__hover_enabled=&#8221;on|desktop&#8221; transform_rotate__hover_enabled=&#8221;on|desktop&#8221; transform_skew__hover_enabled=&#8221;on|desktop&#8221; transform_origin__hover_enabled=&#8221;on|desktop&#8221;][\/et_pb_is_image][\/et_pb_column][et_pb_column type=&#8221;1_6&#8243; _builder_version=&#8221;4.27.4&#8243; _module_preset=&#8221;default&#8221; global_colors_info=&#8221;{}&#8221;][et_pb_is_image src=&#8221;https:\/\/anna-stangl.at\/wp-content\/uploads\/2025\/03\/dornroeschen_gr.jpg&#8221; show_copyright=&#8221;off&#8221; title_text=&#8221;Dornr\u00f6schen, 2014, 51 x 38 cm, \u00d6lpastell, Pastell, Farbstift, Kohle, Wachs auf Papier&#8221; show_lightbox_copyright=&#8221;off&#8221; align=&#8221;center&#8221; _builder_version=&#8221;4.27.4&#8243; _module_preset=&#8221;default&#8221; max_height=&#8221;200px&#8221; max_height_tablet=&#8221;200px&#8221; max_height_phone=&#8221;200px&#8221; max_height_last_edited=&#8221;on|tablet&#8221; global_colors_info=&#8221;{}&#8221; transform_styles__hover_enabled=&#8221;on|hover&#8221; transform_scale__hover=&#8221;105%|105%&#8221; transform_scale__hover_enabled=&#8221;on|hover&#8221; transform_translate__hover_enabled=&#8221;on|desktop&#8221; transform_rotate__hover_enabled=&#8221;on|desktop&#8221; transform_skew__hover_enabled=&#8221;on|desktop&#8221; transform_origin__hover_enabled=&#8221;on|desktop&#8221;][\/et_pb_is_image][\/et_pb_column][et_pb_column type=&#8221;1_6&#8243; _builder_version=&#8221;4.27.4&#8243; _module_preset=&#8221;default&#8221; global_colors_info=&#8221;{}&#8221;][et_pb_is_image src=&#8221;https:\/\/anna-stangl.at\/wp-content\/uploads\/2025\/03\/faehrte_aufnehmen_gr.jpg&#8221; show_copyright=&#8221;off&#8221; title_text=&#8221;F\u00e4hrte aufnehmen, 2014, 94 x 72 cm, \u00d6lpastell, Graphitstift, Schwarzkreide, Pastell, Wachs, Papier&#8221; show_lightbox_copyright=&#8221;off&#8221; align=&#8221;center&#8221; _builder_version=&#8221;4.27.4&#8243; _module_preset=&#8221;default&#8221; max_height=&#8221;200px&#8221; max_height_tablet=&#8221;200px&#8221; max_height_phone=&#8221;200px&#8221; max_height_last_edited=&#8221;on|tablet&#8221; global_colors_info=&#8221;{}&#8221; transform_styles__hover_enabled=&#8221;on|hover&#8221; transform_scale__hover=&#8221;105%|105%&#8221; transform_scale__hover_enabled=&#8221;on|hover&#8221; transform_translate__hover_enabled=&#8221;on|desktop&#8221; transform_rotate__hover_enabled=&#8221;on|desktop&#8221; transform_skew__hover_enabled=&#8221;on|desktop&#8221; transform_origin__hover_enabled=&#8221;on|desktop&#8221;][\/et_pb_is_image][\/et_pb_column][et_pb_column type=&#8221;1_6&#8243; _builder_version=&#8221;4.27.4&#8243; _module_preset=&#8221;default&#8221; global_colors_info=&#8221;{}&#8221;][et_pb_is_image src=&#8221;https:\/\/anna-stangl.at\/wp-content\/uploads\/2025\/03\/fuesse_gr.jpg&#8221; show_copyright=&#8221;off&#8221; title_text=&#8221;F\u00fc\u00dfe, 2014, 42 x 30 cm, Kohle, Graphitstift, Schwarzkreide, Wachs, Farbstift, Papier&#8221; show_lightbox_copyright=&#8221;off&#8221; align=&#8221;center&#8221; _builder_version=&#8221;4.27.4&#8243; _module_preset=&#8221;default&#8221; max_height=&#8221;200px&#8221; max_height_tablet=&#8221;200px&#8221; max_height_phone=&#8221;200px&#8221; max_height_last_edited=&#8221;on|tablet&#8221; global_colors_info=&#8221;{}&#8221; transform_styles__hover_enabled=&#8221;on|hover&#8221; transform_scale__hover=&#8221;105%|105%&#8221; transform_scale__hover_enabled=&#8221;on|hover&#8221; transform_translate__hover_enabled=&#8221;on|desktop&#8221; transform_rotate__hover_enabled=&#8221;on|desktop&#8221; transform_skew__hover_enabled=&#8221;on|desktop&#8221; transform_origin__hover_enabled=&#8221;on|desktop&#8221; custom_css_main_element_last_edited=&#8221;on|phone&#8221; custom_css_main_element_phone=&#8221;width: 112px;||height: 150px;||overflow: hidden;&#8221;][\/et_pb_is_image][\/et_pb_column][et_pb_column type=&#8221;1_6&#8243; _builder_version=&#8221;4.27.4&#8243; _module_preset=&#8221;default&#8221; global_colors_info=&#8221;{}&#8221;][et_pb_is_image src=&#8221;https:\/\/anna-stangl.at\/wp-content\/uploads\/2025\/03\/hand_gr.jpg&#8221; show_copyright=&#8221;off&#8221; title_text=&#8221;Hand, 2014, 22 x 16 cm, Pastell, Farbstift, Wachs, Schwarzkreide, Papier&#8221; show_lightbox_copyright=&#8221;off&#8221; align=&#8221;center&#8221; _builder_version=&#8221;4.27.4&#8243; _module_preset=&#8221;default&#8221; max_height=&#8221;200px&#8221; max_height_tablet=&#8221;200px&#8221; max_height_phone=&#8221;200px&#8221; max_height_last_edited=&#8221;on|tablet&#8221; global_colors_info=&#8221;{}&#8221; transform_styles__hover_enabled=&#8221;on|hover&#8221; transform_scale__hover=&#8221;105%|105%&#8221; transform_scale__hover_enabled=&#8221;on|hover&#8221; transform_translate__hover_enabled=&#8221;on|desktop&#8221; transform_rotate__hover_enabled=&#8221;on|desktop&#8221; transform_skew__hover_enabled=&#8221;on|desktop&#8221; transform_origin__hover_enabled=&#8221;on|desktop&#8221; custom_css_main_element_last_edited=&#8221;on|phone&#8221; custom_css_main_element_phone=&#8221;  width: 115px;||height: 150px;||overflow: hidden;&#8221;][\/et_pb_is_image][\/et_pb_column][et_pb_column type=&#8221;1_6&#8243; _builder_version=&#8221;4.27.4&#8243; _module_preset=&#8221;default&#8221; global_colors_info=&#8221;{}&#8221;][et_pb_is_image src=&#8221;https:\/\/anna-stangl.at\/wp-content\/uploads\/2025\/03\/hand_kopf_gr.jpg&#8221; show_copyright=&#8221;off&#8221; title_text=&#8221;Hand, Kopf, 2014, 23 x 18 cm, Pastell, Kohle, Wachs, Papier&#8221; show_lightbox_copyright=&#8221;off&#8221; _builder_version=&#8221;4.27.4&#8243; _module_preset=&#8221;default&#8221; max_height=&#8221;200px&#8221; max_height_tablet=&#8221;200px&#8221; max_height_phone=&#8221;200px&#8221; max_height_last_edited=&#8221;on|tablet&#8221; global_colors_info=&#8221;{}&#8221; transform_styles__hover_enabled=&#8221;on|hover&#8221; transform_scale__hover=&#8221;105%|105%&#8221; transform_scale__hover_enabled=&#8221;on|hover&#8221; transform_translate__hover_enabled=&#8221;on|desktop&#8221; transform_rotate__hover_enabled=&#8221;on|desktop&#8221; transform_skew__hover_enabled=&#8221;on|desktop&#8221; transform_origin__hover_enabled=&#8221;on|desktop&#8221;][\/et_pb_is_image][\/et_pb_column][\/et_pb_row][et_pb_row column_structure=&#8221;1_6,1_6,1_6,1_6,1_6,1_6&#8243; use_custom_gutter=&#8221;on&#8221; gutter_width=&#8221;2&#8243; make_equal=&#8221;on&#8221; _builder_version=&#8221;4.27.4&#8243; _module_preset=&#8221;default&#8221; width=&#8221;92%&#8221; custom_margin=&#8221;5px||||false|false&#8221; global_colors_info=&#8221;{}&#8221; transform_styles__hover_enabled=&#8221;on|hover&#8221; transform_scale__hover_enabled=&#8221;on|hover&#8221; transform_translate__hover_enabled=&#8221;on|desktop&#8221; transform_rotate__hover_enabled=&#8221;on|desktop&#8221; transform_skew__hover_enabled=&#8221;on|desktop&#8221; transform_origin__hover_enabled=&#8221;on|desktop&#8221;][et_pb_column type=&#8221;1_6&#8243; _builder_version=&#8221;4.27.4&#8243; _module_preset=&#8221;default&#8221; global_colors_info=&#8221;{}&#8221;][et_pb_is_image src=&#8221;https:\/\/anna-stangl.at\/wp-content\/uploads\/2025\/03\/kopf_gr.jpg&#8221; show_copyright=&#8221;off&#8221; title_text=&#8221;Kopf, 2014, 42 x 30 cm, Tusche, Aquarell, Kohle, Farbstift, Papier&#8221; show_lightbox_copyright=&#8221;off&#8221; align=&#8221;left&#8221; _builder_version=&#8221;4.27.4&#8243; _module_preset=&#8221;default&#8221; max_height=&#8221;200px&#8221; max_height_tablet=&#8221;200px&#8221; max_height_phone=&#8221;200px&#8221; max_height_last_edited=&#8221;on|tablet&#8221; global_colors_info=&#8221;{}&#8221; transform_styles__hover_enabled=&#8221;on|hover&#8221; transform_scale__hover_enabled=&#8221;on|hover&#8221; transform_translate__hover_enabled=&#8221;on|desktop&#8221; transform_rotate__hover_enabled=&#8221;on|desktop&#8221; transform_skew__hover_enabled=&#8221;on|desktop&#8221; transform_origin__hover_enabled=&#8221;on|desktop&#8221; transform_scale__hover=&#8221;105%|105%&#8221;][\/et_pb_is_image][\/et_pb_column][et_pb_column type=&#8221;1_6&#8243; _builder_version=&#8221;4.27.4&#8243; _module_preset=&#8221;default&#8221; global_colors_info=&#8221;{}&#8221;][et_pb_is_image src=&#8221;https:\/\/anna-stangl.at\/wp-content\/uploads\/2025\/03\/rot_gr.jpg&#8221; show_copyright=&#8221;off&#8221; title_text=&#8221;Rot, 2013, 38 x 48 cm, Tusche, \u00d6lpastell, Schwarzkreide, Pastell, Papier&#8221; show_lightbox_copyright=&#8221;off&#8221; align=&#8221;center&#8221; _builder_version=&#8221;4.27.4&#8243; _module_preset=&#8221;default&#8221; max_height=&#8221;200px&#8221; max_height_tablet=&#8221;200px&#8221; max_height_phone=&#8221;200px&#8221; max_height_last_edited=&#8221;on|tablet&#8221; global_colors_info=&#8221;{}&#8221; transform_styles__hover_enabled=&#8221;on|hover&#8221; transform_scale__hover=&#8221;105%|105%&#8221; transform_scale__hover_enabled=&#8221;on|hover&#8221; transform_translate__hover_enabled=&#8221;on|desktop&#8221; transform_rotate__hover_enabled=&#8221;on|desktop&#8221; transform_skew__hover_enabled=&#8221;on|desktop&#8221; transform_origin__hover_enabled=&#8221;on|desktop&#8221;][\/et_pb_is_image][\/et_pb_column][et_pb_column type=&#8221;1_6&#8243; _builder_version=&#8221;4.27.4&#8243; _module_preset=&#8221;default&#8221; global_colors_info=&#8221;{}&#8221;][et_pb_is_image src=&#8221;https:\/\/anna-stangl.at\/wp-content\/uploads\/2025\/03\/silbersee_gr.jpg&#8221; show_copyright=&#8221;off&#8221; title_text=&#8221;Silbersee, 2014, 64 x 52 cm, Pastell, Schwarzkreide, Kohle, \u00d6lpastell, Wachs, Papier&#8221; show_lightbox_copyright=&#8221;off&#8221; align=&#8221;center&#8221; _builder_version=&#8221;4.27.4&#8243; _module_preset=&#8221;default&#8221; max_height=&#8221;200px&#8221; max_height_tablet=&#8221;200px&#8221; max_height_phone=&#8221;200px&#8221; max_height_last_edited=&#8221;on|tablet&#8221; global_colors_info=&#8221;{}&#8221; transform_styles__hover_enabled=&#8221;on|hover&#8221; transform_scale__hover=&#8221;105%|105%&#8221; transform_scale__hover_enabled=&#8221;on|hover&#8221; transform_translate__hover_enabled=&#8221;on|desktop&#8221; transform_rotate__hover_enabled=&#8221;on|desktop&#8221; transform_skew__hover_enabled=&#8221;on|desktop&#8221; transform_origin__hover_enabled=&#8221;on|desktop&#8221;][\/et_pb_is_image][\/et_pb_column][et_pb_column type=&#8221;1_6&#8243; _builder_version=&#8221;4.27.4&#8243; _module_preset=&#8221;default&#8221; global_colors_info=&#8221;{}&#8221;][et_pb_is_image src=&#8221;https:\/\/anna-stangl.at\/wp-content\/uploads\/2025\/03\/silberwind_gr.jpg&#8221; show_copyright=&#8221;off&#8221; title_text=&#8221;Silberwind, 2014, 99 x 76 cm, \u00d6lpastell, Farbstift, Kohle, Pastell, Wachs, Papier&#8221; show_lightbox_copyright=&#8221;off&#8221; align=&#8221;left&#8221; _builder_version=&#8221;4.27.4&#8243; _module_preset=&#8221;default&#8221; max_height=&#8221;200px&#8221; max_height_tablet=&#8221;200px&#8221; max_height_phone=&#8221;200px&#8221; max_height_last_edited=&#8221;on|tablet&#8221; global_colors_info=&#8221;{}&#8221; transform_styles__hover_enabled=&#8221;on|hover&#8221; transform_scale__hover_enabled=&#8221;on|hover&#8221; transform_translate__hover_enabled=&#8221;on|desktop&#8221; transform_rotate__hover_enabled=&#8221;on|desktop&#8221; transform_skew__hover_enabled=&#8221;on|desktop&#8221; transform_origin__hover_enabled=&#8221;on|desktop&#8221; transform_scale__hover=&#8221;105%|105%&#8221; custom_css_main_element_last_edited=&#8221;on|phone&#8221; custom_css_main_element_phone=&#8221;margin-left: 22px;&#8221;][\/et_pb_is_image][\/et_pb_column][et_pb_column type=&#8221;1_6&#8243; _builder_version=&#8221;4.27.4&#8243; _module_preset=&#8221;default&#8221; global_colors_info=&#8221;{}&#8221;][et_pb_is_image src=&#8221;https:\/\/anna-stangl.at\/wp-content\/uploads\/2025\/03\/silberwind_detail_gr.jpg&#8221; show_copyright=&#8221;off&#8221; title_text=&#8221;Silberwind, 2014, 99 x 76 cm, \u00d6lpastell, Farbstift, Kohle, Pastell, Wachs, Papier&#8221; show_lightbox_copyright=&#8221;off&#8221; align=&#8221;center&#8221; _builder_version=&#8221;4.27.4&#8243; _module_preset=&#8221;default&#8221; max_height=&#8221;200px&#8221; max_height_tablet=&#8221;200px&#8221; max_height_phone=&#8221;200px&#8221; max_height_last_edited=&#8221;on|tablet&#8221; global_colors_info=&#8221;{}&#8221; transform_styles__hover_enabled=&#8221;on|hover&#8221; transform_scale__hover=&#8221;105%|105%&#8221; transform_scale__hover_enabled=&#8221;on|hover&#8221; transform_translate__hover_enabled=&#8221;on|desktop&#8221; transform_rotate__hover_enabled=&#8221;on|desktop&#8221; transform_skew__hover_enabled=&#8221;on|desktop&#8221; transform_origin__hover_enabled=&#8221;on|desktop&#8221;][\/et_pb_is_image][\/et_pb_column][et_pb_column type=&#8221;1_6&#8243; _builder_version=&#8221;4.27.4&#8243; _module_preset=&#8221;default&#8221; global_colors_info=&#8221;{}&#8221;][et_pb_is_image src=&#8221;https:\/\/anna-stangl.at\/wp-content\/uploads\/2025\/03\/sleeping_gr.jpg&#8221; show_copyright=&#8221;off&#8221; title_text=&#8221;Schlafen, 2014, 48 x 33 cm, Kohle, Tusche, Pastell, Wachs, Papier&#8221; show_lightbox_copyright=&#8221;off&#8221; _builder_version=&#8221;4.27.4&#8243; _module_preset=&#8221;default&#8221; max_height=&#8221;200px&#8221; max_height_tablet=&#8221;200px&#8221; max_height_phone=&#8221;200px&#8221; max_height_last_edited=&#8221;on|tablet&#8221; global_colors_info=&#8221;{}&#8221; transform_styles__hover_enabled=&#8221;on|hover&#8221; transform_scale__hover=&#8221;105%|105%&#8221; transform_scale__hover_enabled=&#8221;on|hover&#8221; transform_translate__hover_enabled=&#8221;on|desktop&#8221; transform_rotate__hover_enabled=&#8221;on|desktop&#8221; transform_skew__hover_enabled=&#8221;on|desktop&#8221; transform_origin__hover_enabled=&#8221;on|desktop&#8221;][\/et_pb_is_image][\/et_pb_column][\/et_pb_row][et_pb_row column_structure=&#8221;1_6,1_6,1_6,1_6,1_6,1_6&#8243; use_custom_gutter=&#8221;on&#8221; gutter_width=&#8221;2&#8243; make_equal=&#8221;on&#8221; _builder_version=&#8221;4.27.4&#8243; _module_preset=&#8221;default&#8221; width=&#8221;92%&#8221; custom_margin=&#8221;5px||||false|false&#8221; global_colors_info=&#8221;{}&#8221; transform_styles__hover_enabled=&#8221;on|hover&#8221; transform_scale__hover_enabled=&#8221;on|hover&#8221; transform_translate__hover_enabled=&#8221;on|desktop&#8221; transform_rotate__hover_enabled=&#8221;on|desktop&#8221; transform_skew__hover_enabled=&#8221;on|desktop&#8221; transform_origin__hover_enabled=&#8221;on|desktop&#8221;][et_pb_column type=&#8221;1_6&#8243; _builder_version=&#8221;4.27.4&#8243; _module_preset=&#8221;default&#8221; global_colors_info=&#8221;{}&#8221;][et_pb_is_image src=&#8221;https:\/\/anna-stangl.at\/wp-content\/uploads\/2025\/03\/tatzen_gr.jpg&#8221; show_copyright=&#8221;off&#8221; title_text=&#8221;Tatzen, 41 x 30 cm, \u00d6lpastell, Schwarzkreide, Pastell, Wachs, Tusche, Papier&#8221; show_lightbox_copyright=&#8221;off&#8221; align=&#8221;center&#8221; _builder_version=&#8221;4.27.4&#8243; _module_preset=&#8221;default&#8221; max_height=&#8221;200px&#8221; max_height_tablet=&#8221;200px&#8221; max_height_phone=&#8221;200px&#8221; max_height_last_edited=&#8221;on|tablet&#8221; global_colors_info=&#8221;{}&#8221; transform_styles__hover_enabled=&#8221;on|hover&#8221; transform_scale__hover=&#8221;105%|105%&#8221; transform_scale__hover_enabled=&#8221;on|hover&#8221; transform_translate__hover_enabled=&#8221;on|desktop&#8221; transform_rotate__hover_enabled=&#8221;on|desktop&#8221; transform_skew__hover_enabled=&#8221;on|desktop&#8221; transform_origin__hover_enabled=&#8221;on|desktop&#8221;][\/et_pb_is_image][\/et_pb_column][et_pb_column type=&#8221;1_6&#8243; _builder_version=&#8221;4.27.4&#8243; _module_preset=&#8221;default&#8221; global_colors_info=&#8221;{}&#8221;][et_pb_is_image src=&#8221;https:\/\/anna-stangl.at\/wp-content\/uploads\/2025\/03\/traeumen_gr.jpg&#8221; show_copyright=&#8221;off&#8221; title_text=&#8221;Tr\u00e4umen, 2014, 63 x 44 cm, Tusche, \u00d6lpastell, Farbstift, Pastell, Wachs, Papier&#8221; show_lightbox_copyright=&#8221;off&#8221; align=&#8221;left&#8221; _builder_version=&#8221;4.27.4&#8243; _module_preset=&#8221;default&#8221; max_height=&#8221;200px&#8221; max_height_tablet=&#8221;200px&#8221; max_height_phone=&#8221;200px&#8221; max_height_last_edited=&#8221;on|tablet&#8221; global_colors_info=&#8221;{}&#8221; transform_styles__hover_enabled=&#8221;on|hover&#8221; transform_scale__hover_enabled=&#8221;on|hover&#8221; transform_translate__hover_enabled=&#8221;on|desktop&#8221; transform_rotate__hover_enabled=&#8221;on|desktop&#8221; transform_skew__hover_enabled=&#8221;on|desktop&#8221; transform_origin__hover_enabled=&#8221;on|desktop&#8221; transform_scale__hover=&#8221;105%|105%&#8221;][\/et_pb_is_image][\/et_pb_column][et_pb_column type=&#8221;1_6&#8243; _builder_version=&#8221;4.27.4&#8243; _module_preset=&#8221;default&#8221; global_colors_info=&#8221;{}&#8221;][et_pb_is_image src=&#8221;https:\/\/anna-stangl.at\/wp-content\/uploads\/2025\/03\/verfuehren_gr.jpg&#8221; show_copyright=&#8221;off&#8221; title_text=&#8221;Verf\u00fchren, 30 x 39 cm, \u00d6lpastell, Pastell, Schwarzkreide, Tusche, Graphitstift, Wachs, Papier, collagiert&#8221; show_lightbox_copyright=&#8221;off&#8221; align=&#8221;left&#8221; _builder_version=&#8221;4.27.4&#8243; _module_preset=&#8221;default&#8221; max_height=&#8221;200px&#8221; max_height_tablet=&#8221;200px&#8221; max_height_phone=&#8221;200px&#8221; max_height_last_edited=&#8221;on|tablet&#8221; global_colors_info=&#8221;{}&#8221; transform_styles__hover_enabled=&#8221;on|hover&#8221; transform_scale__hover_enabled=&#8221;on|hover&#8221; transform_translate__hover_enabled=&#8221;on|desktop&#8221; transform_rotate__hover_enabled=&#8221;on|desktop&#8221; transform_skew__hover_enabled=&#8221;on|desktop&#8221; transform_origin__hover_enabled=&#8221;on|desktop&#8221; transform_scale__hover=&#8221;105%|105%&#8221;][\/et_pb_is_image][\/et_pb_column][et_pb_column type=&#8221;1_6&#8243; _builder_version=&#8221;4.27.4&#8243; _module_preset=&#8221;default&#8221; global_colors_info=&#8221;{}&#8221;][et_pb_is_image src=&#8221;https:\/\/anna-stangl.at\/wp-content\/uploads\/2025\/03\/voegel_gr.jpg&#8221; show_copyright=&#8221;off&#8221; title_text=&#8221;V\u00f6gel, 2014, 30 x 39 cm, \u00d6lpastell, Pastell, Schwarzkreide, Tusche, Graphitstift, Wachs, Papier, collagiert&#8221; show_lightbox_copyright=&#8221;off&#8221; align=&#8221;left&#8221; _builder_version=&#8221;4.27.4&#8243; _module_preset=&#8221;default&#8221; max_height=&#8221;200px&#8221; max_height_tablet=&#8221;200px&#8221; max_height_phone=&#8221;200px&#8221; max_height_last_edited=&#8221;on|tablet&#8221; global_colors_info=&#8221;{}&#8221; transform_styles__hover_enabled=&#8221;on|hover&#8221; transform_scale__hover_enabled=&#8221;on|hover&#8221; transform_translate__hover_enabled=&#8221;on|desktop&#8221; transform_rotate__hover_enabled=&#8221;on|desktop&#8221; transform_skew__hover_enabled=&#8221;on|desktop&#8221; transform_origin__hover_enabled=&#8221;on|desktop&#8221; transform_scale__hover=&#8221;105%|105%&#8221;][\/et_pb_is_image][\/et_pb_column][et_pb_column type=&#8221;1_6&#8243; _builder_version=&#8221;4.27.4&#8243; _module_preset=&#8221;default&#8221; global_colors_info=&#8221;{}&#8221;][et_pb_is_image src=&#8221;https:\/\/anna-stangl.at\/wp-content\/uploads\/2025\/03\/wasser_gr.jpg&#8221; show_copyright=&#8221;off&#8221; title_text=&#8221;Wasser, 2014, 81 x 54,5 cm, \u00d6lpastell, Graphitstift, Pastell, Schwarzkreide, Wachs, Papier&#8221; show_lightbox_copyright=&#8221;off&#8221; align=&#8221;left&#8221; _builder_version=&#8221;4.27.4&#8243; _module_preset=&#8221;default&#8221; max_height=&#8221;200px&#8221; max_height_tablet=&#8221;200px&#8221; max_height_phone=&#8221;200px&#8221; max_height_last_edited=&#8221;on|tablet&#8221; global_colors_info=&#8221;{}&#8221; transform_styles__hover_enabled=&#8221;on|hover&#8221; transform_scale__hover_enabled=&#8221;on|hover&#8221; transform_translate__hover_enabled=&#8221;on|desktop&#8221; transform_rotate__hover_enabled=&#8221;on|desktop&#8221; transform_skew__hover_enabled=&#8221;on|desktop&#8221; transform_origin__hover_enabled=&#8221;on|desktop&#8221; transform_scale__hover=&#8221;105%|105%&#8221;][\/et_pb_is_image][\/et_pb_column][et_pb_column type=&#8221;1_6&#8243; _builder_version=&#8221;4.27.4&#8243; _module_preset=&#8221;default&#8221; global_colors_info=&#8221;{}&#8221;][et_pb_is_image src=&#8221;https:\/\/anna-stangl.at\/wp-content\/uploads\/2025\/03\/wasser_2_gr.jpg&#8221; show_copyright=&#8221;off&#8221; title_text=&#8221;Wasser, 2014, 22 x 16 cm, Kohle, \u00d6lpastell, Wachs, Pastell, Papier&#8221; show_lightbox_copyright=&#8221;off&#8221; align=&#8221;left&#8221; _builder_version=&#8221;4.27.4&#8243; _module_preset=&#8221;default&#8221; max_height=&#8221;200px&#8221; max_height_tablet=&#8221;200px&#8221; max_height_phone=&#8221;200px&#8221; max_height_last_edited=&#8221;on|tablet&#8221; global_colors_info=&#8221;{}&#8221; transform_styles__hover_enabled=&#8221;on|hover&#8221; transform_scale__hover_enabled=&#8221;on|hover&#8221; transform_translate__hover_enabled=&#8221;on|desktop&#8221; transform_rotate__hover_enabled=&#8221;on|desktop&#8221; transform_skew__hover_enabled=&#8221;on|desktop&#8221; transform_origin__hover_enabled=&#8221;on|desktop&#8221; transform_scale__hover=&#8221;105%|105%&#8221;][\/et_pb_is_image][\/et_pb_column][\/et_pb_row][\/et_pb_section][et_pb_section fb_built=&#8221;1&#8243; admin_label=&#8221;Section 2010-2013&#8243; _builder_version=&#8221;4.27.4&#8243; _module_preset=&#8221;default&#8221; custom_margin=&#8221;0px||||false|false&#8221; custom_padding=&#8221;0px||||false|false&#8221; collapsed=&#8221;off&#8221; global_colors_info=&#8221;{}&#8221;][et_pb_row _builder_version=&#8221;4.27.4&#8243; _module_preset=&#8221;default&#8221; width=&#8221;92%&#8221; custom_margin=&#8221;0px||0px||false|false&#8221; custom_padding=&#8221;8px||0px||false|false&#8221; global_colors_info=&#8221;{}&#8221;][et_pb_column type=&#8221;4_4&#8243; _builder_version=&#8221;4.27.4&#8243; _module_preset=&#8221;default&#8221; global_colors_info=&#8221;{}&#8221;][et_pb_text admin_label=&#8221;2010-2013&#8243; _builder_version=&#8221;4.27.4&#8243; _module_preset=&#8221;default&#8221; global_colors_info=&#8221;{}&#8221;]<\/p>\n<h3>2010 &#8211; 2013<\/h3>\n<p>[\/et_pb_text][\/et_pb_column][\/et_pb_row][et_pb_row column_structure=&#8221;1_3,1_3,1_3&#8243; module_class=&#8221;bigfirstrow&#8221; _builder_version=&#8221;4.27.4&#8243; _module_preset=&#8221;default&#8221; width=&#8221;92%&#8221; custom_padding=&#8221;14px||||false|false&#8221; global_colors_info=&#8221;{}&#8221; transform_styles__hover_enabled=&#8221;on|hover&#8221; transform_scale__hover_enabled=&#8221;on|hover&#8221; transform_translate__hover_enabled=&#8221;on|desktop&#8221; transform_rotate__hover_enabled=&#8221;on|desktop&#8221; transform_skew__hover_enabled=&#8221;on|desktop&#8221; transform_origin__hover_enabled=&#8221;on|desktop&#8221;][et_pb_column type=&#8221;1_3&#8243; _builder_version=&#8221;4.27.4&#8243; _module_preset=&#8221;default&#8221; global_colors_info=&#8221;{}&#8221;][et_pb_is_image src=&#8221;https:\/\/anna-stangl.at\/wp-content\/uploads\/2025\/03\/fraukind_2013_gr.jpg&#8221; show_copyright=&#8221;off&#8221; title_text=&#8221;Fraukind, 2013, 42,5 x 30 cm, \u00d6lpastell, Schwarzkreide, Graphitstift, Farbstift, Wachs, Papier&#8221; show_lightbox_copyright=&#8221;off&#8221; module_class=&#8221;bigfirstimage&#8221; _builder_version=&#8221;4.27.4&#8243; _module_preset=&#8221;default&#8221; global_colors_info=&#8221;{}&#8221; transform_styles__hover_enabled=&#8221;on|hover&#8221; transform_scale__hover_enabled=&#8221;on|hover&#8221; transform_translate__hover_enabled=&#8221;on|desktop&#8221; transform_rotate__hover_enabled=&#8221;on|desktop&#8221; transform_skew__hover_enabled=&#8221;on|desktop&#8221; transform_origin__hover_enabled=&#8221;on|desktop&#8221; transform_scale__hover=&#8221;105%|105%&#8221;][\/et_pb_is_image][\/et_pb_column][et_pb_column type=&#8221;1_3&#8243; _builder_version=&#8221;4.27.4&#8243; _module_preset=&#8221;default&#8221; global_colors_info=&#8221;{}&#8221;][et_pb_is_image src=&#8221;https:\/\/anna-stangl.at\/wp-content\/uploads\/2025\/03\/weisse-stille_2013_gr.jpg&#8221; show_copyright=&#8221;off&#8221; title_text=&#8221;Wei\u00dfe Stille, 2013, 96 x 69 cm, Pastell, Schwarzkreide, \u00d6lpastell, Wachs, Farbstift, Tusche, Papier&#8221; show_lightbox_copyright=&#8221;off&#8221; module_class=&#8221;bigfirstimage&#8221; _builder_version=&#8221;4.27.4&#8243; _module_preset=&#8221;default&#8221; transform_scale=&#8221;95%|95%&#8221; transform_translate=&#8221;0px|-12px&#8221; transform_translate_linked=&#8221;off&#8221; locked=&#8221;off&#8221; global_colors_info=&#8221;{}&#8221; transform_styles__hover_enabled=&#8221;on|desktop&#8221; transform_scale__hover_enabled=&#8221;on|hover&#8221; transform_translate__hover_enabled=&#8221;on|desktop&#8221; transform_rotate__hover_enabled=&#8221;on|desktop&#8221; transform_skew__hover_enabled=&#8221;on|desktop&#8221; transform_origin__hover_enabled=&#8221;on|desktop&#8221; transform_scale__hover=&#8221;100%|100%&#8221; transform_translate__hover=&#8221;0px|-12px&#8221;][\/et_pb_is_image][\/et_pb_column][et_pb_column type=&#8221;1_3&#8243; _builder_version=&#8221;4.27.4&#8243; _module_preset=&#8221;default&#8221; global_colors_info=&#8221;{}&#8221;][et_pb_is_image src=&#8221;https:\/\/anna-stangl.at\/wp-content\/uploads\/2025\/03\/schlange_2013_gr.jpg&#8221; show_copyright=&#8221;off&#8221; title_text=&#8221;Schlange, 2013, 30 x 42 cm, \u00d6lpastell, Schwarzkreide, Farbstift, Wachs, Pastell, Papier&#8221; show_lightbox_copyright=&#8221;off&#8221; module_class=&#8221;bigfirstimage&#8221; _builder_version=&#8221;4.27.4&#8243; _module_preset=&#8221;default&#8221; transform_translate_linked=&#8221;off&#8221; locked=&#8221;off&#8221; global_colors_info=&#8221;{}&#8221; transform_styles__hover_enabled=&#8221;on|hover&#8221; transform_scale__hover_enabled=&#8221;on|hover&#8221; transform_translate__hover_enabled=&#8221;on|hover&#8221; transform_rotate__hover_enabled=&#8221;on|desktop&#8221; transform_skew__hover_enabled=&#8221;on|desktop&#8221; transform_origin__hover_enabled=&#8221;on|desktop&#8221; transform_scale__hover=&#8221;105%|105%&#8221;][\/et_pb_is_image][\/et_pb_column][\/et_pb_row][et_pb_row column_structure=&#8221;1_6,1_6,1_6,1_6,1_6,1_6&#8243; use_custom_gutter=&#8221;on&#8221; gutter_width=&#8221;2&#8243; make_equal=&#8221;on&#8221; _builder_version=&#8221;4.27.4&#8243; _module_preset=&#8221;default&#8221; width=&#8221;92%&#8221; custom_margin=&#8221;5px||||false|false&#8221; global_colors_info=&#8221;{}&#8221; transform_styles__hover_enabled=&#8221;on|hover&#8221; transform_scale__hover_enabled=&#8221;on|hover&#8221; transform_translate__hover_enabled=&#8221;on|desktop&#8221; transform_rotate__hover_enabled=&#8221;on|desktop&#8221; transform_skew__hover_enabled=&#8221;on|desktop&#8221; transform_origin__hover_enabled=&#8221;on|desktop&#8221;][et_pb_column type=&#8221;1_6&#8243; _builder_version=&#8221;4.27.4&#8243; _module_preset=&#8221;default&#8221; global_colors_info=&#8221;{}&#8221;][et_pb_is_image src=&#8221;https:\/\/anna-stangl.at\/wp-content\/uploads\/2025\/03\/durchlaessig-II_2013_gr.jpg&#8221; show_copyright=&#8221;off&#8221; title_text=&#8221;Durchl\u00e4ssig II, 2013, 55 x 37,5 cm, Pastell, Farbstift, Wachs, Tusche, Kohle, Papier&#8221; show_lightbox_copyright=&#8221;off&#8221; align=&#8221;center&#8221; _builder_version=&#8221;4.27.4&#8243; _module_preset=&#8221;default&#8221; max_height=&#8221;200px&#8221; max_height_tablet=&#8221;200px&#8221; max_height_phone=&#8221;200px&#8221; max_height_last_edited=&#8221;on|tablet&#8221; global_colors_info=&#8221;{}&#8221; transform_styles__hover_enabled=&#8221;on|hover&#8221; transform_scale__hover=&#8221;105%|105%&#8221; transform_scale__hover_enabled=&#8221;on|hover&#8221; transform_translate__hover_enabled=&#8221;on|desktop&#8221; transform_rotate__hover_enabled=&#8221;on|desktop&#8221; transform_skew__hover_enabled=&#8221;on|desktop&#8221; transform_origin__hover_enabled=&#8221;on|desktop&#8221;][\/et_pb_is_image][\/et_pb_column][et_pb_column type=&#8221;1_6&#8243; _builder_version=&#8221;4.27.4&#8243; _module_preset=&#8221;default&#8221; global_colors_info=&#8221;{}&#8221;][et_pb_is_image src=&#8221;https:\/\/anna-stangl.at\/wp-content\/uploads\/2025\/03\/pflanze-fuer-zwei_2013_gr.jpg&#8221; show_copyright=&#8221;off&#8221; title_text=&#8221;Pflanze f\u00fcr Zwei, 2013, 92 x 66,5 cm, Pastell, Schwarzkreide, \u00d6lpastell, Farbstift, Wachs; Papier&#8221; show_lightbox_copyright=&#8221;off&#8221; align=&#8221;center&#8221; _builder_version=&#8221;4.27.4&#8243; _module_preset=&#8221;default&#8221; max_height=&#8221;200px&#8221; max_height_tablet=&#8221;200px&#8221; max_height_phone=&#8221;200px&#8221; max_height_last_edited=&#8221;on|tablet&#8221; global_colors_info=&#8221;{}&#8221; transform_styles__hover_enabled=&#8221;on|hover&#8221; transform_scale__hover=&#8221;105%|105%&#8221; transform_scale__hover_enabled=&#8221;on|hover&#8221; transform_translate__hover_enabled=&#8221;on|desktop&#8221; transform_rotate__hover_enabled=&#8221;on|desktop&#8221; transform_skew__hover_enabled=&#8221;on|desktop&#8221; transform_origin__hover_enabled=&#8221;on|desktop&#8221;][\/et_pb_is_image][\/et_pb_column][et_pb_column type=&#8221;1_6&#8243; _builder_version=&#8221;4.27.4&#8243; _module_preset=&#8221;default&#8221; global_colors_info=&#8221;{}&#8221;][et_pb_is_image src=&#8221;https:\/\/anna-stangl.at\/wp-content\/uploads\/2025\/03\/hasenfrau-aufmerksam_2011_gr.jpg&#8221; show_copyright=&#8221;off&#8221; title_text=&#8221;Hasenfrau, aufmerksam, 2011, 42 x 30,5 cm, Pastell, Mohn\u00f6l, Kohle, Papier&#8221; show_lightbox_copyright=&#8221;off&#8221; align=&#8221;left&#8221; _builder_version=&#8221;4.27.4&#8243; _module_preset=&#8221;default&#8221; max_height=&#8221;200px&#8221; max_height_tablet=&#8221;200px&#8221; max_height_phone=&#8221;200px&#8221; max_height_last_edited=&#8221;on|tablet&#8221; global_colors_info=&#8221;{}&#8221; transform_styles__hover_enabled=&#8221;on|hover&#8221; transform_scale__hover_enabled=&#8221;on|hover&#8221; transform_translate__hover_enabled=&#8221;on|desktop&#8221; transform_rotate__hover_enabled=&#8221;on|desktop&#8221; transform_skew__hover_enabled=&#8221;on|desktop&#8221; transform_origin__hover_enabled=&#8221;on|desktop&#8221; transform_scale__hover=&#8221;105%|105%&#8221;][\/et_pb_is_image][\/et_pb_column][et_pb_column type=&#8221;1_6&#8243; _builder_version=&#8221;4.27.4&#8243; _module_preset=&#8221;default&#8221; global_colors_info=&#8221;{}&#8221;][et_pb_is_image src=&#8221;https:\/\/anna-stangl.at\/wp-content\/uploads\/2025\/03\/traum-vom-berg_2011_gr.jpg&#8221; show_copyright=&#8221;off&#8221; title_text=&#8221;Traum vom Berg, 2011, 56,5 x 39 cm, Schwarzkreide, \u00d6lpastell, Pastell, Tusche, Kohle, Mohn\u00f6l, Papier&#8221; show_lightbox_copyright=&#8221;off&#8221; align=&#8221;left&#8221; _builder_version=&#8221;4.27.4&#8243; _module_preset=&#8221;default&#8221; max_height=&#8221;200px&#8221; max_height_tablet=&#8221;200px&#8221; max_height_phone=&#8221;200px&#8221; max_height_last_edited=&#8221;on|tablet&#8221; global_colors_info=&#8221;{}&#8221; transform_styles__hover_enabled=&#8221;on|hover&#8221; transform_scale__hover_enabled=&#8221;on|hover&#8221; transform_translate__hover_enabled=&#8221;on|desktop&#8221; transform_rotate__hover_enabled=&#8221;on|desktop&#8221; transform_skew__hover_enabled=&#8221;on|desktop&#8221; transform_origin__hover_enabled=&#8221;on|desktop&#8221; transform_scale__hover=&#8221;105%|105%&#8221;][\/et_pb_is_image][\/et_pb_column][et_pb_column type=&#8221;1_6&#8243; _builder_version=&#8221;4.27.4&#8243; _module_preset=&#8221;default&#8221; global_colors_info=&#8221;{}&#8221;][et_pb_is_image src=&#8221;https:\/\/anna-stangl.at\/wp-content\/uploads\/2025\/03\/u-bahn-traum-2011_gr.jpg&#8221; show_copyright=&#8221;off&#8221; title_text=&#8221;U-Bahn Traum, 2011, 42 x 30cm, Tusche, Schwarzkreide, \u00d6lpastell, Mohn\u00f6l, Papier&#8221; show_lightbox_copyright=&#8221;off&#8221; align=&#8221;left&#8221; _builder_version=&#8221;4.27.4&#8243; _module_preset=&#8221;default&#8221; max_height=&#8221;200px&#8221; max_height_tablet=&#8221;200px&#8221; max_height_phone=&#8221;200px&#8221; max_height_last_edited=&#8221;on|tablet&#8221; global_colors_info=&#8221;{}&#8221; transform_styles__hover_enabled=&#8221;on|hover&#8221; transform_scale__hover_enabled=&#8221;on|hover&#8221; transform_translate__hover_enabled=&#8221;on|desktop&#8221; transform_rotate__hover_enabled=&#8221;on|desktop&#8221; transform_skew__hover_enabled=&#8221;on|desktop&#8221; transform_origin__hover_enabled=&#8221;on|desktop&#8221; transform_scale__hover=&#8221;105%|105%&#8221;][\/et_pb_is_image][\/et_pb_column][et_pb_column type=&#8221;1_6&#8243; _builder_version=&#8221;4.27.4&#8243; _module_preset=&#8221;default&#8221; global_colors_info=&#8221;{}&#8221;][et_pb_is_image src=&#8221;https:\/\/anna-stangl.at\/wp-content\/uploads\/2025\/03\/unter-fischen_2013_gr.jpg&#8221; show_copyright=&#8221;off&#8221; title_text=&#8221;Unter Fischen, 2013, 45 x 33 cm, \u00d6lpastell, Farbstift, Kohle, Pastell, Wachs, Papier&#8221; show_lightbox_copyright=&#8221;off&#8221; _builder_version=&#8221;4.27.4&#8243; _module_preset=&#8221;default&#8221; max_height=&#8221;200px&#8221; max_height_tablet=&#8221;200px&#8221; max_height_phone=&#8221;200px&#8221; max_height_last_edited=&#8221;on|tablet&#8221; global_colors_info=&#8221;{}&#8221; transform_styles__hover_enabled=&#8221;on|hover&#8221; transform_scale__hover=&#8221;105%|105%&#8221; transform_scale__hover_enabled=&#8221;on|hover&#8221; transform_translate__hover_enabled=&#8221;on|desktop&#8221; transform_rotate__hover_enabled=&#8221;on|desktop&#8221; transform_skew__hover_enabled=&#8221;on|desktop&#8221; transform_origin__hover_enabled=&#8221;on|desktop&#8221;][\/et_pb_is_image][\/et_pb_column][\/et_pb_row][et_pb_row column_structure=&#8221;1_6,1_6,1_6,1_6,1_6,1_6&#8243; use_custom_gutter=&#8221;on&#8221; gutter_width=&#8221;2&#8243; make_equal=&#8221;on&#8221; _builder_version=&#8221;4.27.4&#8243; _module_preset=&#8221;default&#8221; width=&#8221;92%&#8221; custom_margin=&#8221;5px||||false|false&#8221; global_colors_info=&#8221;{}&#8221; transform_styles__hover_enabled=&#8221;on|hover&#8221; transform_scale__hover_enabled=&#8221;on|hover&#8221; transform_translate__hover_enabled=&#8221;on|desktop&#8221; transform_rotate__hover_enabled=&#8221;on|desktop&#8221; transform_skew__hover_enabled=&#8221;on|desktop&#8221; transform_origin__hover_enabled=&#8221;on|desktop&#8221;][et_pb_column type=&#8221;1_6&#8243; _builder_version=&#8221;4.27.4&#8243; _module_preset=&#8221;default&#8221; global_colors_info=&#8221;{}&#8221;][et_pb_is_image src=&#8221;https:\/\/anna-stangl.at\/wp-content\/uploads\/2025\/03\/angst_2012_gr.jpg&#8221; show_copyright=&#8221;off&#8221; title_text=&#8221;Angst, 2012, 54 x 38 cm, Pastell, Kohle, Schwarzkreide, Mohn\u00f6l, Farbstift, \u00d6lpastell, Papier&#8221; show_lightbox_copyright=&#8221;off&#8221; align=&#8221;left&#8221; _builder_version=&#8221;4.27.4&#8243; _module_preset=&#8221;default&#8221; max_height=&#8221;200px&#8221; max_height_tablet=&#8221;200px&#8221; max_height_phone=&#8221;200px&#8221; max_height_last_edited=&#8221;on|tablet&#8221; global_colors_info=&#8221;{}&#8221; transform_styles__hover_enabled=&#8221;on|hover&#8221; transform_scale__hover_enabled=&#8221;on|hover&#8221; transform_translate__hover_enabled=&#8221;on|desktop&#8221; transform_rotate__hover_enabled=&#8221;on|desktop&#8221; transform_skew__hover_enabled=&#8221;on|desktop&#8221; transform_origin__hover_enabled=&#8221;on|desktop&#8221; transform_scale__hover=&#8221;105%|105%&#8221;][\/et_pb_is_image][\/et_pb_column][et_pb_column type=&#8221;1_6&#8243; _builder_version=&#8221;4.27.4&#8243; _module_preset=&#8221;default&#8221; global_colors_info=&#8221;{}&#8221;][et_pb_is_image src=&#8221;https:\/\/anna-stangl.at\/wp-content\/uploads\/2025\/03\/beissen_2012_gr.jpg&#8221; show_copyright=&#8221;off&#8221; title_text=&#8221;Bei\u00dfen, 2012, 57 x 40 cm, \u00d6lfarbe, \u00d6lpastell, Kohle, Pastell, Mohn\u00f6l, Papier&#8221; show_lightbox_copyright=&#8221;off&#8221; align=&#8221;center&#8221; _builder_version=&#8221;4.27.4&#8243; _module_preset=&#8221;default&#8221; max_height=&#8221;200px&#8221; max_height_tablet=&#8221;200px&#8221; max_height_phone=&#8221;200px&#8221; max_height_last_edited=&#8221;on|tablet&#8221; global_colors_info=&#8221;{}&#8221; transform_styles__hover_enabled=&#8221;on|hover&#8221; transform_scale__hover=&#8221;105%|105%&#8221; transform_scale__hover_enabled=&#8221;on|hover&#8221; transform_translate__hover_enabled=&#8221;on|desktop&#8221; transform_rotate__hover_enabled=&#8221;on|desktop&#8221; transform_skew__hover_enabled=&#8221;on|desktop&#8221; transform_origin__hover_enabled=&#8221;on|desktop&#8221;][\/et_pb_is_image][\/et_pb_column][et_pb_column type=&#8221;1_6&#8243; _builder_version=&#8221;4.27.4&#8243; _module_preset=&#8221;default&#8221; global_colors_info=&#8221;{}&#8221;][et_pb_is_image src=&#8221;https:\/\/anna-stangl.at\/wp-content\/uploads\/2025\/03\/eisroeschen_2012_gr.jpg&#8221; show_copyright=&#8221;off&#8221; title_text=&#8221;Fraukind, 2013, 42,5 x 30 cm, \u00d6lpastell, Schwarzkreide, Graphitstift, Farbstift, Wachs, Papier&#8221; show_lightbox_copyright=&#8221;off&#8221; align=&#8221;center&#8221; _builder_version=&#8221;4.27.4&#8243; _module_preset=&#8221;default&#8221; max_height=&#8221;200px&#8221; max_height_tablet=&#8221;200px&#8221; max_height_phone=&#8221;200px&#8221; max_height_last_edited=&#8221;on|tablet&#8221; global_colors_info=&#8221;{}&#8221; transform_styles__hover_enabled=&#8221;on|hover&#8221; transform_scale__hover=&#8221;105%|105%&#8221; transform_scale__hover_enabled=&#8221;on|hover&#8221; transform_translate__hover_enabled=&#8221;on|desktop&#8221; transform_rotate__hover_enabled=&#8221;on|desktop&#8221; transform_skew__hover_enabled=&#8221;on|desktop&#8221; transform_origin__hover_enabled=&#8221;on|desktop&#8221;][\/et_pb_is_image][\/et_pb_column][et_pb_column type=&#8221;1_6&#8243; _builder_version=&#8221;4.27.4&#8243; _module_preset=&#8221;default&#8221; global_colors_info=&#8221;{}&#8221;][et_pb_is_image src=&#8221;https:\/\/anna-stangl.at\/wp-content\/uploads\/2025\/03\/frau-und-katze_2012_gr.jpg&#8221; show_copyright=&#8221;off&#8221; title_text=&#8221;Frau und Katze, 2012, 51 x 38 cm, 2012, \u00d6lfarbe, Kohle, Mohn\u00f6l, Pastell, Papier, beidseitig bemalt&#8221; show_lightbox_copyright=&#8221;off&#8221; align=&#8221;left&#8221; _builder_version=&#8221;4.27.4&#8243; _module_preset=&#8221;default&#8221; max_height=&#8221;200px&#8221; max_height_tablet=&#8221;200px&#8221; max_height_phone=&#8221;200px&#8221; max_height_last_edited=&#8221;on|tablet&#8221; global_colors_info=&#8221;{}&#8221; transform_styles__hover_enabled=&#8221;on|hover&#8221; transform_scale__hover_enabled=&#8221;on|hover&#8221; transform_translate__hover_enabled=&#8221;on|desktop&#8221; transform_rotate__hover_enabled=&#8221;on|desktop&#8221; transform_skew__hover_enabled=&#8221;on|desktop&#8221; transform_origin__hover_enabled=&#8221;on|desktop&#8221; transform_scale__hover=&#8221;105%|105%&#8221;][\/et_pb_is_image][\/et_pb_column][et_pb_column type=&#8221;1_6&#8243; _builder_version=&#8221;4.27.4&#8243; _module_preset=&#8221;default&#8221; global_colors_info=&#8221;{}&#8221;][et_pb_is_image src=&#8221;https:\/\/anna-stangl.at\/wp-content\/uploads\/2025\/03\/schutzpflanze_2012_gr.jpg&#8221; show_copyright=&#8221;off&#8221; title_text=&#8221;Schutzpflanze, 2012, 38,5 x 54,5 cm, Tusche, Graphitstift, Schwarzkreide, Mohn\u00f6l, \u00d6lpastell, Papier&#8221; show_lightbox_copyright=&#8221;off&#8221; align=&#8221;center&#8221; _builder_version=&#8221;4.27.4&#8243; _module_preset=&#8221;default&#8221; max_height=&#8221;200px&#8221; max_height_tablet=&#8221;200px&#8221; max_height_phone=&#8221;200px&#8221; max_height_last_edited=&#8221;on|tablet&#8221; global_colors_info=&#8221;{}&#8221; transform_styles__hover_enabled=&#8221;on|hover&#8221; transform_scale__hover=&#8221;105%|105%&#8221; transform_scale__hover_enabled=&#8221;on|hover&#8221; transform_translate__hover_enabled=&#8221;on|desktop&#8221; transform_rotate__hover_enabled=&#8221;on|desktop&#8221; transform_skew__hover_enabled=&#8221;on|desktop&#8221; transform_origin__hover_enabled=&#8221;on|desktop&#8221;][\/et_pb_is_image][\/et_pb_column][et_pb_column type=&#8221;1_6&#8243; _builder_version=&#8221;4.27.4&#8243; _module_preset=&#8221;default&#8221; global_colors_info=&#8221;{}&#8221;][et_pb_is_image src=&#8221;https:\/\/anna-stangl.at\/wp-content\/uploads\/2025\/03\/stacheln_2012_gr.jpg&#8221; show_copyright=&#8221;off&#8221; title_text=&#8221;Stacheln, 2012, 41 x 30 cm, \u00d6lpastell, Schwarzkreide, Pastell, Graphitstift, Mohn\u00f6l auf Papier&#8221; show_lightbox_copyright=&#8221;off&#8221; _builder_version=&#8221;4.27.4&#8243; _module_preset=&#8221;default&#8221; max_height=&#8221;200px&#8221; max_height_tablet=&#8221;200px&#8221; max_height_phone=&#8221;200px&#8221; max_height_last_edited=&#8221;on|tablet&#8221; global_colors_info=&#8221;{}&#8221; transform_styles__hover_enabled=&#8221;on|hover&#8221; transform_scale__hover=&#8221;105%|105%&#8221; transform_scale__hover_enabled=&#8221;on|hover&#8221; transform_translate__hover_enabled=&#8221;on|desktop&#8221; transform_rotate__hover_enabled=&#8221;on|desktop&#8221; transform_skew__hover_enabled=&#8221;on|desktop&#8221; transform_origin__hover_enabled=&#8221;on|desktop&#8221;][\/et_pb_is_image][\/et_pb_column][\/et_pb_row][et_pb_row column_structure=&#8221;1_6,1_6,1_6,1_6,1_6,1_6&#8243; use_custom_gutter=&#8221;on&#8221; gutter_width=&#8221;2&#8243; make_equal=&#8221;on&#8221; _builder_version=&#8221;4.27.4&#8243; _module_preset=&#8221;default&#8221; width=&#8221;92%&#8221; custom_margin=&#8221;5px||||false|false&#8221; global_colors_info=&#8221;{}&#8221; transform_styles__hover_enabled=&#8221;on|hover&#8221; transform_scale__hover_enabled=&#8221;on|hover&#8221; transform_translate__hover_enabled=&#8221;on|desktop&#8221; transform_rotate__hover_enabled=&#8221;on|desktop&#8221; transform_skew__hover_enabled=&#8221;on|desktop&#8221; transform_origin__hover_enabled=&#8221;on|desktop&#8221;][et_pb_column type=&#8221;1_6&#8243; _builder_version=&#8221;4.27.4&#8243; _module_preset=&#8221;default&#8221; global_colors_info=&#8221;{}&#8221;][et_pb_is_image src=&#8221;https:\/\/anna-stangl.at\/wp-content\/uploads\/2025\/03\/traum_2012_gr.jpg&#8221; show_copyright=&#8221;off&#8221; title_text=&#8221;Traum, 2012, 35 x 25 cm, \u00d6lpastell, Schwarzkreide, Pastell, Mohn\u00f6l, Nepalpapier&#8221; show_lightbox_copyright=&#8221;off&#8221; align=&#8221;center&#8221; _builder_version=&#8221;4.27.4&#8243; _module_preset=&#8221;default&#8221; max_height=&#8221;200px&#8221; max_height_tablet=&#8221;200px&#8221; max_height_phone=&#8221;200px&#8221; max_height_last_edited=&#8221;on|tablet&#8221; global_colors_info=&#8221;{}&#8221; transform_styles__hover_enabled=&#8221;on|hover&#8221; transform_scale__hover=&#8221;105%|105%&#8221; transform_scale__hover_enabled=&#8221;on|hover&#8221; transform_translate__hover_enabled=&#8221;on|desktop&#8221; transform_rotate__hover_enabled=&#8221;on|desktop&#8221; transform_skew__hover_enabled=&#8221;on|desktop&#8221; transform_origin__hover_enabled=&#8221;on|desktop&#8221;][\/et_pb_is_image][\/et_pb_column][et_pb_column type=&#8221;1_6&#8243; _builder_version=&#8221;4.27.4&#8243; _module_preset=&#8221;default&#8221; global_colors_info=&#8221;{}&#8221;][et_pb_is_image src=&#8221;https:\/\/anna-stangl.at\/wp-content\/uploads\/2025\/03\/wolken_2012_gr.jpg&#8221; show_copyright=&#8221;off&#8221; title_text=&#8221;Wolken, 2012, 51 x 36 cm, \u00d6lpastell, Farbstift, Mohn\u00f6l, Kohle, Pastell, Papier&#8221; show_lightbox_copyright=&#8221;off&#8221; align=&#8221;left&#8221; _builder_version=&#8221;4.27.4&#8243; _module_preset=&#8221;default&#8221; max_height=&#8221;200px&#8221; max_height_tablet=&#8221;200px&#8221; max_height_phone=&#8221;200px&#8221; max_height_last_edited=&#8221;on|tablet&#8221; global_colors_info=&#8221;{}&#8221; transform_styles__hover_enabled=&#8221;on|hover&#8221; transform_scale__hover_enabled=&#8221;on|hover&#8221; transform_translate__hover_enabled=&#8221;on|desktop&#8221; transform_rotate__hover_enabled=&#8221;on|desktop&#8221; transform_skew__hover_enabled=&#8221;on|desktop&#8221; transform_origin__hover_enabled=&#8221;on|desktop&#8221; transform_scale__hover=&#8221;105%|105%&#8221;][\/et_pb_is_image][\/et_pb_column][et_pb_column type=&#8221;1_6&#8243; _builder_version=&#8221;4.27.4&#8243; _module_preset=&#8221;default&#8221; global_colors_info=&#8221;{}&#8221;][et_pb_is_image src=&#8221;https:\/\/anna-stangl.at\/wp-content\/uploads\/2025\/03\/woman_2012_gr.jpg&#8221; show_copyright=&#8221;off&#8221; title_text=&#8221;Woman, 2012, 55 x 38 cm, Tusche, Farbstift, \u00d6lpastell, Pastell, Kohle, Mohn\u00f6l auf Karton&#8221; show_lightbox_copyright=&#8221;off&#8221; align=&#8221;left&#8221; _builder_version=&#8221;4.27.4&#8243; _module_preset=&#8221;default&#8221; max_height=&#8221;200px&#8221; max_height_tablet=&#8221;200px&#8221; max_height_phone=&#8221;200px&#8221; max_height_last_edited=&#8221;on|tablet&#8221; global_colors_info=&#8221;{}&#8221; transform_styles__hover_enabled=&#8221;on|hover&#8221; transform_scale__hover_enabled=&#8221;on|hover&#8221; transform_translate__hover_enabled=&#8221;on|desktop&#8221; transform_rotate__hover_enabled=&#8221;on|desktop&#8221; transform_skew__hover_enabled=&#8221;on|desktop&#8221; transform_origin__hover_enabled=&#8221;on|desktop&#8221; transform_scale__hover=&#8221;105%|105%&#8221;][\/et_pb_is_image][\/et_pb_column][et_pb_column type=&#8221;1_6&#8243; _builder_version=&#8221;4.27.4&#8243; _module_preset=&#8221;default&#8221; global_colors_info=&#8221;{}&#8221;][et_pb_is_image src=&#8221;https:\/\/anna-stangl.at\/wp-content\/uploads\/2025\/03\/in-den-staedten-III_2012_gr.jpg&#8221; show_copyright=&#8221;off&#8221; title_text=&#8221;In den St\u00e4dten III, 2012, 60 x 39 cm, Tusche, Schwarzkreide, Pastell, Mohn\u00f6l, Kohle, Papier&#8221; show_lightbox_copyright=&#8221;off&#8221; align=&#8221;left&#8221; _builder_version=&#8221;4.27.4&#8243; _module_preset=&#8221;default&#8221; max_height=&#8221;200px&#8221; max_height_tablet=&#8221;200px&#8221; max_height_phone=&#8221;200px&#8221; max_height_last_edited=&#8221;on|tablet&#8221; global_colors_info=&#8221;{}&#8221; transform_styles__hover_enabled=&#8221;on|hover&#8221; transform_scale__hover_enabled=&#8221;on|hover&#8221; transform_translate__hover_enabled=&#8221;on|desktop&#8221; transform_rotate__hover_enabled=&#8221;on|desktop&#8221; transform_skew__hover_enabled=&#8221;on|desktop&#8221; transform_origin__hover_enabled=&#8221;on|desktop&#8221; transform_scale__hover=&#8221;105%|105%&#8221;][\/et_pb_is_image][\/et_pb_column][et_pb_column type=&#8221;1_6&#8243; _builder_version=&#8221;4.27.4&#8243; _module_preset=&#8221;default&#8221; global_colors_info=&#8221;{}&#8221;][et_pb_is_image src=&#8221;https:\/\/anna-stangl.at\/wp-content\/uploads\/2025\/03\/im-busch_2011_gr.jpg&#8221; show_copyright=&#8221;off&#8221; title_text=&#8221;Im Busch, 2011, 48 x 33 cm, Pastell, Kohle, Schwarzkreide, \u00d6lpastell, Mohn\u00f6l auf Papier&#8221; show_lightbox_copyright=&#8221;off&#8221; align=&#8221;left&#8221; _builder_version=&#8221;4.27.4&#8243; _module_preset=&#8221;default&#8221; max_height=&#8221;200px&#8221; max_height_tablet=&#8221;200px&#8221; max_height_phone=&#8221;200px&#8221; max_height_last_edited=&#8221;on|tablet&#8221; global_colors_info=&#8221;{}&#8221; transform_styles__hover_enabled=&#8221;on|hover&#8221; transform_scale__hover_enabled=&#8221;on|hover&#8221; transform_translate__hover_enabled=&#8221;on|desktop&#8221; transform_rotate__hover_enabled=&#8221;on|desktop&#8221; transform_skew__hover_enabled=&#8221;on|desktop&#8221; transform_origin__hover_enabled=&#8221;on|desktop&#8221; transform_scale__hover=&#8221;105%|105%&#8221;][\/et_pb_is_image][\/et_pb_column][et_pb_column type=&#8221;1_6&#8243; _builder_version=&#8221;4.27.4&#8243; _module_preset=&#8221;default&#8221; global_colors_info=&#8221;{}&#8221;][et_pb_is_image src=&#8221;https:\/\/anna-stangl.at\/wp-content\/uploads\/2025\/03\/baby_2011_gr.jpg&#8221; show_copyright=&#8221;off&#8221; title_text=&#8221;Baby, 2011, 68,5 x 50,5 cm, \u00d6lpastell, Pastell, Kohle, Mohn\u00f6l, Farbstift, Karton&#8221; show_lightbox_copyright=&#8221;off&#8221; align=&#8221;left&#8221; _builder_version=&#8221;4.27.4&#8243; _module_preset=&#8221;default&#8221; max_height=&#8221;200px&#8221; max_height_tablet=&#8221;200px&#8221; max_height_phone=&#8221;200px&#8221; max_height_last_edited=&#8221;on|tablet&#8221; global_colors_info=&#8221;{}&#8221; transform_styles__hover_enabled=&#8221;on|hover&#8221; transform_scale__hover_enabled=&#8221;on|hover&#8221; transform_translate__hover_enabled=&#8221;on|desktop&#8221; transform_rotate__hover_enabled=&#8221;on|desktop&#8221; transform_skew__hover_enabled=&#8221;on|desktop&#8221; transform_origin__hover_enabled=&#8221;on|desktop&#8221; transform_scale__hover=&#8221;105%|105%&#8221;][\/et_pb_is_image][\/et_pb_column][\/et_pb_row][et_pb_row column_structure=&#8221;1_6,1_6,1_6,1_6,1_6,1_6&#8243; use_custom_gutter=&#8221;on&#8221; gutter_width=&#8221;2&#8243; make_equal=&#8221;on&#8221; _builder_version=&#8221;4.27.4&#8243; _module_preset=&#8221;default&#8221; width=&#8221;92%&#8221; custom_margin=&#8221;5px||||false|false&#8221; global_colors_info=&#8221;{}&#8221; transform_styles__hover_enabled=&#8221;on|hover&#8221; transform_scale__hover_enabled=&#8221;on|hover&#8221; transform_translate__hover_enabled=&#8221;on|desktop&#8221; transform_rotate__hover_enabled=&#8221;on|desktop&#8221; transform_skew__hover_enabled=&#8221;on|desktop&#8221; transform_origin__hover_enabled=&#8221;on|desktop&#8221;][et_pb_column type=&#8221;1_6&#8243; _builder_version=&#8221;4.27.4&#8243; _module_preset=&#8221;default&#8221; global_colors_info=&#8221;{}&#8221;][et_pb_is_image src=&#8221;https:\/\/anna-stangl.at\/wp-content\/uploads\/2025\/03\/dunkles-wasser_2011_gr.jpg&#8221; show_copyright=&#8221;off&#8221; title_text=&#8221;Dunkles Wasser, 2011, 54 x 39 cm, Tusche, Schwarzkreide, \u00d6lpastell, Kohle, Mohn\u00f6l, Pastell, Karton&#8221; show_lightbox_copyright=&#8221;off&#8221; align=&#8221;center&#8221; _builder_version=&#8221;4.27.4&#8243; _module_preset=&#8221;default&#8221; max_height=&#8221;200px&#8221; max_height_tablet=&#8221;200px&#8221; max_height_phone=&#8221;200px&#8221; max_height_last_edited=&#8221;on|tablet&#8221; global_colors_info=&#8221;{}&#8221; transform_styles__hover_enabled=&#8221;on|hover&#8221; transform_scale__hover=&#8221;105%|105%&#8221; transform_scale__hover_enabled=&#8221;on|hover&#8221; transform_translate__hover_enabled=&#8221;on|desktop&#8221; transform_rotate__hover_enabled=&#8221;on|desktop&#8221; transform_skew__hover_enabled=&#8221;on|desktop&#8221; transform_origin__hover_enabled=&#8221;on|desktop&#8221;][\/et_pb_is_image][\/et_pb_column][et_pb_column type=&#8221;1_6&#8243; _builder_version=&#8221;4.27.4&#8243; _module_preset=&#8221;default&#8221; global_colors_info=&#8221;{}&#8221;][et_pb_is_image src=&#8221;https:\/\/anna-stangl.at\/wp-content\/uploads\/2025\/03\/gruene-schlucht_2011_gr.jpg&#8221; show_copyright=&#8221;off&#8221; title_text=&#8221;Gr\u00fcne Schlucht, 2011, 56,5 x 38,5 cm, \u00d6lpastell, Pastell, Schwarzkreide, Mohn\u00f6l, Kohle, Farbstift, Karton&#8221; show_lightbox_copyright=&#8221;off&#8221; align=&#8221;left&#8221; _builder_version=&#8221;4.27.4&#8243; _module_preset=&#8221;default&#8221; max_height=&#8221;200px&#8221; max_height_tablet=&#8221;200px&#8221; max_height_phone=&#8221;200px&#8221; max_height_last_edited=&#8221;on|tablet&#8221; global_colors_info=&#8221;{}&#8221; transform_styles__hover_enabled=&#8221;on|hover&#8221; transform_scale__hover_enabled=&#8221;on|hover&#8221; transform_translate__hover_enabled=&#8221;on|desktop&#8221; transform_rotate__hover_enabled=&#8221;on|desktop&#8221; transform_skew__hover_enabled=&#8221;on|desktop&#8221; transform_origin__hover_enabled=&#8221;on|desktop&#8221; transform_scale__hover=&#8221;105%|105%&#8221;][\/et_pb_is_image][\/et_pb_column][et_pb_column type=&#8221;1_6&#8243; _builder_version=&#8221;4.27.4&#8243; _module_preset=&#8221;default&#8221; global_colors_info=&#8221;{}&#8221;][et_pb_is_image src=&#8221;https:\/\/anna-stangl.at\/wp-content\/uploads\/2025\/03\/die-begleiter_2010_gr.jpg&#8221; show_copyright=&#8221;off&#8221; title_text=&#8221;Die Begleiter, 2010, 60 x 45 cm, Tusche, \u00d6lpastell, Pastell, Kohle, Schwarzkreide, Papier&#8221; show_lightbox_copyright=&#8221;off&#8221; align=&#8221;center&#8221; _builder_version=&#8221;4.27.4&#8243; _module_preset=&#8221;default&#8221; max_height=&#8221;200px&#8221; max_height_tablet=&#8221;200px&#8221; max_height_phone=&#8221;200px&#8221; max_height_last_edited=&#8221;on|tablet&#8221; global_colors_info=&#8221;{}&#8221; transform_styles__hover_enabled=&#8221;on|hover&#8221; transform_scale__hover=&#8221;105%|105%&#8221; transform_scale__hover_enabled=&#8221;on|hover&#8221; transform_translate__hover_enabled=&#8221;on|desktop&#8221; transform_rotate__hover_enabled=&#8221;on|desktop&#8221; transform_skew__hover_enabled=&#8221;on|desktop&#8221; transform_origin__hover_enabled=&#8221;on|desktop&#8221;][\/et_pb_is_image][\/et_pb_column][et_pb_column type=&#8221;1_6&#8243; _builder_version=&#8221;4.27.4&#8243; _module_preset=&#8221;default&#8221; global_colors_info=&#8221;{}&#8221;][et_pb_is_image src=&#8221;https:\/\/anna-stangl.at\/wp-content\/uploads\/2025\/03\/hirsch_2010_gr.jpg&#8221; show_copyright=&#8221;off&#8221; title_text=&#8221;Hirsch, 2010, 60 x 50 cm, Kohle, Pastell, \u00d6lpastell, Mohn\u00f6l, Papier, collagiert&#8221; show_lightbox_copyright=&#8221;off&#8221; align=&#8221;left&#8221; _builder_version=&#8221;4.27.4&#8243; _module_preset=&#8221;default&#8221; max_height=&#8221;200px&#8221; max_height_tablet=&#8221;200px&#8221; max_height_phone=&#8221;200px&#8221; max_height_last_edited=&#8221;on|tablet&#8221; global_colors_info=&#8221;{}&#8221; transform_styles__hover_enabled=&#8221;on|hover&#8221; transform_scale__hover_enabled=&#8221;on|hover&#8221; transform_translate__hover_enabled=&#8221;on|desktop&#8221; transform_rotate__hover_enabled=&#8221;on|desktop&#8221; transform_skew__hover_enabled=&#8221;on|desktop&#8221; transform_origin__hover_enabled=&#8221;on|desktop&#8221; transform_scale__hover=&#8221;105%|105%&#8221;][\/et_pb_is_image][\/et_pb_column][et_pb_column type=&#8221;1_6&#8243; _builder_version=&#8221;4.27.4&#8243; _module_preset=&#8221;default&#8221; global_colors_info=&#8221;{}&#8221;][et_pb_is_image src=&#8221;https:\/\/anna-stangl.at\/wp-content\/uploads\/2025\/03\/brueten_2009_gr.jpg&#8221; show_copyright=&#8221;off&#8221; title_text=&#8221;Br\u00fcten, 2009, 73 x 53 cm, Tusche, Schwarzkreide, Pastell, Mohn\u00f6l auf Papier&#8221; show_lightbox_copyright=&#8221;off&#8221; align=&#8221;left&#8221; _builder_version=&#8221;4.27.4&#8243; _module_preset=&#8221;default&#8221; max_height=&#8221;200px&#8221; max_height_tablet=&#8221;200px&#8221; max_height_phone=&#8221;200px&#8221; max_height_last_edited=&#8221;on|tablet&#8221; global_colors_info=&#8221;{}&#8221; transform_styles__hover_enabled=&#8221;on|hover&#8221; transform_scale__hover_enabled=&#8221;on|hover&#8221; transform_translate__hover_enabled=&#8221;on|desktop&#8221; transform_rotate__hover_enabled=&#8221;on|desktop&#8221; transform_skew__hover_enabled=&#8221;on|desktop&#8221; transform_origin__hover_enabled=&#8221;on|desktop&#8221; transform_scale__hover=&#8221;105%|105%&#8221;][\/et_pb_is_image][\/et_pb_column][et_pb_column type=&#8221;1_6&#8243; _builder_version=&#8221;4.27.4&#8243; _module_preset=&#8221;default&#8221; global_colors_info=&#8221;{}&#8221;][et_pb_is_image src=&#8221;https:\/\/anna-stangl.at\/wp-content\/uploads\/2025\/03\/tarnung_2010_gr.jpg&#8221; show_copyright=&#8221;off&#8221; title_text=&#8221;Tarnung, 45 x 45 cm, \u00d6lfarbe, Schwarzkreide, Kohle, Pastell, Farbstift, Graphitstift, Mohn\u00f6l, Papier&#8221; show_lightbox_copyright=&#8221;off&#8221; align=&#8221;left&#8221; _builder_version=&#8221;4.27.4&#8243; _module_preset=&#8221;default&#8221; max_height=&#8221;200px&#8221; max_height_tablet=&#8221;200px&#8221; max_height_phone=&#8221;200px&#8221; max_height_last_edited=&#8221;on|tablet&#8221; global_colors_info=&#8221;{}&#8221; transform_styles__hover_enabled=&#8221;on|hover&#8221; transform_scale__hover_enabled=&#8221;on|hover&#8221; transform_translate__hover_enabled=&#8221;on|desktop&#8221; transform_rotate__hover_enabled=&#8221;on|desktop&#8221; transform_skew__hover_enabled=&#8221;on|desktop&#8221; transform_origin__hover_enabled=&#8221;on|desktop&#8221; transform_scale__hover=&#8221;105%|105%&#8221;][\/et_pb_is_image][\/et_pb_column][\/et_pb_row][et_pb_row column_structure=&#8221;1_6,1_6,1_6,1_6,1_6,1_6&#8243; use_custom_gutter=&#8221;on&#8221; gutter_width=&#8221;2&#8243; make_equal=&#8221;on&#8221; module_class=&#8221;extratop&#8221; _builder_version=&#8221;4.27.4&#8243; _module_preset=&#8221;default&#8221; width=&#8221;92%&#8221; custom_margin=&#8221;5px||||false|false&#8221; global_colors_info=&#8221;{}&#8221; transform_styles__hover_enabled=&#8221;on|hover&#8221; transform_scale__hover_enabled=&#8221;on|hover&#8221; transform_translate__hover_enabled=&#8221;on|desktop&#8221; transform_rotate__hover_enabled=&#8221;on|desktop&#8221; transform_skew__hover_enabled=&#8221;on|desktop&#8221; transform_origin__hover_enabled=&#8221;on|desktop&#8221;][et_pb_column type=&#8221;1_6&#8243; _builder_version=&#8221;4.27.4&#8243; _module_preset=&#8221;default&#8221; global_colors_info=&#8221;{}&#8221;][et_pb_is_image src=&#8221;https:\/\/anna-stangl.at\/wp-content\/uploads\/2025\/03\/weisses-pferd_2013_gr.jpg&#8221; show_copyright=&#8221;off&#8221; title_text=&#8221;Wei\u00dfes Pferd, 2013, 53,5 x 65,5 cm, \u00d6lpastell, Pastell, Schwarzkreide, Farbstift, Papier&#8221; show_lightbox_copyright=&#8221;off&#8221; align=&#8221;center&#8221; _builder_version=&#8221;4.27.4&#8243; _module_preset=&#8221;default&#8221; max_height=&#8221;200px&#8221; max_height_tablet=&#8221;200px&#8221; max_height_phone=&#8221;200px&#8221; max_height_last_edited=&#8221;on|tablet&#8221; global_colors_info=&#8221;{}&#8221; transform_styles__hover_enabled=&#8221;on|hover&#8221; transform_scale__hover=&#8221;105%|105%&#8221; transform_scale__hover_enabled=&#8221;on|hover&#8221; transform_translate__hover_enabled=&#8221;on|desktop&#8221; transform_rotate__hover_enabled=&#8221;on|desktop&#8221; transform_skew__hover_enabled=&#8221;on|desktop&#8221; transform_origin__hover_enabled=&#8221;on|desktop&#8221;][\/et_pb_is_image][\/et_pb_column][et_pb_column type=&#8221;1_6&#8243; _builder_version=&#8221;4.27.4&#8243; _module_preset=&#8221;default&#8221; global_colors_info=&#8221;{}&#8221;][et_pb_is_image src=&#8221;https:\/\/anna-stangl.at\/wp-content\/uploads\/2025\/03\/weisses-tier_2013_gr.jpg&#8221; show_copyright=&#8221;off&#8221; title_text=&#8221;Wei\u00dfes Tier, 2013, 44,5 x 56 cm, Pastell, \u00d6lpastell, Schwarzkreide, Graphitstift, Farbstift, Wachs, Papier&#8221; show_lightbox_copyright=&#8221;off&#8221; align=&#8221;center&#8221; _builder_version=&#8221;4.27.4&#8243; _module_preset=&#8221;default&#8221; max_height=&#8221;200px&#8221; max_height_tablet=&#8221;200px&#8221; max_height_phone=&#8221;200px&#8221; max_height_last_edited=&#8221;on|tablet&#8221; global_colors_info=&#8221;{}&#8221; transform_styles__hover_enabled=&#8221;on|hover&#8221; transform_scale__hover=&#8221;105%|105%&#8221; transform_scale__hover_enabled=&#8221;on|hover&#8221; transform_translate__hover_enabled=&#8221;on|desktop&#8221; transform_rotate__hover_enabled=&#8221;on|desktop&#8221; transform_skew__hover_enabled=&#8221;on|desktop&#8221; transform_origin__hover_enabled=&#8221;on|desktop&#8221;][\/et_pb_is_image][\/et_pb_column][et_pb_column type=&#8221;1_6&#8243; _builder_version=&#8221;4.27.4&#8243; _module_preset=&#8221;default&#8221; global_colors_info=&#8221;{}&#8221;][et_pb_is_image src=&#8221;https:\/\/anna-stangl.at\/wp-content\/uploads\/2025\/03\/schwerelos_2013_gr.jpg&#8221; show_copyright=&#8221;off&#8221; title_text=&#8221;Schwerelos, 2013, 75,5 x 53,5 cm, \u00d6lpastell, Tusche, Pastell, Schwarzkreide, Mohn\u00f6l, Papier&#8221; show_lightbox_copyright=&#8221;off&#8221; align=&#8221;center&#8221; _builder_version=&#8221;4.27.4&#8243; _module_preset=&#8221;default&#8221; max_height=&#8221;200px&#8221; max_height_tablet=&#8221;200px&#8221; max_height_phone=&#8221;200px&#8221; max_height_last_edited=&#8221;on|tablet&#8221; global_colors_info=&#8221;{}&#8221; transform_styles__hover_enabled=&#8221;on|hover&#8221; transform_scale__hover=&#8221;105%|105%&#8221; transform_scale__hover_enabled=&#8221;on|hover&#8221; transform_translate__hover_enabled=&#8221;on|desktop&#8221; transform_rotate__hover_enabled=&#8221;on|desktop&#8221; transform_skew__hover_enabled=&#8221;on|desktop&#8221; transform_origin__hover_enabled=&#8221;on|desktop&#8221;][\/et_pb_is_image][\/et_pb_column][et_pb_column type=&#8221;1_6&#8243; _builder_version=&#8221;4.27.4&#8243; _module_preset=&#8221;default&#8221; global_colors_info=&#8221;{}&#8221;][\/et_pb_column][et_pb_column type=&#8221;1_6&#8243; _builder_version=&#8221;4.27.4&#8243; _module_preset=&#8221;default&#8221; global_colors_info=&#8221;{}&#8221;][\/et_pb_column][et_pb_column type=&#8221;1_6&#8243; _builder_version=&#8221;4.27.4&#8243; _module_preset=&#8221;default&#8221; global_colors_info=&#8221;{}&#8221;][\/et_pb_column][\/et_pb_row][\/et_pb_section][et_pb_section fb_built=&#8221;1&#8243; admin_label=&#8221;Section 2007-2009&#8243; _builder_version=&#8221;4.27.4&#8243; _module_preset=&#8221;default&#8221; custom_margin=&#8221;0px||||false|false&#8221; custom_padding=&#8221;0px||||false|false&#8221; collapsed=&#8221;off&#8221; global_colors_info=&#8221;{}&#8221;][et_pb_row _builder_version=&#8221;4.27.4&#8243; _module_preset=&#8221;default&#8221; width=&#8221;92%&#8221; custom_margin=&#8221;0px||0px||false|false&#8221; custom_padding=&#8221;8px||0px||false|false&#8221; global_colors_info=&#8221;{}&#8221;][et_pb_column type=&#8221;4_4&#8243; _builder_version=&#8221;4.27.4&#8243; _module_preset=&#8221;default&#8221; global_colors_info=&#8221;{}&#8221;][et_pb_text admin_label=&#8221;2007-2009&#8243; _builder_version=&#8221;4.27.4&#8243; _module_preset=&#8221;default&#8221; global_colors_info=&#8221;{}&#8221;]<\/p>\n<h3>2007 &#8211; 2009<\/h3>\n<p>[\/et_pb_text][\/et_pb_column][\/et_pb_row][et_pb_row column_structure=&#8221;1_3,1_3,1_3&#8243; module_class=&#8221;bigfirstrow&#8221; _builder_version=&#8221;4.27.4&#8243; _module_preset=&#8221;default&#8221; width=&#8221;92%&#8221; custom_padding=&#8221;14px||||false|false&#8221; global_colors_info=&#8221;{}&#8221; transform_styles__hover_enabled=&#8221;on|hover&#8221; transform_scale__hover_enabled=&#8221;on|hover&#8221; transform_translate__hover_enabled=&#8221;on|desktop&#8221; transform_rotate__hover_enabled=&#8221;on|desktop&#8221; transform_skew__hover_enabled=&#8221;on|desktop&#8221; transform_origin__hover_enabled=&#8221;on|desktop&#8221;][et_pb_column type=&#8221;1_3&#8243; _builder_version=&#8221;4.27.4&#8243; _module_preset=&#8221;default&#8221; global_colors_info=&#8221;{}&#8221;][et_pb_is_image src=&#8221;https:\/\/anna-stangl.at\/wp-content\/uploads\/2025\/03\/pflanze_zaertlich_2008_gr.jpg&#8221; show_copyright=&#8221;off&#8221; title_text=&#8221;Z\u00e4rtliche Blume, 2008, 30 x 42 cm, Kohle, Schwarzkreide, Farbstift, \u00d6lpastell, Mohn\u00f6l, Pastell auf Papier&#8221; show_lightbox_copyright=&#8221;off&#8221; module_class=&#8221;bigfirstimage&#8221; _builder_version=&#8221;4.27.4&#8243; _module_preset=&#8221;default&#8221; global_colors_info=&#8221;{}&#8221; transform_styles__hover_enabled=&#8221;on|hover&#8221; transform_scale__hover_enabled=&#8221;on|hover&#8221; transform_translate__hover_enabled=&#8221;on|desktop&#8221; transform_rotate__hover_enabled=&#8221;on|desktop&#8221; transform_skew__hover_enabled=&#8221;on|desktop&#8221; transform_origin__hover_enabled=&#8221;on|desktop&#8221; transform_scale__hover=&#8221;105%|105%&#8221;][\/et_pb_is_image][\/et_pb_column][et_pb_column type=&#8221;1_3&#8243; _builder_version=&#8221;4.27.4&#8243; _module_preset=&#8221;default&#8221; global_colors_info=&#8221;{}&#8221;][et_pb_is_image src=&#8221;https:\/\/anna-stangl.at\/wp-content\/uploads\/2025\/03\/the-lynx_2008_gr.jpg&#8221; show_copyright=&#8221;off&#8221; title_text=&#8221;Luchs, 2008, 50 x 42 cm, \u00d6lpastell, Kohle, Schwarzkreide, Mohn\u00f6l auf Papier&#8221; show_lightbox_copyright=&#8221;off&#8221; module_class=&#8221;bigfirstimage&#8221; _builder_version=&#8221;4.27.4&#8243; _module_preset=&#8221;default&#8221; transform_scale=&#8221;95%|95%&#8221; transform_translate=&#8221;0px|-12px&#8221; transform_translate_linked=&#8221;off&#8221; locked=&#8221;off&#8221; global_colors_info=&#8221;{}&#8221; transform_styles__hover_enabled=&#8221;on|desktop&#8221; transform_scale__hover_enabled=&#8221;on|hover&#8221; transform_translate__hover_enabled=&#8221;on|desktop&#8221; transform_rotate__hover_enabled=&#8221;on|desktop&#8221; transform_skew__hover_enabled=&#8221;on|desktop&#8221; transform_origin__hover_enabled=&#8221;on|desktop&#8221; transform_scale__hover=&#8221;100%|100%&#8221; transform_translate__hover=&#8221;0px|-12px&#8221;][\/et_pb_is_image][\/et_pb_column][et_pb_column type=&#8221;1_3&#8243; _builder_version=&#8221;4.27.4&#8243; _module_preset=&#8221;default&#8221; global_colors_info=&#8221;{}&#8221;][et_pb_is_image src=&#8221;https:\/\/anna-stangl.at\/wp-content\/uploads\/2025\/03\/time-of-the-wolves_2008_gr.jpg&#8221; show_copyright=&#8221;off&#8221; title_text=&#8221;Wolfszeit, 2008, 32 x 42 cm, Kohle, Schwarzkreide, Farbstift, \u00d6lpastell, Mohn\u00f6l, Pastell auf Papier&#8221; show_lightbox_copyright=&#8221;off&#8221; module_class=&#8221;bigfirstimage&#8221; _builder_version=&#8221;4.27.4&#8243; _module_preset=&#8221;default&#8221; transform_translate_linked=&#8221;off&#8221; locked=&#8221;off&#8221; global_colors_info=&#8221;{}&#8221; transform_styles__hover_enabled=&#8221;on|hover&#8221; transform_scale__hover_enabled=&#8221;on|hover&#8221; transform_translate__hover_enabled=&#8221;on|hover&#8221; transform_rotate__hover_enabled=&#8221;on|desktop&#8221; transform_skew__hover_enabled=&#8221;on|desktop&#8221; transform_origin__hover_enabled=&#8221;on|desktop&#8221; transform_scale__hover=&#8221;105%|105%&#8221;][\/et_pb_is_image][\/et_pb_column][\/et_pb_row][et_pb_row column_structure=&#8221;1_6,1_6,1_6,1_6,1_6,1_6&#8243; use_custom_gutter=&#8221;on&#8221; gutter_width=&#8221;2&#8243; make_equal=&#8221;on&#8221; _builder_version=&#8221;4.27.4&#8243; _module_preset=&#8221;default&#8221; width=&#8221;92%&#8221; custom_margin=&#8221;5px||||false|false&#8221; global_colors_info=&#8221;{}&#8221; transform_styles__hover_enabled=&#8221;on|hover&#8221; transform_scale__hover_enabled=&#8221;on|hover&#8221; transform_translate__hover_enabled=&#8221;on|desktop&#8221; transform_rotate__hover_enabled=&#8221;on|desktop&#8221; transform_skew__hover_enabled=&#8221;on|desktop&#8221; transform_origin__hover_enabled=&#8221;on|desktop&#8221;][et_pb_column type=&#8221;1_6&#8243; _builder_version=&#8221;4.27.4&#8243; _module_preset=&#8221;default&#8221; global_colors_info=&#8221;{}&#8221;][et_pb_is_image src=&#8221;https:\/\/anna-stangl.at\/wp-content\/uploads\/2025\/03\/ganges_2009_gr.jpg&#8221; show_copyright=&#8221;off&#8221; title_text=&#8221;Ganges, 2009, 45 x 33 cm, Kohle, Schwarzkreide, \u00d6lpastell, Mohn\u00f6l, Pastell auf Papier, collagiert&#8221; show_lightbox_copyright=&#8221;off&#8221; align=&#8221;center&#8221; _builder_version=&#8221;4.27.4&#8243; _module_preset=&#8221;default&#8221; max_height=&#8221;200px&#8221; max_height_tablet=&#8221;200px&#8221; max_height_phone=&#8221;200px&#8221; max_height_last_edited=&#8221;on|tablet&#8221; global_colors_info=&#8221;{}&#8221; transform_styles__hover_enabled=&#8221;on|hover&#8221; transform_scale__hover=&#8221;105%|105%&#8221; transform_scale__hover_enabled=&#8221;on|hover&#8221; transform_translate__hover_enabled=&#8221;on|desktop&#8221; transform_rotate__hover_enabled=&#8221;on|desktop&#8221; transform_skew__hover_enabled=&#8221;on|desktop&#8221; transform_origin__hover_enabled=&#8221;on|desktop&#8221;][\/et_pb_is_image][\/et_pb_column][et_pb_column type=&#8221;1_6&#8243; _builder_version=&#8221;4.27.4&#8243; _module_preset=&#8221;default&#8221; global_colors_info=&#8221;{}&#8221;][et_pb_is_image src=&#8221;https:\/\/anna-stangl.at\/wp-content\/uploads\/2025\/03\/a-lash-of-hair_2008_gr.jpg&#8221; show_copyright=&#8221;off&#8221; title_text=&#8221;Haarpeitsche, 2008, 50 x 42 cm, \u00d6lpastell, Kohle, Schwarzkreide, Farbstift, Mohn\u00f6l auf Papier&#8221; show_lightbox_copyright=&#8221;off&#8221; align=&#8221;center&#8221; _builder_version=&#8221;4.27.4&#8243; _module_preset=&#8221;default&#8221; max_height=&#8221;200px&#8221; max_height_tablet=&#8221;200px&#8221; max_height_phone=&#8221;200px&#8221; max_height_last_edited=&#8221;on|tablet&#8221; global_colors_info=&#8221;{}&#8221; transform_styles__hover_enabled=&#8221;on|hover&#8221; transform_scale__hover=&#8221;105%|105%&#8221; transform_scale__hover_enabled=&#8221;on|hover&#8221; transform_translate__hover_enabled=&#8221;on|desktop&#8221; transform_rotate__hover_enabled=&#8221;on|desktop&#8221; transform_skew__hover_enabled=&#8221;on|desktop&#8221; transform_origin__hover_enabled=&#8221;on|desktop&#8221;][\/et_pb_is_image][\/et_pb_column][et_pb_column type=&#8221;1_6&#8243; _builder_version=&#8221;4.27.4&#8243; _module_preset=&#8221;default&#8221; global_colors_info=&#8221;{}&#8221;][et_pb_is_image src=&#8221;https:\/\/anna-stangl.at\/wp-content\/uploads\/2025\/03\/the-hair-of-the-eye_2009_gr.jpg&#8221; show_copyright=&#8221;off&#8221; title_text=&#8221;Augenhaar, 2009, 65 x 50 cm, \u00d6lpastell, Kohle, Pastell, Schwarzkreide, Farbstift, Mohn\u00f6l auf Papier&#8221; show_lightbox_copyright=&#8221;off&#8221; align=&#8221;center&#8221; _builder_version=&#8221;4.27.4&#8243; _module_preset=&#8221;default&#8221; max_height=&#8221;200px&#8221; max_height_tablet=&#8221;200px&#8221; max_height_phone=&#8221;200px&#8221; max_height_last_edited=&#8221;on|tablet&#8221; global_colors_info=&#8221;{}&#8221; transform_styles__hover_enabled=&#8221;on|hover&#8221; transform_scale__hover=&#8221;105%|105%&#8221; transform_scale__hover_enabled=&#8221;on|hover&#8221; transform_translate__hover_enabled=&#8221;on|desktop&#8221; transform_rotate__hover_enabled=&#8221;on|desktop&#8221; transform_skew__hover_enabled=&#8221;on|desktop&#8221; transform_origin__hover_enabled=&#8221;on|desktop&#8221;][\/et_pb_is_image][\/et_pb_column][et_pb_column type=&#8221;1_6&#8243; _builder_version=&#8221;4.27.4&#8243; _module_preset=&#8221;default&#8221; global_colors_info=&#8221;{}&#8221;][et_pb_is_image src=&#8221;https:\/\/anna-stangl.at\/wp-content\/uploads\/2025\/03\/hanuman_2009_gr.jpg&#8221; show_copyright=&#8221;off&#8221; title_text=&#8221;Hanuman, 2009, 65 x 55 cm, Kohle, Schwarzkreide, \u00d6lpastell, Farbstift, Mohn\u00f6l, Pastell auf Papier, collagiert&#8221; show_lightbox_copyright=&#8221;off&#8221; align=&#8221;center&#8221; _builder_version=&#8221;4.27.4&#8243; _module_preset=&#8221;default&#8221; max_height=&#8221;200px&#8221; max_height_tablet=&#8221;200px&#8221; max_height_phone=&#8221;200px&#8221; max_height_last_edited=&#8221;on|tablet&#8221; global_colors_info=&#8221;{}&#8221; transform_styles__hover_enabled=&#8221;on|hover&#8221; transform_scale__hover=&#8221;105%|105%&#8221; transform_scale__hover_enabled=&#8221;on|hover&#8221; transform_translate__hover_enabled=&#8221;on|desktop&#8221; transform_rotate__hover_enabled=&#8221;on|desktop&#8221; transform_skew__hover_enabled=&#8221;on|desktop&#8221; transform_origin__hover_enabled=&#8221;on|desktop&#8221; custom_css_main_element_last_edited=&#8221;on|phone&#8221; custom_css_main_element_phone=&#8221;         width: 112px;||        height: 150px;||        overflow: hidden;&#8221;][\/et_pb_is_image][\/et_pb_column][et_pb_column type=&#8221;1_6&#8243; _builder_version=&#8221;4.27.4&#8243; _module_preset=&#8221;default&#8221; global_colors_info=&#8221;{}&#8221;][et_pb_is_image src=&#8221;https:\/\/anna-stangl.at\/wp-content\/uploads\/2025\/03\/dreaming-and-sleeping_2008_.jpg&#8221; show_copyright=&#8221;off&#8221; title_text=&#8221;Tr\u00e4umen und Schlafen, 2008, 76 x 55 cm, Pastell, Kohle, Schwarzkreide, Mohn\u00f6l auf Papier&#8221; show_lightbox_copyright=&#8221;off&#8221; align=&#8221;left&#8221; _builder_version=&#8221;4.27.4&#8243; _module_preset=&#8221;default&#8221; max_height=&#8221;200px&#8221; max_height_tablet=&#8221;200px&#8221; max_height_phone=&#8221;200px&#8221; max_height_last_edited=&#8221;on|tablet&#8221; global_colors_info=&#8221;{}&#8221; transform_styles__hover_enabled=&#8221;on|hover&#8221; transform_scale__hover_enabled=&#8221;on|hover&#8221; transform_translate__hover_enabled=&#8221;on|desktop&#8221; transform_rotate__hover_enabled=&#8221;on|desktop&#8221; transform_skew__hover_enabled=&#8221;on|desktop&#8221; transform_origin__hover_enabled=&#8221;on|desktop&#8221; transform_scale__hover=&#8221;105%|105%&#8221; custom_css_main_element_last_edited=&#8221;on|phone&#8221; custom_css_main_element_phone=&#8221;      width: 110px;||        height: 150px;||        overflow: hidden;&#8221;][\/et_pb_is_image][\/et_pb_column][et_pb_column type=&#8221;1_6&#8243; _builder_version=&#8221;4.27.4&#8243; _module_preset=&#8221;default&#8221; global_colors_info=&#8221;{}&#8221;][et_pb_is_image src=&#8221;https:\/\/anna-stangl.at\/wp-content\/uploads\/2025\/03\/eroticon_2009_detail_gr.jpg&#8221; show_copyright=&#8221;off&#8221; title_text=&#8221;Eroticon, 2009, 70 x 58 cm, Tusche, Pastell, Schwarzkreide, Papier&#8221; show_lightbox_copyright=&#8221;off&#8221; _builder_version=&#8221;4.27.4&#8243; _module_preset=&#8221;default&#8221; max_height=&#8221;200px&#8221; max_height_tablet=&#8221;200px&#8221; max_height_phone=&#8221;200px&#8221; max_height_last_edited=&#8221;on|tablet&#8221; global_colors_info=&#8221;{}&#8221; transform_styles__hover_enabled=&#8221;on|hover&#8221; transform_scale__hover=&#8221;105%|105%&#8221; transform_scale__hover_enabled=&#8221;on|hover&#8221; transform_translate__hover_enabled=&#8221;on|desktop&#8221; transform_rotate__hover_enabled=&#8221;on|desktop&#8221; transform_skew__hover_enabled=&#8221;on|desktop&#8221; transform_origin__hover_enabled=&#8221;on|desktop&#8221; custom_css_main_element_last_edited=&#8221;on|phone&#8221; custom_css_main_element_phone=&#8221;      width: 112px;||        height: 150px;||        overflow: hidden;&#8221;][\/et_pb_is_image][\/et_pb_column][\/et_pb_row][et_pb_row column_structure=&#8221;1_6,1_6,1_6,1_6,1_6,1_6&#8243; use_custom_gutter=&#8221;on&#8221; gutter_width=&#8221;2&#8243; make_equal=&#8221;on&#8221; _builder_version=&#8221;4.27.4&#8243; _module_preset=&#8221;default&#8221; width=&#8221;92%&#8221; custom_margin=&#8221;5px||||false|false&#8221; global_colors_info=&#8221;{}&#8221; transform_styles__hover_enabled=&#8221;on|hover&#8221; transform_scale__hover_enabled=&#8221;on|hover&#8221; transform_translate__hover_enabled=&#8221;on|desktop&#8221; transform_rotate__hover_enabled=&#8221;on|desktop&#8221; transform_skew__hover_enabled=&#8221;on|desktop&#8221; transform_origin__hover_enabled=&#8221;on|desktop&#8221;][et_pb_column type=&#8221;1_6&#8243; _builder_version=&#8221;4.27.4&#8243; _module_preset=&#8221;default&#8221; global_colors_info=&#8221;{}&#8221;][et_pb_is_image src=&#8221;https:\/\/anna-stangl.at\/wp-content\/uploads\/2025\/03\/ornament-und-3-personen_200.jpg&#8221; show_copyright=&#8221;off&#8221; title_text=&#8221;Eroticon II, 2009, 70 x 58 cm, Tusche, Pastell, Schwarzkreide, Papier&#8221; show_lightbox_copyright=&#8221;off&#8221; align=&#8221;left&#8221; _builder_version=&#8221;4.27.4&#8243; _module_preset=&#8221;default&#8221; max_height=&#8221;200px&#8221; max_height_tablet=&#8221;200px&#8221; max_height_phone=&#8221;200px&#8221; max_height_last_edited=&#8221;on|tablet&#8221; global_colors_info=&#8221;{}&#8221; transform_styles__hover_enabled=&#8221;on|hover&#8221; transform_scale__hover_enabled=&#8221;on|hover&#8221; transform_translate__hover_enabled=&#8221;on|desktop&#8221; transform_rotate__hover_enabled=&#8221;on|desktop&#8221; transform_skew__hover_enabled=&#8221;on|desktop&#8221; transform_origin__hover_enabled=&#8221;on|desktop&#8221; transform_scale__hover=&#8221;105%|105%&#8221;][\/et_pb_is_image][\/et_pb_column][et_pb_column type=&#8221;1_6&#8243; _builder_version=&#8221;4.27.4&#8243; _module_preset=&#8221;default&#8221; global_colors_info=&#8221;{}&#8221;][et_pb_is_image src=&#8221;https:\/\/anna-stangl.at\/wp-content\/uploads\/2025\/03\/man_woman_sea_2009_gr.jpg&#8221; show_copyright=&#8221;off&#8221; title_text=&#8221;Mann, Frau, Meer, 2009, 60 x 55 cm, \u00d6lpastell, Schwarzkreide, Kohle, Mohn\u00f6l auf Papier, collagiert&#8221; show_lightbox_copyright=&#8221;off&#8221; align=&#8221;center&#8221; _builder_version=&#8221;4.27.4&#8243; _module_preset=&#8221;default&#8221; max_height=&#8221;200px&#8221; max_height_tablet=&#8221;200px&#8221; max_height_phone=&#8221;200px&#8221; max_height_last_edited=&#8221;on|tablet&#8221; global_colors_info=&#8221;{}&#8221; transform_styles__hover_enabled=&#8221;on|hover&#8221; transform_scale__hover=&#8221;105%|105%&#8221; transform_scale__hover_enabled=&#8221;on|hover&#8221; transform_translate__hover_enabled=&#8221;on|desktop&#8221; transform_rotate__hover_enabled=&#8221;on|desktop&#8221; transform_skew__hover_enabled=&#8221;on|desktop&#8221; transform_origin__hover_enabled=&#8221;on|desktop&#8221;][\/et_pb_is_image][\/et_pb_column][et_pb_column type=&#8221;1_6&#8243; _builder_version=&#8221;4.27.4&#8243; _module_preset=&#8221;default&#8221; global_colors_info=&#8221;{}&#8221;][et_pb_is_image src=&#8221;https:\/\/anna-stangl.at\/wp-content\/uploads\/2025\/03\/snake-dream_2009_gr.jpg&#8221; show_copyright=&#8221;off&#8221; title_text=&#8221;Schlangentraum, 2009, 60 x 50 cm, \u00d6lpastell, Pastell, Kohle, Mohn\u00f6l auf Papier&#8221; show_lightbox_copyright=&#8221;off&#8221; align=&#8221;center&#8221; _builder_version=&#8221;4.27.4&#8243; _module_preset=&#8221;default&#8221; max_height=&#8221;200px&#8221; max_height_tablet=&#8221;200px&#8221; max_height_phone=&#8221;200px&#8221; max_height_last_edited=&#8221;on|tablet&#8221; global_colors_info=&#8221;{}&#8221; transform_styles__hover_enabled=&#8221;on|hover&#8221; transform_scale__hover=&#8221;105%|105%&#8221; transform_scale__hover_enabled=&#8221;on|hover&#8221; transform_translate__hover_enabled=&#8221;on|desktop&#8221; transform_rotate__hover_enabled=&#8221;on|desktop&#8221; transform_skew__hover_enabled=&#8221;on|desktop&#8221; transform_origin__hover_enabled=&#8221;on|desktop&#8221;][\/et_pb_is_image][\/et_pb_column][et_pb_column type=&#8221;1_6&#8243; _builder_version=&#8221;4.27.4&#8243; _module_preset=&#8221;default&#8221; global_colors_info=&#8221;{}&#8221;][et_pb_is_image src=&#8221;https:\/\/anna-stangl.at\/wp-content\/uploads\/2025\/03\/furry-blossom_2007_gr.jpg&#8221; show_copyright=&#8221;off&#8221; title_text=&#8221;Pelzblume, 2007, 70 x 64 cm, Kohle, Schwarzkreide, Graphitstift, \u00d6lpastell, Mohn\u00f6l, Pastell auf Papier&#8221; show_lightbox_copyright=&#8221;off&#8221; align=&#8221;left&#8221; _builder_version=&#8221;4.27.4&#8243; _module_preset=&#8221;default&#8221; max_height=&#8221;200px&#8221; max_height_tablet=&#8221;200px&#8221; max_height_phone=&#8221;200px&#8221; max_height_last_edited=&#8221;on|tablet&#8221; global_colors_info=&#8221;{}&#8221; transform_styles__hover_enabled=&#8221;on|hover&#8221; transform_scale__hover_enabled=&#8221;on|hover&#8221; transform_translate__hover_enabled=&#8221;on|desktop&#8221; transform_rotate__hover_enabled=&#8221;on|desktop&#8221; transform_skew__hover_enabled=&#8221;on|desktop&#8221; transform_origin__hover_enabled=&#8221;on|desktop&#8221; transform_scale__hover=&#8221;105%|105%&#8221;][\/et_pb_is_image][\/et_pb_column][et_pb_column type=&#8221;1_6&#8243; _builder_version=&#8221;4.27.4&#8243; _module_preset=&#8221;default&#8221; global_colors_info=&#8221;{}&#8221;][et_pb_is_image src=&#8221;https:\/\/anna-stangl.at\/wp-content\/uploads\/2025\/03\/the-bear-and-the-girl_2007_.jpg&#8221; show_copyright=&#8221;off&#8221; title_text=&#8221;Der B\u00e4r und das M\u00e4dchen, 2007, 100 x 70 cm, Kohle, Mohn\u00f6l, Pastell auf Papier&#8221; show_lightbox_copyright=&#8221;off&#8221; align=&#8221;center&#8221; _builder_version=&#8221;4.27.4&#8243; _module_preset=&#8221;default&#8221; max_height=&#8221;200px&#8221; max_height_tablet=&#8221;200px&#8221; max_height_phone=&#8221;200px&#8221; max_height_last_edited=&#8221;on|tablet&#8221; global_colors_info=&#8221;{}&#8221; transform_styles__hover_enabled=&#8221;on|hover&#8221; transform_scale__hover=&#8221;105%|105%&#8221; transform_scale__hover_enabled=&#8221;on|hover&#8221; transform_translate__hover_enabled=&#8221;on|desktop&#8221; transform_rotate__hover_enabled=&#8221;on|desktop&#8221; transform_skew__hover_enabled=&#8221;on|desktop&#8221; transform_origin__hover_enabled=&#8221;on|desktop&#8221;][\/et_pb_is_image][\/et_pb_column][et_pb_column type=&#8221;1_6&#8243; _builder_version=&#8221;4.27.4&#8243; _module_preset=&#8221;default&#8221; global_colors_info=&#8221;{}&#8221;][et_pb_is_image src=&#8221;https:\/\/anna-stangl.at\/wp-content\/uploads\/2025\/03\/red-sea_2009_gr.jpg&#8221; show_copyright=&#8221;off&#8221; title_text=&#8221;Rotes Meer, 2009, 60 x 50 cm, \u00d6lpastell, Schwarzkreide, Pastell, Farbstift, Mohn\u00f6l, Papier, collagiert&#8221; show_lightbox_copyright=&#8221;off&#8221; _builder_version=&#8221;4.27.4&#8243; _module_preset=&#8221;default&#8221; max_height=&#8221;200px&#8221; max_height_tablet=&#8221;200px&#8221; max_height_phone=&#8221;200px&#8221; max_height_last_edited=&#8221;on|tablet&#8221; global_colors_info=&#8221;{}&#8221; transform_styles__hover_enabled=&#8221;on|hover&#8221; transform_scale__hover=&#8221;105%|105%&#8221; transform_scale__hover_enabled=&#8221;on|hover&#8221; transform_translate__hover_enabled=&#8221;on|desktop&#8221; transform_rotate__hover_enabled=&#8221;on|desktop&#8221; transform_skew__hover_enabled=&#8221;on|desktop&#8221; transform_origin__hover_enabled=&#8221;on|desktop&#8221;][\/et_pb_is_image][\/et_pb_column][\/et_pb_row][et_pb_row column_structure=&#8221;1_6,1_6,1_6,1_6,1_6,1_6&#8243; use_custom_gutter=&#8221;on&#8221; gutter_width=&#8221;2&#8243; make_equal=&#8221;on&#8221; _builder_version=&#8221;4.27.4&#8243; _module_preset=&#8221;default&#8221; width=&#8221;92%&#8221; custom_margin=&#8221;5px||||false|false&#8221; global_colors_info=&#8221;{}&#8221; transform_styles__hover_enabled=&#8221;on|hover&#8221; transform_scale__hover_enabled=&#8221;on|hover&#8221; transform_translate__hover_enabled=&#8221;on|desktop&#8221; transform_rotate__hover_enabled=&#8221;on|desktop&#8221; transform_skew__hover_enabled=&#8221;on|desktop&#8221; transform_origin__hover_enabled=&#8221;on|desktop&#8221;][et_pb_column type=&#8221;1_6&#8243; _builder_version=&#8221;4.27.4&#8243; _module_preset=&#8221;default&#8221; global_colors_info=&#8221;{}&#8221;][et_pb_is_image src=&#8221;https:\/\/anna-stangl.at\/wp-content\/uploads\/2025\/03\/bank-of-fog_2009_gr.jpg&#8221; show_copyright=&#8221;off&#8221; title_text=&#8221;Nebelwand, 2009, 60 x 50 cm, \u00d6lpastell, Schwarzkreide, Kohle, Pastell, Farbstift, Mohn\u00f6l, Papier, collagiert&#8221; show_lightbox_copyright=&#8221;off&#8221; align=&#8221;center&#8221; _builder_version=&#8221;4.27.4&#8243; _module_preset=&#8221;default&#8221; max_height=&#8221;200px&#8221; max_height_tablet=&#8221;200px&#8221; max_height_phone=&#8221;200px&#8221; max_height_last_edited=&#8221;on|tablet&#8221; global_colors_info=&#8221;{}&#8221; transform_styles__hover_enabled=&#8221;on|hover&#8221; transform_scale__hover=&#8221;105%|105%&#8221; transform_scale__hover_enabled=&#8221;on|hover&#8221; transform_translate__hover_enabled=&#8221;on|desktop&#8221; transform_rotate__hover_enabled=&#8221;on|desktop&#8221; transform_skew__hover_enabled=&#8221;on|desktop&#8221; transform_origin__hover_enabled=&#8221;on|desktop&#8221;][\/et_pb_is_image][\/et_pb_column][et_pb_column type=&#8221;1_6&#8243; _builder_version=&#8221;4.27.4&#8243; _module_preset=&#8221;default&#8221; global_colors_info=&#8221;{}&#8221;][et_pb_is_image src=&#8221;https:\/\/anna-stangl.at\/wp-content\/uploads\/2025\/03\/the-animal_2009_gr.jpg&#8221; show_copyright=&#8221;off&#8221; title_text=&#8221;Das Tier, 2009, 42 x 29 cm, \u00d6lpastell, Schwarzkreide, Kohle, Pastell, Farbstift, Papier&#8221; show_lightbox_copyright=&#8221;off&#8221; align=&#8221;left&#8221; _builder_version=&#8221;4.27.4&#8243; _module_preset=&#8221;default&#8221; max_height=&#8221;200px&#8221; max_height_tablet=&#8221;200px&#8221; max_height_phone=&#8221;200px&#8221; max_height_last_edited=&#8221;on|tablet&#8221; global_colors_info=&#8221;{}&#8221; transform_styles__hover_enabled=&#8221;on|hover&#8221; transform_scale__hover_enabled=&#8221;on|hover&#8221; transform_translate__hover_enabled=&#8221;on|desktop&#8221; transform_rotate__hover_enabled=&#8221;on|desktop&#8221; transform_skew__hover_enabled=&#8221;on|desktop&#8221; transform_origin__hover_enabled=&#8221;on|desktop&#8221; transform_scale__hover=&#8221;105%|105%&#8221;][\/et_pb_is_image][\/et_pb_column][et_pb_column type=&#8221;1_6&#8243; _builder_version=&#8221;4.27.4&#8243; _module_preset=&#8221;default&#8221; global_colors_info=&#8221;{}&#8221;][et_pb_is_image src=&#8221;https:\/\/anna-stangl.at\/wp-content\/uploads\/2025\/03\/deer_2009_gr.jpg&#8221; show_copyright=&#8221;off&#8221; title_text=&#8221;Hirsche, 200950 x 64 cm, \u00d6lpastell, Kohle, Schwarzkreide, Tusche, Mohn\u00f6l auf Papier&#8221; show_lightbox_copyright=&#8221;off&#8221; align=&#8221;center&#8221; _builder_version=&#8221;4.27.4&#8243; _module_preset=&#8221;default&#8221; max_height=&#8221;200px&#8221; max_height_tablet=&#8221;200px&#8221; max_height_phone=&#8221;200px&#8221; max_height_last_edited=&#8221;on|tablet&#8221; global_colors_info=&#8221;{}&#8221; transform_styles__hover_enabled=&#8221;on|hover&#8221; transform_scale__hover=&#8221;105%|105%&#8221; transform_scale__hover_enabled=&#8221;on|hover&#8221; transform_translate__hover_enabled=&#8221;on|desktop&#8221; transform_rotate__hover_enabled=&#8221;on|desktop&#8221; transform_skew__hover_enabled=&#8221;on|desktop&#8221; transform_origin__hover_enabled=&#8221;on|desktop&#8221;][\/et_pb_is_image][\/et_pb_column][et_pb_column type=&#8221;1_6&#8243; _builder_version=&#8221;4.27.4&#8243; _module_preset=&#8221;default&#8221; global_colors_info=&#8221;{}&#8221;][et_pb_is_image src=&#8221;https:\/\/anna-stangl.at\/wp-content\/uploads\/2025\/03\/dream_2008_gr.jpg&#8221; show_copyright=&#8221;off&#8221; title_text=&#8221;Traum, 2008, 100 x 70 cm, Kohle, Schwarzkreide, Pastell, Mohn\u00f6l, Papier&#8221; show_lightbox_copyright=&#8221;off&#8221; align=&#8221;left&#8221; _builder_version=&#8221;4.27.4&#8243; _module_preset=&#8221;default&#8221; max_height=&#8221;200px&#8221; max_height_tablet=&#8221;200px&#8221; max_height_phone=&#8221;200px&#8221; max_height_last_edited=&#8221;on|tablet&#8221; global_colors_info=&#8221;{}&#8221; transform_styles__hover_enabled=&#8221;on|hover&#8221; transform_scale__hover_enabled=&#8221;on|hover&#8221; transform_translate__hover_enabled=&#8221;on|desktop&#8221; transform_rotate__hover_enabled=&#8221;on|desktop&#8221; transform_skew__hover_enabled=&#8221;on|desktop&#8221; transform_origin__hover_enabled=&#8221;on|desktop&#8221; transform_scale__hover=&#8221;105%|105%&#8221;][\/et_pb_is_image][\/et_pb_column][et_pb_column type=&#8221;1_6&#8243; _builder_version=&#8221;4.27.4&#8243; _module_preset=&#8221;default&#8221; global_colors_info=&#8221;{}&#8221;][et_pb_is_image src=&#8221;https:\/\/anna-stangl.at\/wp-content\/uploads\/2025\/03\/snowhite-and-the-7-dwarfs_2.jpg&#8221; show_copyright=&#8221;off&#8221; title_text=&#8221;Schneewittchen, 2008, 30 x 42 cm, Kohle, Schwarzkreide, \u00d6lpastell, Mohn\u00f6l, Pastell auf Papier&#8221; show_lightbox_copyright=&#8221;off&#8221; align=&#8221;left&#8221; _builder_version=&#8221;4.27.4&#8243; _module_preset=&#8221;default&#8221; max_height=&#8221;200px&#8221; max_height_tablet=&#8221;200px&#8221; max_height_phone=&#8221;200px&#8221; max_height_last_edited=&#8221;on|tablet&#8221; global_colors_info=&#8221;{}&#8221; transform_styles__hover_enabled=&#8221;on|hover&#8221; transform_scale__hover_enabled=&#8221;on|hover&#8221; transform_translate__hover_enabled=&#8221;on|desktop&#8221; transform_rotate__hover_enabled=&#8221;on|desktop&#8221; transform_skew__hover_enabled=&#8221;on|desktop&#8221; transform_origin__hover_enabled=&#8221;on|desktop&#8221; transform_scale__hover=&#8221;105%|105%&#8221;][\/et_pb_is_image][\/et_pb_column][et_pb_column type=&#8221;1_6&#8243; _builder_version=&#8221;4.27.4&#8243; _module_preset=&#8221;default&#8221; global_colors_info=&#8221;{}&#8221;][et_pb_is_image src=&#8221;https:\/\/anna-stangl.at\/wp-content\/uploads\/2025\/03\/fairy-tale-2008_gr.jpg&#8221; show_copyright=&#8221;off&#8221; title_text=&#8221;M\u00e4rchen, 2008, 150 x 130 cm, Kohle, Farbstift, \u00d6lpastell, Mohn\u00f6l, Pastell, Scherenschnitt auf Papier, collagiert&#8221; show_lightbox_copyright=&#8221;off&#8221; align=&#8221;left&#8221; _builder_version=&#8221;4.27.4&#8243; _module_preset=&#8221;default&#8221; max_height=&#8221;200px&#8221; max_height_tablet=&#8221;200px&#8221; max_height_phone=&#8221;200px&#8221; max_height_last_edited=&#8221;on|tablet&#8221; global_colors_info=&#8221;{}&#8221; transform_styles__hover_enabled=&#8221;on|hover&#8221; transform_scale__hover_enabled=&#8221;on|hover&#8221; transform_translate__hover_enabled=&#8221;on|desktop&#8221; transform_rotate__hover_enabled=&#8221;on|desktop&#8221; transform_skew__hover_enabled=&#8221;on|desktop&#8221; transform_origin__hover_enabled=&#8221;on|desktop&#8221; transform_scale__hover=&#8221;105%|105%&#8221;][\/et_pb_is_image][\/et_pb_column][\/et_pb_row][et_pb_row column_structure=&#8221;1_6,1_6,1_6,1_6,1_6,1_6&#8243; use_custom_gutter=&#8221;on&#8221; gutter_width=&#8221;2&#8243; make_equal=&#8221;on&#8221; module_class=&#8221;extratop&#8221; _builder_version=&#8221;4.27.4&#8243; _module_preset=&#8221;default&#8221; width=&#8221;92%&#8221; custom_margin=&#8221;5px||||false|false&#8221; global_colors_info=&#8221;{}&#8221; transform_styles__hover_enabled=&#8221;on|hover&#8221; transform_scale__hover_enabled=&#8221;on|hover&#8221; transform_translate__hover_enabled=&#8221;on|desktop&#8221; transform_rotate__hover_enabled=&#8221;on|desktop&#8221; transform_skew__hover_enabled=&#8221;on|desktop&#8221; transform_origin__hover_enabled=&#8221;on|desktop&#8221;][et_pb_column type=&#8221;1_6&#8243; _builder_version=&#8221;4.27.4&#8243; _module_preset=&#8221;default&#8221; global_colors_info=&#8221;{}&#8221;][et_pb_is_image src=&#8221;https:\/\/anna-stangl.at\/wp-content\/uploads\/2025\/03\/swimmer_2009_gr.jpg&#8221; show_copyright=&#8221;off&#8221; title_text=&#8221;Schwimmerin, 2009, 55 x 65 cm, \u00d6lpastell, Pastell, Schwarzkreide, Farbstift, Mohn\u00f6l auf Papier&#8221; show_lightbox_copyright=&#8221;off&#8221; align=&#8221;center&#8221; _builder_version=&#8221;4.27.4&#8243; _module_preset=&#8221;default&#8221; max_height=&#8221;200px&#8221; max_height_tablet=&#8221;200px&#8221; max_height_phone=&#8221;200px&#8221; max_height_last_edited=&#8221;on|tablet&#8221; global_colors_info=&#8221;{}&#8221; transform_styles__hover_enabled=&#8221;on|hover&#8221; transform_scale__hover=&#8221;105%|105%&#8221; transform_scale__hover_enabled=&#8221;on|hover&#8221; transform_translate__hover_enabled=&#8221;on|desktop&#8221; transform_rotate__hover_enabled=&#8221;on|desktop&#8221; transform_skew__hover_enabled=&#8221;on|desktop&#8221; transform_origin__hover_enabled=&#8221;on|desktop&#8221;][\/et_pb_is_image][\/et_pb_column][et_pb_column type=&#8221;1_6&#8243; _builder_version=&#8221;4.27.4&#8243; _module_preset=&#8221;default&#8221; global_colors_info=&#8221;{}&#8221;][et_pb_is_image src=&#8221;https:\/\/anna-stangl.at\/wp-content\/uploads\/2025\/03\/wolves_2009_gr.jpg&#8221; show_copyright=&#8221;off&#8221; title_text=&#8221;Wolves, 2009, 50 x 60 cm, \u00d6lpastell, Pastell, Schwarzkreide, Kohle, Farbstift, Mohn\u00f6l auf Papier&#8221; show_lightbox_copyright=&#8221;off&#8221; align=&#8221;left&#8221; _builder_version=&#8221;4.27.4&#8243; _module_preset=&#8221;default&#8221; max_height=&#8221;200px&#8221; max_height_tablet=&#8221;200px&#8221; max_height_phone=&#8221;200px&#8221; max_height_last_edited=&#8221;on|tablet&#8221; global_colors_info=&#8221;{}&#8221; transform_styles__hover_enabled=&#8221;on|hover&#8221; transform_scale__hover_enabled=&#8221;on|hover&#8221; transform_translate__hover_enabled=&#8221;on|desktop&#8221; transform_rotate__hover_enabled=&#8221;on|desktop&#8221; transform_skew__hover_enabled=&#8221;on|desktop&#8221; transform_origin__hover_enabled=&#8221;on|desktop&#8221; transform_scale__hover=&#8221;105%|105%&#8221;][\/et_pb_is_image][\/et_pb_column][et_pb_column type=&#8221;1_6&#8243; _builder_version=&#8221;4.27.4&#8243; _module_preset=&#8221;default&#8221; global_colors_info=&#8221;{}&#8221;][\/et_pb_column][et_pb_column type=&#8221;1_6&#8243; _builder_version=&#8221;4.27.4&#8243; _module_preset=&#8221;default&#8221; global_colors_info=&#8221;{}&#8221;][\/et_pb_column][et_pb_column type=&#8221;1_6&#8243; _builder_version=&#8221;4.27.4&#8243; _module_preset=&#8221;default&#8221; global_colors_info=&#8221;{}&#8221;][\/et_pb_column][et_pb_column type=&#8221;1_6&#8243; _builder_version=&#8221;4.27.4&#8243; _module_preset=&#8221;default&#8221; global_colors_info=&#8221;{}&#8221;][\/et_pb_column][\/et_pb_row][\/et_pb_section][et_pb_section fb_built=&#8221;1&#8243; admin_label=&#8221;Section 2005-2006&#8243; _builder_version=&#8221;4.27.4&#8243; _module_preset=&#8221;default&#8221; custom_margin=&#8221;0px||||false|false&#8221; custom_padding=&#8221;0px||||false|false&#8221; collapsed=&#8221;off&#8221; global_colors_info=&#8221;{}&#8221;][et_pb_row _builder_version=&#8221;4.27.4&#8243; _module_preset=&#8221;default&#8221; width=&#8221;92%&#8221; custom_margin=&#8221;0px||0px||false|false&#8221; custom_padding=&#8221;8px||0px||false|false&#8221; global_colors_info=&#8221;{}&#8221;][et_pb_column type=&#8221;4_4&#8243; _builder_version=&#8221;4.27.4&#8243; _module_preset=&#8221;default&#8221; global_colors_info=&#8221;{}&#8221;][et_pb_text admin_label=&#8221;2005-2006&#8243; _builder_version=&#8221;4.27.4&#8243; _module_preset=&#8221;default&#8221; global_colors_info=&#8221;{}&#8221;]<\/p>\n<h3>2005 &#8211; 2006<\/h3>\n<p>[\/et_pb_text][\/et_pb_column][\/et_pb_row][et_pb_row column_structure=&#8221;1_3,1_3,1_3&#8243; module_class=&#8221;bigfirstrow&#8221; _builder_version=&#8221;4.27.4&#8243; _module_preset=&#8221;default&#8221; width=&#8221;92%&#8221; custom_padding=&#8221;14px||||false|false&#8221; global_colors_info=&#8221;{}&#8221; transform_styles__hover_enabled=&#8221;on|hover&#8221; transform_scale__hover_enabled=&#8221;on|hover&#8221; transform_translate__hover_enabled=&#8221;on|desktop&#8221; transform_rotate__hover_enabled=&#8221;on|desktop&#8221; transform_skew__hover_enabled=&#8221;on|desktop&#8221; transform_origin__hover_enabled=&#8221;on|desktop&#8221;][et_pb_column type=&#8221;1_3&#8243; _builder_version=&#8221;4.27.4&#8243; _module_preset=&#8221;default&#8221; global_colors_info=&#8221;{}&#8221;][et_pb_is_image src=&#8221;https:\/\/anna-stangl.at\/wp-content\/uploads\/2025\/03\/fish-head_2006_gr.jpg&#8221; show_copyright=&#8221;off&#8221; title_text=&#8221;Fischkopf, 2006, 40 x 30 cm, Pastell, Kohle, Mohn\u00f6l, \u00d6lpastell auf Papier&#8221; show_lightbox_copyright=&#8221;off&#8221; module_class=&#8221;bigfirstimage&#8221; _builder_version=&#8221;4.27.4&#8243; _module_preset=&#8221;default&#8221; global_colors_info=&#8221;{}&#8221; transform_styles__hover_enabled=&#8221;on|hover&#8221; transform_scale__hover_enabled=&#8221;on|hover&#8221; transform_translate__hover_enabled=&#8221;on|desktop&#8221; transform_rotate__hover_enabled=&#8221;on|desktop&#8221; transform_skew__hover_enabled=&#8221;on|desktop&#8221; transform_origin__hover_enabled=&#8221;on|desktop&#8221; transform_scale__hover=&#8221;105%|105%&#8221;][\/et_pb_is_image][\/et_pb_column][et_pb_column type=&#8221;1_3&#8243; _builder_version=&#8221;4.27.4&#8243; _module_preset=&#8221;default&#8221; global_colors_info=&#8221;{}&#8221;][et_pb_is_image src=&#8221;https:\/\/anna-stangl.at\/wp-content\/uploads\/2025\/03\/anima_2005_gr.jpg&#8221; show_copyright=&#8221;off&#8221; title_text=&#8221;Anima, 2005, 30 x 40 cm, Pastell, Schwarzkreide, Mohn\u00f6l, Graphitstift, Farbstift auf Papier, collagiert&#8221; show_lightbox_copyright=&#8221;off&#8221; module_class=&#8221;bigfirstimage&#8221; _builder_version=&#8221;4.27.4&#8243; _module_preset=&#8221;default&#8221; transform_scale=&#8221;95%|95%&#8221; transform_translate=&#8221;0px|-12px&#8221; transform_translate_linked=&#8221;off&#8221; locked=&#8221;off&#8221; global_colors_info=&#8221;{}&#8221; transform_styles__hover_enabled=&#8221;on|desktop&#8221; transform_scale__hover_enabled=&#8221;on|hover&#8221; transform_translate__hover_enabled=&#8221;on|desktop&#8221; transform_rotate__hover_enabled=&#8221;on|desktop&#8221; transform_skew__hover_enabled=&#8221;on|desktop&#8221; transform_origin__hover_enabled=&#8221;on|desktop&#8221; transform_scale__hover=&#8221;100%|100%&#8221; transform_translate__hover=&#8221;0px|-12px&#8221;][\/et_pb_is_image][\/et_pb_column][et_pb_column type=&#8221;1_3&#8243; _builder_version=&#8221;4.27.4&#8243; _module_preset=&#8221;default&#8221; global_colors_info=&#8221;{}&#8221;][et_pb_is_image src=&#8221;https:\/\/anna-stangl.at\/wp-content\/uploads\/2025\/03\/fish-love_2006_gr.jpg&#8221; show_copyright=&#8221;off&#8221; title_text=&#8221;Fischliebe, 2006, 30 x 40 cm, Pastell, Kohle, Farbstift, \u00d6lpastell, Mohn\u00f6l, Farbstift auf Papier, R\u00fcckseite collagiert&#8221; show_lightbox_copyright=&#8221;off&#8221; module_class=&#8221;bigfirstimage&#8221; _builder_version=&#8221;4.27.4&#8243; _module_preset=&#8221;default&#8221; transform_translate_linked=&#8221;off&#8221; locked=&#8221;off&#8221; global_colors_info=&#8221;{}&#8221; transform_styles__hover_enabled=&#8221;on|hover&#8221; transform_scale__hover_enabled=&#8221;on|hover&#8221; transform_translate__hover_enabled=&#8221;on|hover&#8221; transform_rotate__hover_enabled=&#8221;on|desktop&#8221; transform_skew__hover_enabled=&#8221;on|desktop&#8221; transform_origin__hover_enabled=&#8221;on|desktop&#8221; transform_scale__hover=&#8221;105%|105%&#8221;][\/et_pb_is_image][\/et_pb_column][\/et_pb_row][et_pb_row column_structure=&#8221;1_6,1_6,1_6,1_6,1_6,1_6&#8243; use_custom_gutter=&#8221;on&#8221; gutter_width=&#8221;2&#8243; make_equal=&#8221;on&#8221; _builder_version=&#8221;4.27.4&#8243; _module_preset=&#8221;default&#8221; width=&#8221;92%&#8221; custom_margin=&#8221;5px||||false|false&#8221; global_colors_info=&#8221;{}&#8221; transform_styles__hover_enabled=&#8221;on|hover&#8221; transform_scale__hover_enabled=&#8221;on|hover&#8221; transform_translate__hover_enabled=&#8221;on|desktop&#8221; transform_rotate__hover_enabled=&#8221;on|desktop&#8221; transform_skew__hover_enabled=&#8221;on|desktop&#8221; transform_origin__hover_enabled=&#8221;on|desktop&#8221;][et_pb_column type=&#8221;1_6&#8243; _builder_version=&#8221;4.27.4&#8243; _module_preset=&#8221;default&#8221; global_colors_info=&#8221;{}&#8221;][et_pb_is_image src=&#8221;https:\/\/anna-stangl.at\/wp-content\/uploads\/2025\/03\/bear_2006_gr.jpg&#8221; show_copyright=&#8221;off&#8221; title_text=&#8221;B\u00e4r, 2006, 40 x 30 cm, Pastell, Kohle, Schwarzkreide, Mohn\u00f6l, \u00d6lfarbe auf Papier&#8221; show_lightbox_copyright=&#8221;off&#8221; align=&#8221;center&#8221; _builder_version=&#8221;4.27.4&#8243; _module_preset=&#8221;default&#8221; max_height=&#8221;200px&#8221; max_height_tablet=&#8221;200px&#8221; max_height_phone=&#8221;200px&#8221; max_height_last_edited=&#8221;on|tablet&#8221; global_colors_info=&#8221;{}&#8221; transform_styles__hover_enabled=&#8221;on|hover&#8221; transform_scale__hover=&#8221;105%|105%&#8221; transform_scale__hover_enabled=&#8221;on|hover&#8221; transform_translate__hover_enabled=&#8221;on|desktop&#8221; transform_rotate__hover_enabled=&#8221;on|desktop&#8221; transform_skew__hover_enabled=&#8221;on|desktop&#8221; transform_origin__hover_enabled=&#8221;on|desktop&#8221;][\/et_pb_is_image][\/et_pb_column][et_pb_column type=&#8221;1_6&#8243; _builder_version=&#8221;4.27.4&#8243; _module_preset=&#8221;default&#8221; global_colors_info=&#8221;{}&#8221;][et_pb_is_image src=&#8221;https:\/\/anna-stangl.at\/wp-content\/uploads\/2025\/03\/octopus_2005_gr.jpg&#8221; show_copyright=&#8221;off&#8221; title_text=&#8221;Octopus, 2005, 30 x 40 cm, Tusche, Schwarzkreide, Graphitstift, \u00d6lfarbe, Mohn\u00f6l, Pastell auf Papier&#8221; show_lightbox_copyright=&#8221;off&#8221; align=&#8221;center&#8221; _builder_version=&#8221;4.27.4&#8243; _module_preset=&#8221;default&#8221; max_height=&#8221;200px&#8221; max_height_tablet=&#8221;200px&#8221; max_height_phone=&#8221;200px&#8221; max_height_last_edited=&#8221;on|tablet&#8221; global_colors_info=&#8221;{}&#8221; transform_styles__hover_enabled=&#8221;on|hover&#8221; transform_scale__hover=&#8221;105%|105%&#8221; transform_scale__hover_enabled=&#8221;on|hover&#8221; transform_translate__hover_enabled=&#8221;on|desktop&#8221; transform_rotate__hover_enabled=&#8221;on|desktop&#8221; transform_skew__hover_enabled=&#8221;on|desktop&#8221; transform_origin__hover_enabled=&#8221;on|desktop&#8221;][\/et_pb_is_image][\/et_pb_column][et_pb_column type=&#8221;1_6&#8243; _builder_version=&#8221;4.27.4&#8243; _module_preset=&#8221;default&#8221; global_colors_info=&#8221;{}&#8221;][et_pb_is_image src=&#8221;https:\/\/anna-stangl.at\/wp-content\/uploads\/2025\/03\/snow-tiger_2006_gr.jpg&#8221; show_copyright=&#8221;off&#8221; title_text=&#8221;Schneetiger, 2006, 40 x 30 cm, Pastell, Schwarzkreide, Kohle, \u00d6lpastell, Farbstift, Mohn\u00f6l, auf Papier&#8221; show_lightbox_copyright=&#8221;off&#8221; align=&#8221;center&#8221; _builder_version=&#8221;4.27.4&#8243; _module_preset=&#8221;default&#8221; max_height=&#8221;200px&#8221; max_height_tablet=&#8221;200px&#8221; max_height_phone=&#8221;200px&#8221; max_height_last_edited=&#8221;on|tablet&#8221; global_colors_info=&#8221;{}&#8221; transform_styles__hover_enabled=&#8221;on|hover&#8221; transform_scale__hover=&#8221;105%|105%&#8221; transform_scale__hover_enabled=&#8221;on|hover&#8221; transform_translate__hover_enabled=&#8221;on|desktop&#8221; transform_rotate__hover_enabled=&#8221;on|desktop&#8221; transform_skew__hover_enabled=&#8221;on|desktop&#8221; transform_origin__hover_enabled=&#8221;on|desktop&#8221;][\/et_pb_is_image][\/et_pb_column][et_pb_column type=&#8221;1_6&#8243; _builder_version=&#8221;4.27.4&#8243; _module_preset=&#8221;default&#8221; global_colors_info=&#8221;{}&#8221;][et_pb_is_image src=&#8221;https:\/\/anna-stangl.at\/wp-content\/uploads\/2025\/03\/floating-bear_2005_gr.jpg&#8221; show_copyright=&#8221;off&#8221; title_text=&#8221;Schwebeb\u00e4r, 2005, 40 x 50 cm, Tusche, Schwarzkreide, Pastell, \u00d6lpastell, Mohn\u00f6l auf Papier&#8221; show_lightbox_copyright=&#8221;off&#8221; _builder_version=&#8221;4.27.4&#8243; _module_preset=&#8221;default&#8221; max_height=&#8221;200px&#8221; max_height_tablet=&#8221;200px&#8221; max_height_phone=&#8221;200px&#8221; max_height_last_edited=&#8221;on|tablet&#8221; global_colors_info=&#8221;{}&#8221; transform_styles__hover_enabled=&#8221;on|hover&#8221; transform_scale__hover=&#8221;105%|105%&#8221; transform_scale__hover_enabled=&#8221;on|hover&#8221; transform_translate__hover_enabled=&#8221;on|desktop&#8221; transform_rotate__hover_enabled=&#8221;on|desktop&#8221; transform_skew__hover_enabled=&#8221;on|desktop&#8221; transform_origin__hover_enabled=&#8221;on|desktop&#8221;][\/et_pb_is_image][\/et_pb_column][et_pb_column type=&#8221;1_6&#8243; _builder_version=&#8221;4.27.4&#8243; _module_preset=&#8221;default&#8221; global_colors_info=&#8221;{}&#8221;][et_pb_is_image src=&#8221;https:\/\/anna-stangl.at\/wp-content\/uploads\/2025\/03\/hair-storm_2005_gr.jpg&#8221; show_copyright=&#8221;off&#8221; title_text=&#8221;Haarsturm, 2005, 55 x 70 cm, Pastell, Schwarzkreide, Farbstift, \u00d6lpastell, Mohn\u00f6l, auf Papier&#8221; show_lightbox_copyright=&#8221;off&#8221; align=&#8221;center&#8221; _builder_version=&#8221;4.27.4&#8243; _module_preset=&#8221;default&#8221; max_height=&#8221;200px&#8221; max_height_tablet=&#8221;200px&#8221; max_height_phone=&#8221;200px&#8221; max_height_last_edited=&#8221;on|tablet&#8221; global_colors_info=&#8221;{}&#8221; transform_styles__hover_enabled=&#8221;on|hover&#8221; transform_scale__hover=&#8221;105%|105%&#8221; transform_scale__hover_enabled=&#8221;on|hover&#8221; transform_translate__hover_enabled=&#8221;on|desktop&#8221; transform_rotate__hover_enabled=&#8221;on|desktop&#8221; transform_skew__hover_enabled=&#8221;on|desktop&#8221; transform_origin__hover_enabled=&#8221;on|desktop&#8221;][\/et_pb_is_image][\/et_pb_column][et_pb_column type=&#8221;1_6&#8243; _builder_version=&#8221;4.27.4&#8243; _module_preset=&#8221;default&#8221; global_colors_info=&#8221;{}&#8221;][et_pb_is_image src=&#8221;https:\/\/anna-stangl.at\/wp-content\/uploads\/2025\/03\/streit-quarrel_2005_gr.jpg&#8221; show_copyright=&#8221;off&#8221; title_text=&#8221;Streit, 2005, 30 x 40 cm, Pastell, Schwarzkreide, Mohn\u00f6l, Kohle, \u00d6lpastell auf Papier&#8221; show_lightbox_copyright=&#8221;off&#8221; align=&#8221;left&#8221; _builder_version=&#8221;4.27.4&#8243; _module_preset=&#8221;default&#8221; max_height=&#8221;200px&#8221; max_height_tablet=&#8221;200px&#8221; max_height_phone=&#8221;200px&#8221; max_height_last_edited=&#8221;on|tablet&#8221; global_colors_info=&#8221;{}&#8221; transform_styles__hover_enabled=&#8221;on|hover&#8221; transform_scale__hover_enabled=&#8221;on|hover&#8221; transform_translate__hover_enabled=&#8221;on|desktop&#8221; transform_rotate__hover_enabled=&#8221;on|desktop&#8221; transform_skew__hover_enabled=&#8221;on|desktop&#8221; transform_origin__hover_enabled=&#8221;on|desktop&#8221; transform_scale__hover=&#8221;105%|105%&#8221;][\/et_pb_is_image][\/et_pb_column][\/et_pb_row][et_pb_row column_structure=&#8221;1_6,1_6,1_6,1_6,1_6,1_6&#8243; use_custom_gutter=&#8221;on&#8221; gutter_width=&#8221;2&#8243; make_equal=&#8221;on&#8221; _builder_version=&#8221;4.27.4&#8243; _module_preset=&#8221;default&#8221; width=&#8221;92%&#8221; custom_margin=&#8221;5px||||false|false&#8221; global_colors_info=&#8221;{}&#8221; transform_styles__hover_enabled=&#8221;on|hover&#8221; transform_scale__hover_enabled=&#8221;on|hover&#8221; transform_translate__hover_enabled=&#8221;on|desktop&#8221; transform_rotate__hover_enabled=&#8221;on|desktop&#8221; transform_skew__hover_enabled=&#8221;on|desktop&#8221; transform_origin__hover_enabled=&#8221;on|desktop&#8221;][et_pb_column type=&#8221;1_6&#8243; _builder_version=&#8221;4.27.4&#8243; _module_preset=&#8221;default&#8221; global_colors_info=&#8221;{}&#8221;][et_pb_is_image src=&#8221;https:\/\/anna-stangl.at\/wp-content\/uploads\/2025\/03\/test-of-courage_2005_gr.jpg&#8221; show_copyright=&#8221;off&#8221; title_text=&#8221;Mutprobe, 2005, 30 x 40 cm, Pastell, Mohn\u00f6l, Schwarzkreide, \u00d6lfarbe, Kohle auf Papier&#8221; show_lightbox_copyright=&#8221;off&#8221; align=&#8221;left&#8221; _builder_version=&#8221;4.27.4&#8243; _module_preset=&#8221;default&#8221; max_height=&#8221;200px&#8221; max_height_tablet=&#8221;200px&#8221; max_height_phone=&#8221;200px&#8221; max_height_last_edited=&#8221;on|tablet&#8221; global_colors_info=&#8221;{}&#8221; transform_styles__hover_enabled=&#8221;on|hover&#8221; transform_scale__hover_enabled=&#8221;on|hover&#8221; transform_translate__hover_enabled=&#8221;on|desktop&#8221; transform_rotate__hover_enabled=&#8221;on|desktop&#8221; transform_skew__hover_enabled=&#8221;on|desktop&#8221; transform_origin__hover_enabled=&#8221;on|desktop&#8221; transform_scale__hover=&#8221;105%|105%&#8221;][\/et_pb_is_image][\/et_pb_column][et_pb_column type=&#8221;1_6&#8243; _builder_version=&#8221;4.27.4&#8243; _module_preset=&#8221;default&#8221; global_colors_info=&#8221;{}&#8221;][et_pb_is_image src=&#8221;https:\/\/anna-stangl.at\/wp-content\/uploads\/2025\/03\/blinders_2005_gr.jpg&#8221; show_copyright=&#8221;off&#8221; title_text=&#8221;Scheuklappen, 2005, 30 x 40 cm, Pastell, Mohn\u00f6l, Schwarzkreide, Farbstift, \u00d6lpastell, Kohle auf Papier&#8221; show_lightbox_copyright=&#8221;off&#8221; align=&#8221;center&#8221; _builder_version=&#8221;4.27.4&#8243; _module_preset=&#8221;default&#8221; max_height=&#8221;200px&#8221; max_height_tablet=&#8221;200px&#8221; max_height_phone=&#8221;200px&#8221; max_height_last_edited=&#8221;on|tablet&#8221; global_colors_info=&#8221;{}&#8221; transform_styles__hover_enabled=&#8221;on|hover&#8221; transform_scale__hover=&#8221;105%|105%&#8221; transform_scale__hover_enabled=&#8221;on|hover&#8221; transform_translate__hover_enabled=&#8221;on|desktop&#8221; transform_rotate__hover_enabled=&#8221;on|desktop&#8221; transform_skew__hover_enabled=&#8221;on|desktop&#8221; transform_origin__hover_enabled=&#8221;on|desktop&#8221;][\/et_pb_is_image][\/et_pb_column][et_pb_column type=&#8221;1_6&#8243; _builder_version=&#8221;4.27.4&#8243; _module_preset=&#8221;default&#8221; global_colors_info=&#8221;{}&#8221;][et_pb_is_image src=&#8221;https:\/\/anna-stangl.at\/wp-content\/uploads\/2025\/03\/beast-very-big_2005_gr.jpg&#8221; show_copyright=&#8221;off&#8221; title_text=&#8221;Tier, sehr gro\u00df, 2005, Kohle, Schwarzkreide, \u00d6lpastell, Mohn\u00f6l, Pastell auf Papier, collagiert&#8221; show_lightbox_copyright=&#8221;off&#8221; align=&#8221;center&#8221; _builder_version=&#8221;4.27.4&#8243; _module_preset=&#8221;default&#8221; max_height=&#8221;200px&#8221; max_height_tablet=&#8221;200px&#8221; max_height_phone=&#8221;200px&#8221; max_height_last_edited=&#8221;on|tablet&#8221; global_colors_info=&#8221;{}&#8221; transform_styles__hover_enabled=&#8221;on|hover&#8221; transform_scale__hover=&#8221;105%|105%&#8221; transform_scale__hover_enabled=&#8221;on|hover&#8221; transform_translate__hover_enabled=&#8221;on|desktop&#8221; transform_rotate__hover_enabled=&#8221;on|desktop&#8221; transform_skew__hover_enabled=&#8221;on|desktop&#8221; transform_origin__hover_enabled=&#8221;on|desktop&#8221;][\/et_pb_is_image][\/et_pb_column][et_pb_column type=&#8221;1_6&#8243; _builder_version=&#8221;4.27.4&#8243; _module_preset=&#8221;default&#8221; global_colors_info=&#8221;{}&#8221;][et_pb_is_image src=&#8221;https:\/\/anna-stangl.at\/wp-content\/uploads\/2025\/03\/traeumen_2005_gr.jpg&#8221; show_copyright=&#8221;off&#8221; title_text=&#8221;Tr\u00e4umen, 2005, 55 x 75cm, Pastell, Schwarzkreide, Kohle, \u00d6lpastell, Mohn\u00f6l, auf Papier, collagiert&#8221; show_lightbox_copyright=&#8221;off&#8221; align=&#8221;left&#8221; _builder_version=&#8221;4.27.4&#8243; _module_preset=&#8221;default&#8221; max_height=&#8221;200px&#8221; max_height_tablet=&#8221;200px&#8221; max_height_phone=&#8221;200px&#8221; max_height_last_edited=&#8221;on|tablet&#8221; global_colors_info=&#8221;{}&#8221; transform_styles__hover_enabled=&#8221;on|hover&#8221; transform_scale__hover_enabled=&#8221;on|hover&#8221; transform_translate__hover_enabled=&#8221;on|desktop&#8221; transform_rotate__hover_enabled=&#8221;on|desktop&#8221; transform_skew__hover_enabled=&#8221;on|desktop&#8221; transform_origin__hover_enabled=&#8221;on|desktop&#8221; transform_scale__hover=&#8221;105%|105%&#8221;][\/et_pb_is_image][\/et_pb_column][et_pb_column type=&#8221;1_6&#8243; _builder_version=&#8221;4.27.4&#8243; _module_preset=&#8221;default&#8221; global_colors_info=&#8221;{}&#8221;][et_pb_is_image src=&#8221;https:\/\/anna-stangl.at\/wp-content\/uploads\/2025\/03\/swimming_2006_gr.jpg&#8221; show_copyright=&#8221;off&#8221; title_text=&#8221;Schwimmen, 2006, 30 x 40 cm, Pastell, Schwarzkreide, Kohle, \u00d6lpastell, Mohn\u00f6l, auf Papier&#8221; show_lightbox_copyright=&#8221;off&#8221; align=&#8221;center&#8221; _builder_version=&#8221;4.27.4&#8243; _module_preset=&#8221;default&#8221; max_height=&#8221;200px&#8221; max_height_tablet=&#8221;200px&#8221; max_height_phone=&#8221;200px&#8221; max_height_last_edited=&#8221;on|tablet&#8221; global_colors_info=&#8221;{}&#8221; transform_styles__hover_enabled=&#8221;on|hover&#8221; transform_scale__hover=&#8221;105%|105%&#8221; transform_scale__hover_enabled=&#8221;on|hover&#8221; transform_translate__hover_enabled=&#8221;on|desktop&#8221; transform_rotate__hover_enabled=&#8221;on|desktop&#8221; transform_skew__hover_enabled=&#8221;on|desktop&#8221; transform_origin__hover_enabled=&#8221;on|desktop&#8221;][\/et_pb_is_image][\/et_pb_column][et_pb_column type=&#8221;1_6&#8243; _builder_version=&#8221;4.27.4&#8243; _module_preset=&#8221;default&#8221; global_colors_info=&#8221;{}&#8221;][et_pb_is_image src=&#8221;https:\/\/anna-stangl.at\/wp-content\/uploads\/2025\/03\/spirale-2005_gr.jpg&#8221; show_copyright=&#8221;off&#8221; title_text=&#8221;Pflanzenspirale, 2005, 29 x 42 cm, Pastell, Schwarzkreide, Mohn\u00f6l, \u00d6lpastell, Farbstift, Papier&#8221; show_lightbox_copyright=&#8221;off&#8221; align=&#8221;center&#8221; _builder_version=&#8221;4.27.4&#8243; _module_preset=&#8221;default&#8221; max_height=&#8221;200px&#8221; max_height_tablet=&#8221;200px&#8221; max_height_phone=&#8221;200px&#8221; max_height_last_edited=&#8221;on|tablet&#8221; global_colors_info=&#8221;{}&#8221; transform_styles__hover_enabled=&#8221;on|hover&#8221; transform_scale__hover=&#8221;105%|105%&#8221; transform_scale__hover_enabled=&#8221;on|hover&#8221; transform_translate__hover_enabled=&#8221;on|desktop&#8221; transform_rotate__hover_enabled=&#8221;on|desktop&#8221; transform_skew__hover_enabled=&#8221;on|desktop&#8221; transform_origin__hover_enabled=&#8221;on|desktop&#8221;][\/et_pb_is_image][\/et_pb_column][\/et_pb_row][et_pb_row column_structure=&#8221;1_6,1_6,1_6,1_6,1_6,1_6&#8243; use_custom_gutter=&#8221;on&#8221; gutter_width=&#8221;2&#8243; make_equal=&#8221;on&#8221; module_class=&#8221;extratop&#8221; _builder_version=&#8221;4.27.4&#8243; _module_preset=&#8221;default&#8221; width=&#8221;92%&#8221; custom_margin=&#8221;5px||||false|false&#8221; global_colors_info=&#8221;{}&#8221; transform_styles__hover_enabled=&#8221;on|hover&#8221; transform_scale__hover_enabled=&#8221;on|hover&#8221; transform_translate__hover_enabled=&#8221;on|desktop&#8221; transform_rotate__hover_enabled=&#8221;on|desktop&#8221; transform_skew__hover_enabled=&#8221;on|desktop&#8221; transform_origin__hover_enabled=&#8221;on|desktop&#8221;][et_pb_column type=&#8221;1_6&#8243; _builder_version=&#8221;4.27.4&#8243; _module_preset=&#8221;default&#8221; global_colors_info=&#8221;{}&#8221;][et_pb_is_image src=&#8221;https:\/\/anna-stangl.at\/wp-content\/uploads\/2025\/03\/quarrelsome-bear-and-tears_.jpg&#8221; show_copyright=&#8221;off&#8221; title_text=&#8221;Streitb\u00e4r und Tropfen, 2005, 30 x 40 cm, Schwarzkreide, Pastell, \u00d6lfarbe, Mohn\u00f6l auf Papier&#8221; show_lightbox_copyright=&#8221;off&#8221; align=&#8221;center&#8221; _builder_version=&#8221;4.27.4&#8243; _module_preset=&#8221;default&#8221; max_height=&#8221;200px&#8221; max_height_tablet=&#8221;200px&#8221; max_height_phone=&#8221;200px&#8221; max_height_last_edited=&#8221;on|tablet&#8221; global_colors_info=&#8221;{}&#8221; transform_styles__hover_enabled=&#8221;on|hover&#8221; transform_scale__hover=&#8221;105%|105%&#8221; transform_scale__hover_enabled=&#8221;on|hover&#8221; transform_translate__hover_enabled=&#8221;on|desktop&#8221; transform_rotate__hover_enabled=&#8221;on|desktop&#8221; transform_skew__hover_enabled=&#8221;on|desktop&#8221; transform_origin__hover_enabled=&#8221;on|desktop&#8221;][\/et_pb_is_image][\/et_pb_column][et_pb_column type=&#8221;1_6&#8243; _builder_version=&#8221;4.27.4&#8243; _module_preset=&#8221;default&#8221; global_colors_info=&#8221;{}&#8221;][et_pb_is_image src=&#8221;https:\/\/anna-stangl.at\/wp-content\/uploads\/2025\/03\/hunde-ziehen-vorbei_2005_gr.jpg&#8221; show_copyright=&#8221;off&#8221; title_text=&#8221;Hunde ziehen vorbei, 2005, 30 x 40 cm, Schwarzkreide, Pastell, \u00d6lpastell, Mohn\u00f6l auf Papier&#8221; show_lightbox_copyright=&#8221;off&#8221; align=&#8221;left&#8221; _builder_version=&#8221;4.27.4&#8243; _module_preset=&#8221;default&#8221; max_height=&#8221;200px&#8221; max_height_tablet=&#8221;200px&#8221; max_height_phone=&#8221;200px&#8221; max_height_last_edited=&#8221;on|tablet&#8221; global_colors_info=&#8221;{}&#8221; transform_styles__hover_enabled=&#8221;on|hover&#8221; transform_scale__hover_enabled=&#8221;on|hover&#8221; transform_translate__hover_enabled=&#8221;on|desktop&#8221; transform_rotate__hover_enabled=&#8221;on|desktop&#8221; transform_skew__hover_enabled=&#8221;on|desktop&#8221; transform_origin__hover_enabled=&#8221;on|desktop&#8221; transform_scale__hover=&#8221;105%|105%&#8221;][\/et_pb_is_image][\/et_pb_column][et_pb_column type=&#8221;1_6&#8243; _builder_version=&#8221;4.27.4&#8243; _module_preset=&#8221;default&#8221; global_colors_info=&#8221;{}&#8221;][et_pb_is_image src=&#8221;https:\/\/anna-stangl.at\/wp-content\/uploads\/2025\/03\/wide-awake-sleeping_2005_gr.jpg&#8221; show_copyright=&#8221;off&#8221; title_text=&#8221;Hellwach schlafen, 2005, 70 x 100 cm, Pastell, Schwarzkreide, Kohle, \u00d6lfarbe, Mohn\u00f6l, auf Papier&#8221; show_lightbox_copyright=&#8221;off&#8221; _builder_version=&#8221;4.27.4&#8243; _module_preset=&#8221;default&#8221; max_height=&#8221;200px&#8221; max_height_tablet=&#8221;200px&#8221; max_height_phone=&#8221;200px&#8221; max_height_last_edited=&#8221;on|tablet&#8221; global_colors_info=&#8221;{}&#8221; transform_styles__hover_enabled=&#8221;on|hover&#8221; transform_scale__hover=&#8221;105%|105%&#8221; transform_scale__hover_enabled=&#8221;on|hover&#8221; transform_translate__hover_enabled=&#8221;on|desktop&#8221; transform_rotate__hover_enabled=&#8221;on|desktop&#8221; transform_skew__hover_enabled=&#8221;on|desktop&#8221; transform_origin__hover_enabled=&#8221;on|desktop&#8221;][\/et_pb_is_image][\/et_pb_column][et_pb_column type=&#8221;1_6&#8243; _builder_version=&#8221;4.27.4&#8243; _module_preset=&#8221;default&#8221; global_colors_info=&#8221;{}&#8221;][et_pb_is_image src=&#8221;https:\/\/anna-stangl.at\/wp-content\/uploads\/2025\/03\/laufen_2005_gr.jpg&#8221; show_copyright=&#8221;off&#8221; title_text=&#8221;Laufen, 2005, 40 x 50 cm, Pastell, Schwarzkreide, Mohn\u00f6l, Kohle, \u00d6lfarbe auf Papier&#8221; show_lightbox_copyright=&#8221;off&#8221; align=&#8221;left&#8221; _builder_version=&#8221;4.27.4&#8243; _module_preset=&#8221;default&#8221; max_height=&#8221;200px&#8221; max_height_tablet=&#8221;200px&#8221; max_height_phone=&#8221;200px&#8221; max_height_last_edited=&#8221;on|tablet&#8221; global_colors_info=&#8221;{}&#8221; transform_styles__hover_enabled=&#8221;on|hover&#8221; transform_scale__hover_enabled=&#8221;on|hover&#8221; transform_translate__hover_enabled=&#8221;on|desktop&#8221; transform_rotate__hover_enabled=&#8221;on|desktop&#8221; transform_skew__hover_enabled=&#8221;on|desktop&#8221; transform_origin__hover_enabled=&#8221;on|desktop&#8221; transform_scale__hover=&#8221;105%|105%&#8221;][\/et_pb_is_image][\/et_pb_column][et_pb_column type=&#8221;1_6&#8243; _builder_version=&#8221;4.27.4&#8243; _module_preset=&#8221;default&#8221; global_colors_info=&#8221;{}&#8221;][\/et_pb_column][et_pb_column type=&#8221;1_6&#8243; _builder_version=&#8221;4.27.4&#8243; _module_preset=&#8221;default&#8221; global_colors_info=&#8221;{}&#8221;][\/et_pb_column][\/et_pb_row][\/et_pb_section][et_pb_section fb_built=&#8221;1&#8243; admin_label=&#8221;Section 2000-2004&#8243; _builder_version=&#8221;4.27.4&#8243; _module_preset=&#8221;default&#8221; custom_margin=&#8221;0px||||false|false&#8221; custom_padding=&#8221;0px||||false|false&#8221; collapsed=&#8221;off&#8221; global_colors_info=&#8221;{}&#8221;][et_pb_row _builder_version=&#8221;4.27.4&#8243; _module_preset=&#8221;default&#8221; width=&#8221;92%&#8221; custom_margin=&#8221;0px||0px||false|false&#8221; custom_padding=&#8221;8px||0px||false|false&#8221; global_colors_info=&#8221;{}&#8221;][et_pb_column type=&#8221;4_4&#8243; _builder_version=&#8221;4.27.4&#8243; _module_preset=&#8221;default&#8221; global_colors_info=&#8221;{}&#8221;][et_pb_text admin_label=&#8221;2000-2004&#8243; _builder_version=&#8221;4.27.4&#8243; _module_preset=&#8221;default&#8221; global_colors_info=&#8221;{}&#8221;]<\/p>\n<h3>2000 &#8211; 2004<\/h3>\n<p>[\/et_pb_text][\/et_pb_column][\/et_pb_row][et_pb_row column_structure=&#8221;1_3,1_3,1_3&#8243; module_class=&#8221;bigfirstrow&#8221; _builder_version=&#8221;4.27.4&#8243; _module_preset=&#8221;default&#8221; width=&#8221;92%&#8221; custom_padding=&#8221;14px||||false|false&#8221; global_colors_info=&#8221;{}&#8221; transform_styles__hover_enabled=&#8221;on|hover&#8221; transform_scale__hover_enabled=&#8221;on|hover&#8221; transform_translate__hover_enabled=&#8221;on|desktop&#8221; transform_rotate__hover_enabled=&#8221;on|desktop&#8221; transform_skew__hover_enabled=&#8221;on|desktop&#8221; transform_origin__hover_enabled=&#8221;on|desktop&#8221;][et_pb_column type=&#8221;1_3&#8243; _builder_version=&#8221;4.27.4&#8243; _module_preset=&#8221;default&#8221; global_colors_info=&#8221;{}&#8221;][et_pb_is_image src=&#8221;https:\/\/anna-stangl.at\/wp-content\/uploads\/2025\/03\/hair-game_2004_gr.jpg&#8221; show_copyright=&#8221;off&#8221; title_text=&#8221;Haarspiel, 2004, Pastell, Farbstift, Mohn\u00f6l, Kohle, \u00d6lpastell auf Papier&#8221; show_lightbox_copyright=&#8221;off&#8221; module_class=&#8221;bigfirstimage&#8221; _builder_version=&#8221;4.27.4&#8243; _module_preset=&#8221;default&#8221; global_colors_info=&#8221;{}&#8221; transform_styles__hover_enabled=&#8221;on|hover&#8221; transform_scale__hover_enabled=&#8221;on|hover&#8221; transform_translate__hover_enabled=&#8221;on|desktop&#8221; transform_rotate__hover_enabled=&#8221;on|desktop&#8221; transform_skew__hover_enabled=&#8221;on|desktop&#8221; transform_origin__hover_enabled=&#8221;on|desktop&#8221; transform_scale__hover=&#8221;105%|105%&#8221;][\/et_pb_is_image][\/et_pb_column][et_pb_column type=&#8221;1_3&#8243; _builder_version=&#8221;4.27.4&#8243; _module_preset=&#8221;default&#8221; global_colors_info=&#8221;{}&#8221;][et_pb_is_image src=&#8221;https:\/\/anna-stangl.at\/wp-content\/uploads\/2025\/03\/red-threads_2004_gr.jpg&#8221; show_copyright=&#8221;off&#8221; title_text=&#8221;Rote F\u00e4den, 2004, Pastell, Mohn\u00f6l, Schwarzkreide, Farbstift, \u00d6lfarbe auf Papier&#8221; show_lightbox_copyright=&#8221;off&#8221; module_class=&#8221;bigfirstimage&#8221; _builder_version=&#8221;4.27.4&#8243; _module_preset=&#8221;default&#8221; transform_scale=&#8221;95%|95%&#8221; transform_translate=&#8221;0px|-12px&#8221; transform_translate_linked=&#8221;off&#8221; locked=&#8221;off&#8221; global_colors_info=&#8221;{}&#8221; transform_styles__hover_enabled=&#8221;on|desktop&#8221; transform_scale__hover_enabled=&#8221;on|hover&#8221; transform_translate__hover_enabled=&#8221;on|desktop&#8221; transform_rotate__hover_enabled=&#8221;on|desktop&#8221; transform_skew__hover_enabled=&#8221;on|desktop&#8221; transform_origin__hover_enabled=&#8221;on|desktop&#8221; transform_scale__hover=&#8221;100%|100%&#8221; transform_translate__hover=&#8221;0px|-12px&#8221;][\/et_pb_is_image][\/et_pb_column][et_pb_column type=&#8221;1_3&#8243; _builder_version=&#8221;4.27.4&#8243; _module_preset=&#8221;default&#8221; global_colors_info=&#8221;{}&#8221;][et_pb_is_image src=&#8221;https:\/\/anna-stangl.at\/wp-content\/uploads\/2025\/03\/fauna_2004_gr.jpg&#8221; show_copyright=&#8221;off&#8221; title_text=&#8221;Fauna, 2004, 30 x 40 cm, Pastell, Schwarzkreide, Mohn\u00f6l, Tusche, Graphitstift auf Papier&#8221; show_lightbox_copyright=&#8221;off&#8221; module_class=&#8221;bigfirstimage&#8221; _builder_version=&#8221;4.27.4&#8243; _module_preset=&#8221;default&#8221; transform_translate_linked=&#8221;off&#8221; locked=&#8221;off&#8221; global_colors_info=&#8221;{}&#8221; transform_styles__hover_enabled=&#8221;on|hover&#8221; transform_scale__hover_enabled=&#8221;on|hover&#8221; transform_translate__hover_enabled=&#8221;on|hover&#8221; transform_rotate__hover_enabled=&#8221;on|desktop&#8221; transform_skew__hover_enabled=&#8221;on|desktop&#8221; transform_origin__hover_enabled=&#8221;on|desktop&#8221; transform_scale__hover=&#8221;105%|105%&#8221;][\/et_pb_is_image][\/et_pb_column][\/et_pb_row][et_pb_row column_structure=&#8221;1_6,1_6,1_6,1_6,1_6,1_6&#8243; use_custom_gutter=&#8221;on&#8221; gutter_width=&#8221;2&#8243; make_equal=&#8221;on&#8221; _builder_version=&#8221;4.27.4&#8243; _module_preset=&#8221;default&#8221; width=&#8221;92%&#8221; custom_margin=&#8221;5px||||false|false&#8221; global_colors_info=&#8221;{}&#8221; transform_styles__hover_enabled=&#8221;on|hover&#8221; transform_scale__hover_enabled=&#8221;on|hover&#8221; transform_translate__hover_enabled=&#8221;on|desktop&#8221; transform_rotate__hover_enabled=&#8221;on|desktop&#8221; transform_skew__hover_enabled=&#8221;on|desktop&#8221; transform_origin__hover_enabled=&#8221;on|desktop&#8221;][et_pb_column type=&#8221;1_6&#8243; _builder_version=&#8221;4.27.4&#8243; _module_preset=&#8221;default&#8221; global_colors_info=&#8221;{}&#8221;][et_pb_is_image src=&#8221;https:\/\/anna-stangl.at\/wp-content\/uploads\/2025\/03\/dream_2004_gr.jpg&#8221; show_copyright=&#8221;off&#8221; title_text=&#8221;Traum, 2004, 70 x 100 cm, Pastell, Mohn\u00f6l, Kohle, \u00d6lpastell auf Papier&#8221; show_lightbox_copyright=&#8221;off&#8221; align=&#8221;center&#8221; _builder_version=&#8221;4.27.4&#8243; _module_preset=&#8221;default&#8221; max_height=&#8221;200px&#8221; max_height_tablet=&#8221;200px&#8221; max_height_phone=&#8221;200px&#8221; max_height_last_edited=&#8221;on|tablet&#8221; global_colors_info=&#8221;{}&#8221; transform_styles__hover_enabled=&#8221;on|hover&#8221; transform_scale__hover=&#8221;105%|105%&#8221; transform_scale__hover_enabled=&#8221;on|hover&#8221; transform_translate__hover_enabled=&#8221;on|desktop&#8221; transform_rotate__hover_enabled=&#8221;on|desktop&#8221; transform_skew__hover_enabled=&#8221;on|desktop&#8221; transform_origin__hover_enabled=&#8221;on|desktop&#8221;][\/et_pb_is_image][\/et_pb_column][et_pb_column type=&#8221;1_6&#8243; _builder_version=&#8221;4.27.4&#8243; _module_preset=&#8221;default&#8221; global_colors_info=&#8221;{}&#8221;][et_pb_is_image src=&#8221;https:\/\/anna-stangl.at\/wp-content\/uploads\/2025\/03\/zwilling_2000_gr.jpg&#8221; show_copyright=&#8221;off&#8221; title_text=&#8221;Zwilling, 2000, 30 x 20cm, \u00d6lfarbe, Pastell, Schwarzkreide, Farbstift auf Papier&#8221; show_lightbox_copyright=&#8221;off&#8221; align=&#8221;center&#8221; _builder_version=&#8221;4.27.4&#8243; _module_preset=&#8221;default&#8221; max_height=&#8221;200px&#8221; max_height_tablet=&#8221;200px&#8221; max_height_phone=&#8221;200px&#8221; max_height_last_edited=&#8221;on|tablet&#8221; global_colors_info=&#8221;{}&#8221; transform_styles__hover_enabled=&#8221;on|hover&#8221; transform_scale__hover=&#8221;105%|105%&#8221; transform_scale__hover_enabled=&#8221;on|hover&#8221; transform_translate__hover_enabled=&#8221;on|desktop&#8221; transform_rotate__hover_enabled=&#8221;on|desktop&#8221; transform_skew__hover_enabled=&#8221;on|desktop&#8221; transform_origin__hover_enabled=&#8221;on|desktop&#8221;][\/et_pb_is_image][\/et_pb_column][et_pb_column type=&#8221;1_6&#8243; _builder_version=&#8221;4.27.4&#8243; _module_preset=&#8221;default&#8221; global_colors_info=&#8221;{}&#8221;][et_pb_is_image src=&#8221;https:\/\/anna-stangl.at\/wp-content\/uploads\/2025\/03\/mushrooms_2004_gr.jpg&#8221; show_copyright=&#8221;off&#8221; title_text=&#8221;Pilze, 2004, 40 x 50 cm, Pastell, Mohn\u00f6l, Kohle, \u00d6lfarbe auf Papier&#8221; show_lightbox_copyright=&#8221;off&#8221; align=&#8221;center&#8221; _builder_version=&#8221;4.27.4&#8243; _module_preset=&#8221;default&#8221; max_height=&#8221;200px&#8221; max_height_tablet=&#8221;200px&#8221; max_height_phone=&#8221;200px&#8221; max_height_last_edited=&#8221;on|tablet&#8221; global_colors_info=&#8221;{}&#8221; transform_styles__hover_enabled=&#8221;on|hover&#8221; transform_scale__hover=&#8221;105%|105%&#8221; transform_scale__hover_enabled=&#8221;on|hover&#8221; transform_translate__hover_enabled=&#8221;on|desktop&#8221; transform_rotate__hover_enabled=&#8221;on|desktop&#8221; transform_skew__hover_enabled=&#8221;on|desktop&#8221; transform_origin__hover_enabled=&#8221;on|desktop&#8221;][\/et_pb_is_image][\/et_pb_column][et_pb_column type=&#8221;1_6&#8243; _builder_version=&#8221;4.27.4&#8243; _module_preset=&#8221;default&#8221; global_colors_info=&#8221;{}&#8221;][et_pb_is_image src=&#8221;https:\/\/anna-stangl.at\/wp-content\/uploads\/2025\/03\/moth-woman_2002_gr.jpg&#8221; show_copyright=&#8221;off&#8221; title_text=&#8221;Falterfrau, 2002, 20 x 29 cm, Tusche, Aquarell auf indischem Papier&#8221; show_lightbox_copyright=&#8221;off&#8221; align=&#8221;center&#8221; _builder_version=&#8221;4.27.4&#8243; _module_preset=&#8221;default&#8221; max_height=&#8221;200px&#8221; max_height_tablet=&#8221;200px&#8221; max_height_phone=&#8221;200px&#8221; max_height_last_edited=&#8221;on|tablet&#8221; global_colors_info=&#8221;{}&#8221; transform_styles__hover_enabled=&#8221;on|hover&#8221; transform_scale__hover=&#8221;105%|105%&#8221; transform_scale__hover_enabled=&#8221;on|hover&#8221; transform_translate__hover_enabled=&#8221;on|desktop&#8221; transform_rotate__hover_enabled=&#8221;on|desktop&#8221; transform_skew__hover_enabled=&#8221;on|desktop&#8221; transform_origin__hover_enabled=&#8221;on|desktop&#8221;][\/et_pb_is_image][\/et_pb_column][et_pb_column type=&#8221;1_6&#8243; _builder_version=&#8221;4.27.4&#8243; _module_preset=&#8221;default&#8221; global_colors_info=&#8221;{}&#8221;][et_pb_is_image src=&#8221;https:\/\/anna-stangl.at\/wp-content\/uploads\/2025\/03\/smart-guy_2002_gr.jpg&#8221; show_copyright=&#8221;off&#8221; title_text=&#8221;Schlauer Kerl, 2002, 29 x 38 cm, Tusche, \u00d6lpastell, Farbstift auf Japanpapier&#8221; show_lightbox_copyright=&#8221;off&#8221; align=&#8221;center&#8221; _builder_version=&#8221;4.27.4&#8243; _module_preset=&#8221;default&#8221; max_height=&#8221;200px&#8221; max_height_tablet=&#8221;200px&#8221; max_height_phone=&#8221;200px&#8221; max_height_last_edited=&#8221;on|tablet&#8221; global_colors_info=&#8221;{}&#8221; transform_styles__hover_enabled=&#8221;on|hover&#8221; transform_scale__hover=&#8221;105%|105%&#8221; transform_scale__hover_enabled=&#8221;on|hover&#8221; transform_translate__hover_enabled=&#8221;on|desktop&#8221; transform_rotate__hover_enabled=&#8221;on|desktop&#8221; transform_skew__hover_enabled=&#8221;on|desktop&#8221; transform_origin__hover_enabled=&#8221;on|desktop&#8221;][\/et_pb_is_image][\/et_pb_column][et_pb_column type=&#8221;1_6&#8243; _builder_version=&#8221;4.27.4&#8243; _module_preset=&#8221;default&#8221; global_colors_info=&#8221;{}&#8221;][et_pb_is_image src=&#8221;https:\/\/anna-stangl.at\/wp-content\/uploads\/2025\/03\/rabbit-series-hidden_2002_g.jpg&#8221; show_copyright=&#8221;off&#8221; title_text=&#8221;Hase, Serie \u201eVersteckt\u201c, Vorder u.-R\u00fcckseite, 2002, 29 x 21 cm, Pastell, Schwarzkreide, Mohn\u00f6l auf Japanpapier Die Serie:\u201cVersteckt\u201c arbeitet vor allem mit Inhalten erotischer Natur. Auf der R\u00fcckseite des Blattes befindet sich die vollst\u00e4ndige Zeichnung, diese Zeichnung wird auf die Vorderseite des Blattes \u00fcbertragen, ist dort aber bedeckt durch eine Musterstruktur; -so wird der intime Charakter der Arbeit verschl\u00fcsselt und gibt sich dem Auge des Betrachters nicht sofort preis.&#8221; show_lightbox_copyright=&#8221;off&#8221; _builder_version=&#8221;4.27.4&#8243; _module_preset=&#8221;default&#8221; max_height=&#8221;200px&#8221; max_height_tablet=&#8221;200px&#8221; max_height_phone=&#8221;200px&#8221; max_height_last_edited=&#8221;on|tablet&#8221; global_colors_info=&#8221;{}&#8221; transform_styles__hover_enabled=&#8221;on|hover&#8221; transform_scale__hover=&#8221;105%|105%&#8221; transform_scale__hover_enabled=&#8221;on|hover&#8221; transform_translate__hover_enabled=&#8221;on|desktop&#8221; transform_rotate__hover_enabled=&#8221;on|desktop&#8221; transform_skew__hover_enabled=&#8221;on|desktop&#8221; transform_origin__hover_enabled=&#8221;on|desktop&#8221;][\/et_pb_is_image][\/et_pb_column][\/et_pb_row][et_pb_row column_structure=&#8221;1_6,1_6,1_6,1_6,1_6,1_6&#8243; use_custom_gutter=&#8221;on&#8221; gutter_width=&#8221;2&#8243; make_equal=&#8221;on&#8221; _builder_version=&#8221;4.27.4&#8243; _module_preset=&#8221;default&#8221; width=&#8221;92%&#8221; custom_margin=&#8221;5px||||false|false&#8221; global_colors_info=&#8221;{}&#8221; transform_styles__hover_enabled=&#8221;on|hover&#8221; transform_scale__hover_enabled=&#8221;on|hover&#8221; transform_translate__hover_enabled=&#8221;on|desktop&#8221; transform_rotate__hover_enabled=&#8221;on|desktop&#8221; transform_skew__hover_enabled=&#8221;on|desktop&#8221; transform_origin__hover_enabled=&#8221;on|desktop&#8221;][et_pb_column type=&#8221;1_6&#8243; _builder_version=&#8221;4.27.4&#8243; _module_preset=&#8221;default&#8221; global_colors_info=&#8221;{}&#8221;][et_pb_is_image src=&#8221;https:\/\/anna-stangl.at\/wp-content\/uploads\/2025\/03\/libellenfrau_2000_gr.jpg&#8221; show_copyright=&#8221;off&#8221; title_text=&#8221;Libellenfrau, 2000, 40 x 30 cm, \u00d6lfarbe, Schwarzkreide, Pastell, Mohn\u00f6l, Papier auf Karton&#8221; show_lightbox_copyright=&#8221;off&#8221; align=&#8221;center&#8221; _builder_version=&#8221;4.27.4&#8243; _module_preset=&#8221;default&#8221; max_height=&#8221;200px&#8221; max_height_tablet=&#8221;200px&#8221; max_height_phone=&#8221;200px&#8221; max_height_last_edited=&#8221;on|tablet&#8221; global_colors_info=&#8221;{}&#8221; transform_styles__hover_enabled=&#8221;on|hover&#8221; transform_scale__hover=&#8221;105%|105%&#8221; transform_scale__hover_enabled=&#8221;on|hover&#8221; transform_translate__hover_enabled=&#8221;on|desktop&#8221; transform_rotate__hover_enabled=&#8221;on|desktop&#8221; transform_skew__hover_enabled=&#8221;on|desktop&#8221; transform_origin__hover_enabled=&#8221;on|desktop&#8221;][\/et_pb_is_image][\/et_pb_column][et_pb_column type=&#8221;1_6&#8243; _builder_version=&#8221;4.27.4&#8243; _module_preset=&#8221;default&#8221; global_colors_info=&#8221;{}&#8221;][et_pb_is_image src=&#8221;https:\/\/anna-stangl.at\/wp-content\/uploads\/2025\/03\/together_2000_gr.jpg&#8221; show_copyright=&#8221;off&#8221; title_text=&#8221;Verbunden, 2000, 30 x 40 cm, Schwarzkreide, Mohn\u00f6l, Pastell auf Papier&#8221; show_lightbox_copyright=&#8221;off&#8221; _builder_version=&#8221;4.27.4&#8243; _module_preset=&#8221;default&#8221; max_height=&#8221;200px&#8221; max_height_tablet=&#8221;200px&#8221; max_height_phone=&#8221;200px&#8221; max_height_last_edited=&#8221;on|tablet&#8221; global_colors_info=&#8221;{}&#8221; transform_styles__hover_enabled=&#8221;on|hover&#8221; transform_scale__hover=&#8221;105%|105%&#8221; transform_scale__hover_enabled=&#8221;on|hover&#8221; transform_translate__hover_enabled=&#8221;on|desktop&#8221; transform_rotate__hover_enabled=&#8221;on|desktop&#8221; transform_skew__hover_enabled=&#8221;on|desktop&#8221; transform_origin__hover_enabled=&#8221;on|desktop&#8221;][\/et_pb_is_image][\/et_pb_column][et_pb_column type=&#8221;1_6&#8243; _builder_version=&#8221;4.27.4&#8243; _module_preset=&#8221;default&#8221; global_colors_info=&#8221;{}&#8221;][et_pb_is_image src=&#8221;https:\/\/anna-stangl.at\/wp-content\/uploads\/2025\/03\/big-ears_2002_gr.jpg&#8221; show_copyright=&#8221;off&#8221; title_text=&#8221;Gro\u00dfe Ohren, 2002, 34 x 49 cm, \u00d6lfarbe, Pastell, Graphitstift, Mohn\u00f6l auf Papier, collagiert&#8221; show_lightbox_copyright=&#8221;off&#8221; align=&#8221;center&#8221; _builder_version=&#8221;4.27.4&#8243; _module_preset=&#8221;default&#8221; max_height=&#8221;200px&#8221; max_height_tablet=&#8221;200px&#8221; max_height_phone=&#8221;200px&#8221; max_height_last_edited=&#8221;on|tablet&#8221; global_colors_info=&#8221;{}&#8221; transform_styles__hover_enabled=&#8221;on|hover&#8221; transform_scale__hover=&#8221;105%|105%&#8221; transform_scale__hover_enabled=&#8221;on|hover&#8221; transform_translate__hover_enabled=&#8221;on|desktop&#8221; transform_rotate__hover_enabled=&#8221;on|desktop&#8221; transform_skew__hover_enabled=&#8221;on|desktop&#8221; transform_origin__hover_enabled=&#8221;on|desktop&#8221;][\/et_pb_is_image][\/et_pb_column][et_pb_column type=&#8221;1_6&#8243; _builder_version=&#8221;4.27.4&#8243; _module_preset=&#8221;default&#8221; global_colors_info=&#8221;{}&#8221;][et_pb_is_image src=&#8221;https:\/\/anna-stangl.at\/wp-content\/uploads\/2025\/03\/heads_2000_gr.jpg&#8221; show_copyright=&#8221;off&#8221; title_text=&#8221;K\u00f6pfe, 2000, 70 x 100 cm, Kohle auf Karton&#8221; show_lightbox_copyright=&#8221;off&#8221; align=&#8221;left&#8221; _builder_version=&#8221;4.27.4&#8243; _module_preset=&#8221;default&#8221; max_height=&#8221;200px&#8221; max_height_tablet=&#8221;200px&#8221; max_height_phone=&#8221;200px&#8221; max_height_last_edited=&#8221;on|tablet&#8221; global_colors_info=&#8221;{}&#8221; transform_styles__hover_enabled=&#8221;on|hover&#8221; transform_scale__hover_enabled=&#8221;on|hover&#8221; transform_translate__hover_enabled=&#8221;on|desktop&#8221; transform_rotate__hover_enabled=&#8221;on|desktop&#8221; transform_skew__hover_enabled=&#8221;on|desktop&#8221; transform_origin__hover_enabled=&#8221;on|desktop&#8221; transform_scale__hover=&#8221;105%|105%&#8221;][\/et_pb_is_image][\/et_pb_column][et_pb_column type=&#8221;1_6&#8243; _builder_version=&#8221;4.27.4&#8243; _module_preset=&#8221;default&#8221; global_colors_info=&#8221;{}&#8221;][et_pb_is_image src=&#8221;https:\/\/anna-stangl.at\/wp-content\/uploads\/2025\/03\/ruminant-touch_2003_gr.jpg&#8221; show_copyright=&#8221;off&#8221; title_text=&#8221;Meditative Ber\u00fchrung, 2002, 40 x 50 cm, Pastell, Mohn\u00f6l, Schwarzkreide, Kohle auf Papier&#8221; show_lightbox_copyright=&#8221;off&#8221; align=&#8221;left&#8221; _builder_version=&#8221;4.27.4&#8243; _module_preset=&#8221;default&#8221; max_height=&#8221;200px&#8221; max_height_tablet=&#8221;200px&#8221; max_height_phone=&#8221;200px&#8221; max_height_last_edited=&#8221;on|tablet&#8221; global_colors_info=&#8221;{}&#8221; transform_styles__hover_enabled=&#8221;on|hover&#8221; transform_scale__hover_enabled=&#8221;on|hover&#8221; transform_translate__hover_enabled=&#8221;on|desktop&#8221; transform_rotate__hover_enabled=&#8221;on|desktop&#8221; transform_skew__hover_enabled=&#8221;on|desktop&#8221; transform_origin__hover_enabled=&#8221;on|desktop&#8221; transform_scale__hover=&#8221;105%|105%&#8221;][\/et_pb_is_image][\/et_pb_column][et_pb_column type=&#8221;1_6&#8243; _builder_version=&#8221;4.27.4&#8243; _module_preset=&#8221;default&#8221; global_colors_info=&#8221;{}&#8221;][et_pb_is_image src=&#8221;https:\/\/anna-stangl.at\/wp-content\/uploads\/2025\/03\/rabbit-cloud_2002_gr.jpg&#8221; show_copyright=&#8221;off&#8221; title_text=&#8221;Hasenwolke, 2002, 40 x 28 cm, Tusche, Schwarzkreide, Farbstift, Mohn\u00f6l auf Japanpapier&#8221; show_lightbox_copyright=&#8221;off&#8221; align=&#8221;center&#8221; _builder_version=&#8221;4.27.4&#8243; _module_preset=&#8221;default&#8221; max_height=&#8221;200px&#8221; max_height_tablet=&#8221;200px&#8221; max_height_phone=&#8221;200px&#8221; max_height_last_edited=&#8221;on|tablet&#8221; global_colors_info=&#8221;{}&#8221; transform_styles__hover_enabled=&#8221;on|hover&#8221; transform_scale__hover=&#8221;105%|105%&#8221; transform_scale__hover_enabled=&#8221;on|hover&#8221; transform_translate__hover_enabled=&#8221;on|desktop&#8221; transform_rotate__hover_enabled=&#8221;on|desktop&#8221; transform_skew__hover_enabled=&#8221;on|desktop&#8221; transform_origin__hover_enabled=&#8221;on|desktop&#8221;][\/et_pb_is_image][\/et_pb_column][\/et_pb_row][et_pb_row column_structure=&#8221;1_6,1_6,1_6,1_6,1_6,1_6&#8243; use_custom_gutter=&#8221;on&#8221; gutter_width=&#8221;2&#8243; make_equal=&#8221;on&#8221; _builder_version=&#8221;4.27.4&#8243; _module_preset=&#8221;default&#8221; width=&#8221;92%&#8221; custom_margin=&#8221;5px||||false|false&#8221; hover_enabled=&#8221;0&#8243; global_colors_info=&#8221;{}&#8221; transform_styles__hover_enabled=&#8221;on|hover&#8221; transform_scale__hover_enabled=&#8221;on|hover&#8221; transform_translate__hover_enabled=&#8221;on|desktop&#8221; transform_rotate__hover_enabled=&#8221;on|desktop&#8221; transform_skew__hover_enabled=&#8221;on|desktop&#8221; transform_origin__hover_enabled=&#8221;on|desktop&#8221; module_class=&#8221;extratop&#8221; sticky_enabled=&#8221;0&#8243;][et_pb_column type=&#8221;1_6&#8243; _builder_version=&#8221;4.27.4&#8243; _module_preset=&#8221;default&#8221; global_colors_info=&#8221;{}&#8221;][et_pb_is_image src=&#8221;https:\/\/anna-stangl.at\/wp-content\/uploads\/2025\/03\/ornament_2004_gr.jpg&#8221; show_copyright=&#8221;off&#8221; title_text=&#8221;Ornament, 2004, 30 x 40 cm, Schwarzkreide, Pastell, \u00d6lpastell, Farbstift, Mohn\u00f6l auf Papier&#8221; show_lightbox_copyright=&#8221;off&#8221; align=&#8221;center&#8221; _builder_version=&#8221;4.27.4&#8243; _module_preset=&#8221;default&#8221; max_height=&#8221;200px&#8221; max_height_tablet=&#8221;200px&#8221; max_height_phone=&#8221;200px&#8221; max_height_last_edited=&#8221;on|tablet&#8221; global_colors_info=&#8221;{}&#8221; transform_styles__hover_enabled=&#8221;on|hover&#8221; transform_scale__hover=&#8221;105%|105%&#8221; transform_scale__hover_enabled=&#8221;on|hover&#8221; transform_translate__hover_enabled=&#8221;on|desktop&#8221; transform_rotate__hover_enabled=&#8221;on|desktop&#8221; transform_skew__hover_enabled=&#8221;on|desktop&#8221; transform_origin__hover_enabled=&#8221;on|desktop&#8221;][\/et_pb_is_image][\/et_pb_column][et_pb_column type=&#8221;1_6&#8243; _builder_version=&#8221;4.27.4&#8243; _module_preset=&#8221;default&#8221; global_colors_info=&#8221;{}&#8221;][\/et_pb_column][et_pb_column type=&#8221;1_6&#8243; _builder_version=&#8221;4.27.4&#8243; _module_preset=&#8221;default&#8221; global_colors_info=&#8221;{}&#8221;][\/et_pb_column][et_pb_column type=&#8221;1_6&#8243; _builder_version=&#8221;4.27.4&#8243; _module_preset=&#8221;default&#8221; global_colors_info=&#8221;{}&#8221;][\/et_pb_column][et_pb_column type=&#8221;1_6&#8243; _builder_version=&#8221;4.27.4&#8243; _module_preset=&#8221;default&#8221; global_colors_info=&#8221;{}&#8221;][\/et_pb_column][et_pb_column type=&#8221;1_6&#8243; _builder_version=&#8221;4.27.4&#8243; _module_preset=&#8221;default&#8221; global_colors_info=&#8221;{}&#8221;][\/et_pb_column][\/et_pb_row][\/et_pb_section][et_pb_section fb_built=&#8221;1&#8243; admin_label=&#8221;section&#8221; module_id=&#8221;current&#8221; _builder_version=&#8221;4.16&#8243; locked=&#8221;off&#8221; global_colors_info=&#8221;{}&#8221;][et_pb_row admin_label=&#8221;row&#8221; _builder_version=&#8221;4.27.4&#8243; background_size=&#8221;initial&#8221; background_position=&#8221;top_left&#8221; background_repeat=&#8221;repeat&#8221; width=&#8221;92%&#8221; global_colors_info=&#8221;{}&#8221;][et_pb_column type=&#8221;4_4&#8243; _builder_version=&#8221;4.16&#8243; custom_padding=&#8221;|||&#8221; global_colors_info=&#8221;{}&#8221; custom_padding__hover=&#8221;|||&#8221;][et_pb_button button_url=&#8221;@ET-DC@eyJkeW5hbWljIjp0cnVlLCJjb250ZW50IjoicG9zdF9saW5rX3VybF9wYWdlIiwic2V0dGluZ3MiOnsicG9zdF9pZCI6IjE0MTQifX0=@&#8221; button_text=&#8221;Older works (until 1999)&#8221; _builder_version=&#8221;4.27.4&#8243; _dynamic_attributes=&#8221;button_url&#8221; _module_preset=&#8221;default&#8221; custom_button=&#8221;on&#8221; button_text_color=&#8221;#999999&#8243; button_border_color=&#8221;#999999&#8243; global_colors_info=&#8221;{}&#8221;][\/et_pb_button][\/et_pb_column][\/et_pb_row][\/et_pb_section]<\/p>\n","protected":false},"excerpt":{"rendered":"<p>Drawings archive2017[et_pb_is_image src=&#8221;https:\/\/anna-stangl.at\/wp-content\/uploads\/2025\/03\/wachsen-lV-gr.jpg&#8221; show_copyright=&#8221;off&#8221; title_text=&#8221;Serie: Wachsen IV, 2017, 105 x 76 cm, \u00d6lpastell, Graphitstift, Pastell, Kohle, Schwarzkreide, Karton&#8221; show_lightbox_copyright=&#8221;off&#8221; module_class=&#8221;bigfirstimage&#8221; _builder_version=&#8221;4.27.4&#8243; _module_preset=&#8221;default&#8221; global_colors_info=&#8221;{}&#8221; transform_styles__hover_enabled=&#8221;on|hover&#8221; transform_scale__hover_enabled=&#8221;on|hover&#8221; transform_translate__hover_enabled=&#8221;on|desktop&#8221; transform_rotate__hover_enabled=&#8221;on|desktop&#8221; transform_skew__hover_enabled=&#8221;on|desktop&#8221; transform_origin__hover_enabled=&#8221;on|desktop&#8221; transform_scale__hover=&#8221;105%|105%&#8221;][\/et_pb_is_image][et_pb_is_image src=&#8221;https:\/\/anna-stangl.at\/wp-content\/uploads\/2025\/03\/fuchsfrau-gr.jpg&#8221; show_copyright=&#8221;off&#8221; title_text=&#8221;Fuchsfrau, 2017, 30 x 21 cm, Tusche, Kreide, Farbstift, Pastell, Papier&#8221; show_lightbox_copyright=&#8221;off&#8221; module_class=&#8221;bigfirstimage&#8221; _builder_version=&#8221;4.27.4&#8243; _module_preset=&#8221;default&#8221; transform_scale=&#8221;99%|99%&#8221; transform_translate=&#8221;0px|-2px&#8221; transform_translate_linked=&#8221;off&#8221; locked=&#8221;off&#8221; global_colors_info=&#8221;{}&#8221; transform_styles__hover_enabled=&#8221;on|hover&#8221; transform_scale__hover_enabled=&#8221;on|hover&#8221; transform_translate__hover_enabled=&#8221;on|hover&#8221; [&hellip;]<\/p>\n","protected":false},"author":3,"featured_media":0,"parent":749,"menu_order":0,"comment_status":"closed","ping_status":"closed","template":"","meta":{"_et_pb_use_builder":"on","_et_pb_old_content":"","_et_gb_content_width":"","footnotes":""},"class_list":["post-2369","page","type-page","status-publish","hentry"],"_links":{"self":[{"href":"https:\/\/anna-stangl.at\/en\/wp-json\/wp\/v2\/pages\/2369","targetHints":{"allow":["GET"]}}],"collection":[{"href":"https:\/\/anna-stangl.at\/en\/wp-json\/wp\/v2\/pages"}],"about":[{"href":"https:\/\/anna-stangl.at\/en\/wp-json\/wp\/v2\/types\/page"}],"author":[{"embeddable":true,"href":"https:\/\/anna-stangl.at\/en\/wp-json\/wp\/v2\/users\/3"}],"replies":[{"embeddable":true,"href":"https:\/\/anna-stangl.at\/en\/wp-json\/wp\/v2\/comments?post=2369"}],"version-history":[{"count":2,"href":"https:\/\/anna-stangl.at\/en\/wp-json\/wp\/v2\/pages\/2369\/revisions"}],"predecessor-version":[{"id":2371,"href":"https:\/\/anna-stangl.at\/en\/wp-json\/wp\/v2\/pages\/2369\/revisions\/2371"}],"up":[{"embeddable":true,"href":"https:\/\/anna-stangl.at\/en\/wp-json\/wp\/v2\/pages\/749"}],"wp:attachment":[{"href":"https:\/\/anna-stangl.at\/en\/wp-json\/wp\/v2\/media?parent=2369"}],"curies":[{"name":"wp","href":"https:\/\/api.w.org\/{rel}","templated":true}]}}