{"id":2384,"date":"2025-02-01T18:57:23","date_gmt":"2025-02-01T18:57:23","guid":{"rendered":"https:\/\/anna-stangl.at\/vita\/"},"modified":"2025-07-19T09:31:11","modified_gmt":"2025-07-19T09:31:11","slug":"vita","status":"publish","type":"page","link":"https:\/\/anna-stangl.at\/en\/vita\/","title":{"rendered":"Vita"},"content":{"rendered":"<p>[et_pb_section fb_built=&#8221;1&#8243; _builder_version=&#8221;4.27.4&#8243; _module_preset=&#8221;default&#8221; custom_margin=&#8221;0px||||false|false&#8221; custom_padding=&#8221;0px||||false|false&#8221; global_colors_info=&#8221;{}&#8221;][et_pb_row _builder_version=&#8221;4.27.4&#8243; _module_preset=&#8221;default&#8221; width=&#8221;92%&#8221; custom_margin=&#8221;||0px||false|false&#8221; custom_padding=&#8221;||0px||false|false&#8221; global_colors_info=&#8221;{}&#8221;][et_pb_column type=&#8221;4_4&#8243; _builder_version=&#8221;4.27.4&#8243; _module_preset=&#8221;default&#8221; global_colors_info=&#8221;{}&#8221;][et_pb_text admin_label=&#8221;H1&#8243; _builder_version=&#8221;4.27.4&#8243; _module_preset=&#8221;default&#8221; header_font=&#8221;|300|||||||&#8221; header_font_size=&#8221;60px&#8221; custom_css_free_form=&#8221;selector h1 { font-weight: 100 !important;}&#8221; global_colors_info=&#8221;{}&#8221;]<\/p>\n<h1>Vita<\/h1>\n<p>[\/et_pb_text][\/et_pb_column][\/et_pb_row][et_pb_row column_structure=&#8221;1_3,2_3&#8243; _builder_version=&#8221;4.27.4&#8243; _module_preset=&#8221;default&#8221; width=&#8221;92%&#8221; custom_padding=&#8221;||60px||false|false&#8221; global_colors_info=&#8221;{}&#8221;][et_pb_column type=&#8221;1_3&#8243; _builder_version=&#8221;4.27.4&#8243; _module_preset=&#8221;default&#8221; global_colors_info=&#8221;{}&#8221;][et_pb_image src=&#8221;https:\/\/anna-stangl.at\/wp-content\/uploads\/2025\/03\/Anna-Stangl_2025_Anna_Portrait-copyright-Gottfried-Junker_2002_web.jpg&#8221; title_text=&#8221;Anna-Stangl_2025_Anna_Portrait-copyright-Gottfried-Junker_2002_web&#8221; _builder_version=&#8221;4.27.4&#8243; _module_preset=&#8221;default&#8221; global_colors_info=&#8221;{}&#8221;][\/et_pb_image][\/et_pb_column][et_pb_column type=&#8221;2_3&#8243; _builder_version=&#8221;4.27.4&#8243; _module_preset=&#8221;default&#8221; global_colors_info=&#8221;{}&#8221;][et_pb_text admin_label=&#8221;Inhalt&#8221; _builder_version=&#8221;4.27.4&#8243; _module_preset=&#8221;default&#8221; max_width=&#8221;600px&#8221; custom_padding=&#8221;270px||||false|false&#8221; custom_padding_tablet=&#8221;0px||||false|false&#8221; custom_padding_phone=&#8221;0px||||false|false&#8221; custom_padding_last_edited=&#8221;on|desktop&#8221; global_colors_info=&#8221;{}&#8221;]<\/p>\n<p><strong>1961 <\/strong>born in Salzburg, Austria, grew up in Upper Austria and Salzburg<\/p>\n<p><strong>1983-1987 <\/strong>Studied painting at the Academy of Fine Arts in Vienna and at the \u00c9cole Nationale Sup\u00e9rieure des Beaux Arts in Paris<br \/>Travels through Central, Central and East Asia, North and South America, North Africa, Australia, Melanesia<br \/>Scholarships and work stays in Japan, India, Pakistan, China, Kyrgyzstan, Kazakhstan, Spain, Paris, Rome, Elba, Ankara and Budapest<\/p>\n<p>Works and lives in Vienna<\/p>\n<p>[\/et_pb_text][\/et_pb_column][\/et_pb_row][et_pb_row _builder_version=&#8221;4.27.4&#8243; _module_preset=&#8221;default&#8221; width=&#8221;92%&#8221; global_colors_info=&#8221;{}&#8221;][et_pb_column type=&#8221;4_4&#8243; _builder_version=&#8221;4.27.4&#8243; _module_preset=&#8221;default&#8221; global_colors_info=&#8221;{}&#8221;][et_pb_text admin_label=&#8221;Ausstellungen&#8221; _builder_version=&#8221;4.27.4&#8243; _module_preset=&#8221;default&#8221; hover_enabled=&#8221;0&#8243; global_colors_info=&#8221;{}&#8221; sticky_enabled=&#8221;0&#8243;]<\/p>\n<h3>Exhibitions \/ Symposia \/ Scholarships<\/h3>\n<p>&nbsp;<\/p>\n<p><strong>2025<\/strong><\/p>\n<p>\u201cSchlusspunkt.03\u201d, Galerie paradigma, Linz<br \/>\u201cIn Dialogue with Nature\u201d, Galerie Kovacek &amp; Zetter, Vienna<br \/>\u201cReview 18-24\u201d, Galerie Schloss Wiespach, Salzburg<\/p>\n<p>&nbsp;<\/p>\n<p><strong>2024<\/strong><\/p>\n<p>\u201cWildnis\u201d, Museum Angerlehner, Wels, Upper Austria (solo exhibition)<br \/>\u2018Nature\u2019, Galerie Gerersdorfer, Vienna (solo exhibition)<br \/>\u201cAct III\u201d, \u00d6sterreich. Kulturzentrum, Bratislava (catalog)<br \/>\u201cWildnisII\u201d, Gut Gasteil, Prigglitz<br \/>\u201cFull Blossom\u201d, Lindenhof, Raabs a. d. Thaya <\/p>\n<p>&nbsp;<\/p>\n<p><strong>2023<\/strong><\/p>\n<p>\u201cWilderness\u201d, Galerie Wolfrum, Vienna (solo exhibition)<br \/>Galerie 422, together with Michela Ghisetti, Sevda Chkoutova, Gmunden, Yun Wang, Upper Austria<\/p>\n<p>&nbsp;<\/p>\n<p><strong>2022<\/strong><\/p>\n<p>\u201clyrical, airy, light\u201d, Galerie Michael W. Schmalfuss, Marburg a. d. Lahn, Germany<br \/>\u201cquo vadis homo sapiens?\u201d, with Andreas Leikauf and Sevda Chkoutova, galerie g\u00f6lles, Styria<br \/>\u201cStrange Days\u201d, Galerie Gerersdorfer, Vienna (solo exhibition)<\/p>\n<p>&nbsp;<\/p>\n<p><strong>2021<\/strong><\/p>\n<p>\u201cThrough time\u201d, Wolfrum Gallery, Vienna<\/p>\n<p>&nbsp;<\/p>\n<p><strong>2020<\/strong><\/p>\n<p>&#8220;Anna Stangl &#8211; Zeichnungen&#8221;, Kunstverein Horn, Lower Austria (solo exhibition)<br \/>&#8220;Anna Stangl &#8211; Aktuelle Arbeiten&#8221;, Galerie Wolfrum, Vienna (double exhibition)<br \/>&#8220;Einblick-Ausblick&#8221;, Galerie Schloss Wiespach, Hallein<\/p>\n<p>&nbsp;<\/p>\n<p><strong>2019<\/strong><\/p>\n<p>&#8220;Hinter Glas&#8221;, Gallerie paradigma, Linz<br \/>&#8220;Nature&#8221;, Galerie Gerersdorfer, Vienna (solo exhibition)<br \/>&#8220;Zeich(n)en&#8221;, Galerie Schloss Wiespach, Salzburg (double exhibition)<br \/>&#8220;beyond print&#8221;, Stadtgalerie Waidhofen, Lower Austria<\/p>\n<p>&nbsp;<\/p>\n<p><strong>2018<\/strong><\/p>\n<p>\u201cAn original by&#8230;(VI)\u201d, Galerie g\u00f6lles, Styria<br \/>\u2018Wald\u2019, Anna Stangl, Michaela M\u00fcck, Galerie Wolfrum, Vienna<br \/>ART AUSTRIA 2018, Galerie Lang, Vienna<br \/>\u201cDie Neunziger Jahre\u201d, WIEN MUSEUM MUSA, Vienna<\/p>\n<p>&nbsp;<\/p>\n<p><strong>2017<\/strong><\/p>\n<p>Gallery 422, Gmunden, Austria<br \/>ARTONPAPER, Deutschvilla, Strobl, Austria<\/p>\n<p>&nbsp;<\/p>\n<p><strong>2016<\/strong><\/p>\n<p>&#8220;Anna-Traumwach&#8221;, Kunstverein Taunus, Bad Soden, Germany<br \/>&#8220;The Capricious Line&#8221;, Galerie Gerersdorfer, Vienna, Austria<br \/>&#8220;Innenland&#8221;, Galerie Wolfrum, Vienna, Austria<\/p>\n<p>&nbsp;<\/p>\n<p><strong>2015<\/strong><\/p>\n<p>&#8220;Unter F\u00fcchsen II&#8221;, Gebr\u00fcder-Grimm-Museum, Marburg a d. Lahn, Germany<br \/>&#8220;Unter F\u00fcchsen&#8221;, Galerie Wolfrum, Vienna, Austria<br \/>&#8220;Wilde Tr\u00e4ume&#8221;, Galerie Schafschetzy, Graz, Austria<\/p>\n<p>&nbsp;<\/p>\n<p><strong>2014<\/strong><\/p>\n<p>\u201cDAS KLEINE FORMAT\u201d, Galerie 422, Gmunden, Austria<br \/>\u201cdas ma\u00df aller dinge\u201d, galerie g\u00f6lles, F\u00fcrstenfeld, Austria<br \/>\u201cDrawings II\u201d, Galerie Schafschetzy, Graz, Austria<br \/>\u201cAnna Stangl-Stefan Zsaisits-Andrea Schnell\u201d &#8211; Galerie Lang Wien, Vienna, Austria<\/p>\n<p>&nbsp;<\/p>\n<p><strong>2013<\/strong><\/p>\n<p>&#8220;Paper Work&#8221;, Galerie Gerersdorfer, Vienna<br \/>&#8220;Was mir wichtig war und ist&#8221;, Galerie Lang, Vienna<br \/>Galerie Wolfrum, Vienna<br \/>Works on paper, Kunstverein Horn, Lower Austria (solo exhibition)<\/p>\n<p>&nbsp;<\/p>\n<p><strong>2012<\/strong><\/p>\n<p>\u201cSelbstverschiebung\u201d, Landau i. d. Pfalz, Germany<br \/>\u201cNew Visions\u201d, CMR Art Gallery &amp; Project Space, Redruth, Great Britain<br \/>\u201c\u00c4BC, Zeichnung\u201d, Galerie 422, Upper Austria<br \/>\u201cAktuelle Arbeiten\u201d, Galerie Wolfrum, Vienna, together with Moni K. Huber<br \/>Blau-Gelbe Galerie Zwettl, Lower Austria (solo exhibition)<br \/>\u201cOriental Circle\u201d Southwest Jiatong University Chengdu, China<\/p>\n<p>&nbsp;<\/p>\n<p><strong>2011<\/strong><\/p>\n<p>\u201cAnima\u201d, Galerie Lang, Vienna (solo exhibition)<br \/>\u201cYou can&#8217;t lose what You never had\u201d, Galerie Wolfrum, Vienna<br \/>\u2018Herzfarn\u2019, Galerie der Stadt Salzburg, Mirabellgarten, Salzburg (solo exhibition)<br \/>\u201cUnentschieden\u201d, Galerie 422, together with Helmut Swoboda, Upper Austria<\/p>\n<p>&nbsp;<\/p>\n<p><strong>2010<\/strong><\/p>\n<p>&#8220;Aquarellhappening 2000-2009&#8221;, Tiroler Landesmuseum, Innsbruck, Austria<br \/>&#8220;Haar&#8221;, Galerie Wolfrum, Vienna<br \/>&#8220;Jagdzeit&#8221;, Kubinhaus, Upper Austria (solo exhibition)<\/p>\n<p>&nbsp;<\/p>\n<p><strong>2009<\/strong><\/p>\n<p>Studio grant from the Austrian. Ministry of Education and the Arts for Paris, France<br \/>&#8220;Khoj Bihar&#8221;, international artist workshop, Patna, Bihar, India<br \/>&#8220;Nothing happens to a sleeper except a dream&#8221;, together with Sissi Farasat, Galerie Wolfrum, Vienna, Austria <\/p>\n<p>&nbsp;<\/p>\n<p><strong>2008<\/strong><\/p>\n<p>&#8220;Rot&#8221;, Galerie Lang, Vienna, Austria<br \/>&#8220;3 Positionen&#8221;, Museum DOK f\u00fcr Moderne Kunst, St. P\u00f6lten, Austria<br \/>&#8220;Bea Emsbach, Ulrike Lienbacher, Anna Stangl&#8221;, Galerie Paradigma, Linz, Austria<br \/>&#8220;Weibsbilder&#8221;, Galerie Schmalfuss, Marburg a. d. Lahn, Germany<br \/>Galerie Wolfrum, together with Tone Fink, Vienna, Austria<br \/>International Artists&#8217; Symposium in Astana, Kazakhstan<\/p>\n<p>&nbsp;<\/p>\n<p><strong>2007<\/strong><\/p>\n<p>Galerie paradigma, Linz, Austria (solo exhibition)<br \/>&#8220;Sigharting 2007&#8221;, Drawing Symposium of the Landesgalerie \u00d6ber\u00f6sterreich, Linz, Austria<br \/>&#8220;The Birds and The Bees&#8221;, Kunstverein paradigma, Linz, Austria<br \/>Invitation to organize a workshop at Gazi University, Ankara, Turkey<br \/>&#8220;ABA&#8221; , Art Club Mersin, Turkey<\/p>\n<p>&nbsp;<\/p>\n<p><strong>2006<\/strong><\/p>\n<p>\u201cAustrian Contemporary Artists\u201d, Danubiana Meulensteen Art Museum, Bratislava, SK<br \/>\u201cHunde ziehen vorbei II\u201d, Galerie am Klostersee, Lehnin\/Berlin, Germany(solo exhibition)<br \/>\u201cHunde ziehen vorbei\u201d, Galerie Gerersdorfer, Vienna, Austria (solo exhibition)<br \/>&#8220;Meisterzeichnung IV, Galerie Lang, Vienna, Austria<br \/>international artists&#8217; symposium in Bishkek, Kyrgyzstan<br \/>Galerie Wolfrum, Vienna, Austria<\/p>\n<p>&nbsp;<\/p>\n<p><strong>2005<\/strong><\/p>\n<p>&#8220;10 aus 9&#8221;, Galerie Steinek, Vienna, Austria<br \/>&#8220;hellwach schlafen II&#8221;, Galerie Gerersdorfer, Vienna, Austria (solo exhibition)<br \/>&#8220;Zeichungen&#8221;,Galerie Altn\u00f6der, Salzburg, Austria<br \/>&#8220;Schlafbeobachter und Wachtiere&#8221;, Galerie in der Schmiede, Linz, Austria (solo exhibition)<\/p>\n<p>&nbsp;<\/p>\n<p><strong>2004<\/strong><\/p>\n<p>&#8220;Vision einer Sammlung&#8221;, Museum der Moderne Salzburg, Austria<br \/>Galerie Schmalfu\u00df, Marburg a. d. Lahn, Germany (solo exhibition)<br \/>&#8220;Einfl\u00fcsterer und Verehrer&#8221;, Galerie Zwach, Upper Austria<br \/>&#8220;hellwach schlafen&#8221;, kunstverein paradigma, Linz, Austria (solo exhibition)<br \/>&#8220;Akte 04&#8221;, Galerie Gerersdorfer, Vienna, Austria<\/p>\n<p>&nbsp;<\/p>\n<p><strong>2003<\/strong><\/p>\n<p>Studio grant from the austrian Ministry of Education and Art for ChengDu, China<br \/>&#8220;All about female sex&#8221;, Galerie Academia, Salzburg<br \/>&#8220;Laufen, Schlafen, Lieben II&#8221;, galerie am Klostersee, Lehnin\/Berlin, Germany<br \/>&#8220;Auf Papier&#8221;, Volpinum, Vienna, Austria<br \/>&#8220;Zu nahe&#8221;, Galerie Lang, Vienna, Austria (solo exhibition)<br \/>&#8220;Rosa Rock&#8221;, Galerie Wolfrum, Vienna, Austria<br \/>&#8220;Mimosen, Rosen, Herbstzeitlosen&#8221;, Kunsthalle Krems, Austria<\/p>\n<p>&nbsp;<\/p>\n<p><strong>2002<\/strong><\/p>\n<p>Margret-Bilger Scholarship 2001, project &#8220;MEMORIES&#8221;<br \/>Gallery 12, Innsbruck, Austria (solo exhibition)<\/p>\n<p>&nbsp;<\/p>\n<p><strong>2001<\/strong><\/p>\n<p>Studio grant from the austrian Ministry of Education and the Arts for Paris, France<br \/>&#8220;Schlafst\u00f6rer und Damen II&#8221;, Galerie Gerersdorfer, Vienna, Austria (solo exhibition)<br \/>&#8221; Desire&#8221;, curated by Peter Weiermair, Ursula Blickle Foundation, Kraichtal, Germany<br \/>Galleria d&#8217; Arte Moderna, Bologna, Italy<\/p>\n<p>&nbsp;<\/p>\n<p><strong>2000<\/strong><\/p>\n<p>&#8220;Schlafst\u00f6rer und Damen&#8221; , Galerie Gerersdorfer, Vienna, Austria (solo exhibition)<br \/>Galerie-halle, Linz, Austria(solo exhibition)<br \/>Galerie Baumgarten, Freiburg, Germany(solo exhibition)<br \/>&#8220;Wei\u00dfe L\u00fcgen, wei\u00dfe N\u00e4chte &#8220;, Galerie paradigma, Linz, Austria (solo exhibition)<br \/>&#8220;Zeichen setzen&#8221;, Galerie Insel, Stuttgart, Germany<br \/>&#8220;Bildwechsel&#8221;, curated by Thomas Zaunschirm, Kunstforum Hallein, Salzburg, Austria<\/p>\n<p>&nbsp;<\/p>\n<p><strong>1999<\/strong><\/p>\n<p>&#8220;Die Zeichnung I&#8221;, Museum Rupertinum Salzburg, Austria, curated by Peter Weiermair<br \/>&#8220;Laufen, Schlafen, Lieben&#8221;, Galerie Lang, Vienna, Austria (solo exhibition)<br \/>&#8220;Die Zeichnung, Versuch einer Zuordnung &#8220;, Galerie 422, Gmunden, Austria<br \/>&#8220;Irrgarten&#8221;, Galerie ars mobilis, Vienna, Austria (solo exhibition)<br \/>&#8220;Zeichnung: Linie&#8221;, International Symposium in Peuerbach, Austria<\/p>\n<p>&nbsp;<\/p>\n<p><strong>1998<\/strong><\/p>\n<p>Kunstverein Marburg, together with Annerose Riedl, Germany<br \/>&#8220;The Search Within&#8221;, New Delhi \/ Vienna \/ Bombay, exhibition project India-Austria<br \/>Studio grant in Budapest<\/p>\n<p>&nbsp;<\/p>\n<p><strong>1997<\/strong><\/p>\n<p>&#8220;Nervenz\u00f6pfe&#8221;, Galerie Lang, Vienna, Austria (solo exhibition)<br \/>Ceramics, Galerie Spitzbart, Gmunden, Austria<\/p>\n<p>&nbsp;<\/p>\n<p><strong>1995<\/strong><\/p>\n<p>6 &#8211; month studio scholarship from the austrian  Ministry of Education and the Arts for Tokyo, Japan<\/p>\n<p>&nbsp;<\/p>\n<p><strong>1994<\/strong><\/p>\n<p>Traklhaus, together with Elisabeth Gr\u00fcbl, Salzburg, Austria<br \/>Galerie Figl, Linz, Austria (solo exhibition)<br \/>Galerie Neuropa, Heidelberg, Germany (solo exhibition)<\/p>\n<p>&nbsp;<\/p>\n<p><strong>1993<\/strong><\/p>\n<p>&#8220;Journey to the sources&#8221;, project of the &#8220;museum in progress&#8221;, Vienna<br \/>Stay in New Mexico as part of this project<\/p>\n<p>&nbsp;<\/p>\n<p><strong>1992<\/strong><\/p>\n<p>&#8220;Fax Art Event&#8221;, joint project of the Albertina, Vienna, the Whitworth Art Gallery, Manchester, the Museo<br \/>Municipale , Venice and the National Museum of Modern Art, Tokyo<\/p>\n<p>&nbsp;<\/p>\n<p><strong>1991<\/strong><\/p>\n<p>Pinx. Gallery, Vienna, Austria (solo exhibition)<\/p>\n<p>&nbsp;<\/p>\n<p><strong>1990<\/strong><\/p>\n<p>&#8220;Apostelhof 90&#8221;, Vienna, Austria<br \/>Pinx Galerie, Vienna, Austria (solo exhibition)<\/p>\n<p>[\/et_pb_text][\/et_pb_column][\/et_pb_row][\/et_pb_section]<\/p>\n","protected":false},"excerpt":{"rendered":"<p>Vita1961 born in Salzburg, Austria, grew up in Upper Austria and Salzburg 1983-1987 Studied painting at the Academy of Fine Arts in Vienna and at the \u00c9cole Nationale Sup\u00e9rieure des Beaux Arts in ParisTravels through Central, Central and East Asia, North and South America, North Africa, Australia, MelanesiaScholarships and work stays in Japan, India, Pakistan, [&hellip;]<\/p>\n","protected":false},"author":3,"featured_media":0,"parent":0,"menu_order":0,"comment_status":"closed","ping_status":"closed","template":"","meta":{"_et_pb_use_builder":"on","_et_pb_old_content":"","_et_gb_content_width":"","footnotes":""},"class_list":["post-2384","page","type-page","status-publish","hentry"],"_links":{"self":[{"href":"https:\/\/anna-stangl.at\/en\/wp-json\/wp\/v2\/pages\/2384","targetHints":{"allow":["GET"]}}],"collection":[{"href":"https:\/\/anna-stangl.at\/en\/wp-json\/wp\/v2\/pages"}],"about":[{"href":"https:\/\/anna-stangl.at\/en\/wp-json\/wp\/v2\/types\/page"}],"author":[{"embeddable":true,"href":"https:\/\/anna-stangl.at\/en\/wp-json\/wp\/v2\/users\/3"}],"replies":[{"embeddable":true,"href":"https:\/\/anna-stangl.at\/en\/wp-json\/wp\/v2\/comments?post=2384"}],"version-history":[{"count":2,"href":"https:\/\/anna-stangl.at\/en\/wp-json\/wp\/v2\/pages\/2384\/revisions"}],"predecessor-version":[{"id":2386,"href":"https:\/\/anna-stangl.at\/en\/wp-json\/wp\/v2\/pages\/2384\/revisions\/2386"}],"wp:attachment":[{"href":"https:\/\/anna-stangl.at\/en\/wp-json\/wp\/v2\/media?parent=2384"}],"curies":[{"name":"wp","href":"https:\/\/api.w.org\/{rel}","templated":true}]}}