{"id":749,"date":"2025-02-01T18:59:08","date_gmt":"2025-02-01T18:59:08","guid":{"rendered":"https:\/\/anna-stangl.at\/?page_id=749"},"modified":"2025-07-19T13:06:54","modified_gmt":"2025-07-19T13:06:54","slug":"zeichnungen","status":"publish","type":"page","link":"https:\/\/anna-stangl.at\/en\/work\/zeichnungen\/","title":{"rendered":"Drawings"},"content":{"rendered":"<p>[et_pb_section fb_built=&#8221;1&#8243; _builder_version=&#8221;4.27.4&#8243; _module_preset=&#8221;default&#8221; custom_margin=&#8221;0px||0px||false|false&#8221; custom_padding=&#8221;0px||0px||false|false&#8221; global_colors_info=&#8221;{}&#8221;][et_pb_row module_class=&#8221;customheadline&#8221; _builder_version=&#8221;4.27.4&#8243; _module_preset=&#8221;default&#8221; width=&#8221;92%&#8221; locked=&#8221;off&#8221; global_colors_info=&#8221;{}&#8221;][et_pb_column type=&#8221;4_4&#8243; _builder_version=&#8221;4.27.4&#8243; _module_preset=&#8221;default&#8221; global_colors_info=&#8221;{}&#8221;][et_pb_text admin_label=&#8221;H1&#8243; _builder_version=&#8221;4.27.4&#8243; _module_preset=&#8221;default&#8221; header_font=&#8221;|300|||||||&#8221; header_font_size=&#8221;60px&#8221; header_font_size_tablet=&#8221;60px&#8221; header_font_size_phone=&#8221;48px&#8221; header_font_size_last_edited=&#8221;on|phone&#8221; custom_css_free_form=&#8221;selector h1 { font-weight: 100 !important;}&#8221; global_colors_info=&#8221;{}&#8221;]<\/p>\n<h1>Drawings<\/h1>\n<p>[\/et_pb_text][\/et_pb_column][\/et_pb_row][\/et_pb_section][et_pb_section fb_built=&#8221;1&#8243; admin_label=&#8221;Section 2025&#8243; _builder_version=&#8221;4.27.4&#8243; _module_preset=&#8221;default&#8221; custom_margin=&#8221;0px||||false|false&#8221; custom_padding=&#8221;0px||||false|false&#8221; global_colors_info=&#8221;{}&#8221;][et_pb_row module_class=&#8221;customheadline&#8221; _builder_version=&#8221;4.27.4&#8243; _module_preset=&#8221;default&#8221; width=&#8221;92%&#8221; custom_margin=&#8221;0px||0px||false|false&#8221; custom_padding=&#8221;8px||0px||false|false&#8221; global_colors_info=&#8221;{}&#8221;][et_pb_column type=&#8221;4_4&#8243; _builder_version=&#8221;4.27.4&#8243; _module_preset=&#8221;default&#8221; global_colors_info=&#8221;{}&#8221;][et_pb_text admin_label=&#8221;2025&#8243; _builder_version=&#8221;4.27.4&#8243; _module_preset=&#8221;default&#8221; global_colors_info=&#8221;{}&#8221;]<\/p>\n<h3>2025<\/h3>\n<p>[\/et_pb_text][\/et_pb_column][\/et_pb_row][et_pb_row column_structure=&#8221;1_3,1_3,1_3&#8243; module_class=&#8221;bigfirstrow&#8221; _builder_version=&#8221;4.27.4&#8243; _module_preset=&#8221;default&#8221; width=&#8221;92%&#8221; custom_padding=&#8221;14px||||false|false&#8221; global_colors_info=&#8221;{}&#8221; transform_styles__hover_enabled=&#8221;on|hover&#8221; transform_scale__hover_enabled=&#8221;on|hover&#8221; transform_translate__hover_enabled=&#8221;on|desktop&#8221; transform_rotate__hover_enabled=&#8221;on|desktop&#8221; transform_skew__hover_enabled=&#8221;on|desktop&#8221; transform_origin__hover_enabled=&#8221;on|desktop&#8221;][et_pb_column type=&#8221;1_3&#8243; _builder_version=&#8221;4.27.4&#8243; _module_preset=&#8221;default&#8221; global_colors_info=&#8221;{}&#8221;][et_pb_is_image src=&#8221;https:\/\/anna-stangl.at\/wp-content\/uploads\/2025\/05\/Anna_Stangl_2025_Stille-Wasser-2025-110-x-80-cm-Tusche-Pastellkreide-Wachs-Schwarzkreide-Acryl-auf-Karton-collagiert.jpg&#8221; show_copyright=&#8221;off&#8221; title_text=&#8221;Stille Wasser, 2025, 110 x 80 cm, Tusche, Pastellkreide, Wachs, Schwarzkreide, Acryl auf Karton, collagiert&#8221; show_lightbox_copyright=&#8221;off&#8221; module_class=&#8221;bigfirstimage&#8221; _builder_version=&#8221;4.27.4&#8243; _module_preset=&#8221;default&#8221; transform_scale=&#8221;94%|94%&#8221; transform_translate=&#8221;-6px|-12px&#8221; transform_translate_linked=&#8221;off&#8221; hover_enabled=&#8221;0&#8243; global_colors_info=&#8221;{}&#8221; transform_styles__hover_enabled=&#8221;on|hover&#8221; transform_scale__hover_enabled=&#8221;on|desktop&#8221; transform_translate__hover_enabled=&#8221;on|hover&#8221; transform_rotate__hover_enabled=&#8221;on|desktop&#8221; transform_skew__hover_enabled=&#8221;on|desktop&#8221; transform_origin__hover_enabled=&#8221;on|desktop&#8221; transform_scale__hover=&#8221;99%|99%&#8221; transform_translate__hover=&#8221;0px|-12px&#8221; sticky_enabled=&#8221;0&#8243;][\/et_pb_is_image][\/et_pb_column][et_pb_column type=&#8221;1_3&#8243; _builder_version=&#8221;4.27.4&#8243; _module_preset=&#8221;default&#8221; global_colors_info=&#8221;{}&#8221;][et_pb_is_image src=&#8221;https:\/\/anna-stangl.at\/wp-content\/uploads\/2025\/05\/Anna_Stangl_2025_Maerchen-von-den-frechen-Gedanken-Hinterglasmalerei-39-x-44cm-Tusche-Oelpastell-Kohle-Pastell-Wachs-Karton-Collage.jpg&#8221; show_copyright=&#8221;off&#8221; title_text=&#8221;M\u00e4rchen von den frechen Gedanken, 2025, Hinterglasmalerei, 39 x 44cm, Tusche, \u00d6lpastell, Kohle, Pastell, Wachs auf Karton, Collage&#8221; show_lightbox_copyright=&#8221;off&#8221; module_class=&#8221;bigfirstimage&#8221; _builder_version=&#8221;4.27.4&#8243; _module_preset=&#8221;default&#8221; transform_translate_linked=&#8221;off&#8221; locked=&#8221;off&#8221; global_colors_info=&#8221;{}&#8221; transform_styles__hover_enabled=&#8221;on|hover&#8221; transform_scale__hover_enabled=&#8221;on|hover&#8221; transform_translate__hover_enabled=&#8221;on|hover&#8221; transform_rotate__hover_enabled=&#8221;on|desktop&#8221; transform_skew__hover_enabled=&#8221;on|desktop&#8221; transform_origin__hover_enabled=&#8221;on|desktop&#8221; transform_scale__hover=&#8221;105%|105%&#8221;][\/et_pb_is_image][\/et_pb_column][et_pb_column type=&#8221;1_3&#8243; _builder_version=&#8221;4.27.4&#8243; _module_preset=&#8221;default&#8221; global_colors_info=&#8221;{}&#8221;][et_pb_is_image src=&#8221;https:\/\/anna-stangl.at\/wp-content\/uploads\/2025\/05\/Anna_Stangl_2025_Erdhoehle-2012-25-54-x-39-cm-Farbsstift-Acryl-Mohnoel-Oelfarbe-Schwarzkreide-Pastell-auf-Buettenpapier.jpg&#8221; show_copyright=&#8221;off&#8221; title_text=&#8221;Erdh\u00f6hle, 2012-25, 54 x 39 cm, Farbstift, Acryl, Mohn\u00f6l, \u00d6lfarbe, Schwarzkreide, Pastell auf B\u00fcttenpapier&#8221; show_lightbox_copyright=&#8221;off&#8221; module_class=&#8221;bigfirstimage&#8221; _builder_version=&#8221;4.27.4&#8243; _module_preset=&#8221;default&#8221; transform_scale=&#8221;91%|91%&#8221; transform_translate=&#8221;0px|-16px&#8221; transform_translate_linked=&#8221;off&#8221; locked=&#8221;off&#8221; global_colors_info=&#8221;{}&#8221; transform_styles__hover_enabled=&#8221;on|hover&#8221; transform_scale__hover_enabled=&#8221;on|hover&#8221; transform_translate__hover_enabled=&#8221;on|hover&#8221; transform_rotate__hover_enabled=&#8221;on|desktop&#8221; transform_skew__hover_enabled=&#8221;on|desktop&#8221; transform_origin__hover_enabled=&#8221;on|desktop&#8221; transform_scale__hover=&#8221;96%|96%&#8221; transform_translate__hover=&#8221;0px|-16px&#8221;][\/et_pb_is_image][\/et_pb_column][\/et_pb_row][et_pb_row column_structure=&#8221;1_6,1_6,1_6,1_6,1_6,1_6&#8243; use_custom_gutter=&#8221;on&#8221; gutter_width=&#8221;2&#8243; make_equal=&#8221;on&#8221; _builder_version=&#8221;4.27.4&#8243; _module_preset=&#8221;default&#8221; width=&#8221;92%&#8221; custom_margin=&#8221;-15px||||false|false&#8221; custom_margin_tablet=&#8221;5px||||false|false&#8221; custom_margin_phone=&#8221;0px||||false|false&#8221; custom_margin_last_edited=&#8221;on|desktop&#8221; global_colors_info=&#8221;{}&#8221; transform_styles__hover_enabled=&#8221;on|hover&#8221; transform_scale__hover_enabled=&#8221;on|hover&#8221; transform_translate__hover_enabled=&#8221;on|desktop&#8221; transform_rotate__hover_enabled=&#8221;on|desktop&#8221; transform_skew__hover_enabled=&#8221;on|desktop&#8221; transform_origin__hover_enabled=&#8221;on|desktop&#8221;][et_pb_column type=&#8221;1_6&#8243; _builder_version=&#8221;4.27.4&#8243; _module_preset=&#8221;default&#8221; global_colors_info=&#8221;{}&#8221;][et_pb_is_image src=&#8221;https:\/\/anna-stangl.at\/wp-content\/uploads\/2025\/05\/Anna_Stangl_2025_Unter-Raubtieren-II-2025-40-x-30-cm-Tusche-Oelpastell-Roetel-Kohle-Wachs-Acryl-auf-Karton-.jpg&#8221; show_copyright=&#8221;off&#8221; title_text=&#8221;Unter Raubtieren II, 2025, 40 x 30 cm, Tusche, \u00d6lpastell, R\u00f6tel, Kohle, Wachs, Acryl auf Karton&#8221; show_lightbox_copyright=&#8221;off&#8221; align=&#8221;left&#8221; _builder_version=&#8221;4.27.4&#8243; _module_preset=&#8221;default&#8221; max_height=&#8221;200px&#8221; max_height_tablet=&#8221;200px&#8221; max_height_phone=&#8221;200px&#8221; max_height_last_edited=&#8221;on|tablet&#8221; global_colors_info=&#8221;{}&#8221; transform_styles__hover_enabled=&#8221;on|hover&#8221; transform_scale__hover_enabled=&#8221;on|hover&#8221; transform_translate__hover_enabled=&#8221;on|desktop&#8221; transform_rotate__hover_enabled=&#8221;on|desktop&#8221; transform_skew__hover_enabled=&#8221;on|desktop&#8221; transform_origin__hover_enabled=&#8221;on|desktop&#8221; transform_scale__hover=&#8221;105%|105%&#8221;][\/et_pb_is_image][\/et_pb_column][et_pb_column type=&#8221;1_6&#8243; _builder_version=&#8221;4.27.4&#8243; _module_preset=&#8221;default&#8221; global_colors_info=&#8221;{}&#8221;][et_pb_is_image src=&#8221;https:\/\/anna-stangl.at\/wp-content\/uploads\/2025\/05\/Anna_Stangl_2025_Fuchsbau-2017-25-70-x-54-cm-Pastell-Oelpastell-Kohle-Tusche-Schwarzkreide-Farbstift-Wachs-Karton.jpg&#8221; show_copyright=&#8221;off&#8221; title_text=&#8221;Fuchsbau, 2017-25, 70 x 54 cm, Pastell, \u00d6lpastell, Kohle, Tusche, Schwarzkreide, Farbstift, Wachs, Karton&#8221; show_lightbox_copyright=&#8221;off&#8221; align=&#8221;left&#8221; _builder_version=&#8221;4.27.4&#8243; _module_preset=&#8221;default&#8221; max_height=&#8221;200px&#8221; max_height_tablet=&#8221;200px&#8221; max_height_phone=&#8221;200px&#8221; max_height_last_edited=&#8221;on|tablet&#8221; global_colors_info=&#8221;{}&#8221; transform_styles__hover_enabled=&#8221;on|hover&#8221; transform_scale__hover=&#8221;105%|105%&#8221; transform_scale__hover_enabled=&#8221;on|hover&#8221; transform_translate__hover_enabled=&#8221;on|desktop&#8221; transform_rotate__hover_enabled=&#8221;on|desktop&#8221; transform_skew__hover_enabled=&#8221;on|desktop&#8221; transform_origin__hover_enabled=&#8221;on|desktop&#8221;][\/et_pb_is_image][\/et_pb_column][et_pb_column type=&#8221;1_6&#8243; _builder_version=&#8221;4.27.4&#8243; _module_preset=&#8221;default&#8221; global_colors_info=&#8221;{}&#8221;][et_pb_is_image src=&#8221;https:\/\/anna-stangl.at\/wp-content\/uploads\/2025\/05\/Anna_Stangl_2025_Stille-Wasser-2025110-x-80-cm-Tusche-Pastellkreide-WachsSchwarzkreide-Acryl-auf-Karton-collagiertDet.jpg&#8221; show_copyright=&#8221;off&#8221; title_text=&#8221;Stille Wasser, 2025, 110 x 80 cm, Tusche, Pastellkreide, Wachs, Schwarzkreide, Acryl auf Karton, collagiert, Detail&#8221; show_lightbox_copyright=&#8221;off&#8221; align=&#8221;center&#8221; _builder_version=&#8221;4.27.4&#8243; _module_preset=&#8221;default&#8221; max_height=&#8221;200px&#8221; max_height_tablet=&#8221;200px&#8221; max_height_phone=&#8221;200px&#8221; max_height_last_edited=&#8221;on|tablet&#8221; global_colors_info=&#8221;{}&#8221; transform_styles__hover_enabled=&#8221;on|hover&#8221; transform_scale__hover=&#8221;105%|105%&#8221; transform_scale__hover_enabled=&#8221;on|hover&#8221; transform_translate__hover_enabled=&#8221;on|desktop&#8221; transform_rotate__hover_enabled=&#8221;on|desktop&#8221; transform_skew__hover_enabled=&#8221;on|desktop&#8221; transform_origin__hover_enabled=&#8221;on|desktop&#8221;][\/et_pb_is_image][\/et_pb_column][et_pb_column type=&#8221;1_6&#8243; _builder_version=&#8221;4.27.4&#8243; _module_preset=&#8221;default&#8221; global_colors_info=&#8221;{}&#8221;][et_pb_is_image src=&#8221;https:\/\/anna-stangl.at\/wp-content\/uploads\/2025\/05\/Anna_Stangl_2025_Ranken-2025-102-x-76-cm-OelpastellKohle-Pastell-Wachs-Tusche-Acryl-auf-Karton.jpg&#8221; show_copyright=&#8221;off&#8221; title_text=&#8221;Ranken, 2025, 102 x 76 cm, \u00d6lpastell, Kohle, Pastell, Wachs, Tusche, Acryl auf Karton&#8221; show_lightbox_copyright=&#8221;off&#8221; align=&#8221;center&#8221; _builder_version=&#8221;4.27.4&#8243; _module_preset=&#8221;default&#8221; max_height=&#8221;200px&#8221; max_height_tablet=&#8221;200px&#8221; max_height_phone=&#8221;200px&#8221; max_height_last_edited=&#8221;on|tablet&#8221; global_colors_info=&#8221;{}&#8221; transform_styles__hover_enabled=&#8221;on|hover&#8221; transform_scale__hover=&#8221;105%|105%&#8221; transform_scale__hover_enabled=&#8221;on|hover&#8221; transform_translate__hover_enabled=&#8221;on|desktop&#8221; transform_rotate__hover_enabled=&#8221;on|desktop&#8221; transform_skew__hover_enabled=&#8221;on|desktop&#8221; transform_origin__hover_enabled=&#8221;on|desktop&#8221;][\/et_pb_is_image][\/et_pb_column][et_pb_column type=&#8221;1_6&#8243; _builder_version=&#8221;4.27.4&#8243; _module_preset=&#8221;default&#8221; global_colors_info=&#8221;{}&#8221;][et_pb_is_image src=&#8221;https:\/\/anna-stangl.at\/wp-content\/uploads\/2025\/05\/Anna_Stangl_2025_Maerchen-von-den-frechen-Gedanken-Hinterglasmalerei-Detail.jpg&#8221; show_copyright=&#8221;off&#8221; title_text=&#8221;M\u00e4rchen von den frechen Gedanken, 2025, Hinterglasmalerei, Detail&#8221; show_lightbox_copyright=&#8221;off&#8221; align=&#8221;center&#8221; _builder_version=&#8221;4.27.4&#8243; _module_preset=&#8221;default&#8221; max_height=&#8221;200px&#8221; max_height_tablet=&#8221;200px&#8221; max_height_phone=&#8221;200px&#8221; max_height_last_edited=&#8221;on|tablet&#8221; global_colors_info=&#8221;{}&#8221; transform_styles__hover_enabled=&#8221;on|hover&#8221; transform_scale__hover=&#8221;105%|105%&#8221; transform_scale__hover_enabled=&#8221;on|hover&#8221; transform_translate__hover_enabled=&#8221;on|desktop&#8221; transform_rotate__hover_enabled=&#8221;on|desktop&#8221; transform_skew__hover_enabled=&#8221;on|desktop&#8221; transform_origin__hover_enabled=&#8221;on|desktop&#8221;][\/et_pb_is_image][\/et_pb_column][et_pb_column type=&#8221;1_6&#8243; _builder_version=&#8221;4.27.4&#8243; _module_preset=&#8221;default&#8221; global_colors_info=&#8221;{}&#8221;][et_pb_is_image src=&#8221;https:\/\/anna-stangl.at\/wp-content\/uploads\/2025\/05\/Anna_Stangl_2025_Dance-with-me-2014-25-30-x-21-cmPastell-OelpastellFarbstift-Wachs-Schwarzkreide-Papier-collagiert.jpg&#8221; show_copyright=&#8221;off&#8221; title_text=&#8221;Dance with me, 2014-25, 30 x 21 cm, Pastell, \u00d6lpastell, Farbstift, Wachs, Schwarzkreide, Papier, collagiert&#8221; show_lightbox_copyright=&#8221;off&#8221; _builder_version=&#8221;4.27.4&#8243; _module_preset=&#8221;default&#8221; max_height=&#8221;200px&#8221; max_height_tablet=&#8221;200px&#8221; max_height_phone=&#8221;200px&#8221; max_height_last_edited=&#8221;on|tablet&#8221; global_colors_info=&#8221;{}&#8221; transform_styles__hover_enabled=&#8221;on|hover&#8221; transform_scale__hover=&#8221;105%|105%&#8221; transform_scale__hover_enabled=&#8221;on|hover&#8221; transform_translate__hover_enabled=&#8221;on|desktop&#8221; transform_rotate__hover_enabled=&#8221;on|desktop&#8221; transform_skew__hover_enabled=&#8221;on|desktop&#8221; transform_origin__hover_enabled=&#8221;on|desktop&#8221;][\/et_pb_is_image][\/et_pb_column][\/et_pb_row][et_pb_row column_structure=&#8221;1_6,1_6,1_6,1_6,1_6,1_6&#8243; use_custom_gutter=&#8221;on&#8221; gutter_width=&#8221;2&#8243; make_equal=&#8221;on&#8221; disabled_on=&#8221;off|off|off&#8221; _builder_version=&#8221;4.27.4&#8243; _module_preset=&#8221;default&#8221; width=&#8221;92%&#8221; custom_margin=&#8221;5px||||false|false&#8221; global_colors_info=&#8221;{}&#8221;][et_pb_column type=&#8221;1_6&#8243; _builder_version=&#8221;4.27.4&#8243; _module_preset=&#8221;default&#8221; global_colors_info=&#8221;{}&#8221;][et_pb_is_image src=&#8221;https:\/\/anna-stangl.at\/wp-content\/uploads\/2025\/06\/Die-Frau-mit-der-dunklen-Seele-108-x-76-cm-teils-Hinterglasmalerei-Oelpastell-Tusche-Acryl-Kohle-Wachs-Pastell-auf-Karton-collagiert_web.jpg&#8221; show_copyright=&#8221;off&#8221; alt=&#8221;Die Frau mit der dunklen Seele, 108 x 76 cm, teils Hinterglasmalerei, \u00d6lpastell, Tusche, Acryl, Kohle, Wachs, Pastell auf Karton, collagier&#8221; title_text=&#8221;Die Frau mit der dunklen Seele, 108 x 76 cm, teils Hinterglasmalerei, \u00d6lpastell, Tusche, Acryl, Kohle, Wachs, Pastell auf Karton, collagier&#8221; show_lightbox_copyright=&#8221;off&#8221; align=&#8221;left&#8221; _builder_version=&#8221;4.27.4&#8243; _module_preset=&#8221;default&#8221; max_height=&#8221;200px&#8221; max_height_tablet=&#8221;200px&#8221; max_height_phone=&#8221;200px&#8221; max_height_last_edited=&#8221;on|tablet&#8221; global_colors_info=&#8221;{}&#8221; transform_styles__hover_enabled=&#8221;on|hover&#8221; transform_scale__hover_enabled=&#8221;on|hover&#8221; transform_translate__hover_enabled=&#8221;on|desktop&#8221; transform_rotate__hover_enabled=&#8221;on|desktop&#8221; transform_skew__hover_enabled=&#8221;on|desktop&#8221; transform_origin__hover_enabled=&#8221;on|desktop&#8221; transform_scale__hover=&#8221;105%|105%&#8221;][\/et_pb_is_image][\/et_pb_column][et_pb_column type=&#8221;1_6&#8243; _builder_version=&#8221;4.27.4&#8243; _module_preset=&#8221;default&#8221; global_colors_info=&#8221;{}&#8221;][et_pb_is_image src=&#8221;https:\/\/anna-stangl.at\/wp-content\/uploads\/2025\/06\/Die-Frau-mit-der-dunklen-Seele-108-x-76-cm-teils-Hinterglasmalerei-Oelpastell-Tusche-Acryl-Kohle-Wachs-Pastell-auf-Karton-collagiertDetail_web4.jpg&#8221; show_copyright=&#8221;off&#8221; title_text=&#8221;Die Frau mit der dunklen Seele, 108 x 76 cm, teils Hinterglasmalerei, \u00d6lpastell, Tusche, Acryl, Kohle, Wachs, Pastell auf Karton, collagiert, Detail&#8221; show_lightbox_copyright=&#8221;off&#8221; align=&#8221;left&#8221; _builder_version=&#8221;4.27.4&#8243; _module_preset=&#8221;default&#8221; max_height=&#8221;200px&#8221; max_height_tablet=&#8221;200px&#8221; max_height_phone=&#8221;200px&#8221; max_height_last_edited=&#8221;on|tablet&#8221; global_colors_info=&#8221;{}&#8221; transform_styles__hover_enabled=&#8221;on|hover&#8221; transform_scale__hover=&#8221;105%|105%&#8221; transform_scale__hover_enabled=&#8221;on|hover&#8221; transform_translate__hover_enabled=&#8221;on|desktop&#8221; transform_rotate__hover_enabled=&#8221;on|desktop&#8221; transform_skew__hover_enabled=&#8221;on|desktop&#8221; transform_origin__hover_enabled=&#8221;on|desktop&#8221;][\/et_pb_is_image][\/et_pb_column][et_pb_column type=&#8221;1_6&#8243; _builder_version=&#8221;4.27.4&#8243; _module_preset=&#8221;default&#8221; global_colors_info=&#8221;{}&#8221;][\/et_pb_column][et_pb_column type=&#8221;1_6&#8243; _builder_version=&#8221;4.27.4&#8243; _module_preset=&#8221;default&#8221; global_colors_info=&#8221;{}&#8221;][\/et_pb_column][et_pb_column type=&#8221;1_6&#8243; _builder_version=&#8221;4.27.4&#8243; _module_preset=&#8221;default&#8221; global_colors_info=&#8221;{}&#8221;][\/et_pb_column][et_pb_column type=&#8221;1_6&#8243; _builder_version=&#8221;4.27.4&#8243; _module_preset=&#8221;default&#8221; global_colors_info=&#8221;{}&#8221;][\/et_pb_column][\/et_pb_row][et_pb_row column_structure=&#8221;1_6,1_6,1_6,1_6,1_6,1_6&#8243; use_custom_gutter=&#8221;on&#8221; gutter_width=&#8221;2&#8243; make_equal=&#8221;on&#8221; disabled_on=&#8221;on|on|on&#8221; _builder_version=&#8221;4.27.4&#8243; _module_preset=&#8221;default&#8221; width=&#8221;92%&#8221; custom_margin=&#8221;5px||||false|false&#8221; disabled=&#8221;on&#8221; global_colors_info=&#8221;{}&#8221;][et_pb_column type=&#8221;1_6&#8243; _builder_version=&#8221;4.27.4&#8243; _module_preset=&#8221;default&#8221; global_colors_info=&#8221;{}&#8221;][\/et_pb_column][et_pb_column type=&#8221;1_6&#8243; _builder_version=&#8221;4.27.4&#8243; _module_preset=&#8221;default&#8221; global_colors_info=&#8221;{}&#8221;][\/et_pb_column][et_pb_column type=&#8221;1_6&#8243; _builder_version=&#8221;4.27.4&#8243; _module_preset=&#8221;default&#8221; global_colors_info=&#8221;{}&#8221;][\/et_pb_column][et_pb_column type=&#8221;1_6&#8243; _builder_version=&#8221;4.27.4&#8243; _module_preset=&#8221;default&#8221; global_colors_info=&#8221;{}&#8221;][\/et_pb_column][et_pb_column type=&#8221;1_6&#8243; _builder_version=&#8221;4.27.4&#8243; _module_preset=&#8221;default&#8221; global_colors_info=&#8221;{}&#8221;][\/et_pb_column][et_pb_column type=&#8221;1_6&#8243; _builder_version=&#8221;4.27.4&#8243; _module_preset=&#8221;default&#8221; global_colors_info=&#8221;{}&#8221;][\/et_pb_column][\/et_pb_row][\/et_pb_section][et_pb_section fb_built=&#8221;1&#8243; admin_label=&#8221;Section 2024&#8243; _builder_version=&#8221;4.27.4&#8243; _module_preset=&#8221;default&#8221; custom_margin=&#8221;0px||||false|false&#8221; custom_padding=&#8221;0px||||false|false&#8221; global_colors_info=&#8221;{}&#8221;][et_pb_row module_class=&#8221;customheadline&#8221; _builder_version=&#8221;4.27.4&#8243; _module_preset=&#8221;default&#8221; width=&#8221;92%&#8221; custom_margin=&#8221;0px||0px||false|false&#8221; custom_padding=&#8221;8px||0px||false|false&#8221; global_colors_info=&#8221;{}&#8221;][et_pb_column type=&#8221;4_4&#8243; _builder_version=&#8221;4.27.4&#8243; _module_preset=&#8221;default&#8221; global_colors_info=&#8221;{}&#8221;][et_pb_text admin_label=&#8221;2024&#8243; _builder_version=&#8221;4.27.4&#8243; _module_preset=&#8221;default&#8221; global_colors_info=&#8221;{}&#8221;]<\/p>\n<h3>2024<\/h3>\n<p>[\/et_pb_text][\/et_pb_column][\/et_pb_row][et_pb_row column_structure=&#8221;1_3,1_3,1_3&#8243; module_class=&#8221;bigfirstrow&#8221; _builder_version=&#8221;4.27.4&#8243; _module_preset=&#8221;default&#8221; width=&#8221;92%&#8221; custom_padding=&#8221;14px||||false|false&#8221; global_colors_info=&#8221;{}&#8221; transform_styles__hover_enabled=&#8221;on|hover&#8221; transform_scale__hover_enabled=&#8221;on|hover&#8221; transform_translate__hover_enabled=&#8221;on|desktop&#8221; transform_rotate__hover_enabled=&#8221;on|desktop&#8221; transform_skew__hover_enabled=&#8221;on|desktop&#8221; transform_origin__hover_enabled=&#8221;on|desktop&#8221;][et_pb_column type=&#8221;1_3&#8243; _builder_version=&#8221;4.27.4&#8243; _module_preset=&#8221;default&#8221; global_colors_info=&#8221;{}&#8221;][et_pb_is_image src=&#8221;https:\/\/anna-stangl.at\/wp-content\/uploads\/2025\/03\/Anna-Stangl_2025_Die-Zeitreisende-2024-1125-x-80-cm-Acryl-Tusche-Pastell-Schwarzkreide-Wachs-collagiert4-Kopie.jpg&#8221; show_copyright=&#8221;off&#8221; title_text=&#8221;Die Zeitreisende, 2024, 113 x 80 cm, Acryl, Tusche, Pastell, Schwarzkreide, Wachs, collagiert&#8221; show_lightbox_copyright=&#8221;off&#8221; module_class=&#8221;bigfirstimage&#8221; _builder_version=&#8221;4.27.4&#8243; _module_preset=&#8221;default&#8221; transform_scale=&#8221;94%|94%&#8221; transform_translate=&#8221;-6px|-12px&#8221; transform_translate_linked=&#8221;off&#8221; global_colors_info=&#8221;{}&#8221; transform_styles__hover_enabled=&#8221;on|hover&#8221; transform_scale__hover_enabled=&#8221;on|desktop&#8221; transform_translate__hover_enabled=&#8221;on|hover&#8221; transform_rotate__hover_enabled=&#8221;on|desktop&#8221; transform_skew__hover_enabled=&#8221;on|desktop&#8221; transform_origin__hover_enabled=&#8221;on|desktop&#8221; transform_scale__hover=&#8221;99%|99%&#8221; transform_translate__hover=&#8221;0px|-12px&#8221;][\/et_pb_is_image][\/et_pb_column][et_pb_column type=&#8221;1_3&#8243; _builder_version=&#8221;4.27.4&#8243; _module_preset=&#8221;default&#8221; global_colors_info=&#8221;{}&#8221;][et_pb_is_image src=&#8221;https:\/\/anna-stangl.at\/wp-content\/uploads\/2025\/03\/Anna-Stangl_2025_Eisberg-2024-1005-x-73-cm-Kohle-Pastell-Schwarzkreide-auf-Karton.jpg&#8221; show_copyright=&#8221;off&#8221; title_text=&#8221;Eisberg, 2024, 100,5 x 73 cm, Kohle, Pastell, Schwarzkreide auf Karton&#8221; show_lightbox_copyright=&#8221;off&#8221; module_class=&#8221;bigfirstimage&#8221; _builder_version=&#8221;4.27.4&#8243; _module_preset=&#8221;default&#8221; transform_scale=&#8221;95.6%|95.6%&#8221; transform_translate=&#8221;0px|-9px&#8221; transform_translate_linked=&#8221;off&#8221; locked=&#8221;off&#8221; global_colors_info=&#8221;{}&#8221; transform_styles__hover_enabled=&#8221;on|desktop&#8221; transform_scale__hover_enabled=&#8221;on|desktop&#8221; transform_translate__hover_enabled=&#8221;on|desktop&#8221; transform_rotate__hover_enabled=&#8221;on|desktop&#8221; transform_skew__hover_enabled=&#8221;on|desktop&#8221; transform_origin__hover_enabled=&#8221;on|desktop&#8221; transform_scale__hover=&#8221;102%|102%&#8221; transform_translate__hover=&#8221;0px|-10px&#8221;][\/et_pb_is_image][\/et_pb_column][et_pb_column type=&#8221;1_3&#8243; _builder_version=&#8221;4.27.4&#8243; _module_preset=&#8221;default&#8221; global_colors_info=&#8221;{}&#8221;][et_pb_is_image src=&#8221;https:\/\/anna-stangl.at\/wp-content\/uploads\/2025\/03\/Anna-Stangl_2025_Sommer-2024-80-x-60-cm-Tusche-Pastell-Schwarzkreide-Wachs-auf-Karton-collagiert.jpg&#8221; show_copyright=&#8221;off&#8221; title_text=&#8221;Sommer, 2024, 80 x 60 cm, Tusche, Pastell, Schwarzkreide, Wachs auf Karton, collagiert&#8221; show_lightbox_copyright=&#8221;off&#8221; module_class=&#8221;bigfirstimage&#8221; _builder_version=&#8221;4.27.4&#8243; _module_preset=&#8221;default&#8221; locked=&#8221;off&#8221; global_colors_info=&#8221;{}&#8221; transform_styles__hover_enabled=&#8221;on|hover&#8221; transform_scale__hover_enabled=&#8221;on|hover&#8221; transform_translate__hover_enabled=&#8221;on|desktop&#8221; transform_rotate__hover_enabled=&#8221;on|desktop&#8221; transform_skew__hover_enabled=&#8221;on|desktop&#8221; transform_origin__hover_enabled=&#8221;on|desktop&#8221; transform_scale__hover=&#8221;105%|105%&#8221;][\/et_pb_is_image][\/et_pb_column][\/et_pb_row][et_pb_row column_structure=&#8221;1_6,1_6,1_6,1_6,1_6,1_6&#8243; use_custom_gutter=&#8221;on&#8221; gutter_width=&#8221;2&#8243; make_equal=&#8221;on&#8221; _builder_version=&#8221;4.27.4&#8243; _module_preset=&#8221;default&#8221; width=&#8221;92%&#8221; custom_margin=&#8221;5px||||false|false&#8221; global_colors_info=&#8221;{}&#8221; transform_styles__hover_enabled=&#8221;on|hover&#8221; transform_scale__hover_enabled=&#8221;on|hover&#8221; transform_translate__hover_enabled=&#8221;on|desktop&#8221; transform_rotate__hover_enabled=&#8221;on|desktop&#8221; transform_skew__hover_enabled=&#8221;on|desktop&#8221; transform_origin__hover_enabled=&#8221;on|desktop&#8221;][et_pb_column type=&#8221;1_6&#8243; _builder_version=&#8221;4.27.4&#8243; _module_preset=&#8221;default&#8221; global_colors_info=&#8221;{}&#8221;][et_pb_is_image src=&#8221;https:\/\/anna-stangl.at\/wp-content\/uploads\/2025\/03\/Anna-Stangl_2025_Bootsfahrt-mit-dem-Wolf-2024-107-x-76-c-Oelpastell-Acryl-Wachs-Schwarzkreide-Kohle-Pastell-auf-Karton-collagiert.jpg&#8221; show_copyright=&#8221;off&#8221; title_text=&#8221;Dance with me, 2014-24, 30 x 21 cm, Pastell, \u00d6lpastell, Farbstift, Wachs, Schwarzkreide, Papier, collagiert&#8221; show_lightbox_copyright=&#8221;off&#8221; align=&#8221;left&#8221; _builder_version=&#8221;4.27.4&#8243; _module_preset=&#8221;default&#8221; max_height=&#8221;200px&#8221; max_height_tablet=&#8221;200px&#8221; max_height_phone=&#8221;200px&#8221; max_height_last_edited=&#8221;on|tablet&#8221; global_colors_info=&#8221;{}&#8221; transform_styles__hover_enabled=&#8221;on|hover&#8221; transform_scale__hover_enabled=&#8221;on|hover&#8221; transform_translate__hover_enabled=&#8221;on|desktop&#8221; transform_rotate__hover_enabled=&#8221;on|desktop&#8221; transform_skew__hover_enabled=&#8221;on|desktop&#8221; transform_origin__hover_enabled=&#8221;on|desktop&#8221; transform_scale__hover=&#8221;105%|105%&#8221;][\/et_pb_is_image][\/et_pb_column][et_pb_column type=&#8221;1_6&#8243; _builder_version=&#8221;4.27.4&#8243; _module_preset=&#8221;default&#8221; global_colors_info=&#8221;{}&#8221;][et_pb_is_image src=&#8221;https:\/\/anna-stangl.at\/wp-content\/uploads\/2025\/03\/Anna-Stangl_2025_Dance-with-me-2014-24-30-x-21-cmPastell-OelpastellFarbstift-Wachs-Schwarzkreide-Papier-collagiert-Kopie.jpg&#8221; show_copyright=&#8221;off&#8221; title_text=&#8221;Dance with me, 2014-24, 30 x 21 cm, Pastell, \u00d6lpastell, Farbstift, Wachs, Schwarzkreide, Papier, collagiert&#8221; show_lightbox_copyright=&#8221;off&#8221; align=&#8221;center&#8221; _builder_version=&#8221;4.27.4&#8243; _module_preset=&#8221;default&#8221; max_height=&#8221;200px&#8221; max_height_tablet=&#8221;200px&#8221; max_height_phone=&#8221;200px&#8221; max_height_last_edited=&#8221;on|tablet&#8221; global_colors_info=&#8221;{}&#8221; transform_styles__hover_enabled=&#8221;on|hover&#8221; transform_scale__hover=&#8221;105%|105%&#8221; transform_scale__hover_enabled=&#8221;on|hover&#8221; transform_translate__hover_enabled=&#8221;on|desktop&#8221; transform_rotate__hover_enabled=&#8221;on|desktop&#8221; transform_skew__hover_enabled=&#8221;on|desktop&#8221; transform_origin__hover_enabled=&#8221;on|desktop&#8221;][\/et_pb_is_image][\/et_pb_column][et_pb_column type=&#8221;1_6&#8243; _builder_version=&#8221;4.27.4&#8243; _module_preset=&#8221;default&#8221; global_colors_info=&#8221;{}&#8221;][et_pb_is_image src=&#8221;https:\/\/anna-stangl.at\/wp-content\/uploads\/2025\/03\/Anna-Stangl_2025_Fuchsbau-2017-24-70-x-54-cm-Pastell-Oelpastell-Kohle-Tusche-Schwarzkreide-Farbstift-Wachs-Karton4.jpg&#8221; show_copyright=&#8221;off&#8221; title_text=&#8221;Fuchsbau, 2017-24, 70 x 54 cm, Pastell, \u00d6lpastell, Kohle, Tusche, Schwarzkreide, Farbstift, Wachs, Karton&#8221; show_lightbox_copyright=&#8221;off&#8221; align=&#8221;center&#8221; _builder_version=&#8221;4.27.4&#8243; _module_preset=&#8221;default&#8221; max_height=&#8221;200px&#8221; max_height_tablet=&#8221;200px&#8221; max_height_phone=&#8221;200px&#8221; max_height_last_edited=&#8221;on|tablet&#8221; global_colors_info=&#8221;{}&#8221; transform_styles__hover_enabled=&#8221;on|hover&#8221; transform_scale__hover=&#8221;105%|105%&#8221; transform_scale__hover_enabled=&#8221;on|hover&#8221; transform_translate__hover_enabled=&#8221;on|desktop&#8221; transform_rotate__hover_enabled=&#8221;on|desktop&#8221; transform_skew__hover_enabled=&#8221;on|desktop&#8221; transform_origin__hover_enabled=&#8221;on|desktop&#8221;][\/et_pb_is_image][\/et_pb_column][et_pb_column type=&#8221;1_6&#8243; _builder_version=&#8221;4.27.4&#8243; _module_preset=&#8221;default&#8221; global_colors_info=&#8221;{}&#8221;][et_pb_is_image src=&#8221;https:\/\/anna-stangl.at\/wp-content\/uploads\/2025\/03\/Anna-Stangl_2025_Mimikry-2024-76-x-54-cm-Oelpastell-Kohle-Tusche-Wachs-Pastell-auf-Karton-collagiert.jpg&#8221; show_copyright=&#8221;off&#8221; title_text=&#8221;Anna-Stangl_2025_Mimikry,-2024,-76-x-54-cm,-\u00d6lpastell,-Kohle,-Tusche,-Wachs,-Pastell-auf-Karton,-collagiert&#8221; show_lightbox_copyright=&#8221;off&#8221; align=&#8221;center&#8221; _builder_version=&#8221;4.27.4&#8243; _module_preset=&#8221;default&#8221; max_height=&#8221;200px&#8221; max_height_tablet=&#8221;200px&#8221; max_height_phone=&#8221;200px&#8221; max_height_last_edited=&#8221;on|tablet&#8221; global_colors_info=&#8221;{}&#8221; transform_styles__hover_enabled=&#8221;on|hover&#8221; transform_scale__hover=&#8221;105%|105%&#8221; transform_scale__hover_enabled=&#8221;on|hover&#8221; transform_translate__hover_enabled=&#8221;on|desktop&#8221; transform_rotate__hover_enabled=&#8221;on|desktop&#8221; transform_skew__hover_enabled=&#8221;on|desktop&#8221; transform_origin__hover_enabled=&#8221;on|desktop&#8221;][\/et_pb_is_image][\/et_pb_column][et_pb_column type=&#8221;1_6&#8243; _builder_version=&#8221;4.27.4&#8243; _module_preset=&#8221;default&#8221; global_colors_info=&#8221;{}&#8221;][et_pb_is_image src=&#8221;https:\/\/anna-stangl.at\/wp-content\/uploads\/2025\/03\/Anna-Stangl_2025_Sommer-II-2024-76-x-595-cm-Oelpastell-Wachs-Pastell-Acryl-Schwarzkreide-Tusche-auf-Karton8-Kopie.jpg&#8221; show_copyright=&#8221;off&#8221; title_text=&#8221;Sommer II, 2024, 76 x 59,5 cm, \u00d6lpastell, Wachs, Pastell, Acryl, Schwarzkreide, Tusche auf Karton, collagiert&#8221; show_lightbox_copyright=&#8221;off&#8221; align=&#8221;center&#8221; _builder_version=&#8221;4.27.4&#8243; _module_preset=&#8221;default&#8221; max_height=&#8221;200px&#8221; max_height_tablet=&#8221;200px&#8221; max_height_phone=&#8221;200px&#8221; max_height_last_edited=&#8221;on|tablet&#8221; global_colors_info=&#8221;{}&#8221; transform_styles__hover_enabled=&#8221;on|hover&#8221; transform_scale__hover=&#8221;105%|105%&#8221; transform_scale__hover_enabled=&#8221;on|hover&#8221; transform_translate__hover_enabled=&#8221;on|desktop&#8221; transform_rotate__hover_enabled=&#8221;on|desktop&#8221; transform_skew__hover_enabled=&#8221;on|desktop&#8221; transform_origin__hover_enabled=&#8221;on|desktop&#8221;][\/et_pb_is_image][\/et_pb_column][et_pb_column type=&#8221;1_6&#8243; _builder_version=&#8221;4.27.4&#8243; _module_preset=&#8221;default&#8221; global_colors_info=&#8221;{}&#8221;][et_pb_is_image src=&#8221;https:\/\/anna-stangl.at\/wp-content\/uploads\/2025\/03\/Anna-Stangl_2025_Spaetsommer-2024-107-x-755-cm-Tusche-Wachs-Acryl-Oelpastell-collagiert-auf-Karton4.jpg&#8221; show_copyright=&#8221;off&#8221; title_text=&#8221;Sp\u00e4tsommer, 2024, 107 x 76 cm, Tusche, Wachs, Acryl, \u00d6lpastell, collagiert, auf Karton&#8221; show_lightbox_copyright=&#8221;off&#8221; align=&#8221;center&#8221; _builder_version=&#8221;4.27.4&#8243; _module_preset=&#8221;default&#8221; max_height=&#8221;200px&#8221; max_height_tablet=&#8221;200px&#8221; max_height_phone=&#8221;200px&#8221; max_height_last_edited=&#8221;on|tablet&#8221; global_colors_info=&#8221;{}&#8221; transform_styles__hover_enabled=&#8221;on|hover&#8221; transform_scale__hover=&#8221;105%|105%&#8221; transform_scale__hover_enabled=&#8221;on|hover&#8221; transform_translate__hover_enabled=&#8221;on|desktop&#8221; transform_rotate__hover_enabled=&#8221;on|desktop&#8221; transform_skew__hover_enabled=&#8221;on|desktop&#8221; transform_origin__hover_enabled=&#8221;on|desktop&#8221;][\/et_pb_is_image][\/et_pb_column][\/et_pb_row][et_pb_row column_structure=&#8221;1_6,1_6,1_6,1_6,1_6,1_6&#8243; use_custom_gutter=&#8221;on&#8221; gutter_width=&#8221;2&#8243; make_equal=&#8221;on&#8221; _builder_version=&#8221;4.27.4&#8243; _module_preset=&#8221;default&#8221; width=&#8221;92%&#8221; custom_margin=&#8221;5px||||false|false&#8221; global_colors_info=&#8221;{}&#8221;][et_pb_column type=&#8221;1_6&#8243; _builder_version=&#8221;4.27.4&#8243; _module_preset=&#8221;default&#8221; global_colors_info=&#8221;{}&#8221;][et_pb_is_image src=&#8221;https:\/\/anna-stangl.at\/wp-content\/uploads\/2025\/03\/Anna-Stangl_2025_Tanz-2024-103-x-68-cm-Schwarzkreide-Kohle-Pastell-Acryl-auf-Karton-collagiert2-Kopie-2.jpg&#8221; show_copyright=&#8221;off&#8221; title_text=&#8221;Tanz, 2024, 103 x 68 cm, Schwarzkreide, Kohle, Pastell, Acryl auf Karton, collagiert&#8221; show_lightbox_copyright=&#8221;off&#8221; align=&#8221;left&#8221; _builder_version=&#8221;4.27.4&#8243; _module_preset=&#8221;default&#8221; max_height=&#8221;200px&#8221; max_height_tablet=&#8221;200px&#8221; max_height_phone=&#8221;200px&#8221; max_height_last_edited=&#8221;on|tablet&#8221; global_colors_info=&#8221;{}&#8221; transform_styles__hover_enabled=&#8221;on|hover&#8221; transform_scale__hover=&#8221;105%|105%&#8221; transform_scale__hover_enabled=&#8221;on|hover&#8221; transform_translate__hover_enabled=&#8221;on|desktop&#8221; transform_rotate__hover_enabled=&#8221;on|desktop&#8221; transform_skew__hover_enabled=&#8221;on|desktop&#8221; transform_origin__hover_enabled=&#8221;on|desktop&#8221;][\/et_pb_is_image][\/et_pb_column][et_pb_column type=&#8221;1_6&#8243; _builder_version=&#8221;4.27.4&#8243; _module_preset=&#8221;default&#8221; global_colors_info=&#8221;{}&#8221;][et_pb_is_image src=&#8221;https:\/\/anna-stangl.at\/wp-content\/uploads\/2025\/03\/Anna-Stangl_2025_Uncanny-room-2012-2451-x-375-cm-Oelpastell-Pastell-Schwarzkreide-Kohle-Mohnoel-Papier-beschnitten.jpg&#8221; show_copyright=&#8221;off&#8221; title_text=&#8221;Uncanny Room, 2012-24, 51 x 38 cm, \u00d6lpastell, Pastell, Schwarzkreide, Kohle, Mohn\u00f6l, Papier&#8221; show_lightbox_copyright=&#8221;off&#8221; align=&#8221;center&#8221; _builder_version=&#8221;4.27.4&#8243; _module_preset=&#8221;default&#8221; max_height=&#8221;200px&#8221; max_height_tablet=&#8221;200px&#8221; max_height_phone=&#8221;200px&#8221; max_height_last_edited=&#8221;on|tablet&#8221; global_colors_info=&#8221;{}&#8221; transform_styles__hover_enabled=&#8221;on|hover&#8221; transform_scale__hover=&#8221;105%|105%&#8221; transform_scale__hover_enabled=&#8221;on|hover&#8221; transform_translate__hover_enabled=&#8221;on|desktop&#8221; transform_rotate__hover_enabled=&#8221;on|desktop&#8221; transform_skew__hover_enabled=&#8221;on|desktop&#8221; transform_origin__hover_enabled=&#8221;on|desktop&#8221;][\/et_pb_is_image][\/et_pb_column][et_pb_column type=&#8221;1_6&#8243; _builder_version=&#8221;4.27.4&#8243; _module_preset=&#8221;default&#8221; global_colors_info=&#8221;{}&#8221;][et_pb_is_image src=&#8221;https:\/\/anna-stangl.at\/wp-content\/uploads\/2025\/03\/Anna-Stangl_2025_Steinwurf-2017-24-54-x-685-cm-Oelpastell-Schwarzkreide-Pastell-Farbstift-Wachs-Karton3.jpg&#8221; show_copyright=&#8221;off&#8221; title_text=&#8221;Steinwurf, 2017-24, 54 x 69 cm, \u00d6lpastell, Schwarzkreide, Pastell, Farbstift, Wachs, Karton&#8221; show_lightbox_copyright=&#8221;off&#8221; _builder_version=&#8221;4.27.4&#8243; _module_preset=&#8221;default&#8221; max_height=&#8221;200px&#8221; max_height_tablet=&#8221;200px&#8221; max_height_phone=&#8221;200px&#8221; max_height_last_edited=&#8221;on|tablet&#8221; global_colors_info=&#8221;{}&#8221; transform_styles__hover_enabled=&#8221;on|hover&#8221; transform_scale__hover=&#8221;105%|105%&#8221; transform_scale__hover_enabled=&#8221;on|hover&#8221; transform_translate__hover_enabled=&#8221;on|desktop&#8221; transform_rotate__hover_enabled=&#8221;on|desktop&#8221; transform_skew__hover_enabled=&#8221;on|desktop&#8221; transform_origin__hover_enabled=&#8221;on|desktop&#8221;][\/et_pb_is_image][\/et_pb_column][et_pb_column type=&#8221;1_6&#8243; _builder_version=&#8221;4.27.4&#8243; _module_preset=&#8221;default&#8221; global_colors_info=&#8221;{}&#8221;][\/et_pb_column][et_pb_column type=&#8221;1_6&#8243; _builder_version=&#8221;4.27.4&#8243; _module_preset=&#8221;default&#8221; global_colors_info=&#8221;{}&#8221;][\/et_pb_column][et_pb_column type=&#8221;1_6&#8243; _builder_version=&#8221;4.27.4&#8243; _module_preset=&#8221;default&#8221; global_colors_info=&#8221;{}&#8221;][\/et_pb_column][\/et_pb_row][et_pb_row column_structure=&#8221;1_6,1_6,1_6,1_6,1_6,1_6&#8243; use_custom_gutter=&#8221;on&#8221; gutter_width=&#8221;2&#8243; make_equal=&#8221;on&#8221; disabled_on=&#8221;on|on|on&#8221; _builder_version=&#8221;4.27.4&#8243; _module_preset=&#8221;default&#8221; width=&#8221;92%&#8221; custom_margin=&#8221;5px||||false|false&#8221; disabled=&#8221;on&#8221; global_colors_info=&#8221;{}&#8221;][et_pb_column type=&#8221;1_6&#8243; _builder_version=&#8221;4.27.4&#8243; _module_preset=&#8221;default&#8221; global_colors_info=&#8221;{}&#8221;][\/et_pb_column][et_pb_column type=&#8221;1_6&#8243; _builder_version=&#8221;4.27.4&#8243; _module_preset=&#8221;default&#8221; global_colors_info=&#8221;{}&#8221;][\/et_pb_column][et_pb_column type=&#8221;1_6&#8243; _builder_version=&#8221;4.27.4&#8243; _module_preset=&#8221;default&#8221; global_colors_info=&#8221;{}&#8221;][\/et_pb_column][et_pb_column type=&#8221;1_6&#8243; _builder_version=&#8221;4.27.4&#8243; _module_preset=&#8221;default&#8221; global_colors_info=&#8221;{}&#8221;][\/et_pb_column][et_pb_column type=&#8221;1_6&#8243; _builder_version=&#8221;4.27.4&#8243; _module_preset=&#8221;default&#8221; global_colors_info=&#8221;{}&#8221;][\/et_pb_column][et_pb_column type=&#8221;1_6&#8243; _builder_version=&#8221;4.27.4&#8243; _module_preset=&#8221;default&#8221; global_colors_info=&#8221;{}&#8221;][\/et_pb_column][\/et_pb_row][\/et_pb_section][et_pb_section fb_built=&#8221;1&#8243; admin_label=&#8221;Section 2023&#8243; _builder_version=&#8221;4.27.4&#8243; _module_preset=&#8221;default&#8221; custom_margin=&#8221;0px||||false|false&#8221; custom_padding=&#8221;0px||||false|false&#8221; global_colors_info=&#8221;{}&#8221;][et_pb_row module_class=&#8221;customheadline&#8221; _builder_version=&#8221;4.27.4&#8243; _module_preset=&#8221;default&#8221; width=&#8221;92%&#8221; custom_margin=&#8221;0px||0px||false|false&#8221; custom_padding=&#8221;8px||0px||false|false&#8221; global_colors_info=&#8221;{}&#8221;][et_pb_column type=&#8221;4_4&#8243; _builder_version=&#8221;4.27.4&#8243; _module_preset=&#8221;default&#8221; global_colors_info=&#8221;{}&#8221;][et_pb_text admin_label=&#8221;2023&#8243; _builder_version=&#8221;4.27.4&#8243; _module_preset=&#8221;default&#8221; global_colors_info=&#8221;{}&#8221;]<\/p>\n<h3>2023<\/h3>\n<p>[\/et_pb_text][\/et_pb_column][\/et_pb_row][et_pb_row column_structure=&#8221;1_3,1_3,1_3&#8243; module_class=&#8221;bigfirstrow&#8221; _builder_version=&#8221;4.27.4&#8243; _module_preset=&#8221;default&#8221; width=&#8221;92%&#8221; custom_padding=&#8221;14px||||false|false&#8221; global_colors_info=&#8221;{}&#8221; transform_styles__hover_enabled=&#8221;on|hover&#8221; transform_scale__hover_enabled=&#8221;on|hover&#8221; transform_translate__hover_enabled=&#8221;on|desktop&#8221; transform_rotate__hover_enabled=&#8221;on|desktop&#8221; transform_skew__hover_enabled=&#8221;on|desktop&#8221; transform_origin__hover_enabled=&#8221;on|desktop&#8221;][et_pb_column type=&#8221;1_3&#8243; _builder_version=&#8221;4.27.4&#8243; _module_preset=&#8221;default&#8221; global_colors_info=&#8221;{}&#8221;][et_pb_is_image src=&#8221;https:\/\/anna-stangl.at\/wp-content\/uploads\/2025\/03\/Anna_Stangl_2025_Wildnis-2023-100-x-78-cm-Tusche-Oelpastell-Pastell-Wachs-Schwarzkreide-Karton-collagiert.jpg&#8221; show_copyright=&#8221;off&#8221; title_text=&#8221;Anna_Stangl_2025_Wildnis,-2023,-100-x-78-cm,-Tusche,-\u00d6lpastell,-Pastell,-Wachs,-Schwarzkreide,-Karton,-collagiert&#8221; show_lightbox_copyright=&#8221;off&#8221; module_class=&#8221;bigfirstimage&#8221; _builder_version=&#8221;4.27.4&#8243; _module_preset=&#8221;default&#8221; global_colors_info=&#8221;{}&#8221; transform_styles__hover_enabled=&#8221;on|hover&#8221; transform_scale__hover_enabled=&#8221;on|hover&#8221; transform_translate__hover_enabled=&#8221;on|desktop&#8221; transform_rotate__hover_enabled=&#8221;on|desktop&#8221; transform_skew__hover_enabled=&#8221;on|desktop&#8221; transform_origin__hover_enabled=&#8221;on|desktop&#8221; transform_scale__hover=&#8221;105%|105%&#8221;][\/et_pb_is_image][\/et_pb_column][et_pb_column type=&#8221;1_3&#8243; _builder_version=&#8221;4.27.4&#8243; _module_preset=&#8221;default&#8221; global_colors_info=&#8221;{}&#8221;][et_pb_is_image src=&#8221;https:\/\/anna-stangl.at\/wp-content\/uploads\/2025\/03\/Anna_Stangl_2025_Am-Rand-2023-104-x-73-cm-Kohle-Schwarzkreide-Pastell-auf-Karton.jpg&#8221; show_copyright=&#8221;off&#8221; title_text=&#8221;Anna_Stangl_2025_Am-Rand,-2023,-104-x-73-cm,-Kohle,-Schwarzkreide,-Pastell-auf-Karton&#8221; show_lightbox_copyright=&#8221;off&#8221; module_class=&#8221;bigfirstimage&#8221; _builder_version=&#8221;4.27.4&#8243; _module_preset=&#8221;default&#8221; transform_scale=&#8221;96.6%|96.6%&#8221; transform_translate=&#8221;0px|-8px&#8221; transform_translate_linked=&#8221;off&#8221; locked=&#8221;off&#8221; global_colors_info=&#8221;{}&#8221; transform_styles__hover_enabled=&#8221;on|desktop&#8221; transform_scale__hover_enabled=&#8221;on|desktop&#8221; transform_translate__hover_enabled=&#8221;on|desktop&#8221; transform_rotate__hover_enabled=&#8221;on|desktop&#8221; transform_skew__hover_enabled=&#8221;on|desktop&#8221; transform_origin__hover_enabled=&#8221;on|desktop&#8221; transform_scale__hover=&#8221;102%|102%&#8221; transform_translate__hover=&#8221;0px|-10px&#8221;][\/et_pb_is_image][\/et_pb_column][et_pb_column type=&#8221;1_3&#8243; _builder_version=&#8221;4.27.4&#8243; _module_preset=&#8221;default&#8221; global_colors_info=&#8221;{}&#8221;][et_pb_is_image src=&#8221;https:\/\/anna-stangl.at\/wp-content\/uploads\/2025\/03\/Anna_Stangl_2025_Die-Tiefseetaucherin-2023-1035-x-76-cm-Tusche-Oelpastell-Pastell-Acryl-Kohle-auf-Karton-collagiert.jpg&#8221; show_copyright=&#8221;off&#8221; title_text=&#8221;Anna_Stangl_2025_Die-Tiefseetaucherin-2023,-103,5-x-76-cm,-Tusche,-\u00d6lpastell,-Pastell,-Acryl,-Kohle-auf-Karton,-collagiert&#8221; show_lightbox_copyright=&#8221;off&#8221; module_class=&#8221;bigfirstimage&#8221; _builder_version=&#8221;4.27.4&#8243; _module_preset=&#8221;default&#8221; locked=&#8221;off&#8221; global_colors_info=&#8221;{}&#8221; transform_styles__hover_enabled=&#8221;on|hover&#8221; transform_scale__hover_enabled=&#8221;on|hover&#8221; transform_translate__hover_enabled=&#8221;on|desktop&#8221; transform_rotate__hover_enabled=&#8221;on|desktop&#8221; transform_skew__hover_enabled=&#8221;on|desktop&#8221; transform_origin__hover_enabled=&#8221;on|desktop&#8221; transform_scale__hover=&#8221;105%|105%&#8221;][\/et_pb_is_image][\/et_pb_column][\/et_pb_row][et_pb_row column_structure=&#8221;1_6,1_6,1_6,1_6,1_6,1_6&#8243; use_custom_gutter=&#8221;on&#8221; gutter_width=&#8221;2&#8243; make_equal=&#8221;on&#8221; _builder_version=&#8221;4.27.4&#8243; _module_preset=&#8221;default&#8221; width=&#8221;92%&#8221; custom_margin=&#8221;5px||||false|false&#8221; global_colors_info=&#8221;{}&#8221; transform_styles__hover_enabled=&#8221;on|hover&#8221; transform_scale__hover_enabled=&#8221;on|hover&#8221; transform_translate__hover_enabled=&#8221;on|desktop&#8221; transform_rotate__hover_enabled=&#8221;on|desktop&#8221; transform_skew__hover_enabled=&#8221;on|desktop&#8221; transform_origin__hover_enabled=&#8221;on|desktop&#8221;][et_pb_column type=&#8221;1_6&#8243; _builder_version=&#8221;4.27.4&#8243; _module_preset=&#8221;default&#8221; global_colors_info=&#8221;{}&#8221;][et_pb_is_image src=&#8221;https:\/\/anna-stangl.at\/wp-content\/uploads\/2025\/03\/Anna_Stangl_2025_Zeitreise-2023-100-x-75-cm-Tusche-Pastellkreide-Acryl-auf-Karton-collagiert.jpg&#8221; show_copyright=&#8221;off&#8221; title_text=&#8221;Anna_Stangl_2025_Zeitreise,-2023,-100-x-75-cm,-Tusche,-Pastellkreide,-Acryl-auf-Karton,-collagiert&#8221; show_lightbox_copyright=&#8221;off&#8221; align=&#8221;left&#8221; _builder_version=&#8221;4.27.4&#8243; _module_preset=&#8221;default&#8221; max_height=&#8221;200px&#8221; max_height_tablet=&#8221;200px&#8221; max_height_phone=&#8221;200px&#8221; max_height_last_edited=&#8221;on|tablet&#8221; global_colors_info=&#8221;{}&#8221; transform_styles__hover_enabled=&#8221;on|hover&#8221; transform_scale__hover_enabled=&#8221;on|hover&#8221; transform_translate__hover_enabled=&#8221;on|desktop&#8221; transform_rotate__hover_enabled=&#8221;on|desktop&#8221; transform_skew__hover_enabled=&#8221;on|desktop&#8221; transform_origin__hover_enabled=&#8221;on|desktop&#8221; transform_scale__hover=&#8221;105%|105%&#8221;][\/et_pb_is_image][\/et_pb_column][et_pb_column type=&#8221;1_6&#8243; _builder_version=&#8221;4.27.4&#8243; _module_preset=&#8221;default&#8221; global_colors_info=&#8221;{}&#8221;][et_pb_is_image src=&#8221;https:\/\/anna-stangl.at\/wp-content\/uploads\/2025\/03\/Anna_Stangl_2025_Zeitreise-2023-98-x-73-cm-Oelpastell-Pastell-Wachs-Tusche-Acryl-Kohle-auf-Karton-collagiert.jpg&#8221; show_copyright=&#8221;off&#8221; title_text=&#8221;Anna_Stangl_2025_Zeitreise,-2023,-98-x-73-cm,-\u00d6lpastell,-Pastell,-Wachs,-Tusche,-Acryl,-Kohle-auf-Karton,-collagiert&#8221; show_lightbox_copyright=&#8221;off&#8221; align=&#8221;center&#8221; _builder_version=&#8221;4.27.4&#8243; _module_preset=&#8221;default&#8221; max_height=&#8221;200px&#8221; max_height_tablet=&#8221;200px&#8221; max_height_phone=&#8221;200px&#8221; max_height_last_edited=&#8221;on|tablet&#8221; global_colors_info=&#8221;{}&#8221; transform_styles__hover_enabled=&#8221;on|hover&#8221; transform_scale__hover=&#8221;105%|105%&#8221; transform_scale__hover_enabled=&#8221;on|hover&#8221; transform_translate__hover_enabled=&#8221;on|desktop&#8221; transform_rotate__hover_enabled=&#8221;on|desktop&#8221; transform_skew__hover_enabled=&#8221;on|desktop&#8221; transform_origin__hover_enabled=&#8221;on|desktop&#8221;][\/et_pb_is_image][\/et_pb_column][et_pb_column type=&#8221;1_6&#8243; _builder_version=&#8221;4.27.4&#8243; _module_preset=&#8221;default&#8221; global_colors_info=&#8221;{}&#8221;][et_pb_is_image src=&#8221;https:\/\/anna-stangl.at\/wp-content\/uploads\/2025\/03\/Anna_Stangl_2025_Zeitreise-2023-57-x-40-cm-Kohle-Tusche-Wachs-Oelpastell-Pastell-auf-Karton.jpg&#8221; show_copyright=&#8221;off&#8221; title_text=&#8221;Anna_Stangl_2025_Zeitreise,-2023,-57-x-40-cm,-Kohle,-Tusche,-Wachs,-\u00d6lpastell,-Pastell-auf-Karton&#8221; show_lightbox_copyright=&#8221;off&#8221; align=&#8221;center&#8221; _builder_version=&#8221;4.27.4&#8243; _module_preset=&#8221;default&#8221; max_height=&#8221;200px&#8221; max_height_tablet=&#8221;200px&#8221; max_height_phone=&#8221;200px&#8221; max_height_last_edited=&#8221;on|tablet&#8221; global_colors_info=&#8221;{}&#8221; transform_styles__hover_enabled=&#8221;on|hover&#8221; transform_scale__hover=&#8221;105%|105%&#8221; transform_scale__hover_enabled=&#8221;on|hover&#8221; transform_translate__hover_enabled=&#8221;on|desktop&#8221; transform_rotate__hover_enabled=&#8221;on|desktop&#8221; transform_skew__hover_enabled=&#8221;on|desktop&#8221; transform_origin__hover_enabled=&#8221;on|desktop&#8221;][\/et_pb_is_image][\/et_pb_column][et_pb_column type=&#8221;1_6&#8243; _builder_version=&#8221;4.27.4&#8243; _module_preset=&#8221;default&#8221; global_colors_info=&#8221;{}&#8221;][et_pb_is_image src=&#8221;https:\/\/anna-stangl.at\/wp-content\/uploads\/2025\/03\/Anna_Stangl_2025_Wilderness-2023-108-x-76-cm-Acryl-Schwarzkreide-Oelpastell-auf-Karton-collagiert.jpg&#8221; show_copyright=&#8221;off&#8221; title_text=&#8221;Anna_Stangl_2025_Wilderness,-2023,-108-x-76-cm,-Acryl,-Schwarzkreide,-\u00d6lpastell-auf-Karton,-collagiert&#8221; show_lightbox_copyright=&#8221;off&#8221; align=&#8221;center&#8221; _builder_version=&#8221;4.27.4&#8243; _module_preset=&#8221;default&#8221; max_height=&#8221;200px&#8221; max_height_tablet=&#8221;200px&#8221; max_height_phone=&#8221;200px&#8221; max_height_last_edited=&#8221;on|tablet&#8221; global_colors_info=&#8221;{}&#8221; transform_styles__hover_enabled=&#8221;on|hover&#8221; transform_scale__hover=&#8221;105%|105%&#8221; transform_scale__hover_enabled=&#8221;on|hover&#8221; transform_translate__hover_enabled=&#8221;on|desktop&#8221; transform_rotate__hover_enabled=&#8221;on|desktop&#8221; transform_skew__hover_enabled=&#8221;on|desktop&#8221; transform_origin__hover_enabled=&#8221;on|desktop&#8221;][\/et_pb_is_image][\/et_pb_column][et_pb_column type=&#8221;1_6&#8243; _builder_version=&#8221;4.27.4&#8243; _module_preset=&#8221;default&#8221; global_colors_info=&#8221;{}&#8221;][et_pb_is_image src=&#8221;https:\/\/anna-stangl.at\/wp-content\/uploads\/2025\/03\/Anna_Stangl_2025_Fliegende-Fische-2023-98-x-76-cm-Oelpastell-Pastell-Kohle-Tusche-Wachs-auf-Karton.jpg&#8221; show_copyright=&#8221;off&#8221; title_text=&#8221;Anna_Stangl_2025_Fliegende-Fische,-2023,-98-x-76-cm,-\u00d6lpastell,-Pastell,-Kohle,-Tusche,-Wachs-auf-Karton&#8221; show_lightbox_copyright=&#8221;off&#8221; align=&#8221;center&#8221; _builder_version=&#8221;4.27.4&#8243; _module_preset=&#8221;default&#8221; max_height=&#8221;200px&#8221; max_height_tablet=&#8221;200px&#8221; max_height_phone=&#8221;200px&#8221; max_height_last_edited=&#8221;on|tablet&#8221; global_colors_info=&#8221;{}&#8221; transform_styles__hover_enabled=&#8221;on|hover&#8221; transform_scale__hover=&#8221;105%|105%&#8221; transform_scale__hover_enabled=&#8221;on|hover&#8221; transform_translate__hover_enabled=&#8221;on|desktop&#8221; transform_rotate__hover_enabled=&#8221;on|desktop&#8221; transform_skew__hover_enabled=&#8221;on|desktop&#8221; transform_origin__hover_enabled=&#8221;on|desktop&#8221;][\/et_pb_is_image][\/et_pb_column][et_pb_column type=&#8221;1_6&#8243; _builder_version=&#8221;4.27.4&#8243; _module_preset=&#8221;default&#8221; global_colors_info=&#8221;{}&#8221;][et_pb_is_image src=&#8221;https:\/\/anna-stangl.at\/wp-content\/uploads\/2025\/03\/Anna_Stangl_2025_Together-II-2023-92-x-66-cm-Pastell-Oelpastell-Schwarzkreide-Kohle-Tuscheauf-Karton.jpg&#8221; show_copyright=&#8221;off&#8221; title_text=&#8221;Anna_Stangl_2025_Together-II,-2023,-92-x-66-cm,-Pastell,-\u00d6lpastell,-Schwarzkreide,-Kohle,-Tuscheauf-Karton&#8221; show_lightbox_copyright=&#8221;off&#8221; _builder_version=&#8221;4.27.4&#8243; _module_preset=&#8221;default&#8221; max_height=&#8221;200px&#8221; max_height_tablet=&#8221;200px&#8221; max_height_phone=&#8221;200px&#8221; max_height_last_edited=&#8221;on|tablet&#8221; global_colors_info=&#8221;{}&#8221; transform_styles__hover_enabled=&#8221;on|hover&#8221; transform_scale__hover=&#8221;105%|105%&#8221; transform_scale__hover_enabled=&#8221;on|hover&#8221; transform_translate__hover_enabled=&#8221;on|desktop&#8221; transform_rotate__hover_enabled=&#8221;on|desktop&#8221; transform_skew__hover_enabled=&#8221;on|desktop&#8221; transform_origin__hover_enabled=&#8221;on|desktop&#8221;][\/et_pb_is_image][\/et_pb_column][\/et_pb_row][et_pb_row column_structure=&#8221;1_6,1_6,1_6,1_6,1_6,1_6&#8243; use_custom_gutter=&#8221;on&#8221; gutter_width=&#8221;2&#8243; make_equal=&#8221;on&#8221; _builder_version=&#8221;4.27.4&#8243; _module_preset=&#8221;default&#8221; width=&#8221;92%&#8221; custom_margin=&#8221;5px||||false|false&#8221; global_colors_info=&#8221;{}&#8221;][et_pb_column type=&#8221;1_6&#8243; _builder_version=&#8221;4.27.4&#8243; _module_preset=&#8221;default&#8221; global_colors_info=&#8221;{}&#8221;][et_pb_is_image src=&#8221;https:\/\/anna-stangl.at\/wp-content\/uploads\/2025\/03\/Anna_Stangl_2025_Taenzer-2023-76-x-535-cm-Tusche-Pastell-Schwarzkreide-Wachs-auf-Karton-Collage.jpg&#8221; show_copyright=&#8221;off&#8221; title_text=&#8221;Anna_Stangl_2025_T\u00e4nzer,-2023,-76-x-53,5-cm,-Tusche,-Pastell,-Schwarzkreide,-Wachs-auf-Karton,-Collage&#8221; show_lightbox_copyright=&#8221;off&#8221; align=&#8221;left&#8221; _builder_version=&#8221;4.27.4&#8243; _module_preset=&#8221;default&#8221; max_height=&#8221;200px&#8221; max_height_tablet=&#8221;200px&#8221; max_height_phone=&#8221;200px&#8221; max_height_last_edited=&#8221;on|tablet&#8221; global_colors_info=&#8221;{}&#8221; transform_styles__hover_enabled=&#8221;on|hover&#8221; transform_scale__hover=&#8221;105%|105%&#8221; transform_scale__hover_enabled=&#8221;on|hover&#8221; transform_translate__hover_enabled=&#8221;on|desktop&#8221; transform_rotate__hover_enabled=&#8221;on|desktop&#8221; transform_skew__hover_enabled=&#8221;on|desktop&#8221; transform_origin__hover_enabled=&#8221;on|desktop&#8221;][\/et_pb_is_image][\/et_pb_column][et_pb_column type=&#8221;1_6&#8243; _builder_version=&#8221;4.27.4&#8243; _module_preset=&#8221;default&#8221; global_colors_info=&#8221;{}&#8221;][et_pb_is_image src=&#8221;https:\/\/anna-stangl.at\/wp-content\/uploads\/2025\/03\/Anna_Stangl_2025_Tanzen-2023-107-x-76-cm-Acryl-Pastell-auf-Karton-collagiertX-Kopie.jpg&#8221; show_copyright=&#8221;off&#8221; title_text=&#8221;Anna_Stangl_2025_Tanzen,-2023,-107-x-76-cm,-Acryl,-Pastell,-auf-Karton,-collagiertX-Kopie&#8221; show_lightbox_copyright=&#8221;off&#8221; align=&#8221;center&#8221; _builder_version=&#8221;4.27.4&#8243; _module_preset=&#8221;default&#8221; max_height=&#8221;200px&#8221; max_height_tablet=&#8221;200px&#8221; max_height_phone=&#8221;200px&#8221; max_height_last_edited=&#8221;on|tablet&#8221; global_colors_info=&#8221;{}&#8221; transform_styles__hover_enabled=&#8221;on|hover&#8221; transform_scale__hover=&#8221;105%|105%&#8221; transform_scale__hover_enabled=&#8221;on|hover&#8221; transform_translate__hover_enabled=&#8221;on|desktop&#8221; transform_rotate__hover_enabled=&#8221;on|desktop&#8221; transform_skew__hover_enabled=&#8221;on|desktop&#8221; transform_origin__hover_enabled=&#8221;on|desktop&#8221;][\/et_pb_is_image][\/et_pb_column][et_pb_column type=&#8221;1_6&#8243; _builder_version=&#8221;4.27.4&#8243; _module_preset=&#8221;default&#8221; global_colors_info=&#8221;{}&#8221;][et_pb_is_image src=&#8221;https:\/\/anna-stangl.at\/wp-content\/uploads\/2025\/03\/Anna_Stangl_2025_Reigen-in-Gruen-83-x-63-cm-2023Oelpastell-Pastell-Tusche-Schwarzkreide-Mohnoel-auf-Karton.jpg&#8221; show_copyright=&#8221;off&#8221; title_text=&#8221;Anna_Stangl_2025_Reigen-in-Gr\u00fcn,-83-x-63-cm,-2023\u00d6lpastell,-Pastell,-Tusche,-Schwarzkreide,-Mohn\u00f6l-auf-Karton&#8221; show_lightbox_copyright=&#8221;off&#8221; align=&#8221;center&#8221; _builder_version=&#8221;4.27.4&#8243; _module_preset=&#8221;default&#8221; max_height=&#8221;200px&#8221; max_height_tablet=&#8221;200px&#8221; max_height_phone=&#8221;200px&#8221; max_height_last_edited=&#8221;on|tablet&#8221; global_colors_info=&#8221;{}&#8221; transform_styles__hover_enabled=&#8221;on|hover&#8221; transform_scale__hover=&#8221;105%|105%&#8221; transform_scale__hover_enabled=&#8221;on|hover&#8221; transform_translate__hover_enabled=&#8221;on|desktop&#8221; transform_rotate__hover_enabled=&#8221;on|desktop&#8221; transform_skew__hover_enabled=&#8221;on|desktop&#8221; transform_origin__hover_enabled=&#8221;on|desktop&#8221;][\/et_pb_is_image][\/et_pb_column][et_pb_column type=&#8221;1_6&#8243; _builder_version=&#8221;4.27.4&#8243; _module_preset=&#8221;default&#8221; global_colors_info=&#8221;{}&#8221;][et_pb_is_image src=&#8221;https:\/\/anna-stangl.at\/wp-content\/uploads\/2025\/03\/Anna_Stangl_2025_Lost-in-Time-2023-80-x-60-cm-Tusche-Oelpastell-Pastell-Schwarzkreide-Acryl-Wachs-auf-Karton.jpg&#8221; show_copyright=&#8221;off&#8221; title_text=&#8221;Anna_Stangl_2025_Lost-in-Time,-2023,-80-x-60-cm,-Tusche,-\u00d6lpastell,-Pastell,-Schwarzkreide,-Acryl,-Wachs-auf-Karton&#8221; show_lightbox_copyright=&#8221;off&#8221; align=&#8221;center&#8221; _builder_version=&#8221;4.27.4&#8243; _module_preset=&#8221;default&#8221; max_height=&#8221;200px&#8221; max_height_tablet=&#8221;200px&#8221; max_height_phone=&#8221;200px&#8221; max_height_last_edited=&#8221;on|tablet&#8221; global_colors_info=&#8221;{}&#8221; transform_styles__hover_enabled=&#8221;on|hover&#8221; transform_scale__hover=&#8221;105%|105%&#8221; transform_scale__hover_enabled=&#8221;on|hover&#8221; transform_translate__hover_enabled=&#8221;on|desktop&#8221; transform_rotate__hover_enabled=&#8221;on|desktop&#8221; transform_skew__hover_enabled=&#8221;on|desktop&#8221; transform_origin__hover_enabled=&#8221;on|desktop&#8221;][\/et_pb_is_image][\/et_pb_column][et_pb_column type=&#8221;1_6&#8243; _builder_version=&#8221;4.27.4&#8243; _module_preset=&#8221;default&#8221; global_colors_info=&#8221;{}&#8221;][et_pb_is_image src=&#8221;https:\/\/anna-stangl.at\/wp-content\/uploads\/2025\/03\/Anna_Stangl_2025_Laufen-im-Wald-2018bis23-76-x-54-cm-Tusche-Pastell-Wachs-Gouache-Scharzkreide-auf-Karton-collagiert.jpg&#8221; show_copyright=&#8221;off&#8221; title_text=&#8221;Anna_Stangl_2025_Laufen-im-Wald,-2018bis23,-76&#8211;x-54-cm,-Tusche,-Pastell,-Wachs,-Gouache,-Scharzkreide-auf-Karton,-collagiert&#8221; show_lightbox_copyright=&#8221;off&#8221; align=&#8221;center&#8221; _builder_version=&#8221;4.27.4&#8243; _module_preset=&#8221;default&#8221; max_height=&#8221;200px&#8221; max_height_tablet=&#8221;200px&#8221; max_height_phone=&#8221;200px&#8221; max_height_last_edited=&#8221;on|tablet&#8221; global_colors_info=&#8221;{}&#8221; transform_styles__hover_enabled=&#8221;on|hover&#8221; transform_scale__hover=&#8221;105%|105%&#8221; transform_scale__hover_enabled=&#8221;on|hover&#8221; transform_translate__hover_enabled=&#8221;on|desktop&#8221; transform_rotate__hover_enabled=&#8221;on|desktop&#8221; transform_skew__hover_enabled=&#8221;on|desktop&#8221; transform_origin__hover_enabled=&#8221;on|desktop&#8221;][\/et_pb_is_image][\/et_pb_column][et_pb_column type=&#8221;1_6&#8243; _builder_version=&#8221;4.27.4&#8243; _module_preset=&#8221;default&#8221; global_colors_info=&#8221;{}&#8221;][et_pb_is_image src=&#8221;https:\/\/anna-stangl.at\/wp-content\/uploads\/2025\/03\/Anna_Stangl_2025_Happy-End-2014bis23-67-x-49-cm-Tusche-Schwarzkreide-Pastell-Wachs-auf-Karton-collagiert.jpg&#8221; show_copyright=&#8221;off&#8221; title_text=&#8221;Anna_Stangl_2025_Happy-End,-2014bis23,-67-x-49-cm,-Tusche,-Schwarzkreide,-Pastell,-Wachs-auf-Karton,-collagiert&#8221; show_lightbox_copyright=&#8221;off&#8221; _builder_version=&#8221;4.27.4&#8243; _module_preset=&#8221;default&#8221; max_height=&#8221;200px&#8221; max_height_tablet=&#8221;200px&#8221; max_height_phone=&#8221;200px&#8221; max_height_last_edited=&#8221;on|tablet&#8221; global_colors_info=&#8221;{}&#8221; transform_styles__hover_enabled=&#8221;on|hover&#8221; transform_scale__hover=&#8221;105%|105%&#8221; transform_scale__hover_enabled=&#8221;on|hover&#8221; transform_translate__hover_enabled=&#8221;on|desktop&#8221; transform_rotate__hover_enabled=&#8221;on|desktop&#8221; transform_skew__hover_enabled=&#8221;on|desktop&#8221; transform_origin__hover_enabled=&#8221;on|desktop&#8221;][\/et_pb_is_image][\/et_pb_column][\/et_pb_row][et_pb_row column_structure=&#8221;1_6,1_6,1_6,1_6,1_6,1_6&#8243; use_custom_gutter=&#8221;on&#8221; gutter_width=&#8221;2&#8243; make_equal=&#8221;on&#8221; _builder_version=&#8221;4.27.4&#8243; _module_preset=&#8221;default&#8221; width=&#8221;92%&#8221; custom_margin=&#8221;5px||||false|false&#8221; global_colors_info=&#8221;{}&#8221;][et_pb_column type=&#8221;1_6&#8243; _builder_version=&#8221;4.27.4&#8243; _module_preset=&#8221;default&#8221; global_colors_info=&#8221;{}&#8221;][et_pb_is_image src=&#8221;https:\/\/anna-stangl.at\/wp-content\/uploads\/2025\/03\/Anna_Stangl_2025_Change-2022-97-x-76-cm-Oelpastell-Pastell-Kohle-Farbstift-Wachs-auf-Karton.jpg&#8221; show_copyright=&#8221;off&#8221; title_text=&#8221;Anna_Stangl_2025_Change,-2022,-97-x-76-cm,-\u00d6lpastell,-Pastell,-Kohle,-Farbstift,-Wachs-auf-Karton&#8221; show_lightbox_copyright=&#8221;off&#8221; align=&#8221;left&#8221; _builder_version=&#8221;4.27.4&#8243; _module_preset=&#8221;default&#8221; max_height=&#8221;200px&#8221; max_height_tablet=&#8221;200px&#8221; max_height_phone=&#8221;200px&#8221; max_height_last_edited=&#8221;on|tablet&#8221; global_colors_info=&#8221;{}&#8221; transform_styles__hover_enabled=&#8221;on|hover&#8221; transform_scale__hover=&#8221;105%|105%&#8221; transform_scale__hover_enabled=&#8221;on|hover&#8221; transform_translate__hover_enabled=&#8221;on|desktop&#8221; transform_rotate__hover_enabled=&#8221;on|desktop&#8221; transform_skew__hover_enabled=&#8221;on|desktop&#8221; transform_origin__hover_enabled=&#8221;on|desktop&#8221;][\/et_pb_is_image][\/et_pb_column][et_pb_column type=&#8221;1_6&#8243; _builder_version=&#8221;4.27.4&#8243; _module_preset=&#8221;default&#8221; global_colors_info=&#8221;{}&#8221;][et_pb_is_image src=&#8221;https:\/\/anna-stangl.at\/wp-content\/uploads\/2025\/03\/Anna_Stangl_2025_Altes-Wesen-2023-60-x-74-cm-Tusche-Oelpastell-Schwarzkreide-Pastell-Wachs-auf-Karton-collagiert.jpg&#8221; show_copyright=&#8221;off&#8221; title_text=&#8221;Anna_Stangl_2025_Altes-Wesen,-2023,-60-x-74-cm,-Tusche,-\u00d6lpastell,-Schwarzkreide,-Pastell,-Wachs-auf-Karton,-collagiert&#8221; show_lightbox_copyright=&#8221;off&#8221; align=&#8221;center&#8221; _builder_version=&#8221;4.27.4&#8243; _module_preset=&#8221;default&#8221; max_height=&#8221;200px&#8221; max_height_tablet=&#8221;200px&#8221; max_height_phone=&#8221;200px&#8221; max_height_last_edited=&#8221;on|tablet&#8221; global_colors_info=&#8221;{}&#8221; transform_styles__hover_enabled=&#8221;on|hover&#8221; transform_scale__hover=&#8221;105%|105%&#8221; transform_scale__hover_enabled=&#8221;on|hover&#8221; transform_translate__hover_enabled=&#8221;on|desktop&#8221; transform_rotate__hover_enabled=&#8221;on|desktop&#8221; transform_skew__hover_enabled=&#8221;on|desktop&#8221; transform_origin__hover_enabled=&#8221;on|desktop&#8221;][\/et_pb_is_image][\/et_pb_column][et_pb_column type=&#8221;1_6&#8243; _builder_version=&#8221;4.27.4&#8243; _module_preset=&#8221;default&#8221; global_colors_info=&#8221;{}&#8221;][et_pb_is_image src=&#8221;https:\/\/anna-stangl.at\/wp-content\/uploads\/2025\/03\/Anna_Stangl_2025_Traum-2017-54-x-74-cm-Tusche-Schwarzkreide-Wachs-Pastell-Karton.jpg&#8221; show_copyright=&#8221;off&#8221; title_text=&#8221;Anna_Stangl_2025_Traum,-2017,-54-x-74-cm,-Tusche,-Schwarzkreide,-Wachs,-Pastell,-Karton&#8221; show_lightbox_copyright=&#8221;off&#8221; align=&#8221;center&#8221; _builder_version=&#8221;4.27.4&#8243; _module_preset=&#8221;default&#8221; max_height=&#8221;200px&#8221; max_height_tablet=&#8221;200px&#8221; max_height_phone=&#8221;200px&#8221; max_height_last_edited=&#8221;on|tablet&#8221; global_colors_info=&#8221;{}&#8221; transform_styles__hover_enabled=&#8221;on|hover&#8221; transform_scale__hover=&#8221;105%|105%&#8221; transform_scale__hover_enabled=&#8221;on|hover&#8221; transform_translate__hover_enabled=&#8221;on|desktop&#8221; transform_rotate__hover_enabled=&#8221;on|desktop&#8221; transform_skew__hover_enabled=&#8221;on|desktop&#8221; transform_origin__hover_enabled=&#8221;on|desktop&#8221;][\/et_pb_is_image][\/et_pb_column][et_pb_column type=&#8221;1_6&#8243; _builder_version=&#8221;4.27.4&#8243; _module_preset=&#8221;default&#8221; global_colors_info=&#8221;{}&#8221;][\/et_pb_column][et_pb_column type=&#8221;1_6&#8243; _builder_version=&#8221;4.27.4&#8243; _module_preset=&#8221;default&#8221; global_colors_info=&#8221;{}&#8221;][\/et_pb_column][et_pb_column type=&#8221;1_6&#8243; _builder_version=&#8221;4.27.4&#8243; _module_preset=&#8221;default&#8221; global_colors_info=&#8221;{}&#8221;][\/et_pb_column][\/et_pb_row][\/et_pb_section][et_pb_section fb_built=&#8221;1&#8243; admin_label=&#8221;Section 2022&#8243; _builder_version=&#8221;4.27.4&#8243; _module_preset=&#8221;default&#8221; custom_margin=&#8221;0px||||false|false&#8221; custom_padding=&#8221;0px||||false|false&#8221; global_colors_info=&#8221;{}&#8221;][et_pb_row _builder_version=&#8221;4.27.4&#8243; _module_preset=&#8221;default&#8221; width=&#8221;92%&#8221; custom_margin=&#8221;0px||0px||false|false&#8221; custom_padding=&#8221;8px||0px||false|false&#8221; global_colors_info=&#8221;{}&#8221;][et_pb_column type=&#8221;4_4&#8243; _builder_version=&#8221;4.27.4&#8243; _module_preset=&#8221;default&#8221; global_colors_info=&#8221;{}&#8221;][et_pb_text admin_label=&#8221;2022&#8243; _builder_version=&#8221;4.27.4&#8243; _module_preset=&#8221;default&#8221; global_colors_info=&#8221;{}&#8221;]<\/p>\n<h3>2022<\/h3>\n<p>[\/et_pb_text][\/et_pb_column][\/et_pb_row][et_pb_row column_structure=&#8221;1_3,1_3,1_3&#8243; module_class=&#8221;bigfirstrow&#8221; _builder_version=&#8221;4.27.4&#8243; _module_preset=&#8221;default&#8221; width=&#8221;92%&#8221; custom_padding=&#8221;14px||||false|false&#8221; global_colors_info=&#8221;{}&#8221; transform_styles__hover_enabled=&#8221;on|hover&#8221; transform_scale__hover_enabled=&#8221;on|hover&#8221; transform_translate__hover_enabled=&#8221;on|desktop&#8221; transform_rotate__hover_enabled=&#8221;on|desktop&#8221; transform_skew__hover_enabled=&#8221;on|desktop&#8221; transform_origin__hover_enabled=&#8221;on|desktop&#8221;][et_pb_column type=&#8221;1_3&#8243; _builder_version=&#8221;4.27.4&#8243; _module_preset=&#8221;default&#8221; global_colors_info=&#8221;{}&#8221;][et_pb_is_image src=&#8221;https:\/\/anna-stangl.at\/wp-content\/uploads\/2025\/02\/paleozoischer-wald-gr.jpg&#8221; show_copyright=&#8221;off&#8221; title_text=&#8221;paleozoischer-wald-gr&#8221; show_lightbox_copyright=&#8221;off&#8221; module_class=&#8221;bigfirstimage&#8221; _builder_version=&#8221;4.27.4&#8243; _module_preset=&#8221;default&#8221; global_colors_info=&#8221;{}&#8221; transform_styles__hover_enabled=&#8221;on|hover&#8221; transform_scale__hover_enabled=&#8221;on|hover&#8221; transform_translate__hover_enabled=&#8221;on|desktop&#8221; transform_rotate__hover_enabled=&#8221;on|desktop&#8221; transform_skew__hover_enabled=&#8221;on|desktop&#8221; transform_origin__hover_enabled=&#8221;on|desktop&#8221; transform_scale__hover=&#8221;105%|105%&#8221;][\/et_pb_is_image][\/et_pb_column][et_pb_column type=&#8221;1_3&#8243; _builder_version=&#8221;4.27.4&#8243; _module_preset=&#8221;default&#8221; global_colors_info=&#8221;{}&#8221;][et_pb_is_image src=&#8221;https:\/\/anna-stangl.at\/wp-content\/uploads\/2025\/02\/love-II-gr.jpg&#8221; show_copyright=&#8221;off&#8221; title_text=&#8221;love-II-gr&#8221; show_lightbox_copyright=&#8221;off&#8221; module_class=&#8221;bigfirstimage&#8221; _builder_version=&#8221;4.27.4&#8243; _module_preset=&#8221;default&#8221; transform_translate_linked=&#8221;off&#8221; locked=&#8221;off&#8221; global_colors_info=&#8221;{}&#8221; transform_styles__hover_enabled=&#8221;on|hover&#8221; transform_scale__hover_enabled=&#8221;on|hover&#8221; transform_translate__hover_enabled=&#8221;on|hover&#8221; transform_rotate__hover_enabled=&#8221;on|desktop&#8221; transform_skew__hover_enabled=&#8221;on|desktop&#8221; transform_origin__hover_enabled=&#8221;on|desktop&#8221; transform_scale__hover=&#8221;105%|105%&#8221;][\/et_pb_is_image][\/et_pb_column][et_pb_column type=&#8221;1_3&#8243; _builder_version=&#8221;4.27.4&#8243; _module_preset=&#8221;default&#8221; global_colors_info=&#8221;{}&#8221;][et_pb_is_image src=&#8221;https:\/\/anna-stangl.at\/wp-content\/uploads\/2025\/02\/love-I-gr.jpg&#8221; show_copyright=&#8221;off&#8221; title_text=&#8221;love-I-gr&#8221; show_lightbox_copyright=&#8221;off&#8221; module_class=&#8221;bigfirstimage&#8221; _builder_version=&#8221;4.27.4&#8243; _module_preset=&#8221;default&#8221; locked=&#8221;off&#8221; global_colors_info=&#8221;{}&#8221; transform_styles__hover_enabled=&#8221;on|desktop&#8221; transform_scale__hover_enabled=&#8221;on|desktop&#8221; transform_translate__hover_enabled=&#8221;on|desktop&#8221; transform_rotate__hover_enabled=&#8221;on|desktop&#8221; transform_skew__hover_enabled=&#8221;on|desktop&#8221; transform_origin__hover_enabled=&#8221;on|desktop&#8221; transform_scale__hover=&#8221;105%|105%&#8221;][\/et_pb_is_image][\/et_pb_column][\/et_pb_row][et_pb_row column_structure=&#8221;1_6,1_6,1_6,1_6,1_6,1_6&#8243; use_custom_gutter=&#8221;on&#8221; gutter_width=&#8221;2&#8243; make_equal=&#8221;on&#8221; _builder_version=&#8221;4.27.4&#8243; _module_preset=&#8221;default&#8221; width=&#8221;92%&#8221; custom_margin=&#8221;5px||||false|false&#8221; global_colors_info=&#8221;{}&#8221; transform_styles__hover_enabled=&#8221;on|hover&#8221; transform_scale__hover_enabled=&#8221;on|hover&#8221; transform_translate__hover_enabled=&#8221;on|desktop&#8221; transform_rotate__hover_enabled=&#8221;on|desktop&#8221; transform_skew__hover_enabled=&#8221;on|desktop&#8221; transform_origin__hover_enabled=&#8221;on|desktop&#8221;][et_pb_column type=&#8221;1_6&#8243; _builder_version=&#8221;4.27.4&#8243; _module_preset=&#8221;default&#8221; global_colors_info=&#8221;{}&#8221;][et_pb_is_image src=&#8221;https:\/\/anna-stangl.at\/wp-content\/uploads\/2025\/02\/strange-days-gr.jpg&#8221; show_copyright=&#8221;off&#8221; title_text=&#8221;strange-days-gr&#8221; show_lightbox_copyright=&#8221;off&#8221; align=&#8221;left&#8221; _builder_version=&#8221;4.27.4&#8243; _module_preset=&#8221;default&#8221; max_height=&#8221;200px&#8221; max_height_tablet=&#8221;200px&#8221; max_height_phone=&#8221;200px&#8221; max_height_last_edited=&#8221;on|tablet&#8221; global_colors_info=&#8221;{}&#8221; transform_styles__hover_enabled=&#8221;on|hover&#8221; transform_scale__hover_enabled=&#8221;on|hover&#8221; transform_translate__hover_enabled=&#8221;on|desktop&#8221; transform_rotate__hover_enabled=&#8221;on|desktop&#8221; transform_skew__hover_enabled=&#8221;on|desktop&#8221; transform_origin__hover_enabled=&#8221;on|desktop&#8221; transform_scale__hover=&#8221;105%|105%&#8221;][\/et_pb_is_image][\/et_pb_column][et_pb_column type=&#8221;1_6&#8243; _builder_version=&#8221;4.27.4&#8243; _module_preset=&#8221;default&#8221; global_colors_info=&#8221;{}&#8221;][et_pb_is_image src=&#8221;https:\/\/anna-stangl.at\/wp-content\/uploads\/2025\/02\/hasenfrau-gr.jpg&#8221; show_copyright=&#8221;off&#8221; title_text=&#8221;hasenfrau-gr&#8221; show_lightbox_copyright=&#8221;off&#8221; align=&#8221;center&#8221; _builder_version=&#8221;4.27.4&#8243; _module_preset=&#8221;default&#8221; max_height=&#8221;200px&#8221; max_height_tablet=&#8221;200px&#8221; max_height_phone=&#8221;200px&#8221; max_height_last_edited=&#8221;on|tablet&#8221; global_colors_info=&#8221;{}&#8221; transform_styles__hover_enabled=&#8221;on|hover&#8221; transform_scale__hover=&#8221;105%|105%&#8221; transform_scale__hover_enabled=&#8221;on|hover&#8221; transform_translate__hover_enabled=&#8221;on|desktop&#8221; transform_rotate__hover_enabled=&#8221;on|desktop&#8221; transform_skew__hover_enabled=&#8221;on|desktop&#8221; transform_origin__hover_enabled=&#8221;on|desktop&#8221;][\/et_pb_is_image][\/et_pb_column][et_pb_column type=&#8221;1_6&#8243; _builder_version=&#8221;4.27.4&#8243; _module_preset=&#8221;default&#8221; global_colors_info=&#8221;{}&#8221;][et_pb_is_image src=&#8221;https:\/\/anna-stangl.at\/wp-content\/uploads\/2025\/02\/wachsam-gr.jpg&#8221; show_copyright=&#8221;off&#8221; title_text=&#8221;wachsam-gr&#8221; show_lightbox_copyright=&#8221;off&#8221; align=&#8221;center&#8221; _builder_version=&#8221;4.27.4&#8243; _module_preset=&#8221;default&#8221; max_height=&#8221;200px&#8221; max_height_tablet=&#8221;200px&#8221; max_height_phone=&#8221;200px&#8221; max_height_last_edited=&#8221;on|tablet&#8221; global_colors_info=&#8221;{}&#8221; transform_styles__hover_enabled=&#8221;on|hover&#8221; transform_scale__hover=&#8221;105%|105%&#8221; transform_scale__hover_enabled=&#8221;on|hover&#8221; transform_translate__hover_enabled=&#8221;on|desktop&#8221; transform_rotate__hover_enabled=&#8221;on|desktop&#8221; transform_skew__hover_enabled=&#8221;on|desktop&#8221; transform_origin__hover_enabled=&#8221;on|desktop&#8221;][\/et_pb_is_image][\/et_pb_column][et_pb_column type=&#8221;1_6&#8243; _builder_version=&#8221;4.27.4&#8243; _module_preset=&#8221;default&#8221; global_colors_info=&#8221;{}&#8221;][et_pb_is_image src=&#8221;https:\/\/anna-stangl.at\/wp-content\/uploads\/2025\/02\/nachtvogel-gr.jpg&#8221; show_copyright=&#8221;off&#8221; title_text=&#8221;nachtvogel-gr&#8221; show_lightbox_copyright=&#8221;off&#8221; align=&#8221;center&#8221; _builder_version=&#8221;4.27.4&#8243; _module_preset=&#8221;default&#8221; max_height=&#8221;200px&#8221; max_height_tablet=&#8221;200px&#8221; max_height_phone=&#8221;200px&#8221; max_height_last_edited=&#8221;on|tablet&#8221; global_colors_info=&#8221;{}&#8221; transform_styles__hover_enabled=&#8221;on|hover&#8221; transform_scale__hover=&#8221;105%|105%&#8221; transform_scale__hover_enabled=&#8221;on|hover&#8221; transform_translate__hover_enabled=&#8221;on|desktop&#8221; transform_rotate__hover_enabled=&#8221;on|desktop&#8221; transform_skew__hover_enabled=&#8221;on|desktop&#8221; transform_origin__hover_enabled=&#8221;on|desktop&#8221;][\/et_pb_is_image][\/et_pb_column][et_pb_column type=&#8221;1_6&#8243; _builder_version=&#8221;4.27.4&#8243; _module_preset=&#8221;default&#8221; global_colors_info=&#8221;{}&#8221;][et_pb_is_image src=&#8221;https:\/\/anna-stangl.at\/wp-content\/uploads\/2025\/02\/beziehungen-gr.jpg&#8221; show_copyright=&#8221;off&#8221; title_text=&#8221;beziehungen-gr&#8221; show_lightbox_copyright=&#8221;off&#8221; align=&#8221;center&#8221; _builder_version=&#8221;4.27.4&#8243; _module_preset=&#8221;default&#8221; max_height=&#8221;200px&#8221; max_height_tablet=&#8221;200px&#8221; max_height_phone=&#8221;200px&#8221; max_height_last_edited=&#8221;on|tablet&#8221; global_colors_info=&#8221;{}&#8221; transform_styles__hover_enabled=&#8221;on|hover&#8221; transform_scale__hover=&#8221;105%|105%&#8221; transform_scale__hover_enabled=&#8221;on|hover&#8221; transform_translate__hover_enabled=&#8221;on|desktop&#8221; transform_rotate__hover_enabled=&#8221;on|desktop&#8221; transform_skew__hover_enabled=&#8221;on|desktop&#8221; transform_origin__hover_enabled=&#8221;on|desktop&#8221;][\/et_pb_is_image][\/et_pb_column][et_pb_column type=&#8221;1_6&#8243; _builder_version=&#8221;4.27.4&#8243; _module_preset=&#8221;default&#8221; global_colors_info=&#8221;{}&#8221;][et_pb_is_image src=&#8221;https:\/\/anna-stangl.at\/wp-content\/uploads\/2025\/02\/reise-durch-die-nacht-gr.jpg&#8221; show_copyright=&#8221;off&#8221; title_text=&#8221;reise-durch-die-nacht-gr&#8221; show_lightbox_copyright=&#8221;off&#8221; _builder_version=&#8221;4.27.4&#8243; _module_preset=&#8221;default&#8221; max_height=&#8221;200px&#8221; max_height_tablet=&#8221;200px&#8221; max_height_phone=&#8221;200px&#8221; max_height_last_edited=&#8221;on|tablet&#8221; global_colors_info=&#8221;{}&#8221; transform_styles__hover_enabled=&#8221;on|hover&#8221; transform_scale__hover=&#8221;105%|105%&#8221; transform_scale__hover_enabled=&#8221;on|hover&#8221; transform_translate__hover_enabled=&#8221;on|desktop&#8221; transform_rotate__hover_enabled=&#8221;on|desktop&#8221; transform_skew__hover_enabled=&#8221;on|desktop&#8221; transform_origin__hover_enabled=&#8221;on|desktop&#8221;][\/et_pb_is_image][\/et_pb_column][\/et_pb_row][et_pb_row column_structure=&#8221;1_6,1_6,1_6,1_6,1_6,1_6&#8243; use_custom_gutter=&#8221;on&#8221; gutter_width=&#8221;2&#8243; make_equal=&#8221;on&#8221; module_class=&#8221;extratop&#8221; _builder_version=&#8221;4.27.4&#8243; _module_preset=&#8221;default&#8221; width=&#8221;92%&#8221; custom_margin=&#8221;5px||||false|false&#8221; global_colors_info=&#8221;{}&#8221;][et_pb_column type=&#8221;1_6&#8243; _builder_version=&#8221;4.27.4&#8243; _module_preset=&#8221;default&#8221; global_colors_info=&#8221;{}&#8221;][et_pb_is_image src=&#8221;https:\/\/anna-stangl.at\/wp-content\/uploads\/2025\/02\/raubtier-in-mir-gr.jpg&#8221; show_copyright=&#8221;off&#8221; title_text=&#8221;raubtier-in-mir-gr&#8221; show_lightbox_copyright=&#8221;off&#8221; align=&#8221;left&#8221; _builder_version=&#8221;4.27.4&#8243; _module_preset=&#8221;default&#8221; max_height=&#8221;200px&#8221; max_height_tablet=&#8221;200px&#8221; max_height_phone=&#8221;200px&#8221; max_height_last_edited=&#8221;on|tablet&#8221; global_colors_info=&#8221;{}&#8221; transform_styles__hover_enabled=&#8221;on|hover&#8221; transform_scale__hover=&#8221;105%|105%&#8221; transform_scale__hover_enabled=&#8221;on|hover&#8221; transform_translate__hover_enabled=&#8221;on|desktop&#8221; transform_rotate__hover_enabled=&#8221;on|desktop&#8221; transform_skew__hover_enabled=&#8221;on|desktop&#8221; transform_origin__hover_enabled=&#8221;on|desktop&#8221;][\/et_pb_is_image][\/et_pb_column][et_pb_column type=&#8221;1_6&#8243; _builder_version=&#8221;4.27.4&#8243; _module_preset=&#8221;default&#8221; global_colors_info=&#8221;{}&#8221;][et_pb_is_image src=&#8221;https:\/\/anna-stangl.at\/wp-content\/uploads\/2025\/02\/weiss-gr.jpg&#8221; show_copyright=&#8221;off&#8221; title_text=&#8221;weiss-gr&#8221; show_lightbox_copyright=&#8221;off&#8221; align=&#8221;center&#8221; _builder_version=&#8221;4.27.4&#8243; _module_preset=&#8221;default&#8221; max_height=&#8221;200px&#8221; max_height_tablet=&#8221;200px&#8221; max_height_phone=&#8221;200px&#8221; max_height_last_edited=&#8221;on|tablet&#8221; global_colors_info=&#8221;{}&#8221; transform_styles__hover_enabled=&#8221;on|hover&#8221; transform_scale__hover=&#8221;105%|105%&#8221; transform_scale__hover_enabled=&#8221;on|hover&#8221; transform_translate__hover_enabled=&#8221;on|desktop&#8221; transform_rotate__hover_enabled=&#8221;on|desktop&#8221; transform_skew__hover_enabled=&#8221;on|desktop&#8221; transform_origin__hover_enabled=&#8221;on|desktop&#8221;][\/et_pb_is_image][\/et_pb_column][et_pb_column type=&#8221;1_6&#8243; _builder_version=&#8221;4.27.4&#8243; _module_preset=&#8221;default&#8221; global_colors_info=&#8221;{}&#8221;][et_pb_is_image src=&#8221;https:\/\/anna-stangl.at\/wp-content\/uploads\/2025\/02\/das-tier-auf-mir-gr.jpg&#8221; show_copyright=&#8221;off&#8221; title_text=&#8221;das-tier-auf-mir-gr&#8221; show_lightbox_copyright=&#8221;off&#8221; align=&#8221;center&#8221; _builder_version=&#8221;4.27.4&#8243; _module_preset=&#8221;default&#8221; max_height=&#8221;200px&#8221; max_height_tablet=&#8221;200px&#8221; max_height_phone=&#8221;200px&#8221; max_height_last_edited=&#8221;on|tablet&#8221; global_colors_info=&#8221;{}&#8221; transform_styles__hover_enabled=&#8221;on|hover&#8221; transform_scale__hover=&#8221;105%|105%&#8221; transform_scale__hover_enabled=&#8221;on|hover&#8221; transform_translate__hover_enabled=&#8221;on|desktop&#8221; transform_rotate__hover_enabled=&#8221;on|desktop&#8221; transform_skew__hover_enabled=&#8221;on|desktop&#8221; transform_origin__hover_enabled=&#8221;on|desktop&#8221;][\/et_pb_is_image][\/et_pb_column][et_pb_column type=&#8221;1_6&#8243; _builder_version=&#8221;4.27.4&#8243; _module_preset=&#8221;default&#8221; global_colors_info=&#8221;{}&#8221;][\/et_pb_column][et_pb_column type=&#8221;1_6&#8243; _builder_version=&#8221;4.27.4&#8243; _module_preset=&#8221;default&#8221; global_colors_info=&#8221;{}&#8221;][\/et_pb_column][et_pb_column type=&#8221;1_6&#8243; _builder_version=&#8221;4.27.4&#8243; _module_preset=&#8221;default&#8221; global_colors_info=&#8221;{}&#8221;][\/et_pb_column][\/et_pb_row][\/et_pb_section][et_pb_section fb_built=&#8221;1&#8243; admin_label=&#8221;Section 2021&#8243; _builder_version=&#8221;4.27.4&#8243; _module_preset=&#8221;default&#8221; custom_margin=&#8221;0px||||false|false&#8221; custom_padding=&#8221;0px||||false|false&#8221; collapsed=&#8221;off&#8221; global_colors_info=&#8221;{}&#8221;][et_pb_row _builder_version=&#8221;4.27.4&#8243; _module_preset=&#8221;default&#8221; width=&#8221;92%&#8221; custom_margin=&#8221;0px||0px||false|false&#8221; custom_padding=&#8221;8px||0px||false|false&#8221; global_colors_info=&#8221;{}&#8221;][et_pb_column type=&#8221;4_4&#8243; _builder_version=&#8221;4.27.4&#8243; _module_preset=&#8221;default&#8221; global_colors_info=&#8221;{}&#8221;][et_pb_text admin_label=&#8221;2021&#8243; _builder_version=&#8221;4.27.4&#8243; _module_preset=&#8221;default&#8221; global_colors_info=&#8221;{}&#8221;]<\/p>\n<h3>2021<\/h3>\n<p>[\/et_pb_text][\/et_pb_column][\/et_pb_row][et_pb_row column_structure=&#8221;1_3,1_3,1_3&#8243; module_class=&#8221;bigfirstrow&#8221; _builder_version=&#8221;4.27.4&#8243; _module_preset=&#8221;default&#8221; width=&#8221;92%&#8221; custom_padding=&#8221;14px||||false|false&#8221; global_colors_info=&#8221;{}&#8221; transform_styles__hover_enabled=&#8221;on|hover&#8221; transform_scale__hover_enabled=&#8221;on|hover&#8221; transform_translate__hover_enabled=&#8221;on|desktop&#8221; transform_rotate__hover_enabled=&#8221;on|desktop&#8221; transform_skew__hover_enabled=&#8221;on|desktop&#8221; transform_origin__hover_enabled=&#8221;on|desktop&#8221;][et_pb_column type=&#8221;1_3&#8243; _builder_version=&#8221;4.27.4&#8243; _module_preset=&#8221;default&#8221; global_colors_info=&#8221;{}&#8221;][et_pb_is_image src=&#8221;https:\/\/anna-stangl.at\/wp-content\/uploads\/2025\/03\/kindheit-gr.jpg&#8221; show_copyright=&#8221;off&#8221; title_text=&#8221;Kindheit, 2021, 73 x 54 cm, Tusche, Schwarzkreide, Farbstift, Pastell auf Karton&#8221; show_lightbox_copyright=&#8221;off&#8221; module_class=&#8221;bigfirstimage&#8221; _builder_version=&#8221;4.27.4&#8243; _module_preset=&#8221;default&#8221; global_colors_info=&#8221;{}&#8221; transform_styles__hover_enabled=&#8221;on|hover&#8221; transform_scale__hover_enabled=&#8221;on|hover&#8221; transform_translate__hover_enabled=&#8221;on|desktop&#8221; transform_rotate__hover_enabled=&#8221;on|desktop&#8221; transform_skew__hover_enabled=&#8221;on|desktop&#8221; transform_origin__hover_enabled=&#8221;on|desktop&#8221; transform_scale__hover=&#8221;105%|105%&#8221;][\/et_pb_is_image][\/et_pb_column][et_pb_column type=&#8221;1_3&#8243; _builder_version=&#8221;4.27.4&#8243; _module_preset=&#8221;default&#8221; global_colors_info=&#8221;{}&#8221;][et_pb_is_image src=&#8221;https:\/\/anna-stangl.at\/wp-content\/uploads\/2025\/03\/wild-heart-gr.jpg&#8221; show_copyright=&#8221;off&#8221; title_text=&#8221;Wild at Heart, 2021, 102 x 75,5 cm, Tusche, \u00d6lpastell, Wachs, Kohle, Pastell auf Karton, collagiert&#8221; show_lightbox_copyright=&#8221;off&#8221; module_class=&#8221;bigfirstimage&#8221; _builder_version=&#8221;4.27.4&#8243; _module_preset=&#8221;default&#8221; transform_translate_linked=&#8221;off&#8221; locked=&#8221;off&#8221; global_colors_info=&#8221;{}&#8221; transform_styles__hover_enabled=&#8221;on|hover&#8221; transform_scale__hover_enabled=&#8221;on|hover&#8221; transform_translate__hover_enabled=&#8221;on|hover&#8221; transform_rotate__hover_enabled=&#8221;on|desktop&#8221; transform_skew__hover_enabled=&#8221;on|desktop&#8221; transform_origin__hover_enabled=&#8221;on|desktop&#8221; transform_scale__hover=&#8221;105%|105%&#8221;][\/et_pb_is_image][\/et_pb_column][et_pb_column type=&#8221;1_3&#8243; _builder_version=&#8221;4.27.4&#8243; _module_preset=&#8221;default&#8221; global_colors_info=&#8221;{}&#8221;][et_pb_is_image src=&#8221;https:\/\/anna-stangl.at\/wp-content\/uploads\/2025\/03\/tanz-mit-den-baeren-gr.jpg&#8221; show_copyright=&#8221;off&#8221; title_text=&#8221;Tanz mit den B\u00e4ren, 2021,70 x 53 cm, \u00d6lpastell, Pastell, Tusche, Schwarzkreide, Kohle, Wachs auf Karto&#8221; show_lightbox_copyright=&#8221;off&#8221; module_class=&#8221;bigfirstimage&#8221; _builder_version=&#8221;4.27.4&#8243; _module_preset=&#8221;default&#8221; transform_scale=&#8221;102%|102%&#8221; transform_translate=&#8221;0px|5px&#8221; transform_translate_linked=&#8221;off&#8221; locked=&#8221;off&#8221; global_colors_info=&#8221;{}&#8221; transform_styles__hover_enabled=&#8221;on|hover&#8221; transform_scale__hover_enabled=&#8221;on|hover&#8221; transform_translate__hover_enabled=&#8221;on|desktop&#8221; transform_rotate__hover_enabled=&#8221;on|desktop&#8221; transform_skew__hover_enabled=&#8221;on|desktop&#8221; transform_origin__hover_enabled=&#8221;on|desktop&#8221; transform_scale__hover=&#8221;107%|107%&#8221; transform_translate__hover=&#8221;0px|5px&#8221;][\/et_pb_is_image][\/et_pb_column][\/et_pb_row][et_pb_row column_structure=&#8221;1_6,1_6,1_6,1_6,1_6,1_6&#8243; use_custom_gutter=&#8221;on&#8221; gutter_width=&#8221;2&#8243; make_equal=&#8221;on&#8221; _builder_version=&#8221;4.27.4&#8243; _module_preset=&#8221;default&#8221; width=&#8221;92%&#8221; custom_margin=&#8221;5px||||false|false&#8221; global_colors_info=&#8221;{}&#8221; transform_styles__hover_enabled=&#8221;on|hover&#8221; transform_scale__hover_enabled=&#8221;on|hover&#8221; transform_translate__hover_enabled=&#8221;on|desktop&#8221; transform_rotate__hover_enabled=&#8221;on|desktop&#8221; transform_skew__hover_enabled=&#8221;on|desktop&#8221; transform_origin__hover_enabled=&#8221;on|desktop&#8221;][et_pb_column type=&#8221;1_6&#8243; _builder_version=&#8221;4.27.4&#8243; _module_preset=&#8221;default&#8221; global_colors_info=&#8221;{}&#8221;][et_pb_is_image src=&#8221;https:\/\/anna-stangl.at\/wp-content\/uploads\/2025\/03\/leopard-gr.jpg&#8221; show_copyright=&#8221;off&#8221; title_text=&#8221;Leopard, 2021, 27 x 19,5 cm, Kohle, Wachs, \u00d6lpastell, Tusche auf Karton&#8221; show_lightbox_copyright=&#8221;off&#8221; align=&#8221;left&#8221; _builder_version=&#8221;4.27.4&#8243; _module_preset=&#8221;default&#8221; max_height=&#8221;200px&#8221; max_height_tablet=&#8221;200px&#8221; max_height_phone=&#8221;200px&#8221; max_height_last_edited=&#8221;on|tablet&#8221; global_colors_info=&#8221;{}&#8221; transform_styles__hover_enabled=&#8221;on|hover&#8221; transform_scale__hover_enabled=&#8221;on|hover&#8221; transform_translate__hover_enabled=&#8221;on|desktop&#8221; transform_rotate__hover_enabled=&#8221;on|desktop&#8221; transform_skew__hover_enabled=&#8221;on|desktop&#8221; transform_origin__hover_enabled=&#8221;on|desktop&#8221; transform_scale__hover=&#8221;105%|105%&#8221;][\/et_pb_is_image][\/et_pb_column][et_pb_column type=&#8221;1_6&#8243; _builder_version=&#8221;4.27.4&#8243; _module_preset=&#8221;default&#8221; global_colors_info=&#8221;{}&#8221;][et_pb_is_image src=&#8221;https:\/\/anna-stangl.at\/wp-content\/uploads\/2025\/03\/dame-mit-puma-gr.jpg&#8221; show_copyright=&#8221;off&#8221; title_text=&#8221;Dame mit Puma, 2021,21,5 x 16,5 cm, \u00d6lpastell, Pastell, Tusche, Schwarzkreide, Wachs auf Karton&#8221; show_lightbox_copyright=&#8221;off&#8221; align=&#8221;center&#8221; _builder_version=&#8221;4.27.4&#8243; _module_preset=&#8221;default&#8221; max_height=&#8221;200px&#8221; max_height_tablet=&#8221;200px&#8221; max_height_phone=&#8221;200px&#8221; max_height_last_edited=&#8221;on|tablet&#8221; global_colors_info=&#8221;{}&#8221; transform_styles__hover_enabled=&#8221;on|hover&#8221; transform_scale__hover=&#8221;105%|105%&#8221; transform_scale__hover_enabled=&#8221;on|hover&#8221; transform_translate__hover_enabled=&#8221;on|desktop&#8221; transform_rotate__hover_enabled=&#8221;on|desktop&#8221; transform_skew__hover_enabled=&#8221;on|desktop&#8221; transform_origin__hover_enabled=&#8221;on|desktop&#8221;][\/et_pb_is_image][\/et_pb_column][et_pb_column type=&#8221;1_6&#8243; _builder_version=&#8221;4.27.4&#8243; _module_preset=&#8221;default&#8221; global_colors_info=&#8221;{}&#8221;][et_pb_is_image src=&#8221;https:\/\/anna-stangl.at\/wp-content\/uploads\/2025\/03\/puma-gr.jpg&#8221; show_copyright=&#8221;off&#8221; title_text=&#8221;Puma, 2021, 27 x 19 cm, Kohle, Tusche, Wachs, Pastell auf Karton&#8221; show_lightbox_copyright=&#8221;off&#8221; align=&#8221;center&#8221; _builder_version=&#8221;4.27.4&#8243; _module_preset=&#8221;default&#8221; max_height=&#8221;200px&#8221; max_height_tablet=&#8221;200px&#8221; max_height_phone=&#8221;200px&#8221; max_height_last_edited=&#8221;on|tablet&#8221; global_colors_info=&#8221;{}&#8221; transform_styles__hover_enabled=&#8221;on|hover&#8221; transform_scale__hover=&#8221;105%|105%&#8221; transform_scale__hover_enabled=&#8221;on|hover&#8221; transform_translate__hover_enabled=&#8221;on|desktop&#8221; transform_rotate__hover_enabled=&#8221;on|desktop&#8221; transform_skew__hover_enabled=&#8221;on|desktop&#8221; transform_origin__hover_enabled=&#8221;on|desktop&#8221;][\/et_pb_is_image][\/et_pb_column][et_pb_column type=&#8221;1_6&#8243; _builder_version=&#8221;4.27.4&#8243; _module_preset=&#8221;default&#8221; global_colors_info=&#8221;{}&#8221;][et_pb_is_image src=&#8221;https:\/\/anna-stangl.at\/wp-content\/uploads\/2025\/03\/flucht-gr.jpg&#8221; show_copyright=&#8221;off&#8221; title_text=&#8221;Flucht, 2021, 42,5 x 30,5 cm, Pastell, Schwarzkreide, Kohle, \u00d6lpastell, Wachs, Papier&#8221; show_lightbox_copyright=&#8221;off&#8221; align=&#8221;center&#8221; _builder_version=&#8221;4.27.4&#8243; _module_preset=&#8221;default&#8221; max_height=&#8221;200px&#8221; max_height_tablet=&#8221;200px&#8221; max_height_phone=&#8221;200px&#8221; max_height_last_edited=&#8221;on|tablet&#8221; global_colors_info=&#8221;{}&#8221; transform_styles__hover_enabled=&#8221;on|hover&#8221; transform_scale__hover=&#8221;105%|105%&#8221; transform_scale__hover_enabled=&#8221;on|hover&#8221; transform_translate__hover_enabled=&#8221;on|desktop&#8221; transform_rotate__hover_enabled=&#8221;on|desktop&#8221; transform_skew__hover_enabled=&#8221;on|desktop&#8221; transform_origin__hover_enabled=&#8221;on|desktop&#8221;][\/et_pb_is_image][\/et_pb_column][et_pb_column type=&#8221;1_6&#8243; _builder_version=&#8221;4.27.4&#8243; _module_preset=&#8221;default&#8221; global_colors_info=&#8221;{}&#8221;][et_pb_is_image src=&#8221;https:\/\/anna-stangl.at\/wp-content\/uploads\/2025\/03\/floating-II-gr.jpg&#8221; show_copyright=&#8221;off&#8221; title_text=&#8221;Floating II, 2021, 70,5 x 53 cm, \u00d6lpastell, Pastell, Schwarzkreide, Wachs, Tusche auf Karton&#8221; show_lightbox_copyright=&#8221;off&#8221; align=&#8221;center&#8221; _builder_version=&#8221;4.27.4&#8243; _module_preset=&#8221;default&#8221; max_height=&#8221;200px&#8221; max_height_tablet=&#8221;200px&#8221; max_height_phone=&#8221;200px&#8221; max_height_last_edited=&#8221;on|tablet&#8221; global_colors_info=&#8221;{}&#8221; transform_styles__hover_enabled=&#8221;on|hover&#8221; transform_scale__hover=&#8221;105%|105%&#8221; transform_scale__hover_enabled=&#8221;on|hover&#8221; transform_translate__hover_enabled=&#8221;on|desktop&#8221; transform_rotate__hover_enabled=&#8221;on|desktop&#8221; transform_skew__hover_enabled=&#8221;on|desktop&#8221; transform_origin__hover_enabled=&#8221;on|desktop&#8221;][\/et_pb_is_image][\/et_pb_column][et_pb_column type=&#8221;1_6&#8243; _builder_version=&#8221;4.27.4&#8243; _module_preset=&#8221;default&#8221; global_colors_info=&#8221;{}&#8221;][et_pb_is_image src=&#8221;https:\/\/anna-stangl.at\/wp-content\/uploads\/2025\/03\/herzschlag-gr.jpg&#8221; show_copyright=&#8221;off&#8221; title_text=&#8221;Herzschlag, 2014-21, 72,5 x 54 cm, Kohle, Pastell, Wachs, Graphitstift, \u00d6lpastell, Farbstift auf Karton&#8221; show_lightbox_copyright=&#8221;off&#8221; _builder_version=&#8221;4.27.4&#8243; _module_preset=&#8221;default&#8221; max_height=&#8221;200px&#8221; max_height_tablet=&#8221;200px&#8221; max_height_phone=&#8221;200px&#8221; max_height_last_edited=&#8221;on|tablet&#8221; global_colors_info=&#8221;{}&#8221; transform_styles__hover_enabled=&#8221;on|hover&#8221; transform_scale__hover=&#8221;105%|105%&#8221; transform_scale__hover_enabled=&#8221;on|hover&#8221; transform_translate__hover_enabled=&#8221;on|desktop&#8221; transform_rotate__hover_enabled=&#8221;on|desktop&#8221; transform_skew__hover_enabled=&#8221;on|desktop&#8221; transform_origin__hover_enabled=&#8221;on|desktop&#8221;][\/et_pb_is_image][\/et_pb_column][\/et_pb_row][et_pb_row column_structure=&#8221;1_6,1_6,1_6,1_6,1_6,1_6&#8243; use_custom_gutter=&#8221;on&#8221; gutter_width=&#8221;2&#8243; make_equal=&#8221;on&#8221; _builder_version=&#8221;4.27.4&#8243; _module_preset=&#8221;default&#8221; width=&#8221;92%&#8221; custom_margin=&#8221;5px||||false|false&#8221; global_colors_info=&#8221;{}&#8221;][et_pb_column type=&#8221;1_6&#8243; _builder_version=&#8221;4.27.4&#8243; _module_preset=&#8221;default&#8221; global_colors_info=&#8221;{}&#8221;][et_pb_is_image src=&#8221;https:\/\/anna-stangl.at\/wp-content\/uploads\/2025\/03\/where-we-come-from-gr.jpg&#8221; show_copyright=&#8221;off&#8221; title_text=&#8221;Where we come from, 2021,107 x 76 cm, \u00d6lpastell, Wachs, Pastell, Tusche, Kohle, auf Karton, collagiert&#8221; show_lightbox_copyright=&#8221;off&#8221; align=&#8221;left&#8221; _builder_version=&#8221;4.27.4&#8243; _module_preset=&#8221;default&#8221; max_height=&#8221;200px&#8221; max_height_tablet=&#8221;200px&#8221; max_height_phone=&#8221;200px&#8221; max_height_last_edited=&#8221;on|tablet&#8221; global_colors_info=&#8221;{}&#8221; transform_styles__hover_enabled=&#8221;on|hover&#8221; transform_scale__hover=&#8221;105%|105%&#8221; transform_scale__hover_enabled=&#8221;on|hover&#8221; transform_translate__hover_enabled=&#8221;on|desktop&#8221; transform_rotate__hover_enabled=&#8221;on|desktop&#8221; transform_skew__hover_enabled=&#8221;on|desktop&#8221; transform_origin__hover_enabled=&#8221;on|desktop&#8221;][\/et_pb_is_image][\/et_pb_column][et_pb_column type=&#8221;1_6&#8243; _builder_version=&#8221;4.27.4&#8243; _module_preset=&#8221;default&#8221; global_colors_info=&#8221;{}&#8221;][et_pb_is_image src=&#8221;https:\/\/anna-stangl.at\/wp-content\/uploads\/2025\/03\/where-we-come-from-II-gr.jpg&#8221; show_copyright=&#8221;off&#8221; title_text=&#8221;Where we come from II, 2021, 72,5 x 54 cm, \u00d6lpastell, Pastell, Kohle, Schwarzkreide, Wachs, Tusche auf Karton, collagiert&#8221; show_lightbox_copyright=&#8221;off&#8221; align=&#8221;center&#8221; _builder_version=&#8221;4.27.4&#8243; _module_preset=&#8221;default&#8221; max_height=&#8221;200px&#8221; max_height_tablet=&#8221;200px&#8221; max_height_phone=&#8221;200px&#8221; max_height_last_edited=&#8221;on|tablet&#8221; global_colors_info=&#8221;{}&#8221; transform_styles__hover_enabled=&#8221;on|hover&#8221; transform_scale__hover=&#8221;105%|105%&#8221; transform_scale__hover_enabled=&#8221;on|hover&#8221; transform_translate__hover_enabled=&#8221;on|desktop&#8221; transform_rotate__hover_enabled=&#8221;on|desktop&#8221; transform_skew__hover_enabled=&#8221;on|desktop&#8221; transform_origin__hover_enabled=&#8221;on|desktop&#8221;][\/et_pb_is_image][\/et_pb_column][et_pb_column type=&#8221;1_6&#8243; _builder_version=&#8221;4.27.4&#8243; _module_preset=&#8221;default&#8221; global_colors_info=&#8221;{}&#8221;][et_pb_is_image src=&#8221;https:\/\/anna-stangl.at\/wp-content\/uploads\/2025\/03\/freund-oder-feind-gr.jpg&#8221; show_copyright=&#8221;off&#8221; title_text=&#8221;Freund oder Feind ?, 2021, 27,5 x 19 cm, Kohle, Tusche, Pastell, \u00d6lpastell, Wachs auf Karton&#8221; show_lightbox_copyright=&#8221;off&#8221; align=&#8221;left&#8221; _builder_version=&#8221;4.27.4&#8243; _module_preset=&#8221;default&#8221; max_height=&#8221;200px&#8221; max_height_tablet=&#8221;200px&#8221; max_height_phone=&#8221;200px&#8221; max_height_last_edited=&#8221;on|tablet&#8221; global_colors_info=&#8221;{}&#8221; transform_styles__hover_enabled=&#8221;on|hover&#8221; transform_scale__hover=&#8221;105%|105%&#8221; transform_scale__hover_enabled=&#8221;on|hover&#8221; transform_translate__hover_enabled=&#8221;on|desktop&#8221; transform_rotate__hover_enabled=&#8221;on|desktop&#8221; transform_skew__hover_enabled=&#8221;on|desktop&#8221; transform_origin__hover_enabled=&#8221;on|desktop&#8221;][\/et_pb_is_image][\/et_pb_column][et_pb_column type=&#8221;1_6&#8243; _builder_version=&#8221;4.27.4&#8243; _module_preset=&#8221;default&#8221; global_colors_info=&#8221;{}&#8221;][et_pb_is_image src=&#8221;https:\/\/anna-stangl.at\/wp-content\/uploads\/2025\/03\/durch-die-zeit-III-gr.jpg&#8221; show_copyright=&#8221;off&#8221; title_text=&#8221;Durch die Zeit III, 2021,104 x 75 cm, Pastell, Tusche, Wachs, Schwarzkreide auf Karton, collagiert&#8221; show_lightbox_copyright=&#8221;off&#8221; align=&#8221;center&#8221; _builder_version=&#8221;4.27.4&#8243; _module_preset=&#8221;default&#8221; max_height=&#8221;200px&#8221; max_height_tablet=&#8221;200px&#8221; max_height_phone=&#8221;200px&#8221; max_height_last_edited=&#8221;on|tablet&#8221; global_colors_info=&#8221;{}&#8221; transform_styles__hover_enabled=&#8221;on|hover&#8221; transform_scale__hover=&#8221;105%|105%&#8221; transform_scale__hover_enabled=&#8221;on|hover&#8221; transform_translate__hover_enabled=&#8221;on|desktop&#8221; transform_rotate__hover_enabled=&#8221;on|desktop&#8221; transform_skew__hover_enabled=&#8221;on|desktop&#8221; transform_origin__hover_enabled=&#8221;on|desktop&#8221;][\/et_pb_is_image][\/et_pb_column][et_pb_column type=&#8221;1_6&#8243; _builder_version=&#8221;4.27.4&#8243; _module_preset=&#8221;default&#8221; global_colors_info=&#8221;{}&#8221;][et_pb_is_image src=&#8221;https:\/\/anna-stangl.at\/wp-content\/uploads\/2025\/03\/mein-loewe-und-ich-im-spiegel-gr.jpg&#8221; show_copyright=&#8221;off&#8221; title_text=&#8221;Mein L\u00f6we und ich im Spiegel, 2021, 32,5 x 23,5 cm, Kohle, Schwarzkreide, Pastell, Wachs, Tusche, Acryl auf Transparentpapier, collagiert&#8221; show_lightbox_copyright=&#8221;off&#8221; align=&#8221;center&#8221; _builder_version=&#8221;4.27.4&#8243; _module_preset=&#8221;default&#8221; max_height=&#8221;200px&#8221; max_height_tablet=&#8221;200px&#8221; max_height_phone=&#8221;200px&#8221; max_height_last_edited=&#8221;on|tablet&#8221; global_colors_info=&#8221;{}&#8221; transform_styles__hover_enabled=&#8221;on|hover&#8221; transform_scale__hover=&#8221;105%|105%&#8221; transform_scale__hover_enabled=&#8221;on|hover&#8221; transform_translate__hover_enabled=&#8221;on|desktop&#8221; transform_rotate__hover_enabled=&#8221;on|desktop&#8221; transform_skew__hover_enabled=&#8221;on|desktop&#8221; transform_origin__hover_enabled=&#8221;on|desktop&#8221;][\/et_pb_is_image][\/et_pb_column][et_pb_column type=&#8221;1_6&#8243; _builder_version=&#8221;4.27.4&#8243; _module_preset=&#8221;default&#8221; global_colors_info=&#8221;{}&#8221;][et_pb_is_image src=&#8221;https:\/\/anna-stangl.at\/wp-content\/uploads\/2025\/03\/friendly-bear-gr.jpg&#8221; show_copyright=&#8221;off&#8221; title_text=&#8221;Friendly Bear, 2021, 24,5 x 19 cm, Pastell, Wachs, Schwarzkreide, Kohle, Tusche, \u00d6lpastell auf Karton&#8221; show_lightbox_copyright=&#8221;off&#8221; align=&#8221;center&#8221; _builder_version=&#8221;4.27.4&#8243; _module_preset=&#8221;default&#8221; max_height=&#8221;200px&#8221; max_height_tablet=&#8221;200px&#8221; max_height_phone=&#8221;200px&#8221; max_height_last_edited=&#8221;on|tablet&#8221; global_colors_info=&#8221;{}&#8221; transform_styles__hover_enabled=&#8221;on|hover&#8221; transform_scale__hover=&#8221;105%|105%&#8221; transform_scale__hover_enabled=&#8221;on|hover&#8221; transform_translate__hover_enabled=&#8221;on|desktop&#8221; transform_rotate__hover_enabled=&#8221;on|desktop&#8221; transform_skew__hover_enabled=&#8221;on|desktop&#8221; transform_origin__hover_enabled=&#8221;on|desktop&#8221;][\/et_pb_is_image][\/et_pb_column][\/et_pb_row][et_pb_row column_structure=&#8221;1_6,1_6,1_6,1_6,1_6,1_6&#8243; use_custom_gutter=&#8221;on&#8221; gutter_width=&#8221;2&#8243; make_equal=&#8221;on&#8221; disabled_on=&#8221;off|off|off&#8221; _builder_version=&#8221;4.27.4&#8243; _module_preset=&#8221;default&#8221; width=&#8221;92%&#8221; custom_margin=&#8221;5px||||false|false&#8221; global_colors_info=&#8221;{}&#8221;][et_pb_column type=&#8221;1_6&#8243; _builder_version=&#8221;4.27.4&#8243; _module_preset=&#8221;default&#8221; global_colors_info=&#8221;{}&#8221;][et_pb_is_image src=&#8221;https:\/\/anna-stangl.at\/wp-content\/uploads\/2025\/03\/where-we-come-from-III-gr.jpg&#8221; show_copyright=&#8221;off&#8221; title_text=&#8221;Where we come from III, 2021, 54 x 73 cm, \u00d6lpastell, Tusche, Pastell, Kohle, Schwarzkreide, Wachs auf Karton&#8221; show_lightbox_copyright=&#8221;off&#8221; align=&#8221;center&#8221; _builder_version=&#8221;4.27.4&#8243; _module_preset=&#8221;default&#8221; max_height=&#8221;200px&#8221; max_height_tablet=&#8221;200px&#8221; max_height_phone=&#8221;200px&#8221; max_height_last_edited=&#8221;on|tablet&#8221; global_colors_info=&#8221;{}&#8221; transform_styles__hover_enabled=&#8221;on|hover&#8221; transform_scale__hover=&#8221;105%|105%&#8221; transform_scale__hover_enabled=&#8221;on|hover&#8221; transform_translate__hover_enabled=&#8221;on|desktop&#8221; transform_rotate__hover_enabled=&#8221;on|desktop&#8221; transform_skew__hover_enabled=&#8221;on|desktop&#8221; transform_origin__hover_enabled=&#8221;on|desktop&#8221;][\/et_pb_is_image][\/et_pb_column][et_pb_column type=&#8221;1_6&#8243; _builder_version=&#8221;4.27.4&#8243; _module_preset=&#8221;default&#8221; global_colors_info=&#8221;{}&#8221;][et_pb_is_image src=&#8221;https:\/\/anna-stangl.at\/wp-content\/uploads\/2025\/03\/baer-gr.jpg&#8221; show_copyright=&#8221;off&#8221; title_text=&#8221;B\u00e4r, 2021, 30 cm x 20,5 cm, Tusche, Schwarzkreide, \u00d6lpastell, Wachs, Pastell, Kohle auf Karton&#8221; show_lightbox_copyright=&#8221;off&#8221; align=&#8221;left&#8221; _builder_version=&#8221;4.27.4&#8243; _module_preset=&#8221;default&#8221; max_height=&#8221;200px&#8221; max_height_tablet=&#8221;200px&#8221; max_height_phone=&#8221;200px&#8221; max_height_last_edited=&#8221;on|tablet&#8221; global_colors_info=&#8221;{}&#8221; transform_styles__hover_enabled=&#8221;on|hover&#8221; transform_scale__hover=&#8221;105%|105%&#8221; transform_scale__hover_enabled=&#8221;on|hover&#8221; transform_translate__hover_enabled=&#8221;on|desktop&#8221; transform_rotate__hover_enabled=&#8221;on|desktop&#8221; transform_skew__hover_enabled=&#8221;on|desktop&#8221; transform_origin__hover_enabled=&#8221;on|desktop&#8221;][\/et_pb_is_image][\/et_pb_column][et_pb_column type=&#8221;1_6&#8243; _builder_version=&#8221;4.27.4&#8243; _module_preset=&#8221;default&#8221; global_colors_info=&#8221;{}&#8221;][et_pb_is_image src=&#8221;https:\/\/anna-stangl.at\/wp-content\/uploads\/2025\/03\/unter-woelfen-gr.jpg&#8221; show_copyright=&#8221;off&#8221; title_text=&#8221;Unter W\u00f6lfen, 2021, 53 x 69 cm, Kohle, Schwarzkreide, Tusche, \u00d6lpastell, Pastell, Wachs auf Karton, collagiert&#8221; show_lightbox_copyright=&#8221;off&#8221; align=&#8221;left&#8221; _builder_version=&#8221;4.27.4&#8243; _module_preset=&#8221;default&#8221; max_height=&#8221;200px&#8221; max_height_tablet=&#8221;200px&#8221; max_height_phone=&#8221;200px&#8221; max_height_last_edited=&#8221;on|tablet&#8221; global_colors_info=&#8221;{}&#8221; transform_styles__hover_enabled=&#8221;on|hover&#8221; transform_scale__hover=&#8221;105%|105%&#8221; transform_scale__hover_enabled=&#8221;on|hover&#8221; transform_translate__hover_enabled=&#8221;on|desktop&#8221; transform_rotate__hover_enabled=&#8221;on|desktop&#8221; transform_skew__hover_enabled=&#8221;on|desktop&#8221; transform_origin__hover_enabled=&#8221;on|desktop&#8221;][\/et_pb_is_image][\/et_pb_column][et_pb_column type=&#8221;1_6&#8243; _builder_version=&#8221;4.27.4&#8243; _module_preset=&#8221;default&#8221; global_colors_info=&#8221;{}&#8221;][et_pb_is_image src=&#8221;https:\/\/anna-stangl.at\/wp-content\/uploads\/2025\/03\/grimpoteuthis-gr.jpg&#8221; show_copyright=&#8221;off&#8221; title_text=&#8221;Grimpoteuthis, 2021, 54 x 76 cm, Tusche, Kohle, Schwarzkreide, Pastell, \u00d6lpastell, Wachs auf Karton&#8221; show_lightbox_copyright=&#8221;off&#8221; align=&#8221;left&#8221; _builder_version=&#8221;4.27.4&#8243; _module_preset=&#8221;default&#8221; max_height=&#8221;200px&#8221; max_height_tablet=&#8221;200px&#8221; max_height_phone=&#8221;200px&#8221; max_height_last_edited=&#8221;on|tablet&#8221; global_colors_info=&#8221;{}&#8221; transform_styles__hover_enabled=&#8221;on|hover&#8221; transform_scale__hover=&#8221;105%|105%&#8221; transform_scale__hover_enabled=&#8221;on|hover&#8221; transform_translate__hover_enabled=&#8221;on|desktop&#8221; transform_rotate__hover_enabled=&#8221;on|desktop&#8221; transform_skew__hover_enabled=&#8221;on|desktop&#8221; transform_origin__hover_enabled=&#8221;on|desktop&#8221;][\/et_pb_is_image][\/et_pb_column][et_pb_column type=&#8221;1_6&#8243; _builder_version=&#8221;4.27.4&#8243; _module_preset=&#8221;default&#8221; global_colors_info=&#8221;{}&#8221;][et_pb_is_image src=&#8221;https:\/\/anna-stangl.at\/wp-content\/uploads\/2025\/03\/unter-woelfen-II-gr.jpg&#8221; show_copyright=&#8221;off&#8221; title_text=&#8221;Unter W\u00f6lfen II, 2021, 69 x 53 cm, 2021, \u00d6lpastell, Pastell, Wachs, Tusche, Kohle, Schwarzkreide, auf Karton&#8221; show_lightbox_copyright=&#8221;off&#8221; align=&#8221;left&#8221; _builder_version=&#8221;4.27.4&#8243; _module_preset=&#8221;default&#8221; max_height=&#8221;200px&#8221; max_height_tablet=&#8221;200px&#8221; max_height_phone=&#8221;200px&#8221; max_height_last_edited=&#8221;on|tablet&#8221; global_colors_info=&#8221;{}&#8221; transform_styles__hover_enabled=&#8221;on|hover&#8221; transform_scale__hover=&#8221;105%|105%&#8221; transform_scale__hover_enabled=&#8221;on|hover&#8221; transform_translate__hover_enabled=&#8221;on|desktop&#8221; transform_rotate__hover_enabled=&#8221;on|desktop&#8221; transform_skew__hover_enabled=&#8221;on|desktop&#8221; transform_origin__hover_enabled=&#8221;on|desktop&#8221;][\/et_pb_is_image][\/et_pb_column][et_pb_column type=&#8221;1_6&#8243; _builder_version=&#8221;4.27.4&#8243; _module_preset=&#8221;default&#8221; global_colors_info=&#8221;{}&#8221;][et_pb_is_image src=&#8221;https:\/\/anna-stangl.at\/wp-content\/uploads\/2025\/03\/eis-und-finsternis-gr.jpg&#8221; show_copyright=&#8221;off&#8221; title_text=&#8221;Floating II, 2021, 70,5 x 53 cm, \u00d6lpastell, Pastell, Schwarzkreide, Wachs, Tusche auf Karton&#8221; show_lightbox_copyright=&#8221;off&#8221; align=&#8221;left&#8221; _builder_version=&#8221;4.27.4&#8243; _module_preset=&#8221;default&#8221; max_height=&#8221;200px&#8221; max_height_tablet=&#8221;200px&#8221; max_height_phone=&#8221;200px&#8221; max_height_last_edited=&#8221;on|tablet&#8221; global_colors_info=&#8221;{}&#8221; transform_styles__hover_enabled=&#8221;on|hover&#8221; transform_scale__hover=&#8221;105%|105%&#8221; transform_scale__hover_enabled=&#8221;on|hover&#8221; transform_translate__hover_enabled=&#8221;on|desktop&#8221; transform_rotate__hover_enabled=&#8221;on|desktop&#8221; transform_skew__hover_enabled=&#8221;on|desktop&#8221; transform_origin__hover_enabled=&#8221;on|desktop&#8221;][\/et_pb_is_image][\/et_pb_column][\/et_pb_row][et_pb_row column_structure=&#8221;1_6,1_6,1_6,1_6,1_6,1_6&#8243; use_custom_gutter=&#8221;on&#8221; gutter_width=&#8221;2&#8243; make_equal=&#8221;on&#8221; disabled_on=&#8221;off|off|off&#8221; module_class=&#8221;extratop&#8221; _builder_version=&#8221;4.27.4&#8243; _module_preset=&#8221;default&#8221; width=&#8221;92%&#8221; custom_margin=&#8221;5px||||false|false&#8221; global_colors_info=&#8221;{}&#8221;][et_pb_column type=&#8221;1_6&#8243; _builder_version=&#8221;4.27.4&#8243; _module_preset=&#8221;default&#8221; global_colors_info=&#8221;{}&#8221;][et_pb_is_image src=&#8221;https:\/\/anna-stangl.at\/wp-content\/uploads\/2025\/03\/hinterglasmalerei-winter-gr.jpg&#8221; show_copyright=&#8221;off&#8221; title_text=&#8221;Hinterglasmalerei: Winter, 2021, 30 x 40 cm, Schwarzkreide, \u00d6lpastellkreide, Tusche auf Papier, Acryl auf Glas, gerahmt&#8221; show_lightbox_copyright=&#8221;off&#8221; align=&#8221;left&#8221; _builder_version=&#8221;4.27.4&#8243; _module_preset=&#8221;default&#8221; max_height=&#8221;200px&#8221; max_height_tablet=&#8221;200px&#8221; max_height_phone=&#8221;200px&#8221; max_height_last_edited=&#8221;on|tablet&#8221; global_colors_info=&#8221;{}&#8221; transform_styles__hover_enabled=&#8221;on|hover&#8221; transform_scale__hover=&#8221;105%|105%&#8221; transform_scale__hover_enabled=&#8221;on|hover&#8221; transform_translate__hover_enabled=&#8221;on|desktop&#8221; transform_rotate__hover_enabled=&#8221;on|desktop&#8221; transform_skew__hover_enabled=&#8221;on|desktop&#8221; transform_origin__hover_enabled=&#8221;on|desktop&#8221;][\/et_pb_is_image][\/et_pb_column][et_pb_column type=&#8221;1_6&#8243; _builder_version=&#8221;4.27.4&#8243; _module_preset=&#8221;default&#8221; global_colors_info=&#8221;{}&#8221;][\/et_pb_column][et_pb_column type=&#8221;1_6&#8243; _builder_version=&#8221;4.27.4&#8243; _module_preset=&#8221;default&#8221; global_colors_info=&#8221;{}&#8221;][\/et_pb_column][et_pb_column type=&#8221;1_6&#8243; _builder_version=&#8221;4.27.4&#8243; _module_preset=&#8221;default&#8221; global_colors_info=&#8221;{}&#8221;][\/et_pb_column][et_pb_column type=&#8221;1_6&#8243; _builder_version=&#8221;4.27.4&#8243; _module_preset=&#8221;default&#8221; global_colors_info=&#8221;{}&#8221;][\/et_pb_column][et_pb_column type=&#8221;1_6&#8243; _builder_version=&#8221;4.27.4&#8243; _module_preset=&#8221;default&#8221; global_colors_info=&#8221;{}&#8221;][\/et_pb_column][\/et_pb_row][\/et_pb_section][et_pb_section fb_built=&#8221;1&#8243; admin_label=&#8221;Section 2020&#8243; _builder_version=&#8221;4.27.4&#8243; _module_preset=&#8221;default&#8221; custom_margin=&#8221;0px||||false|false&#8221; custom_padding=&#8221;0px||||false|false&#8221; global_colors_info=&#8221;{}&#8221;][et_pb_row _builder_version=&#8221;4.27.4&#8243; _module_preset=&#8221;default&#8221; width=&#8221;92%&#8221; custom_margin=&#8221;0px||0px||false|false&#8221; custom_padding=&#8221;8px||0px||false|false&#8221; global_colors_info=&#8221;{}&#8221;][et_pb_column type=&#8221;4_4&#8243; _builder_version=&#8221;4.27.4&#8243; _module_preset=&#8221;default&#8221; global_colors_info=&#8221;{}&#8221;][et_pb_text admin_label=&#8221;2020&#8243; _builder_version=&#8221;4.27.4&#8243; _module_preset=&#8221;default&#8221; global_colors_info=&#8221;{}&#8221;]<\/p>\n<h3>2020<\/h3>\n<p>[\/et_pb_text][\/et_pb_column][\/et_pb_row][et_pb_row column_structure=&#8221;1_4,1_2,1_4&#8243; module_class=&#8221;bigfirstrow&#8221; _builder_version=&#8221;4.27.4&#8243; _module_preset=&#8221;default&#8221; width=&#8221;92%&#8221; custom_padding=&#8221;14px||||false|false&#8221; global_colors_info=&#8221;{}&#8221; transform_styles__hover_enabled=&#8221;on|hover&#8221; transform_scale__hover_enabled=&#8221;on|hover&#8221; transform_translate__hover_enabled=&#8221;on|desktop&#8221; transform_rotate__hover_enabled=&#8221;on|desktop&#8221; transform_skew__hover_enabled=&#8221;on|desktop&#8221; transform_origin__hover_enabled=&#8221;on|desktop&#8221;][et_pb_column type=&#8221;1_4&#8243; _builder_version=&#8221;4.27.4&#8243; _module_preset=&#8221;default&#8221; global_colors_info=&#8221;{}&#8221;][et_pb_is_image src=&#8221;https:\/\/anna-stangl.at\/wp-content\/uploads\/2025\/03\/friendly-ape-gr.jpg&#8221; show_copyright=&#8221;off&#8221; title_text=&#8221;Friendly Ape, 2020, 76 x 107 cm, Pastell, Tusche, Schwarzkreide, Wachs auf Karton&#8221; show_lightbox_copyright=&#8221;off&#8221; module_class=&#8221;bigfirstimage&#8221; _builder_version=&#8221;4.27.4&#8243; _module_preset=&#8221;default&#8221; transform_scale=&#8221;115%|115%&#8221; transform_translate=&#8221;0px|23px&#8221; transform_translate_linked=&#8221;off&#8221; global_colors_info=&#8221;{}&#8221; transform_styles__hover_enabled=&#8221;on|desktop&#8221; transform_scale__hover_enabled=&#8221;on|desktop&#8221; transform_translate__hover_enabled=&#8221;on|hover&#8221; transform_rotate__hover_enabled=&#8221;on|desktop&#8221; transform_skew__hover_enabled=&#8221;on|desktop&#8221; transform_origin__hover_enabled=&#8221;on|desktop&#8221; transform_scale__hover=&#8221;120%|120%&#8221; transform_translate__hover=&#8221;0px|21px&#8221;][\/et_pb_is_image][\/et_pb_column][et_pb_column type=&#8221;1_2&#8243; _builder_version=&#8221;4.27.4&#8243; _module_preset=&#8221;default&#8221; global_colors_info=&#8221;{}&#8221;][et_pb_is_image src=&#8221;https:\/\/anna-stangl.at\/wp-content\/uploads\/2025\/03\/big-wave-gr.jpg&#8221; show_copyright=&#8221;off&#8221; title_text=&#8221;Big Wave, 2020, 133 x 176, Tusche, \u00d6lpastell, Schwarzkreide, Wachs, Acryl auf Karton&#8221; show_lightbox_copyright=&#8221;off&#8221; module_class=&#8221;bigfirstimage&#8221; _builder_version=&#8221;4.27.4&#8243; _module_preset=&#8221;default&#8221; transform_scale=&#8221;95%|95%&#8221; transform_translate=&#8221;0px|-10px&#8221; transform_translate_linked=&#8221;off&#8221; locked=&#8221;off&#8221; global_colors_info=&#8221;{}&#8221; transform_styles__hover_enabled=&#8221;on|desktop&#8221; transform_scale__hover_enabled=&#8221;on|hover&#8221; transform_translate__hover_enabled=&#8221;on|desktop&#8221; transform_rotate__hover_enabled=&#8221;on|desktop&#8221; transform_skew__hover_enabled=&#8221;on|desktop&#8221; transform_origin__hover_enabled=&#8221;on|desktop&#8221; transform_scale__hover=&#8221;100%|100%&#8221; transform_translate__hover=&#8221;0px|-15px&#8221;][\/et_pb_is_image][\/et_pb_column][et_pb_column type=&#8221;1_4&#8243; _builder_version=&#8221;4.27.4&#8243; _module_preset=&#8221;default&#8221; global_colors_info=&#8221;{}&#8221;][et_pb_is_image src=&#8221;https:\/\/anna-stangl.at\/wp-content\/uploads\/2025\/03\/zu-zweit-II-gr.jpg&#8221; show_copyright=&#8221;off&#8221; title_text=&#8221;Zu zweit II, 2020, 76 x 53,5 cm, \u00d6lpastell, Pastell, Wachs, Schwarzkreide auf Karton&#8221; show_lightbox_copyright=&#8221;off&#8221; module_class=&#8221;bigfirstimage&#8221; _builder_version=&#8221;4.27.4&#8243; _module_preset=&#8221;default&#8221; transform_scale=&#8221;115%|115%&#8221; transform_translate=&#8221;0px|23px&#8221; transform_translate_linked=&#8221;off&#8221; locked=&#8221;off&#8221; global_colors_info=&#8221;{}&#8221; transform_styles__hover_enabled=&#8221;on|hover&#8221; transform_scale__hover_enabled=&#8221;on|hover&#8221; transform_translate__hover_enabled=&#8221;on|hover&#8221; transform_rotate__hover_enabled=&#8221;on|desktop&#8221; transform_skew__hover_enabled=&#8221;on|desktop&#8221; transform_origin__hover_enabled=&#8221;on|desktop&#8221; transform_scale__hover=&#8221;120%|120%&#8221; transform_translate__hover=&#8221;0px|23px&#8221;][\/et_pb_is_image][\/et_pb_column][\/et_pb_row][et_pb_row column_structure=&#8221;1_6,1_6,1_6,1_6,1_6,1_6&#8243; use_custom_gutter=&#8221;on&#8221; gutter_width=&#8221;2&#8243; make_equal=&#8221;on&#8221; _builder_version=&#8221;4.27.4&#8243; _module_preset=&#8221;default&#8221; width=&#8221;92%&#8221; custom_margin=&#8221;5px||||false|false&#8221; global_colors_info=&#8221;{}&#8221; transform_styles__hover_enabled=&#8221;on|hover&#8221; transform_scale__hover_enabled=&#8221;on|hover&#8221; transform_translate__hover_enabled=&#8221;on|desktop&#8221; transform_rotate__hover_enabled=&#8221;on|desktop&#8221; transform_skew__hover_enabled=&#8221;on|desktop&#8221; transform_origin__hover_enabled=&#8221;on|desktop&#8221;][et_pb_column type=&#8221;1_6&#8243; _builder_version=&#8221;4.27.4&#8243; _module_preset=&#8221;default&#8221; global_colors_info=&#8221;{}&#8221;][et_pb_is_image src=&#8221;https:\/\/anna-stangl.at\/wp-content\/uploads\/2025\/03\/zu-zweit-gr.jpg&#8221; show_copyright=&#8221;off&#8221; title_text=&#8221;Zu zweit, 2020, 75,5 x 54 cm, \u00d6lpastell, Pastell, Schwarzkreide, Tusche auf Karton&#8221; show_lightbox_copyright=&#8221;off&#8221; align=&#8221;left&#8221; _builder_version=&#8221;4.27.4&#8243; _module_preset=&#8221;default&#8221; max_height=&#8221;200px&#8221; max_height_tablet=&#8221;200px&#8221; max_height_phone=&#8221;200px&#8221; max_height_last_edited=&#8221;on|tablet&#8221; global_colors_info=&#8221;{}&#8221; transform_styles__hover_enabled=&#8221;on|hover&#8221; transform_scale__hover_enabled=&#8221;on|hover&#8221; transform_translate__hover_enabled=&#8221;on|desktop&#8221; transform_rotate__hover_enabled=&#8221;on|desktop&#8221; transform_skew__hover_enabled=&#8221;on|desktop&#8221; transform_origin__hover_enabled=&#8221;on|desktop&#8221; transform_scale__hover=&#8221;105%|105%&#8221;][\/et_pb_is_image][\/et_pb_column][et_pb_column type=&#8221;1_6&#8243; _builder_version=&#8221;4.27.4&#8243; _module_preset=&#8221;default&#8221; global_colors_info=&#8221;{}&#8221;][et_pb_is_image src=&#8221;https:\/\/anna-stangl.at\/wp-content\/uploads\/2025\/03\/hasenherz-gr.jpg&#8221; show_copyright=&#8221;off&#8221; title_text=&#8221;Hasenherz, 2020, 21 x 16 cm, Kohle, Acryl, Farbstift auf Offsetlithographie&#8221; show_lightbox_copyright=&#8221;off&#8221; align=&#8221;center&#8221; _builder_version=&#8221;4.27.4&#8243; _module_preset=&#8221;default&#8221; max_height=&#8221;200px&#8221; max_height_tablet=&#8221;200px&#8221; max_height_phone=&#8221;200px&#8221; max_height_last_edited=&#8221;on|tablet&#8221; global_colors_info=&#8221;{}&#8221; transform_styles__hover_enabled=&#8221;on|hover&#8221; transform_scale__hover=&#8221;105%|105%&#8221; transform_scale__hover_enabled=&#8221;on|hover&#8221; transform_translate__hover_enabled=&#8221;on|desktop&#8221; transform_rotate__hover_enabled=&#8221;on|desktop&#8221; transform_skew__hover_enabled=&#8221;on|desktop&#8221; transform_origin__hover_enabled=&#8221;on|desktop&#8221;][\/et_pb_is_image][\/et_pb_column][et_pb_column type=&#8221;1_6&#8243; _builder_version=&#8221;4.27.4&#8243; _module_preset=&#8221;default&#8221; global_colors_info=&#8221;{}&#8221;][et_pb_is_image src=&#8221;https:\/\/anna-stangl.at\/wp-content\/uploads\/2025\/03\/nachgestalten-gr.jpg&#8221; show_copyright=&#8221;off&#8221; title_text=&#8221;Nachtgestalten, 2020, 107 x 75 cm, Tusche, Pastell auf Karton&#8221; show_lightbox_copyright=&#8221;off&#8221; align=&#8221;center&#8221; _builder_version=&#8221;4.27.4&#8243; _module_preset=&#8221;default&#8221; max_height=&#8221;200px&#8221; max_height_tablet=&#8221;200px&#8221; max_height_phone=&#8221;200px&#8221; max_height_last_edited=&#8221;on|tablet&#8221; global_colors_info=&#8221;{}&#8221; transform_styles__hover_enabled=&#8221;on|hover&#8221; transform_scale__hover=&#8221;105%|105%&#8221; transform_scale__hover_enabled=&#8221;on|hover&#8221; transform_translate__hover_enabled=&#8221;on|desktop&#8221; transform_rotate__hover_enabled=&#8221;on|desktop&#8221; transform_skew__hover_enabled=&#8221;on|desktop&#8221; transform_origin__hover_enabled=&#8221;on|desktop&#8221;][\/et_pb_is_image][\/et_pb_column][et_pb_column type=&#8221;1_6&#8243; _builder_version=&#8221;4.27.4&#8243; _module_preset=&#8221;default&#8221; global_colors_info=&#8221;{}&#8221;][et_pb_is_image src=&#8221;https:\/\/anna-stangl.at\/wp-content\/uploads\/2025\/03\/die-geister-gr.jpg&#8221; show_copyright=&#8221;off&#8221; title_text=&#8221;Die Geister, 2020, 72 x 54 cm, \u00d6lpastell, Pastell, Kohle, Schwarzkreide, Wachs, collagiert&#8221; show_lightbox_copyright=&#8221;off&#8221; align=&#8221;center&#8221; _builder_version=&#8221;4.27.4&#8243; _module_preset=&#8221;default&#8221; max_height=&#8221;200px&#8221; max_height_tablet=&#8221;200px&#8221; max_height_phone=&#8221;200px&#8221; max_height_last_edited=&#8221;on|tablet&#8221; global_colors_info=&#8221;{}&#8221; transform_styles__hover_enabled=&#8221;on|hover&#8221; transform_scale__hover=&#8221;105%|105%&#8221; transform_scale__hover_enabled=&#8221;on|hover&#8221; transform_translate__hover_enabled=&#8221;on|desktop&#8221; transform_rotate__hover_enabled=&#8221;on|desktop&#8221; transform_skew__hover_enabled=&#8221;on|desktop&#8221; transform_origin__hover_enabled=&#8221;on|desktop&#8221;][\/et_pb_is_image][\/et_pb_column][et_pb_column type=&#8221;1_6&#8243; _builder_version=&#8221;4.27.4&#8243; _module_preset=&#8221;default&#8221; global_colors_info=&#8221;{}&#8221;][et_pb_is_image src=&#8221;https:\/\/anna-stangl.at\/wp-content\/uploads\/2025\/03\/sommer-gr.jpg&#8221; show_copyright=&#8221;off&#8221; title_text=&#8221;Sommer, 2020, 53,5 x 44,5 cm, \u00d6lpastell, Pastell, Schwarzkreide, Wachs auf Karton&#8221; show_lightbox_copyright=&#8221;off&#8221; align=&#8221;center&#8221; _builder_version=&#8221;4.27.4&#8243; _module_preset=&#8221;default&#8221; max_height=&#8221;200px&#8221; max_height_tablet=&#8221;200px&#8221; max_height_phone=&#8221;200px&#8221; max_height_last_edited=&#8221;on|tablet&#8221; global_colors_info=&#8221;{}&#8221; transform_styles__hover_enabled=&#8221;on|hover&#8221; transform_scale__hover=&#8221;105%|105%&#8221; transform_scale__hover_enabled=&#8221;on|hover&#8221; transform_translate__hover_enabled=&#8221;on|desktop&#8221; transform_rotate__hover_enabled=&#8221;on|desktop&#8221; transform_skew__hover_enabled=&#8221;on|desktop&#8221; transform_origin__hover_enabled=&#8221;on|desktop&#8221;][\/et_pb_is_image][\/et_pb_column][et_pb_column type=&#8221;1_6&#8243; _builder_version=&#8221;4.27.4&#8243; _module_preset=&#8221;default&#8221; global_colors_info=&#8221;{}&#8221;][et_pb_is_image src=&#8221;https:\/\/anna-stangl.at\/wp-content\/uploads\/2025\/03\/u-boot-gr.jpg&#8221; show_copyright=&#8221;off&#8221; title_text=&#8221;U-Boot, 2020, 54 x 75,5 cm, Tusche, Pastell, Schwarzkreide, Wachs auf Karton, colagiert&#8221; show_lightbox_copyright=&#8221;off&#8221; _builder_version=&#8221;4.27.4&#8243; _module_preset=&#8221;default&#8221; max_height=&#8221;200px&#8221; max_height_tablet=&#8221;200px&#8221; max_height_phone=&#8221;200px&#8221; max_height_last_edited=&#8221;on|tablet&#8221; global_colors_info=&#8221;{}&#8221; transform_styles__hover_enabled=&#8221;on|hover&#8221; transform_scale__hover=&#8221;105%|105%&#8221; transform_scale__hover_enabled=&#8221;on|hover&#8221; transform_translate__hover_enabled=&#8221;on|desktop&#8221; transform_rotate__hover_enabled=&#8221;on|desktop&#8221; transform_skew__hover_enabled=&#8221;on|desktop&#8221; transform_origin__hover_enabled=&#8221;on|desktop&#8221;][\/et_pb_is_image][\/et_pb_column][\/et_pb_row][et_pb_row column_structure=&#8221;1_6,1_6,1_6,1_6,1_6,1_6&#8243; use_custom_gutter=&#8221;on&#8221; gutter_width=&#8221;2&#8243; make_equal=&#8221;on&#8221; module_class=&#8221;extratop&#8221; _builder_version=&#8221;4.27.4&#8243; _module_preset=&#8221;default&#8221; width=&#8221;92%&#8221; custom_margin=&#8221;5px||||false|false&#8221; global_colors_info=&#8221;{}&#8221;][et_pb_column type=&#8221;1_6&#8243; _builder_version=&#8221;4.27.4&#8243; _module_preset=&#8221;default&#8221; global_colors_info=&#8221;{}&#8221;][et_pb_is_image src=&#8221;https:\/\/anna-stangl.at\/wp-content\/uploads\/2025\/03\/spring-gr.jpg&#8221; show_copyright=&#8221;off&#8221; title_text=&#8221;Spring, 2020, 74,5 x 54 cm, \u00d6lpastell, Pastell, Wachs, Kohle, Karton&#8221; show_lightbox_copyright=&#8221;off&#8221; align=&#8221;left&#8221; _builder_version=&#8221;4.27.4&#8243; _module_preset=&#8221;default&#8221; max_height=&#8221;200px&#8221; max_height_tablet=&#8221;200px&#8221; max_height_phone=&#8221;200px&#8221; max_height_last_edited=&#8221;on|tablet&#8221; global_colors_info=&#8221;{}&#8221; transform_styles__hover_enabled=&#8221;on|hover&#8221; transform_scale__hover=&#8221;105%|105%&#8221; transform_scale__hover_enabled=&#8221;on|hover&#8221; transform_translate__hover_enabled=&#8221;on|desktop&#8221; transform_rotate__hover_enabled=&#8221;on|desktop&#8221; transform_skew__hover_enabled=&#8221;on|desktop&#8221; transform_origin__hover_enabled=&#8221;on|desktop&#8221;][\/et_pb_is_image][\/et_pb_column][et_pb_column type=&#8221;1_6&#8243; _builder_version=&#8221;4.27.4&#8243; _module_preset=&#8221;default&#8221; global_colors_info=&#8221;{}&#8221;][et_pb_is_image src=&#8221;https:\/\/anna-stangl.at\/wp-content\/uploads\/2025\/03\/touch-gr.jpg&#8221; show_copyright=&#8221;off&#8221; title_text=&#8221;Touch, 2020, 63 x 46,5 cm, \u00d6lpastell, Pastell, Farbstift, Schwarzkreide, Kohle, Wachs auf Karton&#8221; show_lightbox_copyright=&#8221;off&#8221; align=&#8221;center&#8221; _builder_version=&#8221;4.27.4&#8243; _module_preset=&#8221;default&#8221; max_height=&#8221;200px&#8221; max_height_tablet=&#8221;200px&#8221; max_height_phone=&#8221;200px&#8221; max_height_last_edited=&#8221;on|tablet&#8221; global_colors_info=&#8221;{}&#8221; transform_styles__hover_enabled=&#8221;on|hover&#8221; transform_scale__hover=&#8221;105%|105%&#8221; transform_scale__hover_enabled=&#8221;on|hover&#8221; transform_translate__hover_enabled=&#8221;on|desktop&#8221; transform_rotate__hover_enabled=&#8221;on|desktop&#8221; transform_skew__hover_enabled=&#8221;on|desktop&#8221; transform_origin__hover_enabled=&#8221;on|desktop&#8221;][\/et_pb_is_image][\/et_pb_column][et_pb_column type=&#8221;1_6&#8243; _builder_version=&#8221;4.27.4&#8243; _module_preset=&#8221;default&#8221; global_colors_info=&#8221;{}&#8221;][et_pb_is_image src=&#8221;https:\/\/anna-stangl.at\/wp-content\/uploads\/2025\/03\/transformation-gr.jpg&#8221; show_copyright=&#8221;off&#8221; title_text=&#8221;Transformation, 2020,72 x 54 cm, \u00d6lpastell, Pastell, Schwarzkreide, Kohle, Wachs, Graphitstift, Tusche auf Karton&#8221; show_lightbox_copyright=&#8221;off&#8221; align=&#8221;left&#8221; _builder_version=&#8221;4.27.4&#8243; _module_preset=&#8221;default&#8221; max_height=&#8221;200px&#8221; max_height_tablet=&#8221;200px&#8221; max_height_phone=&#8221;200px&#8221; max_height_last_edited=&#8221;on|tablet&#8221; global_colors_info=&#8221;{}&#8221; transform_styles__hover_enabled=&#8221;on|hover&#8221; transform_scale__hover=&#8221;105%|105%&#8221; transform_scale__hover_enabled=&#8221;on|hover&#8221; transform_translate__hover_enabled=&#8221;on|desktop&#8221; transform_rotate__hover_enabled=&#8221;on|desktop&#8221; transform_skew__hover_enabled=&#8221;on|desktop&#8221; transform_origin__hover_enabled=&#8221;on|desktop&#8221;][\/et_pb_is_image][\/et_pb_column][et_pb_column type=&#8221;1_6&#8243; _builder_version=&#8221;4.27.4&#8243; _module_preset=&#8221;default&#8221; global_colors_info=&#8221;{}&#8221;][et_pb_is_image src=&#8221;https:\/\/anna-stangl.at\/wp-content\/uploads\/2025\/03\/puma-gr-1.jpg&#8221; show_copyright=&#8221;off&#8221; title_text=&#8221;Puma, 2020, 61 x 79,5 cm, \u00d6lpastell, Kohle, Schwarzkreide, Pastell, Tusche, Wachs, Karton&#8221; show_lightbox_copyright=&#8221;off&#8221; align=&#8221;center&#8221; _builder_version=&#8221;4.27.4&#8243; _module_preset=&#8221;default&#8221; max_height=&#8221;200px&#8221; max_height_tablet=&#8221;200px&#8221; max_height_phone=&#8221;200px&#8221; max_height_last_edited=&#8221;on|tablet&#8221; global_colors_info=&#8221;{}&#8221; transform_styles__hover_enabled=&#8221;on|hover&#8221; transform_scale__hover=&#8221;105%|105%&#8221; transform_scale__hover_enabled=&#8221;on|hover&#8221; transform_translate__hover_enabled=&#8221;on|desktop&#8221; transform_rotate__hover_enabled=&#8221;on|desktop&#8221; transform_skew__hover_enabled=&#8221;on|desktop&#8221; transform_origin__hover_enabled=&#8221;on|desktop&#8221;][\/et_pb_is_image][\/et_pb_column][et_pb_column type=&#8221;1_6&#8243; _builder_version=&#8221;4.27.4&#8243; _module_preset=&#8221;default&#8221; global_colors_info=&#8221;{}&#8221;][\/et_pb_column][et_pb_column type=&#8221;1_6&#8243; _builder_version=&#8221;4.27.4&#8243; _module_preset=&#8221;default&#8221; global_colors_info=&#8221;{}&#8221;][\/et_pb_column][\/et_pb_row][\/et_pb_section][et_pb_section fb_built=&#8221;1&#8243; admin_label=&#8221;Section 2019&#8243; _builder_version=&#8221;4.27.4&#8243; _module_preset=&#8221;default&#8221; custom_margin=&#8221;0px||||false|false&#8221; custom_padding=&#8221;0px||||false|false&#8221; collapsed=&#8221;off&#8221; global_colors_info=&#8221;{}&#8221;][et_pb_row _builder_version=&#8221;4.27.4&#8243; _module_preset=&#8221;default&#8221; width=&#8221;92%&#8221; custom_margin=&#8221;0px||0px||false|false&#8221; custom_padding=&#8221;8px||0px||false|false&#8221; global_colors_info=&#8221;{}&#8221;][et_pb_column type=&#8221;4_4&#8243; _builder_version=&#8221;4.27.4&#8243; _module_preset=&#8221;default&#8221; global_colors_info=&#8221;{}&#8221;][et_pb_text admin_label=&#8221;2019&#8243; _builder_version=&#8221;4.27.4&#8243; _module_preset=&#8221;default&#8221; global_colors_info=&#8221;{}&#8221;]<\/p>\n<h3>2019<\/h3>\n<p>[\/et_pb_text][\/et_pb_column][\/et_pb_row][et_pb_row column_structure=&#8221;1_4,1_4,1_2&#8243; module_class=&#8221;bigfirstrow&#8221; _builder_version=&#8221;4.27.4&#8243; _module_preset=&#8221;default&#8221; width=&#8221;92%&#8221; custom_padding=&#8221;14px||||false|false&#8221; global_colors_info=&#8221;{}&#8221; transform_styles__hover_enabled=&#8221;on|hover&#8221; transform_scale__hover_enabled=&#8221;on|hover&#8221; transform_translate__hover_enabled=&#8221;on|desktop&#8221; transform_rotate__hover_enabled=&#8221;on|desktop&#8221; transform_skew__hover_enabled=&#8221;on|desktop&#8221; transform_origin__hover_enabled=&#8221;on|desktop&#8221;][et_pb_column type=&#8221;1_4&#8243; _builder_version=&#8221;4.27.4&#8243; _module_preset=&#8221;default&#8221; global_colors_info=&#8221;{}&#8221;][et_pb_is_image src=&#8221;https:\/\/anna-stangl.at\/wp-content\/uploads\/2025\/03\/surferin-gr-scaled.jpg&#8221; show_copyright=&#8221;off&#8221; title_text=&#8221;Surferin, 2019, 75,5 x 53,5 cm, \u00d6lpastell, Tusche, Pastell, Schwarzkreide, Zeichenkarton&#8221; show_lightbox_copyright=&#8221;off&#8221; module_class=&#8221;bigfirstimage&#8221; _builder_version=&#8221;4.27.4&#8243; _module_preset=&#8221;default&#8221; global_colors_info=&#8221;{}&#8221; transform_styles__hover_enabled=&#8221;on|hover&#8221; transform_scale__hover_enabled=&#8221;on|hover&#8221; transform_translate__hover_enabled=&#8221;on|desktop&#8221; transform_rotate__hover_enabled=&#8221;on|desktop&#8221; transform_skew__hover_enabled=&#8221;on|desktop&#8221; transform_origin__hover_enabled=&#8221;on|desktop&#8221; transform_scale__hover=&#8221;105%|105%&#8221;][\/et_pb_is_image][\/et_pb_column][et_pb_column type=&#8221;1_4&#8243; _builder_version=&#8221;4.27.4&#8243; _module_preset=&#8221;default&#8221; global_colors_info=&#8221;{}&#8221;][et_pb_is_image src=&#8221;https:\/\/anna-stangl.at\/wp-content\/uploads\/2025\/03\/primavera-gr.jpg&#8221; show_copyright=&#8221;off&#8221; title_text=&#8221;Primavera, 2019, 46 x 36 cm, Pastell, Kohle, \u00d6lpastell, Wachs auf Karton&#8221; show_lightbox_copyright=&#8221;off&#8221; module_class=&#8221;bigfirstimage&#8221; _builder_version=&#8221;4.27.4&#8243; _module_preset=&#8221;default&#8221; transform_scale=&#8221;111%|111%&#8221; transform_translate=&#8221;32px|17px&#8221; transform_translate_linked=&#8221;off&#8221; locked=&#8221;off&#8221; global_colors_info=&#8221;{}&#8221; transform_styles__hover_enabled=&#8221;on|hover&#8221; transform_scale__hover_enabled=&#8221;on|hover&#8221; transform_translate__hover_enabled=&#8221;on|hover&#8221; transform_rotate__hover_enabled=&#8221;on|desktop&#8221; transform_skew__hover_enabled=&#8221;on|desktop&#8221; transform_origin__hover_enabled=&#8221;on|desktop&#8221; transform_scale__hover=&#8221;116%|116%&#8221; transform_translate__hover=&#8221;32px|17px&#8221;][\/et_pb_is_image][\/et_pb_column][et_pb_column type=&#8221;1_2&#8243; _builder_version=&#8221;4.27.4&#8243; _module_preset=&#8221;default&#8221; global_colors_info=&#8221;{}&#8221;][et_pb_is_image src=&#8221;https:\/\/anna-stangl.at\/wp-content\/uploads\/2025\/03\/die-schwimmerin-gr.jpg&#8221; show_copyright=&#8221;off&#8221; title_text=&#8221;Die Schwimmerin, 2019, 200 x 263 cm, Tusche, \u00d6lpastell, Pastell, Schwarzkreide, Wachs auf Karton&#8221; show_lightbox_copyright=&#8221;off&#8221; module_class=&#8221;bigfirstimage&#8221; _builder_version=&#8221;4.27.4&#8243; _module_preset=&#8221;default&#8221; transform_scale=&#8221;81%|81%&#8221; transform_translate=&#8221;25px|-45px&#8221; transform_translate_linked=&#8221;off&#8221; locked=&#8221;off&#8221; global_colors_info=&#8221;{}&#8221; transform_styles__hover_enabled=&#8221;on|hover&#8221; transform_scale__hover_enabled=&#8221;on|hover&#8221; transform_translate__hover_enabled=&#8221;on|hover&#8221; transform_rotate__hover_enabled=&#8221;on|desktop&#8221; transform_skew__hover_enabled=&#8221;on|desktop&#8221; transform_origin__hover_enabled=&#8221;on|desktop&#8221; transform_scale__hover=&#8221;85%|85%&#8221; transform_translate__hover=&#8221;25px|-45px&#8221;][\/et_pb_is_image][\/et_pb_column][\/et_pb_row][et_pb_row column_structure=&#8221;1_6,1_6,1_6,1_6,1_6,1_6&#8243; use_custom_gutter=&#8221;on&#8221; gutter_width=&#8221;2&#8243; make_equal=&#8221;on&#8221; _builder_version=&#8221;4.27.4&#8243; _module_preset=&#8221;default&#8221; width=&#8221;92%&#8221; custom_margin=&#8221;-85px||||false|false&#8221; custom_margin_tablet=&#8221;5px||||false|false&#8221; custom_margin_phone=&#8221;5px||||false|false&#8221; custom_margin_last_edited=&#8221;on|phone&#8221; global_colors_info=&#8221;{}&#8221; transform_styles__hover_enabled=&#8221;on|hover&#8221; transform_scale__hover_enabled=&#8221;on|hover&#8221; transform_translate__hover_enabled=&#8221;on|desktop&#8221; transform_rotate__hover_enabled=&#8221;on|desktop&#8221; transform_skew__hover_enabled=&#8221;on|desktop&#8221; transform_origin__hover_enabled=&#8221;on|desktop&#8221;][et_pb_column type=&#8221;1_6&#8243; _builder_version=&#8221;4.27.4&#8243; _module_preset=&#8221;default&#8221; global_colors_info=&#8221;{}&#8221;][et_pb_is_image src=&#8221;https:\/\/anna-stangl.at\/wp-content\/uploads\/2025\/03\/bootsfahrt-ll-gr.jpg&#8221; show_copyright=&#8221;off&#8221; title_text=&#8221;Bootsfahrt II, 2019, 75 x 54 cm, Tusche, \u00d6lpastell, Pastell, Schwarzkreide, Wachs auf Karton&#8221; show_lightbox_copyright=&#8221;off&#8221; align=&#8221;left&#8221; _builder_version=&#8221;4.27.4&#8243; _module_preset=&#8221;default&#8221; max_height=&#8221;200px&#8221; max_height_tablet=&#8221;200px&#8221; max_height_phone=&#8221;200px&#8221; max_height_last_edited=&#8221;on|tablet&#8221; global_colors_info=&#8221;{}&#8221; transform_styles__hover_enabled=&#8221;on|hover&#8221; transform_scale__hover_enabled=&#8221;on|hover&#8221; transform_translate__hover_enabled=&#8221;on|desktop&#8221; transform_rotate__hover_enabled=&#8221;on|desktop&#8221; transform_skew__hover_enabled=&#8221;on|desktop&#8221; transform_origin__hover_enabled=&#8221;on|desktop&#8221; transform_scale__hover=&#8221;105%|105%&#8221;][\/et_pb_is_image][\/et_pb_column][et_pb_column type=&#8221;1_6&#8243; _builder_version=&#8221;4.27.4&#8243; _module_preset=&#8221;default&#8221; global_colors_info=&#8221;{}&#8221;][et_pb_is_image src=&#8221;https:\/\/anna-stangl.at\/wp-content\/uploads\/2025\/03\/lichtung-gr.jpg&#8221; show_copyright=&#8221;off&#8221; title_text=&#8221;Lichtung, 2019, 70 x 52 cm, \u00d6lpastell, Pastell, Schwarzkreide, Wachs, Tusche, Karton&#8221; show_lightbox_copyright=&#8221;off&#8221; align=&#8221;center&#8221; _builder_version=&#8221;4.27.4&#8243; _module_preset=&#8221;default&#8221; max_height=&#8221;200px&#8221; max_height_tablet=&#8221;200px&#8221; max_height_phone=&#8221;200px&#8221; max_height_last_edited=&#8221;on|tablet&#8221; global_colors_info=&#8221;{}&#8221; transform_styles__hover_enabled=&#8221;on|hover&#8221; transform_scale__hover=&#8221;105%|105%&#8221; transform_scale__hover_enabled=&#8221;on|hover&#8221; transform_translate__hover_enabled=&#8221;on|desktop&#8221; transform_rotate__hover_enabled=&#8221;on|desktop&#8221; transform_skew__hover_enabled=&#8221;on|desktop&#8221; transform_origin__hover_enabled=&#8221;on|desktop&#8221;][\/et_pb_is_image][\/et_pb_column][et_pb_column type=&#8221;1_6&#8243; _builder_version=&#8221;4.27.4&#8243; _module_preset=&#8221;default&#8221; global_colors_info=&#8221;{}&#8221;][et_pb_is_image src=&#8221;https:\/\/anna-stangl.at\/wp-content\/uploads\/2025\/03\/underwater-gr.jpg&#8221; show_copyright=&#8221;off&#8221; title_text=&#8221;Underwater, 2019, 72 x 51 cm, Tusche, Pastell, Schwarzkreide, Wachs auf Karton&#8221; show_lightbox_copyright=&#8221;off&#8221; align=&#8221;center&#8221; _builder_version=&#8221;4.27.4&#8243; _module_preset=&#8221;default&#8221; max_height=&#8221;200px&#8221; max_height_tablet=&#8221;200px&#8221; max_height_phone=&#8221;200px&#8221; max_height_last_edited=&#8221;on|tablet&#8221; global_colors_info=&#8221;{}&#8221; transform_styles__hover_enabled=&#8221;on|hover&#8221; transform_scale__hover=&#8221;105%|105%&#8221; transform_scale__hover_enabled=&#8221;on|hover&#8221; transform_translate__hover_enabled=&#8221;on|desktop&#8221; transform_rotate__hover_enabled=&#8221;on|desktop&#8221; transform_skew__hover_enabled=&#8221;on|desktop&#8221; transform_origin__hover_enabled=&#8221;on|desktop&#8221;][\/et_pb_is_image][\/et_pb_column][et_pb_column type=&#8221;1_6&#8243; _builder_version=&#8221;4.27.4&#8243; _module_preset=&#8221;default&#8221; global_colors_info=&#8221;{}&#8221;][et_pb_is_image src=&#8221;https:\/\/anna-stangl.at\/wp-content\/uploads\/2025\/03\/die-gaertnerin-gr.jpg&#8221; show_copyright=&#8221;off&#8221; title_text=&#8221;Die G\u00e4rtnerin, 2019, 48 x 36 cm, Kohle, \u00d6lpastell, Pastell, Wachs, Tusche auf Karton, collagiert&#8221; show_lightbox_copyright=&#8221;off&#8221; align=&#8221;center&#8221; _builder_version=&#8221;4.27.4&#8243; _module_preset=&#8221;default&#8221; max_height=&#8221;200px&#8221; max_height_tablet=&#8221;200px&#8221; max_height_phone=&#8221;200px&#8221; max_height_last_edited=&#8221;on|tablet&#8221; global_colors_info=&#8221;{}&#8221; transform_styles__hover_enabled=&#8221;on|hover&#8221; transform_scale__hover=&#8221;105%|105%&#8221; transform_scale__hover_enabled=&#8221;on|hover&#8221; transform_translate__hover_enabled=&#8221;on|desktop&#8221; transform_rotate__hover_enabled=&#8221;on|desktop&#8221; transform_skew__hover_enabled=&#8221;on|desktop&#8221; transform_origin__hover_enabled=&#8221;on|desktop&#8221;][\/et_pb_is_image][\/et_pb_column][et_pb_column type=&#8221;1_6&#8243; _builder_version=&#8221;4.27.4&#8243; _module_preset=&#8221;default&#8221; global_colors_info=&#8221;{}&#8221;][et_pb_is_image src=&#8221;https:\/\/anna-stangl.at\/wp-content\/uploads\/2025\/03\/lebensbaum-gr-scaled.jpg&#8221; show_copyright=&#8221;off&#8221; title_text=&#8221;Lebensbaum, 2019, 75,5 x 50,5 cm, Pastell, Schwarzkreide, \u00d6lpastell, Kohle, Wachs auf Karton&#8221; show_lightbox_copyright=&#8221;off&#8221; align=&#8221;center&#8221; _builder_version=&#8221;4.27.4&#8243; _module_preset=&#8221;default&#8221; max_height=&#8221;200px&#8221; max_height_tablet=&#8221;200px&#8221; max_height_phone=&#8221;200px&#8221; max_height_last_edited=&#8221;on|tablet&#8221; global_colors_info=&#8221;{}&#8221; transform_styles__hover_enabled=&#8221;on|hover&#8221; transform_scale__hover=&#8221;105%|105%&#8221; transform_scale__hover_enabled=&#8221;on|hover&#8221; transform_translate__hover_enabled=&#8221;on|desktop&#8221; transform_rotate__hover_enabled=&#8221;on|desktop&#8221; transform_skew__hover_enabled=&#8221;on|desktop&#8221; transform_origin__hover_enabled=&#8221;on|desktop&#8221;][\/et_pb_is_image][\/et_pb_column][et_pb_column type=&#8221;1_6&#8243; _builder_version=&#8221;4.27.4&#8243; _module_preset=&#8221;default&#8221; global_colors_info=&#8221;{}&#8221;][et_pb_is_image src=&#8221;https:\/\/anna-stangl.at\/wp-content\/uploads\/2025\/03\/roter-morgen-gr.jpg&#8221; show_copyright=&#8221;off&#8221; title_text=&#8221;Roter Morgen, 2016, 75,5 x 53,5 cm, Tusche, Schwarzkreide, \u00d6lpastell, Kohle, Wachs, Papier, collagiert&#8221; show_lightbox_copyright=&#8221;off&#8221; _builder_version=&#8221;4.27.4&#8243; _module_preset=&#8221;default&#8221; max_height=&#8221;200px&#8221; max_height_tablet=&#8221;200px&#8221; max_height_phone=&#8221;200px&#8221; max_height_last_edited=&#8221;on|tablet&#8221; global_colors_info=&#8221;{}&#8221; transform_styles__hover_enabled=&#8221;on|hover&#8221; transform_scale__hover=&#8221;105%|105%&#8221; transform_scale__hover_enabled=&#8221;on|hover&#8221; transform_translate__hover_enabled=&#8221;on|desktop&#8221; transform_rotate__hover_enabled=&#8221;on|desktop&#8221; transform_skew__hover_enabled=&#8221;on|desktop&#8221; transform_origin__hover_enabled=&#8221;on|desktop&#8221;][\/et_pb_is_image][\/et_pb_column][\/et_pb_row][\/et_pb_section][et_pb_section fb_built=&#8221;1&#8243; disabled_on=&#8221;off|off|off&#8221; admin_label=&#8221;Section 2018&#8243; _builder_version=&#8221;4.27.4&#8243; _module_preset=&#8221;default&#8221; custom_margin=&#8221;0px||||false|false&#8221; custom_padding=&#8221;0px||||false|false&#8221; collapsed=&#8221;off&#8221; global_colors_info=&#8221;{}&#8221;][et_pb_row _builder_version=&#8221;4.27.4&#8243; _module_preset=&#8221;default&#8221; width=&#8221;92%&#8221; custom_margin=&#8221;0px||0px||false|false&#8221; custom_padding=&#8221;8px||0px||false|false&#8221; global_colors_info=&#8221;{}&#8221;][et_pb_column type=&#8221;4_4&#8243; _builder_version=&#8221;4.27.4&#8243; _module_preset=&#8221;default&#8221; global_colors_info=&#8221;{}&#8221;][et_pb_text admin_label=&#8221;2018&#8243; _builder_version=&#8221;4.27.4&#8243; _module_preset=&#8221;default&#8221; global_colors_info=&#8221;{}&#8221;]<\/p>\n<h3>2018<\/h3>\n<p>[\/et_pb_text][\/et_pb_column][\/et_pb_row][et_pb_row column_structure=&#8221;1_3,1_3,1_3&#8243; module_class=&#8221;bigfirstrow&#8221; _builder_version=&#8221;4.27.4&#8243; _module_preset=&#8221;default&#8221; width=&#8221;92%&#8221; custom_padding=&#8221;14px||||false|false&#8221; global_colors_info=&#8221;{}&#8221; transform_styles__hover_enabled=&#8221;on|hover&#8221; transform_scale__hover_enabled=&#8221;on|hover&#8221; transform_translate__hover_enabled=&#8221;on|desktop&#8221; transform_rotate__hover_enabled=&#8221;on|desktop&#8221; transform_skew__hover_enabled=&#8221;on|desktop&#8221; transform_origin__hover_enabled=&#8221;on|desktop&#8221;][et_pb_column type=&#8221;1_3&#8243; _builder_version=&#8221;4.27.4&#8243; _module_preset=&#8221;default&#8221; global_colors_info=&#8221;{}&#8221;][et_pb_is_image src=&#8221;https:\/\/anna-stangl.at\/wp-content\/uploads\/2025\/03\/come-with-me-gr.jpg&#8221; show_copyright=&#8221;off&#8221; title_text=&#8221;Come with me, 2018, 98 x 76 cm, \u00d6lpastell, Pastell, Tusche, Kohle, Wachs auf Karton, collagiert&#8221; show_lightbox_copyright=&#8221;off&#8221; module_class=&#8221;bigfirstimage&#8221; _builder_version=&#8221;4.27.4&#8243; _module_preset=&#8221;default&#8221; global_colors_info=&#8221;{}&#8221; transform_styles__hover_enabled=&#8221;on|hover&#8221; transform_scale__hover_enabled=&#8221;on|hover&#8221; transform_translate__hover_enabled=&#8221;on|desktop&#8221; transform_rotate__hover_enabled=&#8221;on|desktop&#8221; transform_skew__hover_enabled=&#8221;on|desktop&#8221; transform_origin__hover_enabled=&#8221;on|desktop&#8221; transform_scale__hover=&#8221;105%|105%&#8221;][\/et_pb_is_image][\/et_pb_column][et_pb_column type=&#8221;1_3&#8243; _builder_version=&#8221;4.27.4&#8243; _module_preset=&#8221;default&#8221; global_colors_info=&#8221;{}&#8221;][et_pb_is_image src=&#8221;https:\/\/anna-stangl.at\/wp-content\/uploads\/2025\/03\/loewenherz-gr.jpg&#8221; show_copyright=&#8221;off&#8221; title_text=&#8221;L\u00f6wenherz, 2018, 31 x 42 cm, Kohle, Schwarz-kreide, \u00d6lpastell, Pastell, Farbstift auf Papier&#8221; show_lightbox_copyright=&#8221;off&#8221; module_class=&#8221;bigfirstimage&#8221; _builder_version=&#8221;4.27.4&#8243; _module_preset=&#8221;default&#8221; transform_scale=&#8221;95%|95%&#8221; transform_translate=&#8221;0px|-12px&#8221; transform_translate_linked=&#8221;off&#8221; locked=&#8221;off&#8221; global_colors_info=&#8221;{}&#8221; transform_styles__hover_enabled=&#8221;on|desktop&#8221; transform_scale__hover_enabled=&#8221;on|hover&#8221; transform_translate__hover_enabled=&#8221;on|desktop&#8221; transform_rotate__hover_enabled=&#8221;on|desktop&#8221; transform_skew__hover_enabled=&#8221;on|desktop&#8221; transform_origin__hover_enabled=&#8221;on|desktop&#8221; transform_scale__hover=&#8221;100%|100%&#8221; transform_translate__hover=&#8221;0px|-12px&#8221;][\/et_pb_is_image][\/et_pb_column][et_pb_column type=&#8221;1_3&#8243; _builder_version=&#8221;4.27.4&#8243; _module_preset=&#8221;default&#8221; global_colors_info=&#8221;{}&#8221;][et_pb_is_image src=&#8221;https:\/\/anna-stangl.at\/wp-content\/uploads\/2025\/03\/kindheit-gr-2.jpg&#8221; show_copyright=&#8221;off&#8221; title_text=&#8221;Kindheit, 2018, 82 x 62 cm, Pastell, \u00d6lpastell, Schwarzkreide, Kohle, Tusche auf Karton, collagiert&#8221; show_lightbox_copyright=&#8221;off&#8221; module_class=&#8221;bigfirstimage&#8221; _builder_version=&#8221;4.27.4&#8243; _module_preset=&#8221;default&#8221; transform_translate_linked=&#8221;off&#8221; locked=&#8221;off&#8221; global_colors_info=&#8221;{}&#8221; transform_styles__hover_enabled=&#8221;on|hover&#8221; transform_scale__hover_enabled=&#8221;on|hover&#8221; transform_translate__hover_enabled=&#8221;on|hover&#8221; transform_rotate__hover_enabled=&#8221;on|desktop&#8221; transform_skew__hover_enabled=&#8221;on|desktop&#8221; transform_origin__hover_enabled=&#8221;on|desktop&#8221; transform_scale__hover=&#8221;105%|105%&#8221;][\/et_pb_is_image][\/et_pb_column][\/et_pb_row][et_pb_row column_structure=&#8221;1_6,1_6,1_6,1_6,1_6,1_6&#8243; use_custom_gutter=&#8221;on&#8221; gutter_width=&#8221;2&#8243; make_equal=&#8221;on&#8221; _builder_version=&#8221;4.27.4&#8243; _module_preset=&#8221;default&#8221; width=&#8221;92%&#8221; custom_margin=&#8221;5px||||false|false&#8221; global_colors_info=&#8221;{}&#8221; transform_styles__hover_enabled=&#8221;on|hover&#8221; transform_scale__hover_enabled=&#8221;on|hover&#8221; transform_translate__hover_enabled=&#8221;on|desktop&#8221; transform_rotate__hover_enabled=&#8221;on|desktop&#8221; transform_skew__hover_enabled=&#8221;on|desktop&#8221; transform_origin__hover_enabled=&#8221;on|desktop&#8221;][et_pb_column type=&#8221;1_6&#8243; _builder_version=&#8221;4.27.4&#8243; _module_preset=&#8221;default&#8221; global_colors_info=&#8221;{}&#8221;][et_pb_is_image src=&#8221;https:\/\/anna-stangl.at\/wp-content\/uploads\/2025\/03\/dschungel-ll-gr.jpg&#8221; show_copyright=&#8221;off&#8221; title_text=&#8221;Dschungel II, 2018, 76 x 108 cm, Tusche, Pastell, Schwarzkreide, Gouache, Wachs auf Karton&#8221; show_lightbox_copyright=&#8221;off&#8221; align=&#8221;center&#8221; _builder_version=&#8221;4.27.4&#8243; _module_preset=&#8221;default&#8221; max_height=&#8221;200px&#8221; max_height_tablet=&#8221;200px&#8221; max_height_phone=&#8221;200px&#8221; max_height_last_edited=&#8221;on|tablet&#8221; global_colors_info=&#8221;{}&#8221; transform_styles__hover_enabled=&#8221;on|hover&#8221; transform_scale__hover=&#8221;105%|105%&#8221; transform_scale__hover_enabled=&#8221;on|hover&#8221; transform_translate__hover_enabled=&#8221;on|desktop&#8221; transform_rotate__hover_enabled=&#8221;on|desktop&#8221; transform_skew__hover_enabled=&#8221;on|desktop&#8221; transform_origin__hover_enabled=&#8221;on|desktop&#8221;][\/et_pb_is_image][\/et_pb_column][et_pb_column type=&#8221;1_6&#8243; _builder_version=&#8221;4.27.4&#8243; _module_preset=&#8221;default&#8221; global_colors_info=&#8221;{}&#8221;][et_pb_is_image src=&#8221;https:\/\/anna-stangl.at\/wp-content\/uploads\/2025\/03\/die-geister-gr-1.jpg&#8221; show_copyright=&#8221;off&#8221; title_text=&#8221;Die Geister, 2018, 38 x 29 cm, Kohle, Wachs, Pastell auf Karton&#8221; show_lightbox_copyright=&#8221;off&#8221; align=&#8221;center&#8221; _builder_version=&#8221;4.27.4&#8243; _module_preset=&#8221;default&#8221; max_height=&#8221;200px&#8221; max_height_tablet=&#8221;200px&#8221; max_height_phone=&#8221;200px&#8221; max_height_last_edited=&#8221;on|tablet&#8221; global_colors_info=&#8221;{}&#8221; transform_styles__hover_enabled=&#8221;on|hover&#8221; transform_scale__hover=&#8221;105%|105%&#8221; transform_scale__hover_enabled=&#8221;on|hover&#8221; transform_translate__hover_enabled=&#8221;on|desktop&#8221; transform_rotate__hover_enabled=&#8221;on|desktop&#8221; transform_skew__hover_enabled=&#8221;on|desktop&#8221; transform_origin__hover_enabled=&#8221;on|desktop&#8221;][\/et_pb_is_image][\/et_pb_column][et_pb_column type=&#8221;1_6&#8243; _builder_version=&#8221;4.27.4&#8243; _module_preset=&#8221;default&#8221; global_colors_info=&#8221;{}&#8221;][et_pb_is_image src=&#8221;https:\/\/anna-stangl.at\/wp-content\/uploads\/2025\/03\/dschungel-gr.jpg&#8221; show_copyright=&#8221;off&#8221; title_text=&#8221;Dschungel, 2018, 76 x 53 cm, Tusche, Pastell, Kohle, Wachs auf Karton, collagiert&#8221; show_lightbox_copyright=&#8221;off&#8221; align=&#8221;center&#8221; _builder_version=&#8221;4.27.4&#8243; _module_preset=&#8221;default&#8221; max_height=&#8221;200px&#8221; max_height_tablet=&#8221;200px&#8221; max_height_phone=&#8221;200px&#8221; max_height_last_edited=&#8221;on|tablet&#8221; global_colors_info=&#8221;{}&#8221; transform_styles__hover_enabled=&#8221;on|hover&#8221; transform_scale__hover=&#8221;105%|105%&#8221; transform_scale__hover_enabled=&#8221;on|hover&#8221; transform_translate__hover_enabled=&#8221;on|desktop&#8221; transform_rotate__hover_enabled=&#8221;on|desktop&#8221; transform_skew__hover_enabled=&#8221;on|desktop&#8221; transform_origin__hover_enabled=&#8221;on|desktop&#8221;][\/et_pb_is_image][\/et_pb_column][et_pb_column type=&#8221;1_6&#8243; _builder_version=&#8221;4.27.4&#8243; _module_preset=&#8221;default&#8221; global_colors_info=&#8221;{}&#8221;][et_pb_is_image src=&#8221;https:\/\/anna-stangl.at\/wp-content\/uploads\/2025\/03\/erinnerung-gr.jpg&#8221; show_copyright=&#8221;off&#8221; title_text=&#8221;Erinnerung, 2018, 75 x 59 cm, Pastell, Tusche, Wachs, Schwarzkreide auf Karton&#8221; show_lightbox_copyright=&#8221;off&#8221; align=&#8221;center&#8221; _builder_version=&#8221;4.27.4&#8243; _module_preset=&#8221;default&#8221; max_height=&#8221;200px&#8221; max_height_tablet=&#8221;200px&#8221; max_height_phone=&#8221;200px&#8221; max_height_last_edited=&#8221;on|tablet&#8221; global_colors_info=&#8221;{}&#8221; transform_styles__hover_enabled=&#8221;on|hover&#8221; transform_scale__hover=&#8221;105%|105%&#8221; transform_scale__hover_enabled=&#8221;on|hover&#8221; transform_translate__hover_enabled=&#8221;on|desktop&#8221; transform_rotate__hover_enabled=&#8221;on|desktop&#8221; transform_skew__hover_enabled=&#8221;on|desktop&#8221; transform_origin__hover_enabled=&#8221;on|desktop&#8221;][\/et_pb_is_image][\/et_pb_column][et_pb_column type=&#8221;1_6&#8243; _builder_version=&#8221;4.27.4&#8243; _module_preset=&#8221;default&#8221; global_colors_info=&#8221;{}&#8221;][et_pb_is_image src=&#8221;https:\/\/anna-stangl.at\/wp-content\/uploads\/2025\/03\/fremde-wesen-gr.jpg&#8221; show_copyright=&#8221;off&#8221; title_text=&#8221;Fremde Wesen, 2018, 67 x 51 cm, Pastell, \u00d6lpastell, Schwarzkreide, Kohle, Farbstift, Wachs auf Karton, collagiert&#8221; show_lightbox_copyright=&#8221;off&#8221; align=&#8221;center&#8221; _builder_version=&#8221;4.27.4&#8243; _module_preset=&#8221;default&#8221; max_height=&#8221;200px&#8221; max_height_tablet=&#8221;200px&#8221; max_height_phone=&#8221;200px&#8221; max_height_last_edited=&#8221;on|tablet&#8221; global_colors_info=&#8221;{}&#8221; transform_styles__hover_enabled=&#8221;on|hover&#8221; transform_scale__hover=&#8221;105%|105%&#8221; transform_scale__hover_enabled=&#8221;on|hover&#8221; transform_translate__hover_enabled=&#8221;on|desktop&#8221; transform_rotate__hover_enabled=&#8221;on|desktop&#8221; transform_skew__hover_enabled=&#8221;on|desktop&#8221; transform_origin__hover_enabled=&#8221;on|desktop&#8221;][\/et_pb_is_image][\/et_pb_column][et_pb_column type=&#8221;1_6&#8243; _builder_version=&#8221;4.27.4&#8243; _module_preset=&#8221;default&#8221; global_colors_info=&#8221;{}&#8221;][et_pb_is_image src=&#8221;https:\/\/anna-stangl.at\/wp-content\/uploads\/2025\/03\/grosser-fisch-gr.jpg&#8221; show_copyright=&#8221;off&#8221; title_text=&#8221;Gro\u00dfer Fisch, 2018, 68 x 47 cm, \u00d6lpastell, Pastell, Schwarzkreide, Kohle, Wachs auf Karton&#8221; show_lightbox_copyright=&#8221;off&#8221; _builder_version=&#8221;4.27.4&#8243; _module_preset=&#8221;default&#8221; max_height=&#8221;200px&#8221; max_height_tablet=&#8221;200px&#8221; max_height_phone=&#8221;200px&#8221; max_height_last_edited=&#8221;on|tablet&#8221; global_colors_info=&#8221;{}&#8221; transform_styles__hover_enabled=&#8221;on|hover&#8221; transform_scale__hover=&#8221;105%|105%&#8221; transform_scale__hover_enabled=&#8221;on|hover&#8221; transform_translate__hover_enabled=&#8221;on|desktop&#8221; transform_rotate__hover_enabled=&#8221;on|desktop&#8221; transform_skew__hover_enabled=&#8221;on|desktop&#8221; transform_origin__hover_enabled=&#8221;on|desktop&#8221;][\/et_pb_is_image][\/et_pb_column][\/et_pb_row][et_pb_row column_structure=&#8221;1_6,1_6,1_6,1_6,1_6,1_6&#8243; use_custom_gutter=&#8221;on&#8221; gutter_width=&#8221;2&#8243; make_equal=&#8221;on&#8221; _builder_version=&#8221;4.27.4&#8243; _module_preset=&#8221;default&#8221; width=&#8221;92%&#8221; custom_margin=&#8221;5px||||false|false&#8221; global_colors_info=&#8221;{}&#8221; transform_styles__hover_enabled=&#8221;on|hover&#8221; transform_scale__hover_enabled=&#8221;on|hover&#8221; transform_translate__hover_enabled=&#8221;on|desktop&#8221; transform_rotate__hover_enabled=&#8221;on|desktop&#8221; transform_skew__hover_enabled=&#8221;on|desktop&#8221; transform_origin__hover_enabled=&#8221;on|desktop&#8221;][et_pb_column type=&#8221;1_6&#8243; _builder_version=&#8221;4.27.4&#8243; _module_preset=&#8221;default&#8221; global_colors_info=&#8221;{}&#8221;][et_pb_is_image src=&#8221;https:\/\/anna-stangl.at\/wp-content\/uploads\/2025\/03\/loewenfrau-gr.jpg&#8221; show_copyright=&#8221;off&#8221; title_text=&#8221;L\u00f6wenfrau, 2018, 31 x 42 cm, Kohle, \u00d6lpastell, Pastell, Wachs, Tusche, Farbstift auf Papier, collagiert mit Nepalpapier&#8221; show_lightbox_copyright=&#8221;off&#8221; align=&#8221;left&#8221; _builder_version=&#8221;4.27.4&#8243; _module_preset=&#8221;default&#8221; max_height=&#8221;200px&#8221; max_height_tablet=&#8221;200px&#8221; max_height_phone=&#8221;200px&#8221; max_height_last_edited=&#8221;on|tablet&#8221; global_colors_info=&#8221;{}&#8221; transform_styles__hover_enabled=&#8221;on|hover&#8221; transform_scale__hover_enabled=&#8221;on|hover&#8221; transform_translate__hover_enabled=&#8221;on|desktop&#8221; transform_rotate__hover_enabled=&#8221;on|desktop&#8221; transform_skew__hover_enabled=&#8221;on|desktop&#8221; transform_origin__hover_enabled=&#8221;on|desktop&#8221; transform_scale__hover=&#8221;105%|105%&#8221;][\/et_pb_is_image][\/et_pb_column][et_pb_column type=&#8221;1_6&#8243; _builder_version=&#8221;4.27.4&#8243; _module_preset=&#8221;default&#8221; global_colors_info=&#8221;{}&#8221;][et_pb_is_image src=&#8221;https:\/\/anna-stangl.at\/wp-content\/uploads\/2025\/03\/loewenfreund-gr.jpg&#8221; show_copyright=&#8221;off&#8221; title_text=&#8221;L\u00f6wenfreund, 2018, 54 x 38 cm, Kohle, \u00d6lpastell, Pastell, Schwarzkreide, Tusche, Kohle auf Karton&#8221; show_lightbox_copyright=&#8221;off&#8221; align=&#8221;center&#8221; _builder_version=&#8221;4.27.4&#8243; _module_preset=&#8221;default&#8221; max_height=&#8221;200px&#8221; max_height_tablet=&#8221;200px&#8221; max_height_phone=&#8221;200px&#8221; max_height_last_edited=&#8221;on|tablet&#8221; global_colors_info=&#8221;{}&#8221; transform_styles__hover_enabled=&#8221;on|hover&#8221; transform_scale__hover=&#8221;105%|105%&#8221; transform_scale__hover_enabled=&#8221;on|hover&#8221; transform_translate__hover_enabled=&#8221;on|desktop&#8221; transform_rotate__hover_enabled=&#8221;on|desktop&#8221; transform_skew__hover_enabled=&#8221;on|desktop&#8221; transform_origin__hover_enabled=&#8221;on|desktop&#8221;][\/et_pb_is_image][\/et_pb_column][et_pb_column type=&#8221;1_6&#8243; _builder_version=&#8221;4.27.4&#8243; _module_preset=&#8221;default&#8221; global_colors_info=&#8221;{}&#8221;][et_pb_is_image src=&#8221;https:\/\/anna-stangl.at\/wp-content\/uploads\/2025\/03\/sprung-ins-wasser-gr.jpg&#8221; show_copyright=&#8221;off&#8221; title_text=&#8221;Sprung ins Wasser, 2018, 76 x 54 cm, Pastell, \u00d6lpastell, Tusche, Schwarzkreide, Wachs auf Karton&#8221; show_lightbox_copyright=&#8221;off&#8221; align=&#8221;center&#8221; _builder_version=&#8221;4.27.4&#8243; _module_preset=&#8221;default&#8221; max_height=&#8221;200px&#8221; max_height_tablet=&#8221;200px&#8221; max_height_phone=&#8221;200px&#8221; max_height_last_edited=&#8221;on|tablet&#8221; global_colors_info=&#8221;{}&#8221; transform_styles__hover_enabled=&#8221;on|hover&#8221; transform_scale__hover=&#8221;105%|105%&#8221; transform_scale__hover_enabled=&#8221;on|hover&#8221; transform_translate__hover_enabled=&#8221;on|desktop&#8221; transform_rotate__hover_enabled=&#8221;on|desktop&#8221; transform_skew__hover_enabled=&#8221;on|desktop&#8221; transform_origin__hover_enabled=&#8221;on|desktop&#8221;][\/et_pb_is_image][\/et_pb_column][et_pb_column type=&#8221;1_6&#8243; _builder_version=&#8221;4.27.4&#8243; _module_preset=&#8221;default&#8221; global_colors_info=&#8221;{}&#8221;][et_pb_is_image src=&#8221;https:\/\/anna-stangl.at\/wp-content\/uploads\/2025\/03\/tigerumarmung-gr.jpg&#8221; show_copyright=&#8221;off&#8221; title_text=&#8221;Tigerumarmung, 2018, 75 x 55 cm, Tusche, Pastell, Wachs, Kohle auf Karton, collagiert&#8221; show_lightbox_copyright=&#8221;off&#8221; align=&#8221;center&#8221; _builder_version=&#8221;4.27.4&#8243; _module_preset=&#8221;default&#8221; max_height=&#8221;200px&#8221; max_height_tablet=&#8221;200px&#8221; max_height_phone=&#8221;200px&#8221; max_height_last_edited=&#8221;on|tablet&#8221; global_colors_info=&#8221;{}&#8221; transform_styles__hover_enabled=&#8221;on|hover&#8221; transform_scale__hover=&#8221;105%|105%&#8221; transform_scale__hover_enabled=&#8221;on|hover&#8221; transform_translate__hover_enabled=&#8221;on|desktop&#8221; transform_rotate__hover_enabled=&#8221;on|desktop&#8221; transform_skew__hover_enabled=&#8221;on|desktop&#8221; transform_origin__hover_enabled=&#8221;on|desktop&#8221;][\/et_pb_is_image][\/et_pb_column][et_pb_column type=&#8221;1_6&#8243; _builder_version=&#8221;4.27.4&#8243; _module_preset=&#8221;default&#8221; global_colors_info=&#8221;{}&#8221;][et_pb_is_image src=&#8221;https:\/\/anna-stangl.at\/wp-content\/uploads\/2025\/03\/und-der-haifisch-gr.jpg&#8221; show_copyright=&#8221;off&#8221; title_text=&#8221;Und der Haifisch, 89 x 74 cm, Tusche, \u00d6lpastell, Pastell, Schwarzkreide, Wachs, Karton&#8221; show_lightbox_copyright=&#8221;off&#8221; align=&#8221;center&#8221; _builder_version=&#8221;4.27.4&#8243; _module_preset=&#8221;default&#8221; max_height=&#8221;200px&#8221; max_height_tablet=&#8221;200px&#8221; max_height_phone=&#8221;200px&#8221; max_height_last_edited=&#8221;on|tablet&#8221; global_colors_info=&#8221;{}&#8221; transform_styles__hover_enabled=&#8221;on|hover&#8221; transform_scale__hover=&#8221;105%|105%&#8221; transform_scale__hover_enabled=&#8221;on|hover&#8221; transform_translate__hover_enabled=&#8221;on|desktop&#8221; transform_rotate__hover_enabled=&#8221;on|desktop&#8221; transform_skew__hover_enabled=&#8221;on|desktop&#8221; transform_origin__hover_enabled=&#8221;on|desktop&#8221;][\/et_pb_is_image][\/et_pb_column][et_pb_column type=&#8221;1_6&#8243; _builder_version=&#8221;4.27.4&#8243; _module_preset=&#8221;default&#8221; global_colors_info=&#8221;{}&#8221;][et_pb_is_image src=&#8221;https:\/\/anna-stangl.at\/wp-content\/uploads\/2025\/03\/winterschlaf-gr.jpg&#8221; show_copyright=&#8221;off&#8221; title_text=&#8221;Winterschlaf II, 2018, 37,5 x 28 cm, \u00d6lpastell, Pastell, Wachs, Schwarzkreide, Farbstift auf Papier&#8221; show_lightbox_copyright=&#8221;off&#8221; _builder_version=&#8221;4.27.4&#8243; _module_preset=&#8221;default&#8221; max_height=&#8221;200px&#8221; max_height_tablet=&#8221;200px&#8221; max_height_phone=&#8221;200px&#8221; max_height_last_edited=&#8221;on|tablet&#8221; global_colors_info=&#8221;{}&#8221; transform_styles__hover_enabled=&#8221;on|hover&#8221; transform_scale__hover=&#8221;105%|105%&#8221; transform_scale__hover_enabled=&#8221;on|hover&#8221; transform_translate__hover_enabled=&#8221;on|desktop&#8221; transform_rotate__hover_enabled=&#8221;on|desktop&#8221; transform_skew__hover_enabled=&#8221;on|desktop&#8221; transform_origin__hover_enabled=&#8221;on|desktop&#8221;][\/et_pb_is_image][\/et_pb_column][\/et_pb_row][et_pb_row column_structure=&#8221;1_6,1_6,1_6,1_6,1_6,1_6&#8243; use_custom_gutter=&#8221;on&#8221; gutter_width=&#8221;2&#8243; make_equal=&#8221;on&#8221; _builder_version=&#8221;4.27.4&#8243; _module_preset=&#8221;default&#8221; width=&#8221;92%&#8221; custom_margin=&#8221;5px||||false|false&#8221; global_colors_info=&#8221;{}&#8221; transform_styles__hover_enabled=&#8221;on|hover&#8221; transform_scale__hover_enabled=&#8221;on|hover&#8221; transform_translate__hover_enabled=&#8221;on|desktop&#8221; transform_rotate__hover_enabled=&#8221;on|desktop&#8221; transform_skew__hover_enabled=&#8221;on|desktop&#8221; transform_origin__hover_enabled=&#8221;on|desktop&#8221;][et_pb_column type=&#8221;1_6&#8243; _builder_version=&#8221;4.27.4&#8243; _module_preset=&#8221;default&#8221; global_colors_info=&#8221;{}&#8221;][et_pb_is_image src=&#8221;https:\/\/anna-stangl.at\/wp-content\/uploads\/2025\/03\/zeitsprung-gr.jpg&#8221; show_copyright=&#8221;off&#8221; title_text=&#8221;Zeitsprung, 2018, 42 x 31 cm, Tusche, Pastell, Schwarzkreide, Wachs auf Papier&#8221; show_lightbox_copyright=&#8221;off&#8221; align=&#8221;left&#8221; _builder_version=&#8221;4.27.4&#8243; _module_preset=&#8221;default&#8221; max_height=&#8221;200px&#8221; max_height_tablet=&#8221;200px&#8221; max_height_phone=&#8221;200px&#8221; max_height_last_edited=&#8221;on|tablet&#8221; global_colors_info=&#8221;{}&#8221; transform_styles__hover_enabled=&#8221;on|hover&#8221; transform_scale__hover_enabled=&#8221;on|hover&#8221; transform_translate__hover_enabled=&#8221;on|desktop&#8221; transform_rotate__hover_enabled=&#8221;on|desktop&#8221; transform_skew__hover_enabled=&#8221;on|desktop&#8221; transform_origin__hover_enabled=&#8221;on|desktop&#8221; transform_scale__hover=&#8221;105%|105%&#8221;][\/et_pb_is_image][\/et_pb_column][et_pb_column type=&#8221;1_6&#8243; _builder_version=&#8221;4.27.4&#8243; _module_preset=&#8221;default&#8221; global_colors_info=&#8221;{}&#8221;][et_pb_is_image src=&#8221;https:\/\/anna-stangl.at\/wp-content\/uploads\/2025\/03\/glueck-gr.jpg&#8221; show_copyright=&#8221;off&#8221; title_text=&#8221;Gl\u00fcck, 2018, 74 cm x 53 cm, Tusche, Pastell, Schwarzkreide, Wachs, Farbstift auf Karton&#8221; show_lightbox_copyright=&#8221;off&#8221; align=&#8221;center&#8221; _builder_version=&#8221;4.27.4&#8243; _module_preset=&#8221;default&#8221; max_height=&#8221;200px&#8221; max_height_tablet=&#8221;200px&#8221; max_height_phone=&#8221;200px&#8221; max_height_last_edited=&#8221;on|tablet&#8221; global_colors_info=&#8221;{}&#8221; transform_styles__hover_enabled=&#8221;on|hover&#8221; transform_scale__hover=&#8221;105%|105%&#8221; transform_scale__hover_enabled=&#8221;on|hover&#8221; transform_translate__hover_enabled=&#8221;on|desktop&#8221; transform_rotate__hover_enabled=&#8221;on|desktop&#8221; transform_skew__hover_enabled=&#8221;on|desktop&#8221; transform_origin__hover_enabled=&#8221;on|desktop&#8221;][\/et_pb_is_image][\/et_pb_column][et_pb_column type=&#8221;1_6&#8243; _builder_version=&#8221;4.27.4&#8243; _module_preset=&#8221;default&#8221; global_colors_info=&#8221;{}&#8221;][et_pb_is_image src=&#8221;https:\/\/anna-stangl.at\/wp-content\/uploads\/2025\/03\/schlechte-sicht-gr.jpg&#8221; show_copyright=&#8221;off&#8221; title_text=&#8221;Schlechte Sicht, 2018, 75 x 54 cm, Tusche, Pastell, Karton&#8221; show_lightbox_copyright=&#8221;off&#8221; align=&#8221;center&#8221; _builder_version=&#8221;4.27.4&#8243; _module_preset=&#8221;default&#8221; max_height=&#8221;200px&#8221; max_height_tablet=&#8221;200px&#8221; max_height_phone=&#8221;200px&#8221; max_height_last_edited=&#8221;on|tablet&#8221; global_colors_info=&#8221;{}&#8221; transform_styles__hover_enabled=&#8221;on|hover&#8221; transform_scale__hover=&#8221;105%|105%&#8221; transform_scale__hover_enabled=&#8221;on|hover&#8221; transform_translate__hover_enabled=&#8221;on|desktop&#8221; transform_rotate__hover_enabled=&#8221;on|desktop&#8221; transform_skew__hover_enabled=&#8221;on|desktop&#8221; transform_origin__hover_enabled=&#8221;on|desktop&#8221;][\/et_pb_is_image][\/et_pb_column][et_pb_column type=&#8221;1_6&#8243; _builder_version=&#8221;4.27.4&#8243; _module_preset=&#8221;default&#8221; global_colors_info=&#8221;{}&#8221;][et_pb_is_image src=&#8221;https:\/\/anna-stangl.at\/wp-content\/uploads\/2025\/03\/bootsfahrt-gr.jpg&#8221; show_copyright=&#8221;off&#8221; title_text=&#8221;Bootsfahrt, 2018, 54 x 76 cm, Schwarzkreide, Tusche, \u00d6lpastell, Pastell, Wachs auf Karton&#8221; show_lightbox_copyright=&#8221;off&#8221; align=&#8221;left&#8221; _builder_version=&#8221;4.27.4&#8243; _module_preset=&#8221;default&#8221; max_height=&#8221;200px&#8221; max_height_tablet=&#8221;200px&#8221; max_height_phone=&#8221;200px&#8221; max_height_last_edited=&#8221;on|tablet&#8221; global_colors_info=&#8221;{}&#8221; transform_styles__hover_enabled=&#8221;on|hover&#8221; transform_scale__hover_enabled=&#8221;on|hover&#8221; transform_translate__hover_enabled=&#8221;on|desktop&#8221; transform_rotate__hover_enabled=&#8221;on|desktop&#8221; transform_skew__hover_enabled=&#8221;on|desktop&#8221; transform_origin__hover_enabled=&#8221;on|desktop&#8221; transform_scale__hover=&#8221;105%|105%&#8221;][\/et_pb_is_image][\/et_pb_column][et_pb_column type=&#8221;1_6&#8243; _builder_version=&#8221;4.27.4&#8243; _module_preset=&#8221;default&#8221; global_colors_info=&#8221;{}&#8221;][\/et_pb_column][et_pb_column type=&#8221;1_6&#8243; _builder_version=&#8221;4.27.4&#8243; _module_preset=&#8221;default&#8221; global_colors_info=&#8221;{}&#8221;][\/et_pb_column][\/et_pb_row][\/et_pb_section][et_pb_section fb_built=&#8221;1&#8243; admin_label=&#8221;section&#8221; module_id=&#8221;aktuell&#8221; _builder_version=&#8221;4.16&#8243; locked=&#8221;off&#8221; global_colors_info=&#8221;{}&#8221;][et_pb_row admin_label=&#8221;row&#8221; _builder_version=&#8221;4.27.4&#8243; background_size=&#8221;initial&#8221; background_position=&#8221;top_left&#8221; background_repeat=&#8221;repeat&#8221; width=&#8221;92%&#8221; global_colors_info=&#8221;{}&#8221;][et_pb_column type=&#8221;4_4&#8243; _builder_version=&#8221;4.16&#8243; custom_padding=&#8221;|||&#8221; global_colors_info=&#8221;{}&#8221; custom_padding__hover=&#8221;|||&#8221;][et_pb_button button_url=&#8221;@ET-DC@eyJkeW5hbWljIjp0cnVlLCJjb250ZW50IjoicG9zdF9saW5rX3VybF9wYWdlIiwic2V0dGluZ3MiOnsicG9zdF9pZCI6IjEyMDgifX0=@&#8221; button_text=&#8221;Older works (until 2017)&#8221; _builder_version=&#8221;4.27.4&#8243; _dynamic_attributes=&#8221;button_url&#8221; _module_preset=&#8221;default&#8221; custom_button=&#8221;on&#8221; button_text_color=&#8221;#999999&#8243; button_border_color=&#8221;#999999&#8243; global_colors_info=&#8221;{}&#8221;][\/et_pb_button][\/et_pb_column][\/et_pb_row][\/et_pb_section]<\/p>\n","protected":false},"excerpt":{"rendered":"<p>Drawings2025[et_pb_is_image src=&#8221;https:\/\/anna-stangl.at\/wp-content\/uploads\/2025\/05\/Anna_Stangl_2025_Stille-Wasser-2025-110-x-80-cm-Tusche-Pastellkreide-Wachs-Schwarzkreide-Acryl-auf-Karton-collagiert.jpg&#8221; show_copyright=&#8221;off&#8221; title_text=&#8221;Stille Wasser, 2025, 110 x 80 cm, Tusche, Pastellkreide, Wachs, Schwarzkreide, Acryl auf Karton, collagiert&#8221; show_lightbox_copyright=&#8221;off&#8221; module_class=&#8221;bigfirstimage&#8221; _builder_version=&#8221;4.27.4&#8243; _module_preset=&#8221;default&#8221; transform_scale=&#8221;94%|94%&#8221; transform_translate=&#8221;-6px|-12px&#8221; transform_translate_linked=&#8221;off&#8221; hover_enabled=&#8221;0&#8243; global_colors_info=&#8221;{}&#8221; transform_styles__hover_enabled=&#8221;on|hover&#8221; transform_scale__hover_enabled=&#8221;on|desktop&#8221; transform_translate__hover_enabled=&#8221;on|hover&#8221; transform_rotate__hover_enabled=&#8221;on|desktop&#8221; transform_skew__hover_enabled=&#8221;on|desktop&#8221; transform_origin__hover_enabled=&#8221;on|desktop&#8221; transform_scale__hover=&#8221;99%|99%&#8221; transform_translate__hover=&#8221;0px|-12px&#8221; sticky_enabled=&#8221;0&#8243;][\/et_pb_is_image][et_pb_is_image src=&#8221;https:\/\/anna-stangl.at\/wp-content\/uploads\/2025\/05\/Anna_Stangl_2025_Maerchen-von-den-frechen-Gedanken-Hinterglasmalerei-39-x-44cm-Tusche-Oelpastell-Kohle-Pastell-Wachs-Karton-Collage.jpg&#8221; show_copyright=&#8221;off&#8221; title_text=&#8221;M\u00e4rchen von den frechen Gedanken, 2025, Hinterglasmalerei, 39 x 44cm, Tusche, \u00d6lpastell, Kohle, Pastell, Wachs auf Karton, [&hellip;]<\/p>\n","protected":false},"author":3,"featured_media":0,"parent":2381,"menu_order":0,"comment_status":"closed","ping_status":"closed","template":"","meta":{"_et_pb_use_builder":"on","_et_pb_old_content":"","_et_gb_content_width":"","footnotes":""},"class_list":["post-749","page","type-page","status-publish","hentry"],"_links":{"self":[{"href":"https:\/\/anna-stangl.at\/en\/wp-json\/wp\/v2\/pages\/749","targetHints":{"allow":["GET"]}}],"collection":[{"href":"https:\/\/anna-stangl.at\/en\/wp-json\/wp\/v2\/pages"}],"about":[{"href":"https:\/\/anna-stangl.at\/en\/wp-json\/wp\/v2\/types\/page"}],"author":[{"embeddable":true,"href":"https:\/\/anna-stangl.at\/en\/wp-json\/wp\/v2\/users\/3"}],"replies":[{"embeddable":true,"href":"https:\/\/anna-stangl.at\/en\/wp-json\/wp\/v2\/comments?post=749"}],"version-history":[{"count":30,"href":"https:\/\/anna-stangl.at\/en\/wp-json\/wp\/v2\/pages\/749\/revisions"}],"predecessor-version":[{"id":2399,"href":"https:\/\/anna-stangl.at\/en\/wp-json\/wp\/v2\/pages\/749\/revisions\/2399"}],"up":[{"embeddable":true,"href":"https:\/\/anna-stangl.at\/en\/wp-json\/wp\/v2\/pages\/2381"}],"wp:attachment":[{"href":"https:\/\/anna-stangl.at\/en\/wp-json\/wp\/v2\/media?parent=749"}],"curies":[{"name":"wp","href":"https:\/\/api.w.org\/{rel}","templated":true}]}}